{"id":1148,"date":"2023-05-23T19:33:36","date_gmt":"2023-05-23T19:33:36","guid":{"rendered":"https:\/\/diegodevallejo.com\/?page_id=1148"},"modified":"2025-11-26T12:21:50","modified_gmt":"2025-11-26T12:21:50","slug":"proyectos-actuales","status":"publish","type":"page","link":"https:\/\/diegodevallejo.com\/index.php\/elementor-80\/proyectos-actuales\/","title":{"rendered":"Proyectos actuales"},"content":{"rendered":"\t\t<div data-elementor-type=\"wp-page\" data-elementor-id=\"1148\" class=\"elementor elementor-1148\">\n\t\t\t\t\t\t\t\t\t<section class=\"elementor-section elementor-top-section elementor-element elementor-element-1cda0c7c elementor-section-boxed elementor-section-height-default elementor-section-height-default\" data-id=\"1cda0c7c\" data-element_type=\"section\" data-settings=\"{&quot;background_background&quot;:&quot;classic&quot;}\">\n\t\t\t\t\t\t\t<div class=\"elementor-background-overlay\"><\/div>\n\t\t\t\t\t\t\t<div class=\"elementor-container elementor-column-gap-default\">\n\t\t\t\t\t<div class=\"elementor-column elementor-col-100 elementor-top-column elementor-element elementor-element-2a287b2a\" data-id=\"2a287b2a\" data-element_type=\"column\">\n\t\t\t<div class=\"elementor-widget-wrap elementor-element-populated\">\n\t\t\t\t\t\t\t\t<div class=\"elementor-element elementor-element-70e61b56 elementor-widget elementor-widget-heading\" data-id=\"70e61b56\" data-element_type=\"widget\" data-widget_type=\"heading.default\">\n\t\t\t\t<div class=\"elementor-widget-container\">\n\t\t\t<style>\/*! elementor - v3.12.1 - 02-04-2023 *\/\n.elementor-heading-title{padding:0;margin:0;line-height:1}.elementor-widget-heading .elementor-heading-title[class*=elementor-size-]>a{color:inherit;font-size:inherit;line-height:inherit}.elementor-widget-heading .elementor-heading-title.elementor-size-small{font-size:15px}.elementor-widget-heading .elementor-heading-title.elementor-size-medium{font-size:19px}.elementor-widget-heading .elementor-heading-title.elementor-size-large{font-size:29px}.elementor-widget-heading .elementor-heading-title.elementor-size-xl{font-size:39px}.elementor-widget-heading .elementor-heading-title.elementor-size-xxl{font-size:59px}<\/style><h1 class=\"elementor-heading-title elementor-size-default\">En qu\u00e9 proyectos estoy ahora<\/h1>\t\t<\/div>\n\t\t\t\t<\/div>\n\t\t\t\t<div class=\"elementor-element elementor-element-7b407b8d elementor-invisible elementor-widget elementor-widget-text-editor\" data-id=\"7b407b8d\" data-element_type=\"widget\" data-settings=\"{&quot;_animation&quot;:&quot;fadeInUp&quot;}\" data-widget_type=\"text-editor.default\">\n\t\t\t\t<div class=\"elementor-widget-container\">\n\t\t\t<style>\/*! elementor - v3.12.1 - 02-04-2023 *\/\n.elementor-widget-text-editor.elementor-drop-cap-view-stacked .elementor-drop-cap{background-color:#69727d;color:#fff}.elementor-widget-text-editor.elementor-drop-cap-view-framed .elementor-drop-cap{color:#69727d;border:3px solid;background-color:transparent}.elementor-widget-text-editor:not(.elementor-drop-cap-view-default) .elementor-drop-cap{margin-top:8px}.elementor-widget-text-editor:not(.elementor-drop-cap-view-default) .elementor-drop-cap-letter{width:1em;height:1em}.elementor-widget-text-editor .elementor-drop-cap{float:left;text-align:center;line-height:1;font-size:50px}.elementor-widget-text-editor .elementor-drop-cap-letter{display:inline-block}<\/style>\t\t\t\t<p><span style=\"vertical-align: inherit;\"><span style=\"vertical-align: inherit;\"><span style=\"vertical-align: inherit;\"><span style=\"vertical-align: inherit;\"><span style=\"vertical-align: inherit;\"><span style=\"vertical-align: inherit;\">\u00c9chale un ojo al hist\u00f3rico de proyectos en los que he estado enfrascado recientemente. Te muestro lo m\u00e1s llamativo de cada mes.<\/span><\/span><\/span><\/span><\/span><\/span><\/p>\t\t\t\t\t\t<\/div>\n\t\t\t\t<\/div>\n\t\t\t\t\t<\/div>\n\t\t<\/div>\n\t\t\t\t\t\t\t<\/div>\n\t\t<\/section>\n\t\t\t\t<section class=\"elementor-section elementor-top-section elementor-element elementor-element-79bfa4e elementor-section-boxed elementor-section-height-default elementor-section-height-default\" data-id=\"79bfa4e\" data-element_type=\"section\">\n\t\t\t\t\t\t<div class=\"elementor-container elementor-column-gap-default\">\n\t\t\t\t\t<div class=\"elementor-column elementor-col-100 elementor-top-column elementor-element elementor-element-da69008\" data-id=\"da69008\" data-element_type=\"column\">\n\t\t\t<div class=\"elementor-widget-wrap elementor-element-populated\">\n\t\t\t\t\t\t\t\t<div class=\"elementor-element elementor-element-d0fbe40 elementor-widget elementor-widget-spacer\" data-id=\"d0fbe40\" data-element_type=\"widget\" data-widget_type=\"spacer.default\">\n\t\t\t\t<div class=\"elementor-widget-container\">\n\t\t\t<style>\/*! elementor - v3.12.1 - 02-04-2023 *\/\n.elementor-column .elementor-spacer-inner{height:var(--spacer-size)}.e-con{--container-widget-width:100%}.e-con-inner>.elementor-widget-spacer,.e-con>.elementor-widget-spacer{width:var(--container-widget-width,var(--spacer-size));--align-self:var(--container-widget-align-self,initial);--flex-shrink:0}.e-con-inner>.elementor-widget-spacer>.elementor-widget-container,.e-con-inner>.elementor-widget-spacer>.elementor-widget-container>.elementor-spacer,.e-con>.elementor-widget-spacer>.elementor-widget-container,.e-con>.elementor-widget-spacer>.elementor-widget-container>.elementor-spacer{height:100%}.e-con-inner>.elementor-widget-spacer>.elementor-widget-container>.elementor-spacer>.elementor-spacer-inner,.e-con>.elementor-widget-spacer>.elementor-widget-container>.elementor-spacer>.elementor-spacer-inner{height:var(--container-widget-height,var(--spacer-size))}<\/style>\t\t<div class=\"elementor-spacer\">\n\t\t\t<div class=\"elementor-spacer-inner\"><\/div>\n\t\t<\/div>\n\t\t\t\t<\/div>\n\t\t\t\t<\/div>\n\t\t\t\t\t<\/div>\n\t\t<\/div>\n\t\t\t\t\t\t\t<\/div>\n\t\t<\/section>\n\t\t\t\t<section class=\"elementor-section elementor-top-section elementor-element elementor-element-0ed9482 elementor-section-boxed elementor-section-height-default elementor-section-height-default\" data-id=\"0ed9482\" data-element_type=\"section\">\n\t\t\t\t\t\t<div class=\"elementor-container elementor-column-gap-default\">\n\t\t\t\t\t<div class=\"elementor-column elementor-col-100 elementor-top-column elementor-element elementor-element-8c87556\" data-id=\"8c87556\" data-element_type=\"column\">\n\t\t\t<div class=\"elementor-widget-wrap elementor-element-populated\">\n\t\t\t\t\t\t\t\t<div class=\"elementor-element elementor-element-b249546 elementor-widget elementor-widget-heading\" data-id=\"b249546\" data-element_type=\"widget\" data-widget_type=\"heading.default\">\n\t\t\t\t<div class=\"elementor-widget-container\">\n\t\t\t<h3 class=\"elementor-heading-title elementor-size-default\"><font style=\"vertical-align: inherit;\"><font style=\"vertical-align: inherit;\"><font style=\"vertical-align: inherit;\"><font style=\"vertical-align: inherit;\"><font style=\"vertical-align: inherit;\"><font style=\"vertical-align: inherit;\"><font style=\"vertical-align: inherit;\"><font style=\"vertical-align: inherit;\"><font style=\"vertical-align: inherit;\"><font style=\"vertical-align: inherit;\"><font style=\"vertical-align: inherit;\"><font style=\"vertical-align: inherit;\">Octubre<\/font><\/font><\/font><\/font><\/font><\/font><\/font><\/font><\/font><\/font><\/font><\/font><font style=\"vertical-align: inherit;\"><font style=\"vertical-align: inherit;\"><font style=\"vertical-align: inherit;\"><font style=\"vertical-align: inherit;\"><font style=\"vertical-align: inherit;\"><font style=\"vertical-align: inherit;\"><font style=\"vertical-align: inherit;\"><font style=\"vertical-align: inherit;\"><font style=\"vertical-align: inherit;\"><font style=\"vertical-align: inherit;\"> 2025<\/font><\/font><\/font><\/font><\/font><\/font><\/font><\/font><\/font><\/font><\/h3>\t\t<\/div>\n\t\t\t\t<\/div>\n\t\t\t\t\t<\/div>\n\t\t<\/div>\n\t\t\t\t\t\t\t<\/div>\n\t\t<\/section>\n\t\t\t\t<section class=\"elementor-section elementor-top-section elementor-element elementor-element-f400cc5 elementor-section-boxed elementor-section-height-default elementor-section-height-default\" data-id=\"f400cc5\" data-element_type=\"section\">\n\t\t\t\t\t\t<div class=\"elementor-container elementor-column-gap-default\">\n\t\t\t\t\t<div class=\"elementor-column elementor-col-100 elementor-top-column elementor-element elementor-element-a52b614\" data-id=\"a52b614\" data-element_type=\"column\">\n\t\t\t<div class=\"elementor-widget-wrap elementor-element-populated\">\n\t\t\t\t\t\t\t\t<div class=\"elementor-element elementor-element-7a0fd49 elementor-widget elementor-widget-heading\" data-id=\"7a0fd49\" data-element_type=\"widget\" data-widget_type=\"heading.default\">\n\t\t\t\t<div class=\"elementor-widget-container\">\n\t\t\t<h3 class=\"elementor-heading-title elementor-size-default\">\u00a1Baja por paternidad!<\/h3>\t\t<\/div>\n\t\t\t\t<\/div>\n\t\t\t\t\t<\/div>\n\t\t<\/div>\n\t\t\t\t\t\t\t<\/div>\n\t\t<\/section>\n\t\t\t\t<section class=\"elementor-section elementor-top-section elementor-element elementor-element-35a56e1 elementor-section-boxed elementor-section-height-default elementor-section-height-default\" data-id=\"35a56e1\" data-element_type=\"section\">\n\t\t\t\t\t\t<div class=\"elementor-container elementor-column-gap-default\">\n\t\t\t\t\t<div class=\"elementor-column elementor-col-100 elementor-top-column elementor-element elementor-element-4f4869b\" data-id=\"4f4869b\" data-element_type=\"column\">\n\t\t\t<div class=\"elementor-widget-wrap elementor-element-populated\">\n\t\t\t\t\t\t\t\t<div class=\"elementor-element elementor-element-aadfeda elementor-widget elementor-widget-heading\" data-id=\"aadfeda\" data-element_type=\"widget\" data-widget_type=\"heading.default\">\n\t\t\t\t<div class=\"elementor-widget-container\">\n\t\t\t<h3 class=\"elementor-heading-title elementor-size-default\"><font style=\"vertical-align: inherit;\"><font style=\"vertical-align: inherit;\"><font style=\"vertical-align: inherit;\"><font style=\"vertical-align: inherit;\"><font style=\"vertical-align: inherit;\"><font style=\"vertical-align: inherit;\"><font style=\"vertical-align: inherit;\"><font style=\"vertical-align: inherit;\"><font style=\"vertical-align: inherit;\"><font style=\"vertical-align: inherit;\"><font style=\"vertical-align: inherit;\"><font style=\"vertical-align: inherit;\"><font style=\"vertical-align: inherit;\"><font style=\"vertical-align: inherit;\"><font style=\"vertical-align: inherit;\"><font style=\"vertical-align: inherit;\">Diciembre<\/font><\/font><\/font><\/font><\/font><\/font><\/font><\/font><\/font><\/font><\/font><\/font><\/font><\/font><\/font><\/font><font style=\"vertical-align: inherit;\"><font style=\"vertical-align: inherit;\"><font style=\"vertical-align: inherit;\"><font style=\"vertical-align: inherit;\"><font style=\"vertical-align: inherit;\"><font style=\"vertical-align: inherit;\"><font style=\"vertical-align: inherit;\"><font style=\"vertical-align: inherit;\"><font style=\"vertical-align: inherit;\"><font style=\"vertical-align: inherit;\"><font style=\"vertical-align: inherit;\"><font style=\"vertical-align: inherit;\"><font style=\"vertical-align: inherit;\"><font style=\"vertical-align: inherit;\"> 2024<\/font><\/font><\/font><\/font><\/font><\/font><\/font><\/font><\/font><\/font><\/font><\/font><\/font><\/font><font style=\"vertical-align: inherit;\"><font style=\"vertical-align: inherit;\"><\/font><\/font><font style=\"vertical-align: inherit;\"><font style=\"vertical-align: inherit;\"><\/font><\/font><font style=\"vertical-align: inherit;\"><font style=\"vertical-align: inherit;\"><\/font><\/font><font style=\"vertical-align: inherit;\"><font style=\"vertical-align: inherit;\"><\/font><\/font><font style=\"vertical-align: inherit;\"><font style=\"vertical-align: inherit;\"><\/font><\/font><font style=\"vertical-align: inherit;\"><font style=\"vertical-align: inherit;\"><\/font><\/font><\/h3>\t\t<\/div>\n\t\t\t\t<\/div>\n\t\t\t\t<section class=\"elementor-section elementor-inner-section elementor-element elementor-element-82049ac elementor-section-boxed elementor-section-height-default elementor-section-height-default\" data-id=\"82049ac\" data-element_type=\"section\">\n\t\t\t\t\t\t<div class=\"elementor-container elementor-column-gap-default\">\n\t\t\t\t\t<div class=\"elementor-column elementor-col-50 elementor-inner-column elementor-element elementor-element-f06d03b\" data-id=\"f06d03b\" data-element_type=\"column\">\n\t\t\t<div class=\"elementor-widget-wrap elementor-element-populated\">\n\t\t\t\t\t\t\t\t<div class=\"elementor-element elementor-element-f363910 elementor-widget elementor-widget-image\" data-id=\"f363910\" data-element_type=\"widget\" data-widget_type=\"image.default\">\n\t\t\t\t<div class=\"elementor-widget-container\">\n\t\t\t<style>\/*! elementor - v3.12.1 - 02-04-2023 *\/\n.elementor-widget-image{text-align:center}.elementor-widget-image a{display:inline-block}.elementor-widget-image a img[src$=\".svg\"]{width:48px}.elementor-widget-image img{vertical-align:middle;display:inline-block}<\/style>\t\t\t\t\t\t\t\t\t\t\t\t\t<a href=\"https:\/\/youtu.be\/rb9SUOk2aLQ?si=fpHKkVyZSxkgiNMb\" target=\"_blank\">\n\t\t\t\t\t\t\t<img width=\"750\" height=\"287\" src=\"https:\/\/diegodevallejo.com\/wp-content\/uploads\/2025\/01\/cajas-nido-de-paino-europeo-1024x392.jpg\" class=\"attachment-large size-large wp-image-2436\" alt=\"\" decoding=\"async\" loading=\"lazy\" srcset=\"https:\/\/diegodevallejo.com\/wp-content\/uploads\/2025\/01\/cajas-nido-de-paino-europeo-1024x392.jpg 1024w, https:\/\/diegodevallejo.com\/wp-content\/uploads\/2025\/01\/cajas-nido-de-paino-europeo-300x115.jpg 300w, https:\/\/diegodevallejo.com\/wp-content\/uploads\/2025\/01\/cajas-nido-de-paino-europeo-768x294.jpg 768w, https:\/\/diegodevallejo.com\/wp-content\/uploads\/2025\/01\/cajas-nido-de-paino-europeo-1536x588.jpg 1536w, https:\/\/diegodevallejo.com\/wp-content\/uploads\/2025\/01\/cajas-nido-de-paino-europeo-1568x601.jpg 1568w, https:\/\/diegodevallejo.com\/wp-content\/uploads\/2025\/01\/cajas-nido-de-paino-europeo.jpg 1880w\" sizes=\"(max-width: 750px) 100vw, 750px\" style=\"width:100%;height:38.3%;max-width:1880px\" \/>\t\t\t\t\t\t\t\t<\/a>\n\t\t\t\t\t\t\t\t\t\t\t\t\t\t\t<\/div>\n\t\t\t\t<\/div>\n\t\t\t\t\t<\/div>\n\t\t<\/div>\n\t\t\t\t<div class=\"elementor-column elementor-col-50 elementor-inner-column elementor-element elementor-element-79a672f\" data-id=\"79a672f\" data-element_type=\"column\">\n\t\t\t<div class=\"elementor-widget-wrap elementor-element-populated\">\n\t\t\t\t\t\t\t\t<div class=\"elementor-element elementor-element-db169aa elementor-invisible elementor-widget elementor-widget-heading\" data-id=\"db169aa\" data-element_type=\"widget\" data-settings=\"{&quot;_animation&quot;:&quot;zoomIn&quot;}\" data-widget_type=\"heading.default\">\n\t\t\t\t<div class=\"elementor-widget-container\">\n\t\t\t<h3 class=\"elementor-heading-title elementor-size-default\">Cajas nido para aves marinas en peligro de extinci\u00f3n: pa\u00ed\u00f1o europeo<\/h3>\t\t<\/div>\n\t\t\t\t<\/div>\n\t\t\t\t<div class=\"elementor-element elementor-element-739d39a elementor-view-framed animated-slow elementor-widget__width-initial elementor-shape-circle elementor-invisible elementor-widget elementor-widget-icon\" data-id=\"739d39a\" data-element_type=\"widget\" data-settings=\"{&quot;_animation&quot;:&quot;fadeIn&quot;,&quot;_animation_delay&quot;:500}\" data-widget_type=\"icon.default\">\n\t\t\t\t<div class=\"elementor-widget-container\">\n\t\t\t\t\t<div class=\"elementor-icon-wrapper\">\n\t\t\t<a class=\"elementor-icon\" href=\"https:\/\/youtu.be\/eGXkIik1s50?si=APFV9qXHWGNOonc5\" target=\"_blank\">\n\t\t\t<i aria-hidden=\"true\" class=\"fab fa-youtube\"><\/i>\t\t\t<\/a>\n\t\t<\/div>\n\t\t\t\t<\/div>\n\t\t\t\t<\/div>\n\t\t\t\t<div class=\"elementor-element elementor-element-dbdbbae elementor-widget__width-initial animated-slow elementor-view-default elementor-invisible elementor-widget elementor-widget-icon\" data-id=\"dbdbbae\" data-element_type=\"widget\" data-settings=\"{&quot;_animation&quot;:&quot;fadeIn&quot;,&quot;_animation_delay&quot;:500}\" data-widget_type=\"icon.default\">\n\t\t\t\t<div class=\"elementor-widget-container\">\n\t\t\t\t\t<div class=\"elementor-icon-wrapper\">\n\t\t\t<a class=\"elementor-icon\" href=\"https:\/\/www.facebook.com\/cantabriaoriental\/posts\/pfbid02PuhhprL8CX9EiovRGcC6Z1LF9pvkkBop312YUeUEB5cGLkc9tssAcv6K83E9FaE4l\" target=\"_blank\">\n\t\t\t<i aria-hidden=\"true\" class=\"fab fa-facebook-square\"><\/i>\t\t\t<\/a>\n\t\t<\/div>\n\t\t\t\t<\/div>\n\t\t\t\t<\/div>\n\t\t\t\t<div class=\"elementor-element elementor-element-107e797 elementor-widget elementor-widget-text-editor\" data-id=\"107e797\" data-element_type=\"widget\" data-widget_type=\"text-editor.default\">\n\t\t\t\t<div class=\"elementor-widget-container\">\n\t\t\t\t\t\t\t<p>\u00bfSab\u00edas que existen cajas nido tambi\u00e9n para aves marinas? Hoy os ense\u00f1o c\u00f3mo hago las cajas nido para pa\u00ed\u00f1o europeo (Hydrobates pelagicus) que va a ser declarada en peligro de extinci\u00f3n en Cantabria en pocos d\u00edas.<\/p>\t\t\t\t\t\t<\/div>\n\t\t\t\t<\/div>\n\t\t\t\t\t<\/div>\n\t\t<\/div>\n\t\t\t\t\t\t\t<\/div>\n\t\t<\/section>\n\t\t\t\t<section class=\"elementor-section elementor-inner-section elementor-element elementor-element-b0a85af elementor-section-boxed elementor-section-height-default elementor-section-height-default\" data-id=\"b0a85af\" data-element_type=\"section\">\n\t\t\t\t\t\t<div class=\"elementor-container elementor-column-gap-default\">\n\t\t\t\t\t<div class=\"elementor-column elementor-col-50 elementor-inner-column elementor-element elementor-element-8ba99a5\" data-id=\"8ba99a5\" data-element_type=\"column\">\n\t\t\t<div class=\"elementor-widget-wrap elementor-element-populated\">\n\t\t\t\t\t\t\t\t<div class=\"elementor-element elementor-element-d3c7fbd elementor-widget elementor-widget-image\" data-id=\"d3c7fbd\" data-element_type=\"widget\" data-widget_type=\"image.default\">\n\t\t\t\t<div class=\"elementor-widget-container\">\n\t\t\t\t\t\t\t\t\t\t\t\t\t\t\t\t<a href=\"https:\/\/youtu.be\/rb9SUOk2aLQ?si=fpHKkVyZSxkgiNMb\" target=\"_blank\">\n\t\t\t\t\t\t\t<img width=\"750\" height=\"287\" src=\"https:\/\/diegodevallejo.com\/wp-content\/uploads\/2025\/01\/cuerna-de-ciervo-contra-el-cancer-investigacion-1024x392.jpg\" class=\"attachment-large size-large wp-image-2428\" alt=\"\" decoding=\"async\" loading=\"lazy\" srcset=\"https:\/\/diegodevallejo.com\/wp-content\/uploads\/2025\/01\/cuerna-de-ciervo-contra-el-cancer-investigacion-1024x392.jpg 1024w, https:\/\/diegodevallejo.com\/wp-content\/uploads\/2025\/01\/cuerna-de-ciervo-contra-el-cancer-investigacion-300x115.jpg 300w, https:\/\/diegodevallejo.com\/wp-content\/uploads\/2025\/01\/cuerna-de-ciervo-contra-el-cancer-investigacion-768x294.jpg 768w, https:\/\/diegodevallejo.com\/wp-content\/uploads\/2025\/01\/cuerna-de-ciervo-contra-el-cancer-investigacion-1536x588.jpg 1536w, https:\/\/diegodevallejo.com\/wp-content\/uploads\/2025\/01\/cuerna-de-ciervo-contra-el-cancer-investigacion-1568x601.jpg 1568w, https:\/\/diegodevallejo.com\/wp-content\/uploads\/2025\/01\/cuerna-de-ciervo-contra-el-cancer-investigacion.jpg 1880w\" sizes=\"(max-width: 750px) 100vw, 750px\" style=\"width:100%;height:38.3%;max-width:1880px\" \/>\t\t\t\t\t\t\t\t<\/a>\n\t\t\t\t\t\t\t\t\t\t\t\t\t\t\t<\/div>\n\t\t\t\t<\/div>\n\t\t\t\t\t<\/div>\n\t\t<\/div>\n\t\t\t\t<div class=\"elementor-column elementor-col-50 elementor-inner-column elementor-element elementor-element-11c59c9\" data-id=\"11c59c9\" data-element_type=\"column\">\n\t\t\t<div class=\"elementor-widget-wrap elementor-element-populated\">\n\t\t\t\t\t\t\t\t<div class=\"elementor-element elementor-element-3f9913f elementor-invisible elementor-widget elementor-widget-heading\" data-id=\"3f9913f\" data-element_type=\"widget\" data-settings=\"{&quot;_animation&quot;:&quot;zoomIn&quot;}\" data-widget_type=\"heading.default\">\n\t\t\t\t<div class=\"elementor-widget-container\">\n\t\t\t<h3 class=\"elementor-heading-title elementor-size-default\">Uso de las cuernas de ciervo en la investigaci\u00f3n contra el c\u00e1ncer<\/h3>\t\t<\/div>\n\t\t\t\t<\/div>\n\t\t\t\t<div class=\"elementor-element elementor-element-59c16ce elementor-view-framed animated-slow elementor-widget__width-initial elementor-shape-circle elementor-invisible elementor-widget elementor-widget-icon\" data-id=\"59c16ce\" data-element_type=\"widget\" data-settings=\"{&quot;_animation&quot;:&quot;fadeIn&quot;,&quot;_animation_delay&quot;:500}\" data-widget_type=\"icon.default\">\n\t\t\t\t<div class=\"elementor-widget-container\">\n\t\t\t\t\t<div class=\"elementor-icon-wrapper\">\n\t\t\t<a class=\"elementor-icon\" href=\"https:\/\/youtu.be\/LFgpNlbi0oc?si=3CAcVCv33LcnIRe_\" target=\"_blank\">\n\t\t\t<i aria-hidden=\"true\" class=\"fab fa-youtube\"><\/i>\t\t\t<\/a>\n\t\t<\/div>\n\t\t\t\t<\/div>\n\t\t\t\t<\/div>\n\t\t\t\t<div class=\"elementor-element elementor-element-f9c00b3 elementor-widget__width-initial animated-slow elementor-view-default elementor-invisible elementor-widget elementor-widget-icon\" data-id=\"f9c00b3\" data-element_type=\"widget\" data-settings=\"{&quot;_animation&quot;:&quot;fadeIn&quot;,&quot;_animation_delay&quot;:500}\" data-widget_type=\"icon.default\">\n\t\t\t\t<div class=\"elementor-widget-container\">\n\t\t\t\t\t<div class=\"elementor-icon-wrapper\">\n\t\t\t<a class=\"elementor-icon\" href=\"https:\/\/www.facebook.com\/watch\/?ref=search&#038;v=1643779696550786&#038;external_log_id=a2f5ced7-70be-42c4-ada2-1be6bbf45618&#038;q=cedreac%20cuernas%20de%20ciervo\" target=\"_blank\">\n\t\t\t<i aria-hidden=\"true\" class=\"fab fa-facebook-square\"><\/i>\t\t\t<\/a>\n\t\t<\/div>\n\t\t\t\t<\/div>\n\t\t\t\t<\/div>\n\t\t\t\t<div class=\"elementor-element elementor-element-e35dbe8 elementor-widget elementor-widget-text-editor\" data-id=\"e35dbe8\" data-element_type=\"widget\" data-widget_type=\"text-editor.default\">\n\t\t\t\t<div class=\"elementor-widget-container\">\n\t\t\t\t\t\t\t<p>Descubriremos c\u00f3mo estos impresionantes ap\u00e9ndices, que los ciervos regeneran anualmente, est\u00e1n inspirando estudios sobre el crecimiento celular y la lucha contra el c\u00e1ncer. Con el patrocinio del CIMA del Gobierno de Cantabria.<\/p>\t\t\t\t\t\t<\/div>\n\t\t\t\t<\/div>\n\t\t\t\t\t<\/div>\n\t\t<\/div>\n\t\t\t\t\t\t\t<\/div>\n\t\t<\/section>\n\t\t\t\t\t<\/div>\n\t\t<\/div>\n\t\t\t\t\t\t\t<\/div>\n\t\t<\/section>\n\t\t\t\t<section class=\"elementor-section elementor-top-section elementor-element elementor-element-b3df226 elementor-section-boxed elementor-section-height-default elementor-section-height-default\" data-id=\"b3df226\" data-element_type=\"section\">\n\t\t\t\t\t\t<div class=\"elementor-container elementor-column-gap-default\">\n\t\t\t\t\t<div class=\"elementor-column elementor-col-100 elementor-top-column elementor-element elementor-element-b50cd6c\" data-id=\"b50cd6c\" data-element_type=\"column\">\n\t\t\t<div class=\"elementor-widget-wrap elementor-element-populated\">\n\t\t\t\t\t\t\t\t<div class=\"elementor-element elementor-element-b8a0837 elementor-widget elementor-widget-heading\" data-id=\"b8a0837\" data-element_type=\"widget\" data-widget_type=\"heading.default\">\n\t\t\t\t<div class=\"elementor-widget-container\">\n\t\t\t<h3 class=\"elementor-heading-title elementor-size-default\"><font style=\"vertical-align: inherit;\"><font style=\"vertical-align: inherit;\"><font style=\"vertical-align: inherit;\"><font style=\"vertical-align: inherit;\"><font style=\"vertical-align: inherit;\"><font style=\"vertical-align: inherit;\"><font style=\"vertical-align: inherit;\"><font style=\"vertical-align: inherit;\"><font style=\"vertical-align: inherit;\"><font style=\"vertical-align: inherit;\"><font style=\"vertical-align: inherit;\"><font style=\"vertical-align: inherit;\">Octubre<\/font><\/font><\/font><\/font><\/font><\/font><\/font><\/font><\/font><\/font><\/font><\/font><font style=\"vertical-align: inherit;\"><font style=\"vertical-align: inherit;\"><font style=\"vertical-align: inherit;\"><font style=\"vertical-align: inherit;\"><font style=\"vertical-align: inherit;\"><font style=\"vertical-align: inherit;\"><font style=\"vertical-align: inherit;\"><font style=\"vertical-align: inherit;\"><font style=\"vertical-align: inherit;\"><font style=\"vertical-align: inherit;\"> 2024<\/font><\/font><\/font><\/font><\/font><\/font><\/font><\/font><\/font><\/font><font style=\"vertical-align: inherit;\"><font style=\"vertical-align: inherit;\"><\/font><\/font><font style=\"vertical-align: inherit;\"><font style=\"vertical-align: inherit;\"><\/font><\/font><font style=\"vertical-align: inherit;\"><font style=\"vertical-align: inherit;\"><\/font><\/font><font style=\"vertical-align: inherit;\"><font style=\"vertical-align: inherit;\"><\/font><\/font><\/h3>\t\t<\/div>\n\t\t\t\t<\/div>\n\t\t\t\t<section class=\"elementor-section elementor-inner-section elementor-element elementor-element-e78e4bd elementor-section-boxed elementor-section-height-default elementor-section-height-default\" data-id=\"e78e4bd\" data-element_type=\"section\">\n\t\t\t\t\t\t<div class=\"elementor-container elementor-column-gap-default\">\n\t\t\t\t\t<div class=\"elementor-column elementor-col-50 elementor-inner-column elementor-element elementor-element-a056c3f\" data-id=\"a056c3f\" data-element_type=\"column\">\n\t\t\t<div class=\"elementor-widget-wrap elementor-element-populated\">\n\t\t\t\t\t\t\t\t<div class=\"elementor-element elementor-element-664fb44 elementor-widget elementor-widget-image\" data-id=\"664fb44\" data-element_type=\"widget\" data-widget_type=\"image.default\">\n\t\t\t\t<div class=\"elementor-widget-container\">\n\t\t\t\t\t\t\t\t\t\t\t\t\t\t\t\t<a href=\"https:\/\/youtu.be\/7h6slAZeuGo\" target=\"_blank\">\n\t\t\t\t\t\t\t<img width=\"750\" height=\"287\" src=\"https:\/\/diegodevallejo.com\/wp-content\/uploads\/2024\/11\/setas-setas-venenosas-setas-comestibles-tipos-de-setas-cantabria-setas-soria-1024x392.jpg\" class=\"attachment-large size-large wp-image-2279\" alt=\"\" decoding=\"async\" loading=\"lazy\" srcset=\"https:\/\/diegodevallejo.com\/wp-content\/uploads\/2024\/11\/setas-setas-venenosas-setas-comestibles-tipos-de-setas-cantabria-setas-soria-1024x392.jpg 1024w, https:\/\/diegodevallejo.com\/wp-content\/uploads\/2024\/11\/setas-setas-venenosas-setas-comestibles-tipos-de-setas-cantabria-setas-soria-300x115.jpg 300w, https:\/\/diegodevallejo.com\/wp-content\/uploads\/2024\/11\/setas-setas-venenosas-setas-comestibles-tipos-de-setas-cantabria-setas-soria-768x294.jpg 768w, https:\/\/diegodevallejo.com\/wp-content\/uploads\/2024\/11\/setas-setas-venenosas-setas-comestibles-tipos-de-setas-cantabria-setas-soria-1536x588.jpg 1536w, https:\/\/diegodevallejo.com\/wp-content\/uploads\/2024\/11\/setas-setas-venenosas-setas-comestibles-tipos-de-setas-cantabria-setas-soria-1568x601.jpg 1568w, https:\/\/diegodevallejo.com\/wp-content\/uploads\/2024\/11\/setas-setas-venenosas-setas-comestibles-tipos-de-setas-cantabria-setas-soria.jpg 1880w\" sizes=\"(max-width: 750px) 100vw, 750px\" style=\"width:100%;height:38.3%;max-width:1880px\" \/>\t\t\t\t\t\t\t\t<\/a>\n\t\t\t\t\t\t\t\t\t\t\t\t\t\t\t<\/div>\n\t\t\t\t<\/div>\n\t\t\t\t\t<\/div>\n\t\t<\/div>\n\t\t\t\t<div class=\"elementor-column elementor-col-50 elementor-inner-column elementor-element elementor-element-643db34\" data-id=\"643db34\" data-element_type=\"column\">\n\t\t\t<div class=\"elementor-widget-wrap elementor-element-populated\">\n\t\t\t\t\t\t\t\t<div class=\"elementor-element elementor-element-e84881d elementor-invisible elementor-widget elementor-widget-heading\" data-id=\"e84881d\" data-element_type=\"widget\" data-settings=\"{&quot;_animation&quot;:&quot;zoomIn&quot;}\" data-widget_type=\"heading.default\">\n\t\t\t\t<div class=\"elementor-widget-container\">\n\t\t\t<h3 class=\"elementor-heading-title elementor-size-default\">Reportaje sobre c\u00f3mo distinguir setas venenosas de sus copias falsas s\u00faper t\u00f3xicas<\/h3>\t\t<\/div>\n\t\t\t\t<\/div>\n\t\t\t\t<div class=\"elementor-element elementor-element-65cbda9 elementor-view-framed animated-slow elementor-widget__width-initial elementor-shape-circle elementor-invisible elementor-widget elementor-widget-icon\" data-id=\"65cbda9\" data-element_type=\"widget\" data-settings=\"{&quot;_animation&quot;:&quot;fadeIn&quot;,&quot;_animation_delay&quot;:500}\" data-widget_type=\"icon.default\">\n\t\t\t\t<div class=\"elementor-widget-container\">\n\t\t\t\t\t<div class=\"elementor-icon-wrapper\">\n\t\t\t<a class=\"elementor-icon\" href=\"https:\/\/youtu.be\/7h6slAZeuGo\">\n\t\t\t<i aria-hidden=\"true\" class=\"fab fa-youtube\"><\/i>\t\t\t<\/a>\n\t\t<\/div>\n\t\t\t\t<\/div>\n\t\t\t\t<\/div>\n\t\t\t\t<div class=\"elementor-element elementor-element-d96f8d1 elementor-widget elementor-widget-text-editor\" data-id=\"d96f8d1\" data-element_type=\"widget\" data-widget_type=\"text-editor.default\">\n\t\t\t\t<div class=\"elementor-widget-container\">\n\t\t\t\t\t\t\t<p><span style=\"vertical-align: inherit;\"><span style=\"vertical-align: inherit;\"><span style=\"vertical-align: inherit;\"><span style=\"vertical-align: inherit;\"><span style=\"vertical-align: inherit;\"><span style=\"vertical-align: inherit;\"><span style=\"vertical-align: inherit;\"><span style=\"vertical-align: inherit;\">\u00a1Cuidado con las setas! Entramos en la temporada setera y os ense\u00f1o a distinguir cinco especies de setas comestibles de su hermana gemela t\u00f3xica, ayudado del 3d<\/span><\/span><\/span><\/span><\/span><\/span><\/span><\/span><span style=\"color: #0d0d0d; font-family: Roboto, Noto, sans-serif; font-size: 15px; white-space-collapse: preserve; font-weight: var( --e-global-typography-text-font-weight );\"><span style=\"vertical-align: inherit;\"><span style=\"vertical-align: inherit;\"><span style=\"vertical-align: inherit;\"><span style=\"vertical-align: inherit;\"><span style=\"vertical-align: inherit;\"><span style=\"vertical-align: inherit;\"> \ud83c\udf44\u26a0\ufe0f <\/span><\/span><\/span><\/span><\/span><\/span><\/span><\/p>\t\t\t\t\t\t<\/div>\n\t\t\t\t<\/div>\n\t\t\t\t\t<\/div>\n\t\t<\/div>\n\t\t\t\t\t\t\t<\/div>\n\t\t<\/section>\n\t\t\t\t\t<\/div>\n\t\t<\/div>\n\t\t\t\t\t\t\t<\/div>\n\t\t<\/section>\n\t\t\t\t<section class=\"elementor-section elementor-top-section elementor-element elementor-element-0508964 elementor-section-boxed elementor-section-height-default elementor-section-height-default\" data-id=\"0508964\" data-element_type=\"section\">\n\t\t\t\t\t\t<div class=\"elementor-container elementor-column-gap-default\">\n\t\t\t\t\t<div class=\"elementor-column elementor-col-33 elementor-top-column elementor-element elementor-element-c92a0ba\" data-id=\"c92a0ba\" data-element_type=\"column\">\n\t\t\t<div class=\"elementor-widget-wrap elementor-element-populated\">\n\t\t\t\t\t\t\t\t<div class=\"elementor-element elementor-element-332889f elementor-widget elementor-widget-image\" data-id=\"332889f\" data-element_type=\"widget\" data-widget_type=\"image.default\">\n\t\t\t\t<div class=\"elementor-widget-container\">\n\t\t\t\t\t\t\t\t\t\t\t\t\t\t\t<img width=\"750\" height=\"480\" src=\"https:\/\/diegodevallejo.com\/wp-content\/uploads\/2024\/11\/guias-maquetacion-cetaceos-de-cantabria-varamientos-diegodevallejo-diego-de-vallejo-1024x655.jpg\" class=\"attachment-large size-large wp-image-2389\" alt=\"\" decoding=\"async\" loading=\"lazy\" srcset=\"https:\/\/diegodevallejo.com\/wp-content\/uploads\/2024\/11\/guias-maquetacion-cetaceos-de-cantabria-varamientos-diegodevallejo-diego-de-vallejo-1024x655.jpg 1024w, https:\/\/diegodevallejo.com\/wp-content\/uploads\/2024\/11\/guias-maquetacion-cetaceos-de-cantabria-varamientos-diegodevallejo-diego-de-vallejo-300x192.jpg 300w, https:\/\/diegodevallejo.com\/wp-content\/uploads\/2024\/11\/guias-maquetacion-cetaceos-de-cantabria-varamientos-diegodevallejo-diego-de-vallejo-768x491.jpg 768w, https:\/\/diegodevallejo.com\/wp-content\/uploads\/2024\/11\/guias-maquetacion-cetaceos-de-cantabria-varamientos-diegodevallejo-diego-de-vallejo.jpg 1200w\" sizes=\"(max-width: 750px) 100vw, 750px\" style=\"width:100%;height:63.92%;max-width:1200px\" \/>\t\t\t\t\t\t\t\t\t\t\t\t\t\t\t<\/div>\n\t\t\t\t<\/div>\n\t\t\t\t\t<\/div>\n\t\t<\/div>\n\t\t\t\t<div class=\"elementor-column elementor-col-33 elementor-top-column elementor-element elementor-element-f6042e1\" data-id=\"f6042e1\" data-element_type=\"column\">\n\t\t\t<div class=\"elementor-widget-wrap elementor-element-populated\">\n\t\t\t\t\t\t\t\t<div class=\"elementor-element elementor-element-8016f08 elementor-invisible elementor-widget elementor-widget-heading\" data-id=\"8016f08\" data-element_type=\"widget\" data-settings=\"{&quot;_animation&quot;:&quot;zoomIn&quot;}\" data-widget_type=\"heading.default\">\n\t\t\t\t<div class=\"elementor-widget-container\">\n\t\t\t<h4 class=\"elementor-heading-title elementor-size-default\">Dise\u00f1o y maquetaci\u00f3n de 1.000 gu\u00edas desplegables sobre especies marinas de Cantabria<\/h4>\t\t<\/div>\n\t\t\t\t<\/div>\n\t\t\t\t<section class=\"elementor-section elementor-inner-section elementor-element elementor-element-811f31e elementor-section-boxed elementor-section-height-default elementor-section-height-default\" data-id=\"811f31e\" data-element_type=\"section\">\n\t\t\t\t\t\t<div class=\"elementor-container elementor-column-gap-default\">\n\t\t\t\t\t<div class=\"elementor-column elementor-col-100 elementor-inner-column elementor-element elementor-element-2fdc365\" data-id=\"2fdc365\" data-element_type=\"column\">\n\t\t\t<div class=\"elementor-widget-wrap elementor-element-populated\">\n\t\t\t\t\t\t\t\t<div class=\"elementor-element elementor-element-7e3183a elementor-widget elementor-widget-text-editor\" data-id=\"7e3183a\" data-element_type=\"widget\" data-widget_type=\"text-editor.default\">\n\t\t\t\t<div class=\"elementor-widget-container\">\n\t\t\t\t\t\t\t<p><span style=\"font-weight: bold; color: #ffbe00; word-spacing: 1px;\"><span style=\"vertical-align: inherit;\"><span style=\"vertical-align: inherit;\"><span style=\"vertical-align: inherit;\"><span style=\"vertical-align: inherit;\"><span style=\"vertical-align: inherit;\"><span style=\"vertical-align: inherit;\"><span style=\"vertical-align: inherit;\"><span style=\"vertical-align: inherit;\">Proyecto REVARCA, del Gobierno de Cantabria con el apoyo financiero de la Fundaci\u00f3n Biodiversidad<\/span><\/span><\/span><\/span><\/span><\/span><\/span><\/span><\/span><\/p>\t\t\t\t\t\t<\/div>\n\t\t\t\t<\/div>\n\t\t\t\t\t<\/div>\n\t\t<\/div>\n\t\t\t\t\t\t\t<\/div>\n\t\t<\/section>\n\t\t\t\t<section class=\"elementor-section elementor-inner-section elementor-element elementor-element-32550cc elementor-section-boxed elementor-section-height-default elementor-section-height-default\" data-id=\"32550cc\" data-element_type=\"section\">\n\t\t\t\t\t\t<div class=\"elementor-container elementor-column-gap-default\">\n\t\t\t\t\t<div class=\"elementor-column elementor-col-100 elementor-inner-column elementor-element elementor-element-73afdc7\" data-id=\"73afdc7\" data-element_type=\"column\">\n\t\t\t<div class=\"elementor-widget-wrap elementor-element-populated\">\n\t\t\t\t\t\t\t\t<div class=\"elementor-element elementor-element-65c1a87 elementor-widget__width-initial elementor-view-default elementor-widget elementor-widget-icon\" data-id=\"65c1a87\" data-element_type=\"widget\" data-widget_type=\"icon.default\">\n\t\t\t\t<div class=\"elementor-widget-container\">\n\t\t\t\t\t<div class=\"elementor-icon-wrapper\">\n\t\t\t<a class=\"elementor-icon\" href=\"https:\/\/www.instagram.com\/p\/C-M5-V9CWJj\/?utm_source=ig_web_copy_link&#038;igsh=MzRlODBiNWFlZA==\" target=\"_blank\">\n\t\t\t<i aria-hidden=\"true\" class=\"fab fa-instagram\"><\/i>\t\t\t<\/a>\n\t\t<\/div>\n\t\t\t\t<\/div>\n\t\t\t\t<\/div>\n\t\t\t\t\t<\/div>\n\t\t<\/div>\n\t\t\t\t\t\t\t<\/div>\n\t\t<\/section>\n\t\t\t\t\t<\/div>\n\t\t<\/div>\n\t\t\t\t<div class=\"elementor-column elementor-col-33 elementor-top-column elementor-element elementor-element-b782dee\" data-id=\"b782dee\" data-element_type=\"column\">\n\t\t\t<div class=\"elementor-widget-wrap elementor-element-populated\">\n\t\t\t\t\t\t\t\t<div class=\"elementor-element elementor-element-38f009d elementor-widget elementor-widget-text-editor\" data-id=\"38f009d\" data-element_type=\"widget\" data-widget_type=\"text-editor.default\">\n\t\t\t\t<div class=\"elementor-widget-container\">\n\t\t\t\t\t\t\t<p><span style=\"vertical-align: inherit;\"><span style=\"vertical-align: inherit;\"><span style=\"vertical-align: inherit;\"><span style=\"vertical-align: inherit;\"><span style=\"vertical-align: inherit;\"><span style=\"vertical-align: inherit;\"><span style=\"vertical-align: inherit;\"><span style=\"vertical-align: inherit;\"><span style=\"vertical-align: inherit;\"><span style=\"vertical-align: inherit;\"><span style=\"vertical-align: inherit;\"><span style=\"vertical-align: inherit;\"><span class=\"yt-core-attributed-string--link-inherit-color\" dir=\"auto\"><span style=\"vertical-align: inherit;\"><span style=\"vertical-align: inherit;\"><span style=\"vertical-align: inherit;\"><span style=\"vertical-align: inherit;\"><span style=\"vertical-align: inherit;\"><span style=\"vertical-align: inherit;\">Uno de los trabajos que m\u00e1s disfruto es d\u00e1ndole ca\u00f1a al photoshop y sabiendo que se imprimir\u00e1n tantas copias, es muy f\u00e1cil motivarse. Este mes, realic\u00e9 las gu\u00edas de identificaci\u00f3n de especies marinas de REVARCA, que cuenta con el apoyo de la Fundaci\u00f3n Biodiversidad del Ministerio para la Transici\u00f3n Ecol\u00f3gica y el Reto Demogr\u00e1fico, con un proyecto realizado con fondos <\/span><\/span><\/span><\/span><\/span><\/span><\/span><span class=\"yt-core-attributed-string--link-inherit-color\" dir=\"auto\"><span style=\"vertical-align: inherit;\"><span style=\"vertical-align: inherit;\"><span style=\"vertical-align: inherit;\"><span style=\"vertical-align: inherit;\"><span style=\"vertical-align: inherit;\"><span style=\"vertical-align: inherit;\">#NextGenerationEU<\/span><\/span><\/span><\/span><\/span><\/span><\/span><span class=\"yt-core-attributed-string--link-inherit-color\" dir=\"auto\"><span style=\"vertical-align: inherit;\"><span style=\"vertical-align: inherit;\"><span style=\"vertical-align: inherit;\"><span style=\"vertical-align: inherit;\"><span style=\"vertical-align: inherit;\"><span style=\"vertical-align: inherit;\"> a trav\u00e9s del Plan de Recuperaci\u00f3n, Transformaci\u00f3n. y Resiliencia.<\/span><\/span><\/span><\/span><\/span><\/span><\/span><\/span><\/span><\/span><\/span><\/span><\/span><\/span><\/span><\/span><\/span><\/span><\/span><\/p>\t\t\t\t\t\t<\/div>\n\t\t\t\t<\/div>\n\t\t\t\t\t<\/div>\n\t\t<\/div>\n\t\t\t\t\t\t\t<\/div>\n\t\t<\/section>\n\t\t\t\t<section class=\"elementor-section elementor-top-section elementor-element elementor-element-2ec3263 elementor-section-boxed elementor-section-height-default elementor-section-height-default\" data-id=\"2ec3263\" data-element_type=\"section\">\n\t\t\t\t\t\t<div class=\"elementor-container elementor-column-gap-default\">\n\t\t\t\t\t<div class=\"elementor-column elementor-col-100 elementor-top-column elementor-element elementor-element-e4064ee\" data-id=\"e4064ee\" data-element_type=\"column\">\n\t\t\t<div class=\"elementor-widget-wrap elementor-element-populated\">\n\t\t\t\t\t\t\t\t<div class=\"elementor-element elementor-element-28f5b5c elementor-widget elementor-widget-heading\" data-id=\"28f5b5c\" data-element_type=\"widget\" data-widget_type=\"heading.default\">\n\t\t\t\t<div class=\"elementor-widget-container\">\n\t\t\t<h3 class=\"elementor-heading-title elementor-size-default\"><font style=\"vertical-align: inherit;\"><font style=\"vertical-align: inherit;\"><font style=\"vertical-align: inherit;\"><font style=\"vertical-align: inherit;\"><font style=\"vertical-align: inherit;\"><font style=\"vertical-align: inherit;\"><font style=\"vertical-align: inherit;\"><font style=\"vertical-align: inherit;\"><font style=\"vertical-align: inherit;\"><font style=\"vertical-align: inherit;\">Septiembre<\/font><\/font><\/font><\/font><\/font><\/font><\/font><\/font><\/font><\/font><font style=\"vertical-align: inherit;\"><font style=\"vertical-align: inherit;\"><font style=\"vertical-align: inherit;\"><font style=\"vertical-align: inherit;\"><font style=\"vertical-align: inherit;\"><font style=\"vertical-align: inherit;\"><font style=\"vertical-align: inherit;\"><font style=\"vertical-align: inherit;\"> 2024<\/font><\/font><\/font><\/font><\/font><\/font><\/font><\/font><font style=\"vertical-align: inherit;\"><font style=\"vertical-align: inherit;\"><\/font><\/font><font style=\"vertical-align: inherit;\"><font style=\"vertical-align: inherit;\"><\/font><\/font><font style=\"vertical-align: inherit;\"><font style=\"vertical-align: inherit;\"><\/font><\/font><\/h3>\t\t<\/div>\n\t\t\t\t<\/div>\n\t\t\t\t\t<\/div>\n\t\t<\/div>\n\t\t\t\t\t\t\t<\/div>\n\t\t<\/section>\n\t\t\t\t<section class=\"elementor-section elementor-top-section elementor-element elementor-element-0f4dd45 elementor-section-boxed elementor-section-height-default elementor-section-height-default\" data-id=\"0f4dd45\" data-element_type=\"section\">\n\t\t\t\t\t\t<div class=\"elementor-container elementor-column-gap-default\">\n\t\t\t\t\t<div class=\"elementor-column elementor-col-33 elementor-top-column elementor-element elementor-element-0d8342a\" data-id=\"0d8342a\" data-element_type=\"column\">\n\t\t\t<div class=\"elementor-widget-wrap elementor-element-populated\">\n\t\t\t\t\t\t\t\t<div class=\"elementor-element elementor-element-4140528 elementor-widget elementor-widget-image\" data-id=\"4140528\" data-element_type=\"widget\" data-widget_type=\"image.default\">\n\t\t\t\t<div class=\"elementor-widget-container\">\n\t\t\t\t\t\t\t\t\t\t\t\t\t\t\t<img width=\"750\" height=\"480\" src=\"https:\/\/diegodevallejo.com\/wp-content\/uploads\/2024\/11\/curso-manejo-de-fauna-agentes-del-medio-natural-1024x655.jpg\" class=\"attachment-large size-large wp-image-2412\" alt=\"\" decoding=\"async\" loading=\"lazy\" srcset=\"https:\/\/diegodevallejo.com\/wp-content\/uploads\/2024\/11\/curso-manejo-de-fauna-agentes-del-medio-natural-1024x655.jpg 1024w, https:\/\/diegodevallejo.com\/wp-content\/uploads\/2024\/11\/curso-manejo-de-fauna-agentes-del-medio-natural-300x192.jpg 300w, https:\/\/diegodevallejo.com\/wp-content\/uploads\/2024\/11\/curso-manejo-de-fauna-agentes-del-medio-natural-768x491.jpg 768w, https:\/\/diegodevallejo.com\/wp-content\/uploads\/2024\/11\/curso-manejo-de-fauna-agentes-del-medio-natural.jpg 1200w\" sizes=\"(max-width: 750px) 100vw, 750px\" style=\"width:100%;height:63.92%;max-width:1200px\" \/>\t\t\t\t\t\t\t\t\t\t\t\t\t\t\t<\/div>\n\t\t\t\t<\/div>\n\t\t\t\t\t<\/div>\n\t\t<\/div>\n\t\t\t\t<div class=\"elementor-column elementor-col-33 elementor-top-column elementor-element elementor-element-ef4b574\" data-id=\"ef4b574\" data-element_type=\"column\">\n\t\t\t<div class=\"elementor-widget-wrap elementor-element-populated\">\n\t\t\t\t\t\t\t\t<div class=\"elementor-element elementor-element-6b1c238 elementor-invisible elementor-widget elementor-widget-heading\" data-id=\"6b1c238\" data-element_type=\"widget\" data-settings=\"{&quot;_animation&quot;:&quot;zoomIn&quot;}\" data-widget_type=\"heading.default\">\n\t\t\t\t<div class=\"elementor-widget-container\">\n\t\t\t<h4 class=\"elementor-heading-title elementor-size-default\">Conferencia sobre cet\u00e1ceos en el Curso de manejo de fauna silvestre, para los Agentes del medio Natural en activo<\/h4>\t\t<\/div>\n\t\t\t\t<\/div>\n\t\t\t\t<section class=\"elementor-section elementor-inner-section elementor-element elementor-element-7942ddf elementor-section-boxed elementor-section-height-default elementor-section-height-default\" data-id=\"7942ddf\" data-element_type=\"section\">\n\t\t\t\t\t\t<div class=\"elementor-container elementor-column-gap-default\">\n\t\t\t\t\t<div class=\"elementor-column elementor-col-100 elementor-inner-column elementor-element elementor-element-71a7e6c\" data-id=\"71a7e6c\" data-element_type=\"column\">\n\t\t\t<div class=\"elementor-widget-wrap elementor-element-populated\">\n\t\t\t\t\t\t\t\t<div class=\"elementor-element elementor-element-e8b3adc elementor-widget elementor-widget-text-editor\" data-id=\"e8b3adc\" data-element_type=\"widget\" data-widget_type=\"text-editor.default\">\n\t\t\t\t<div class=\"elementor-widget-container\">\n\t\t\t\t\t\t\t<p><span style=\"font-weight: bold; color: #ffbe00; word-spacing: 1px;\"><span style=\"vertical-align: inherit;\"><span style=\"vertical-align: inherit;\"><span style=\"vertical-align: inherit;\"><span style=\"vertical-align: inherit;\"><span style=\"vertical-align: inherit;\"><span style=\"vertical-align: inherit;\"><span style=\"vertical-align: inherit;\"><span style=\"vertical-align: inherit;\"><span style=\"vertical-align: inherit;\"><span style=\"vertical-align: inherit;\"><span style=\"vertical-align: inherit;\"><span style=\"vertical-align: inherit;\"><span style=\"vertical-align: inherit;\"><span style=\"vertical-align: inherit;\"><span style=\"vertical-align: inherit;\"><span style=\"vertical-align: inherit;\">Direcci\u00f3n General de Montes y Biodiversidad, Consejer\u00eda de Desarrollo Rural, Ganader\u00eda, Pesca, Alimentaci\u00f3n y Med. Ambiente, Gob. de Cantabria<\/span><\/span><\/span><\/span><\/span><\/span><\/span><\/span><\/span><\/span><\/span><\/span><\/span><\/span><\/span><\/span><\/span><\/p>\t\t\t\t\t\t<\/div>\n\t\t\t\t<\/div>\n\t\t\t\t\t<\/div>\n\t\t<\/div>\n\t\t\t\t\t\t\t<\/div>\n\t\t<\/section>\n\t\t\t\t<section class=\"elementor-section elementor-inner-section elementor-element elementor-element-fa0f5cc elementor-section-boxed elementor-section-height-default elementor-section-height-default\" data-id=\"fa0f5cc\" data-element_type=\"section\">\n\t\t\t\t\t\t<div class=\"elementor-container elementor-column-gap-default\">\n\t\t\t\t\t<div class=\"elementor-column elementor-col-100 elementor-inner-column elementor-element elementor-element-d001438\" data-id=\"d001438\" data-element_type=\"column\">\n\t\t\t<div class=\"elementor-widget-wrap elementor-element-populated\">\n\t\t\t\t\t\t\t\t<div class=\"elementor-element elementor-element-fb6f77b elementor-widget__width-initial elementor-view-default elementor-widget elementor-widget-icon\" data-id=\"fb6f77b\" data-element_type=\"widget\" data-widget_type=\"icon.default\">\n\t\t\t\t<div class=\"elementor-widget-container\">\n\t\t\t\t\t<div class=\"elementor-icon-wrapper\">\n\t\t\t<a class=\"elementor-icon\" href=\"https:\/\/www.instagram.com\/p\/C-M5-V9CWJj\/?utm_source=ig_web_copy_link&#038;igsh=MzRlODBiNWFlZA==\" target=\"_blank\">\n\t\t\t<i aria-hidden=\"true\" class=\"fab fa-instagram\"><\/i>\t\t\t<\/a>\n\t\t<\/div>\n\t\t\t\t<\/div>\n\t\t\t\t<\/div>\n\t\t\t\t\t<\/div>\n\t\t<\/div>\n\t\t\t\t\t\t\t<\/div>\n\t\t<\/section>\n\t\t\t\t\t<\/div>\n\t\t<\/div>\n\t\t\t\t<div class=\"elementor-column elementor-col-33 elementor-top-column elementor-element elementor-element-3bcfbeb\" data-id=\"3bcfbeb\" data-element_type=\"column\">\n\t\t\t<div class=\"elementor-widget-wrap elementor-element-populated\">\n\t\t\t\t\t\t\t\t<div class=\"elementor-element elementor-element-63aad14 elementor-widget elementor-widget-text-editor\" data-id=\"63aad14\" data-element_type=\"widget\" data-widget_type=\"text-editor.default\">\n\t\t\t\t<div class=\"elementor-widget-container\">\n\t\t\t\t\t\t\t<p>Un curso muy interesante que organiz\u00f3 el propio Gobierno de Cantabria para formar a sus guardas: C\u00f3mo sujetar a un buitre, c\u00f3mo anestesiar a un animal en apuros&#8230; Uno de esos cursos a los que todos querr\u00edamos asistir aunque fuese de oyentes. Pues tuve el honor de formarles en la identificaci\u00f3n de especies de cet\u00e1ceos y de explicarles como funciona la red de varamientos en Cantabria. Es un colectivo de profesionales al que admiro mucho as\u00ed que fue un gran d\u00eda para m\u00ed.<\/p>\t\t\t\t\t\t<\/div>\n\t\t\t\t<\/div>\n\t\t\t\t\t<\/div>\n\t\t<\/div>\n\t\t\t\t\t\t\t<\/div>\n\t\t<\/section>\n\t\t\t\t<section class=\"elementor-section elementor-top-section elementor-element elementor-element-674ed8d elementor-section-boxed elementor-section-height-default elementor-section-height-default\" data-id=\"674ed8d\" data-element_type=\"section\">\n\t\t\t\t\t\t<div class=\"elementor-container elementor-column-gap-default\">\n\t\t\t\t\t<div class=\"elementor-column elementor-col-100 elementor-top-column elementor-element elementor-element-81ef95e\" data-id=\"81ef95e\" data-element_type=\"column\">\n\t\t\t<div class=\"elementor-widget-wrap elementor-element-populated\">\n\t\t\t\t\t\t\t\t<section class=\"elementor-section elementor-inner-section elementor-element elementor-element-1e9886a elementor-section-boxed elementor-section-height-default elementor-section-height-default\" data-id=\"1e9886a\" data-element_type=\"section\">\n\t\t\t\t\t\t<div class=\"elementor-container elementor-column-gap-default\">\n\t\t\t\t\t<div class=\"elementor-column elementor-col-50 elementor-inner-column elementor-element elementor-element-6dbcb21\" data-id=\"6dbcb21\" data-element_type=\"column\">\n\t\t\t<div class=\"elementor-widget-wrap elementor-element-populated\">\n\t\t\t\t\t\t\t\t<div class=\"elementor-element elementor-element-0ef724f elementor-widget elementor-widget-image\" data-id=\"0ef724f\" data-element_type=\"widget\" data-widget_type=\"image.default\">\n\t\t\t\t<div class=\"elementor-widget-container\">\n\t\t\t\t\t\t\t\t\t\t\t\t\t\t\t\t<a href=\"https:\/\/youtu.be\/pL3FNV7gBEA?si=dhCeU-aJFmEdgM8-\" target=\"_blank\">\n\t\t\t\t\t\t\t<img width=\"750\" height=\"287\" src=\"https:\/\/diegodevallejo.com\/wp-content\/uploads\/2024\/11\/reportaje-life3e-MARE-Cantabria-comillas-CEDREAC-youtube-prototipo-apria-systems--1024x392.jpg\" class=\"attachment-large size-large wp-image-2298\" alt=\"\" decoding=\"async\" loading=\"lazy\" srcset=\"https:\/\/diegodevallejo.com\/wp-content\/uploads\/2024\/11\/reportaje-life3e-MARE-Cantabria-comillas-CEDREAC-youtube-prototipo-apria-systems--1024x392.jpg 1024w, https:\/\/diegodevallejo.com\/wp-content\/uploads\/2024\/11\/reportaje-life3e-MARE-Cantabria-comillas-CEDREAC-youtube-prototipo-apria-systems--300x115.jpg 300w, https:\/\/diegodevallejo.com\/wp-content\/uploads\/2024\/11\/reportaje-life3e-MARE-Cantabria-comillas-CEDREAC-youtube-prototipo-apria-systems--768x294.jpg 768w, https:\/\/diegodevallejo.com\/wp-content\/uploads\/2024\/11\/reportaje-life3e-MARE-Cantabria-comillas-CEDREAC-youtube-prototipo-apria-systems--1536x588.jpg 1536w, https:\/\/diegodevallejo.com\/wp-content\/uploads\/2024\/11\/reportaje-life3e-MARE-Cantabria-comillas-CEDREAC-youtube-prototipo-apria-systems--1568x601.jpg 1568w, https:\/\/diegodevallejo.com\/wp-content\/uploads\/2024\/11\/reportaje-life3e-MARE-Cantabria-comillas-CEDREAC-youtube-prototipo-apria-systems-.jpg 1880w\" sizes=\"(max-width: 750px) 100vw, 750px\" style=\"width:100%;height:38.3%;max-width:1880px\" \/>\t\t\t\t\t\t\t\t<\/a>\n\t\t\t\t\t\t\t\t\t\t\t\t\t\t\t<\/div>\n\t\t\t\t<\/div>\n\t\t\t\t\t<\/div>\n\t\t<\/div>\n\t\t\t\t<div class=\"elementor-column elementor-col-50 elementor-inner-column elementor-element elementor-element-d7c05b6\" data-id=\"d7c05b6\" data-element_type=\"column\">\n\t\t\t<div class=\"elementor-widget-wrap elementor-element-populated\">\n\t\t\t\t\t\t\t\t<div class=\"elementor-element elementor-element-99d9428 elementor-invisible elementor-widget elementor-widget-heading\" data-id=\"99d9428\" data-element_type=\"widget\" data-settings=\"{&quot;_animation&quot;:&quot;zoomIn&quot;}\" data-widget_type=\"heading.default\">\n\t\t\t\t<div class=\"elementor-widget-container\">\n\t\t\t<h3 class=\"elementor-heading-title elementor-size-default\">Reportaje sobre Prototipo LIFE3E - Obtenci\u00f3n de energ\u00eda azul del gradiente salino en la estaci\u00f3n EDAR de Comillas<\/h3>\t\t<\/div>\n\t\t\t\t<\/div>\n\t\t\t\t<div class=\"elementor-element elementor-element-feffbcf elementor-view-framed animated-slow elementor-widget__width-initial elementor-shape-circle elementor-invisible elementor-widget elementor-widget-icon\" data-id=\"feffbcf\" data-element_type=\"widget\" data-settings=\"{&quot;_animation&quot;:&quot;fadeIn&quot;,&quot;_animation_delay&quot;:500}\" data-widget_type=\"icon.default\">\n\t\t\t\t<div class=\"elementor-widget-container\">\n\t\t\t\t\t<div class=\"elementor-icon-wrapper\">\n\t\t\t<a class=\"elementor-icon\" href=\"https:\/\/youtu.be\/pL3FNV7gBEA?si=dhCeU-aJFmEdgM8-\" target=\"_blank\">\n\t\t\t<i aria-hidden=\"true\" class=\"fab fa-youtube\"><\/i>\t\t\t<\/a>\n\t\t<\/div>\n\t\t\t\t<\/div>\n\t\t\t\t<\/div>\n\t\t\t\t<div class=\"elementor-element elementor-element-422e6e7 elementor-widget__width-initial animated-slow elementor-view-default elementor-invisible elementor-widget elementor-widget-icon\" data-id=\"422e6e7\" data-element_type=\"widget\" data-settings=\"{&quot;_animation&quot;:&quot;fadeIn&quot;,&quot;_animation_delay&quot;:500}\" data-widget_type=\"icon.default\">\n\t\t\t\t<div class=\"elementor-widget-container\">\n\t\t\t\t\t<div class=\"elementor-icon-wrapper\">\n\t\t\t<a class=\"elementor-icon\" href=\"https:\/\/fb.watch\/w0kbvLMjO8\/\" target=\"_blank\">\n\t\t\t<i aria-hidden=\"true\" class=\"fab fa-facebook-square\"><\/i>\t\t\t<\/a>\n\t\t<\/div>\n\t\t\t\t<\/div>\n\t\t\t\t<\/div>\n\t\t\t\t<div class=\"elementor-element elementor-element-57464c5 elementor-widget elementor-widget-text-editor\" data-id=\"57464c5\" data-element_type=\"widget\" data-widget_type=\"text-editor.default\">\n\t\t\t\t<div class=\"elementor-widget-container\">\n\t\t\t\t\t\t\t<p><span style=\"vertical-align: inherit;\"><span style=\"vertical-align: inherit;\"><span style=\"vertical-align: inherit;\"><span style=\"vertical-align: inherit;\"><span style=\"vertical-align: inherit;\"><span style=\"vertical-align: inherit;\"><span style=\"vertical-align: inherit;\"><span style=\"vertical-align: inherit;\"><span style=\"vertical-align: inherit;\"><span style=\"vertical-align: inherit;\"><span style=\"vertical-align: inherit;\"><span style=\"vertical-align: inherit;\"><span style=\"vertical-align: inherit;\"><span style=\"vertical-align: inherit;\">Colaboro con el CIMA Cantabria para realizar un reportaje explicativo sobre el prototipo para la reutilizaci\u00f3n del agua industrial en la EDAR de Comillas, con generaci\u00f3n de energ\u00eda azul por diferencia del gradiente salino. Con financiaci\u00f3n UE a trav\u00e9s del Life3E.<\/span><\/span><\/span><\/span><\/span><\/span><\/span><\/span><\/span><\/span><\/span><\/span><\/span><\/span><\/p>\t\t\t\t\t\t<\/div>\n\t\t\t\t<\/div>\n\t\t\t\t\t<\/div>\n\t\t<\/div>\n\t\t\t\t\t\t\t<\/div>\n\t\t<\/section>\n\t\t\t\t<div class=\"elementor-element elementor-element-8c5d8cd elementor-widget elementor-widget-heading\" data-id=\"8c5d8cd\" data-element_type=\"widget\" data-widget_type=\"heading.default\">\n\t\t\t\t<div class=\"elementor-widget-container\">\n\t\t\t<h3 class=\"elementor-heading-title elementor-size-default\"><font style=\"vertical-align: inherit;\"><font style=\"vertical-align: inherit;\"><font style=\"vertical-align: inherit;\"><font style=\"vertical-align: inherit;\"><font style=\"vertical-align: inherit;\"><font style=\"vertical-align: inherit;\"><font style=\"vertical-align: inherit;\"><font style=\"vertical-align: inherit;\">Agosto<\/font><\/font><\/font><\/font><\/font><\/font><\/font><\/font><font style=\"vertical-align: inherit;\"><font style=\"vertical-align: inherit;\"><font style=\"vertical-align: inherit;\"><font style=\"vertical-align: inherit;\"><font style=\"vertical-align: inherit;\"><font style=\"vertical-align: inherit;\"> 2024<\/font><\/font><\/font><\/font><\/font><\/font><font style=\"vertical-align: inherit;\"><font style=\"vertical-align: inherit;\"><\/font><\/font><font style=\"vertical-align: inherit;\"><font style=\"vertical-align: inherit;\"><\/font><\/font><\/h3>\t\t<\/div>\n\t\t\t\t<\/div>\n\t\t\t\t\t<\/div>\n\t\t<\/div>\n\t\t\t\t\t\t\t<\/div>\n\t\t<\/section>\n\t\t\t\t<section class=\"elementor-section elementor-top-section elementor-element elementor-element-446e850 elementor-section-boxed elementor-section-height-default elementor-section-height-default\" data-id=\"446e850\" data-element_type=\"section\">\n\t\t\t\t\t\t<div class=\"elementor-container elementor-column-gap-default\">\n\t\t\t\t\t<div class=\"elementor-column elementor-col-33 elementor-top-column elementor-element elementor-element-94d1dce\" data-id=\"94d1dce\" data-element_type=\"column\">\n\t\t\t<div class=\"elementor-widget-wrap elementor-element-populated\">\n\t\t\t\t\t\t\t\t<div class=\"elementor-element elementor-element-f618224 elementor-widget elementor-widget-image\" data-id=\"f618224\" data-element_type=\"widget\" data-widget_type=\"image.default\">\n\t\t\t\t<div class=\"elementor-widget-container\">\n\t\t\t\t\t\t\t\t\t\t\t\t\t\t\t<img width=\"750\" height=\"480\" src=\"https:\/\/diegodevallejo.com\/wp-content\/uploads\/2024\/11\/conferencia-de-verano-UC-Diego-de-vallejo-cantabria-tipos-de-bosques-en-Cantabria-1024x655.jpg\" class=\"attachment-large size-large wp-image-2370\" alt=\"\" decoding=\"async\" loading=\"lazy\" srcset=\"https:\/\/diegodevallejo.com\/wp-content\/uploads\/2024\/11\/conferencia-de-verano-UC-Diego-de-vallejo-cantabria-tipos-de-bosques-en-Cantabria-1024x655.jpg 1024w, https:\/\/diegodevallejo.com\/wp-content\/uploads\/2024\/11\/conferencia-de-verano-UC-Diego-de-vallejo-cantabria-tipos-de-bosques-en-Cantabria-300x192.jpg 300w, https:\/\/diegodevallejo.com\/wp-content\/uploads\/2024\/11\/conferencia-de-verano-UC-Diego-de-vallejo-cantabria-tipos-de-bosques-en-Cantabria-768x491.jpg 768w, https:\/\/diegodevallejo.com\/wp-content\/uploads\/2024\/11\/conferencia-de-verano-UC-Diego-de-vallejo-cantabria-tipos-de-bosques-en-Cantabria.jpg 1200w\" sizes=\"(max-width: 750px) 100vw, 750px\" style=\"width:100%;height:63.92%;max-width:1200px\" \/>\t\t\t\t\t\t\t\t\t\t\t\t\t\t\t<\/div>\n\t\t\t\t<\/div>\n\t\t\t\t\t<\/div>\n\t\t<\/div>\n\t\t\t\t<div class=\"elementor-column elementor-col-33 elementor-top-column elementor-element elementor-element-a8afe39\" data-id=\"a8afe39\" data-element_type=\"column\">\n\t\t\t<div class=\"elementor-widget-wrap elementor-element-populated\">\n\t\t\t\t\t\t\t\t<div class=\"elementor-element elementor-element-e568077 elementor-invisible elementor-widget elementor-widget-heading\" data-id=\"e568077\" data-element_type=\"widget\" data-settings=\"{&quot;_animation&quot;:&quot;zoomIn&quot;}\" data-widget_type=\"heading.default\">\n\t\t\t\t<div class=\"elementor-widget-container\">\n\t\t\t<h4 class=\"elementor-heading-title elementor-size-default\">Conferencia T\u00e9cnica en los Cursos de Verano - Universidad de Cantabria<\/h4>\t\t<\/div>\n\t\t\t\t<\/div>\n\t\t\t\t<section class=\"elementor-section elementor-inner-section elementor-element elementor-element-c76f491 elementor-section-boxed elementor-section-height-default elementor-section-height-default\" data-id=\"c76f491\" data-element_type=\"section\">\n\t\t\t\t\t\t<div class=\"elementor-container elementor-column-gap-default\">\n\t\t\t\t\t<div class=\"elementor-column elementor-col-100 elementor-inner-column elementor-element elementor-element-71f480a\" data-id=\"71f480a\" data-element_type=\"column\">\n\t\t\t<div class=\"elementor-widget-wrap elementor-element-populated\">\n\t\t\t\t\t\t\t\t<div class=\"elementor-element elementor-element-c0c9eee elementor-widget elementor-widget-text-editor\" data-id=\"c0c9eee\" data-element_type=\"widget\" data-widget_type=\"text-editor.default\">\n\t\t\t\t<div class=\"elementor-widget-container\">\n\t\t\t\t\t\t\t<p><span style=\"font-weight: bold; color: #ffbe00; word-spacing: 1px;\"><span style=\"vertical-align: inherit;\"><span style=\"vertical-align: inherit;\"><span style=\"vertical-align: inherit;\"><span style=\"vertical-align: inherit;\"><span style=\"vertical-align: inherit;\"><span style=\"vertical-align: inherit;\">Empresa BlueEyes Creatividad, y Direcci\u00f3n General de Montes y Biodiversidad del Gobierno de Cantabria<\/span><\/span><\/span><\/span><\/span><\/span><\/span><\/p>\t\t\t\t\t\t<\/div>\n\t\t\t\t<\/div>\n\t\t\t\t\t<\/div>\n\t\t<\/div>\n\t\t\t\t\t\t\t<\/div>\n\t\t<\/section>\n\t\t\t\t<section class=\"elementor-section elementor-inner-section elementor-element elementor-element-6c2611b elementor-section-boxed elementor-section-height-default elementor-section-height-default\" data-id=\"6c2611b\" data-element_type=\"section\">\n\t\t\t\t\t\t<div class=\"elementor-container elementor-column-gap-default\">\n\t\t\t\t\t<div class=\"elementor-column elementor-col-100 elementor-inner-column elementor-element elementor-element-cba3fec\" data-id=\"cba3fec\" data-element_type=\"column\">\n\t\t\t<div class=\"elementor-widget-wrap elementor-element-populated\">\n\t\t\t\t\t\t\t\t<div class=\"elementor-element elementor-element-cfae12d elementor-widget__width-initial animated-slow elementor-view-default elementor-invisible elementor-widget elementor-widget-icon\" data-id=\"cfae12d\" data-element_type=\"widget\" data-settings=\"{&quot;_animation&quot;:&quot;fadeIn&quot;,&quot;_animation_delay&quot;:500}\" data-widget_type=\"icon.default\">\n\t\t\t\t<div class=\"elementor-widget-container\">\n\t\t\t\t\t<div class=\"elementor-icon-wrapper\">\n\t\t\t<a class=\"elementor-icon\" href=\"https:\/\/web.unican.es\/cursosdeveranoyextension\/actividades-culturales\/actividad-cultural?c=3590\" target=\"_blank\">\n\t\t\t<i aria-hidden=\"true\" class=\"fas fa-share-alt-square\"><\/i>\t\t\t<\/a>\n\t\t<\/div>\n\t\t\t\t<\/div>\n\t\t\t\t<\/div>\n\t\t\t\t<div class=\"elementor-element elementor-element-96815f2 elementor-widget__width-initial elementor-view-default elementor-widget elementor-widget-icon\" data-id=\"96815f2\" data-element_type=\"widget\" data-widget_type=\"icon.default\">\n\t\t\t\t<div class=\"elementor-widget-container\">\n\t\t\t\t\t<div class=\"elementor-icon-wrapper\">\n\t\t\t<a class=\"elementor-icon\" href=\"https:\/\/web.unican.es\/noticias\/Paginas\/2024\/08\/Bezana-bosques.aspx\" target=\"_blank\">\n\t\t\t<i aria-hidden=\"true\" class=\"jki jki-newspaper-solid\"><\/i>\t\t\t<\/a>\n\t\t<\/div>\n\t\t\t\t<\/div>\n\t\t\t\t<\/div>\n\t\t\t\t<div class=\"elementor-element elementor-element-6a441e8 elementor-widget__width-initial elementor-view-default elementor-widget elementor-widget-icon\" data-id=\"6a441e8\" data-element_type=\"widget\" data-widget_type=\"icon.default\">\n\t\t\t\t<div class=\"elementor-widget-container\">\n\t\t\t\t\t<div class=\"elementor-icon-wrapper\">\n\t\t\t<a class=\"elementor-icon\" href=\"https:\/\/www.instagram.com\/p\/C-M5-V9CWJj\/?utm_source=ig_web_copy_link&#038;igsh=MzRlODBiNWFlZA==\" target=\"_blank\">\n\t\t\t<i aria-hidden=\"true\" class=\"fab fa-instagram\"><\/i>\t\t\t<\/a>\n\t\t<\/div>\n\t\t\t\t<\/div>\n\t\t\t\t<\/div>\n\t\t\t\t\t<\/div>\n\t\t<\/div>\n\t\t\t\t\t\t\t<\/div>\n\t\t<\/section>\n\t\t\t\t\t<\/div>\n\t\t<\/div>\n\t\t\t\t<div class=\"elementor-column elementor-col-33 elementor-top-column elementor-element elementor-element-7a9a638\" data-id=\"7a9a638\" data-element_type=\"column\">\n\t\t\t<div class=\"elementor-widget-wrap elementor-element-populated\">\n\t\t\t\t\t\t\t\t<div class=\"elementor-element elementor-element-2009126 elementor-widget elementor-widget-text-editor\" data-id=\"2009126\" data-element_type=\"widget\" data-widget_type=\"text-editor.default\">\n\t\t\t\t<div class=\"elementor-widget-container\">\n\t\t\t\t\t\t\t<p><span style=\"vertical-align: inherit;\"><span style=\"vertical-align: inherit;\"><span style=\"vertical-align: inherit;\"><span style=\"vertical-align: inherit;\"><span style=\"vertical-align: inherit;\"><span style=\"vertical-align: inherit;\"><span style=\"vertical-align: inherit;\"><span style=\"vertical-align: inherit;\"><span style=\"vertical-align: inherit;\"><span style=\"vertical-align: inherit;\">Siempre hay trabajos, en la vida de todo trabajador aut\u00f3nomo, que cuando te llaman para ofrec\u00e9rtelos es como si recibieras un premio o una condecoraci\u00f3n. Este fue uno de esos casos: Me toc\u00f3 dar una conferencia t\u00e9cnica sobre los tipos de bosques que hay en Cantabria y lo hice de la forma m\u00e1s original que se me ocurri\u00f3. Nada de muerte por power point. La sala se llen\u00f3 pero me fij\u00e9 en que, entre el p\u00fablico, \u00a1tambi\u00e9n hab\u00eda ni\u00f1os! \ud83d\ude42\u00a0<\/span><\/span><\/span><\/span><\/span><\/span><\/span><\/span><\/span><\/span><\/p>\t\t\t\t\t\t<\/div>\n\t\t\t\t<\/div>\n\t\t\t\t\t<\/div>\n\t\t<\/div>\n\t\t\t\t\t\t\t<\/div>\n\t\t<\/section>\n\t\t\t\t<section class=\"elementor-section elementor-top-section elementor-element elementor-element-89798b8 elementor-section-boxed elementor-section-height-default elementor-section-height-default\" data-id=\"89798b8\" data-element_type=\"section\">\n\t\t\t\t\t\t<div class=\"elementor-container elementor-column-gap-default\">\n\t\t\t\t\t<div class=\"elementor-column elementor-col-100 elementor-top-column elementor-element elementor-element-ca440bb\" data-id=\"ca440bb\" data-element_type=\"column\">\n\t\t\t<div class=\"elementor-widget-wrap elementor-element-populated\">\n\t\t\t\t\t\t\t\t<div class=\"elementor-element elementor-element-18e7bab elementor-widget elementor-widget-heading\" data-id=\"18e7bab\" data-element_type=\"widget\" data-widget_type=\"heading.default\">\n\t\t\t\t<div class=\"elementor-widget-container\">\n\t\t\t<h3 class=\"elementor-heading-title elementor-size-default\"><font style=\"vertical-align: inherit;\"><font style=\"vertical-align: inherit;\">Julio <\/font><\/font><font style=\"vertical-align: inherit;\"><font style=\"vertical-align: inherit;\">2024<\/font><\/font><\/h3>\t\t<\/div>\n\t\t\t\t<\/div>\n\t\t\t\t\t<\/div>\n\t\t<\/div>\n\t\t\t\t\t\t\t<\/div>\n\t\t<\/section>\n\t\t\t\t<section class=\"elementor-section elementor-top-section elementor-element elementor-element-576fd25 elementor-section-boxed elementor-section-height-default elementor-section-height-default\" data-id=\"576fd25\" data-element_type=\"section\">\n\t\t\t\t\t\t<div class=\"elementor-container elementor-column-gap-default\">\n\t\t\t\t\t<div class=\"elementor-column elementor-col-33 elementor-top-column elementor-element elementor-element-4949e18\" data-id=\"4949e18\" data-element_type=\"column\">\n\t\t\t<div class=\"elementor-widget-wrap elementor-element-populated\">\n\t\t\t\t\t\t\t\t<div class=\"elementor-element elementor-element-5804668 elementor-widget elementor-widget-image\" data-id=\"5804668\" data-element_type=\"widget\" data-widget_type=\"image.default\">\n\t\t\t\t<div class=\"elementor-widget-container\">\n\t\t\t\t\t\t\t\t\t\t\t\t\t\t\t<img width=\"750\" height=\"480\" src=\"https:\/\/diegodevallejo.com\/wp-content\/uploads\/2024\/11\/de-playa-en-playa-revarca-diego-de-vallejo-1024x655.jpg\" class=\"attachment-large size-large wp-image-2365\" alt=\"\" decoding=\"async\" loading=\"lazy\" srcset=\"https:\/\/diegodevallejo.com\/wp-content\/uploads\/2024\/11\/de-playa-en-playa-revarca-diego-de-vallejo-1024x655.jpg 1024w, https:\/\/diegodevallejo.com\/wp-content\/uploads\/2024\/11\/de-playa-en-playa-revarca-diego-de-vallejo-300x192.jpg 300w, https:\/\/diegodevallejo.com\/wp-content\/uploads\/2024\/11\/de-playa-en-playa-revarca-diego-de-vallejo-768x491.jpg 768w, https:\/\/diegodevallejo.com\/wp-content\/uploads\/2024\/11\/de-playa-en-playa-revarca-diego-de-vallejo.jpg 1200w\" sizes=\"(max-width: 750px) 100vw, 750px\" style=\"width:100%;height:63.92%;max-width:1200px\" \/>\t\t\t\t\t\t\t\t\t\t\t\t\t\t\t<\/div>\n\t\t\t\t<\/div>\n\t\t\t\t\t<\/div>\n\t\t<\/div>\n\t\t\t\t<div class=\"elementor-column elementor-col-33 elementor-top-column elementor-element elementor-element-eb216ff\" data-id=\"eb216ff\" data-element_type=\"column\">\n\t\t\t<div class=\"elementor-widget-wrap elementor-element-populated\">\n\t\t\t\t\t\t\t\t<div class=\"elementor-element elementor-element-34b1f30 elementor-invisible elementor-widget elementor-widget-heading\" data-id=\"34b1f30\" data-element_type=\"widget\" data-settings=\"{&quot;_animation&quot;:&quot;zoomIn&quot;}\" data-widget_type=\"heading.default\">\n\t\t\t\t<div class=\"elementor-widget-container\">\n\t\t\t<h4 class=\"elementor-heading-title elementor-size-default\">Campa\u00f1a veraniega de Educaci\u00f3n Ambiental<\/h4>\t\t<\/div>\n\t\t\t\t<\/div>\n\t\t\t\t<section class=\"elementor-section elementor-inner-section elementor-element elementor-element-683f016 elementor-section-boxed elementor-section-height-default elementor-section-height-default\" data-id=\"683f016\" data-element_type=\"section\">\n\t\t\t\t\t\t<div class=\"elementor-container elementor-column-gap-default\">\n\t\t\t\t\t<div class=\"elementor-column elementor-col-100 elementor-inner-column elementor-element elementor-element-310862d\" data-id=\"310862d\" data-element_type=\"column\">\n\t\t\t<div class=\"elementor-widget-wrap elementor-element-populated\">\n\t\t\t\t\t\t\t\t<div class=\"elementor-element elementor-element-c84e472 elementor-widget elementor-widget-text-editor\" data-id=\"c84e472\" data-element_type=\"widget\" data-widget_type=\"text-editor.default\">\n\t\t\t\t<div class=\"elementor-widget-container\">\n\t\t\t\t\t\t\t<p><span style=\"font-weight: bold; color: #ffbe00; word-spacing: 1px;\"><span style=\"vertical-align: inherit;\"><span style=\"vertical-align: inherit;\"><span style=\"vertical-align: inherit;\"><span style=\"vertical-align: inherit;\"><span style=\"vertical-align: inherit;\"><span style=\"vertical-align: inherit;\">Empresa BlueEyes Creatividad, y Direcci\u00f3n General de Montes y Biodiversidad del Gobierno de Cantabria<\/span><\/span><\/span><\/span><\/span><\/span><\/span><\/p>\t\t\t\t\t\t<\/div>\n\t\t\t\t<\/div>\n\t\t\t\t\t<\/div>\n\t\t<\/div>\n\t\t\t\t\t\t\t<\/div>\n\t\t<\/section>\n\t\t\t\t<section class=\"elementor-section elementor-inner-section elementor-element elementor-element-54affd5 elementor-section-boxed elementor-section-height-default elementor-section-height-default\" data-id=\"54affd5\" data-element_type=\"section\">\n\t\t\t\t\t\t<div class=\"elementor-container elementor-column-gap-default\">\n\t\t\t\t\t<div class=\"elementor-column elementor-col-100 elementor-inner-column elementor-element elementor-element-c01aa0b\" data-id=\"c01aa0b\" data-element_type=\"column\">\n\t\t\t<div class=\"elementor-widget-wrap elementor-element-populated\">\n\t\t\t\t\t\t\t\t<div class=\"elementor-element elementor-element-0565112 elementor-widget__width-initial animated-slow elementor-view-default elementor-invisible elementor-widget elementor-widget-icon\" data-id=\"0565112\" data-element_type=\"widget\" data-settings=\"{&quot;_animation&quot;:&quot;fadeIn&quot;,&quot;_animation_delay&quot;:500}\" data-widget_type=\"icon.default\">\n\t\t\t\t<div class=\"elementor-widget-container\">\n\t\t\t\t\t<div class=\"elementor-icon-wrapper\">\n\t\t\t<a class=\"elementor-icon\" href=\"https:\/\/www.abc.es\/sociedad\/playa-playa-ayudar-animales-varados-20240901124206-vi.html\">\n\t\t\t<i aria-hidden=\"true\" class=\"icon icon-video-camera\"><\/i>\t\t\t<\/a>\n\t\t<\/div>\n\t\t\t\t<\/div>\n\t\t\t\t<\/div>\n\t\t\t\t<div class=\"elementor-element elementor-element-deffea3 elementor-widget__width-initial elementor-view-default elementor-widget elementor-widget-icon\" data-id=\"deffea3\" data-element_type=\"widget\" data-widget_type=\"icon.default\">\n\t\t\t\t<div class=\"elementor-widget-container\">\n\t\t\t\t\t<div class=\"elementor-icon-wrapper\">\n\t\t\t<a class=\"elementor-icon\" href=\"https:\/\/www.abc.es\/sociedad\/playa-playa-ayudar-animales-varados-20240901124206-vi.html\" target=\"_blank\">\n\t\t\t<i aria-hidden=\"true\" class=\"jki jki-newspaper-solid\"><\/i>\t\t\t<\/a>\n\t\t<\/div>\n\t\t\t\t<\/div>\n\t\t\t\t<\/div>\n\t\t\t\t<div class=\"elementor-element elementor-element-1929ef8 elementor-widget__width-initial elementor-view-default elementor-widget elementor-widget-icon\" data-id=\"1929ef8\" data-element_type=\"widget\" data-widget_type=\"icon.default\">\n\t\t\t\t<div class=\"elementor-widget-container\">\n\t\t\t\t\t<div class=\"elementor-icon-wrapper\">\n\t\t\t<a class=\"elementor-icon\" href=\"https:\/\/youtu.be\/uEVwHsSv5vY?si=mSZogk0G3P97Rw6J\" target=\"_blank\">\n\t\t\t<i aria-hidden=\"true\" class=\"fab fa-youtube\"><\/i>\t\t\t<\/a>\n\t\t<\/div>\n\t\t\t\t<\/div>\n\t\t\t\t<\/div>\n\t\t\t\t\t<\/div>\n\t\t<\/div>\n\t\t\t\t\t\t\t<\/div>\n\t\t<\/section>\n\t\t\t\t\t<\/div>\n\t\t<\/div>\n\t\t\t\t<div class=\"elementor-column elementor-col-33 elementor-top-column elementor-element elementor-element-cf9f4c1\" data-id=\"cf9f4c1\" data-element_type=\"column\">\n\t\t\t<div class=\"elementor-widget-wrap elementor-element-populated\">\n\t\t\t\t\t\t\t\t<div class=\"elementor-element elementor-element-55bacd0 elementor-widget elementor-widget-text-editor\" data-id=\"55bacd0\" data-element_type=\"widget\" data-widget_type=\"text-editor.default\">\n\t\t\t\t<div class=\"elementor-widget-container\">\n\t\t\t\t\t\t\t<p><span style=\"vertical-align: inherit;\"><span style=\"vertical-align: inherit;\"><span style=\"vertical-align: inherit;\"><span style=\"vertical-align: inherit;\"><span style=\"vertical-align: inherit;\"><span style=\"vertical-align: inherit;\"><span style=\"vertical-align: inherit;\"><span style=\"vertical-align: inherit;\">\u00a1As\u00ed pas\u00e9 el verano! Organizando una campa\u00f1a fabulosa que me llev\u00f3 de playa en playa, por los paseos mar\u00edtimos y escuelas de vela, divulgando c\u00f3mo actuar correctamente ante un varamiento y explicando a millas de personas, c\u00f3mo son nuestras especies marinas. Tuve mucha ayuda este verano: monitores, voluntarios y una tortuga boba gigante llamada Celtia. Adem\u00e1s, salimos en La Sexta y en un mont\u00f3n de medios de comunicaci\u00f3n. Un verano maravilloso que quedar\u00e1 siempre en mi recuerdo.<\/span><\/span><\/span><\/span><\/span><\/span><\/span><\/span><\/p>\t\t\t\t\t\t<\/div>\n\t\t\t\t<\/div>\n\t\t\t\t\t<\/div>\n\t\t<\/div>\n\t\t\t\t\t\t\t<\/div>\n\t\t<\/section>\n\t\t\t\t<section class=\"elementor-section elementor-top-section elementor-element elementor-element-e62a9af elementor-section-boxed elementor-section-height-default elementor-section-height-default\" data-id=\"e62a9af\" data-element_type=\"section\">\n\t\t\t\t\t\t<div class=\"elementor-container elementor-column-gap-default\">\n\t\t\t\t\t<div class=\"elementor-column elementor-col-100 elementor-top-column elementor-element elementor-element-3a7a90d\" data-id=\"3a7a90d\" data-element_type=\"column\">\n\t\t\t<div class=\"elementor-widget-wrap elementor-element-populated\">\n\t\t\t\t\t\t\t\t<div class=\"elementor-element elementor-element-22c7d08 elementor-widget elementor-widget-heading\" data-id=\"22c7d08\" data-element_type=\"widget\" data-widget_type=\"heading.default\">\n\t\t\t\t<div class=\"elementor-widget-container\">\n\t\t\t<h3 class=\"elementor-heading-title elementor-size-default\">Junio 2024<\/h3>\t\t<\/div>\n\t\t\t\t<\/div>\n\t\t\t\t<section class=\"elementor-section elementor-inner-section elementor-element elementor-element-7552ff0 elementor-section-boxed elementor-section-height-default elementor-section-height-default\" data-id=\"7552ff0\" data-element_type=\"section\">\n\t\t\t\t\t\t<div class=\"elementor-container elementor-column-gap-default\">\n\t\t\t\t\t<div class=\"elementor-column elementor-col-50 elementor-inner-column elementor-element elementor-element-337c260\" data-id=\"337c260\" data-element_type=\"column\">\n\t\t\t<div class=\"elementor-widget-wrap elementor-element-populated\">\n\t\t\t\t\t\t\t\t<div class=\"elementor-element elementor-element-e6a0e94 elementor-widget elementor-widget-image\" data-id=\"e6a0e94\" data-element_type=\"widget\" data-widget_type=\"image.default\">\n\t\t\t\t<div class=\"elementor-widget-container\">\n\t\t\t\t\t\t\t\t\t\t\t\t\t\t\t\t<a href=\"https:\/\/youtu.be\/6F2rbP9Od-g?si=lNjwlYu9e2Zyy4mJ\" target=\"_blank\">\n\t\t\t\t\t\t\t<img width=\"750\" height=\"291\" src=\"https:\/\/diegodevallejo.com\/wp-content\/uploads\/2024\/06\/PASOS-DE-FAUNA-1024x397.jpg\" class=\"attachment-large size-large wp-image-2099\" alt=\"\" decoding=\"async\" loading=\"lazy\" srcset=\"https:\/\/diegodevallejo.com\/wp-content\/uploads\/2024\/06\/PASOS-DE-FAUNA-1024x397.jpg 1024w, https:\/\/diegodevallejo.com\/wp-content\/uploads\/2024\/06\/PASOS-DE-FAUNA-300x116.jpg 300w, https:\/\/diegodevallejo.com\/wp-content\/uploads\/2024\/06\/PASOS-DE-FAUNA-768x298.jpg 768w, https:\/\/diegodevallejo.com\/wp-content\/uploads\/2024\/06\/PASOS-DE-FAUNA.jpg 1341w\" sizes=\"(max-width: 750px) 100vw, 750px\" style=\"width:100%;height:38.78%;max-width:1341px\" \/>\t\t\t\t\t\t\t\t<\/a>\n\t\t\t\t\t\t\t\t\t\t\t\t\t\t\t<\/div>\n\t\t\t\t<\/div>\n\t\t\t\t\t<\/div>\n\t\t<\/div>\n\t\t\t\t<div class=\"elementor-column elementor-col-50 elementor-inner-column elementor-element elementor-element-d278760\" data-id=\"d278760\" data-element_type=\"column\">\n\t\t\t<div class=\"elementor-widget-wrap elementor-element-populated\">\n\t\t\t\t\t\t\t\t<div class=\"elementor-element elementor-element-6b138eb elementor-invisible elementor-widget elementor-widget-heading\" data-id=\"6b138eb\" data-element_type=\"widget\" data-settings=\"{&quot;_animation&quot;:&quot;zoomIn&quot;}\" data-widget_type=\"heading.default\">\n\t\t\t\t<div class=\"elementor-widget-container\">\n\t\t\t<h3 class=\"elementor-heading-title elementor-size-default\">Reportaje sobre los pasos de fauna<\/h3>\t\t<\/div>\n\t\t\t\t<\/div>\n\t\t\t\t<div class=\"elementor-element elementor-element-b9e18a0 elementor-view-framed animated-slow elementor-widget__width-initial elementor-shape-circle elementor-invisible elementor-widget elementor-widget-icon\" data-id=\"b9e18a0\" data-element_type=\"widget\" data-settings=\"{&quot;_animation&quot;:&quot;fadeIn&quot;,&quot;_animation_delay&quot;:500}\" data-widget_type=\"icon.default\">\n\t\t\t\t<div class=\"elementor-widget-container\">\n\t\t\t\t\t<div class=\"elementor-icon-wrapper\">\n\t\t\t<a class=\"elementor-icon\" href=\"https:\/\/youtu.be\/6F2rbP9Od-g?si=sRHQv8ZCGDbQIsGI\" target=\"_blank\">\n\t\t\t<i aria-hidden=\"true\" class=\"fab fa-youtube\"><\/i>\t\t\t<\/a>\n\t\t<\/div>\n\t\t\t\t<\/div>\n\t\t\t\t<\/div>\n\t\t\t\t<div class=\"elementor-element elementor-element-647fc36 elementor-widget__width-initial animated-slow elementor-view-default elementor-invisible elementor-widget elementor-widget-icon\" data-id=\"647fc36\" data-element_type=\"widget\" data-settings=\"{&quot;_animation&quot;:&quot;fadeIn&quot;,&quot;_animation_delay&quot;:500}\" data-widget_type=\"icon.default\">\n\t\t\t\t<div class=\"elementor-widget-container\">\n\t\t\t\t\t<div class=\"elementor-icon-wrapper\">\n\t\t\t<a class=\"elementor-icon\" href=\"https:\/\/diegodevallejo.com\/index.php\/pasos-de-fauna\/\">\n\t\t\t<i aria-hidden=\"true\" class=\"fas fa-share-alt-square\"><\/i>\t\t\t<\/a>\n\t\t<\/div>\n\t\t\t\t<\/div>\n\t\t\t\t<\/div>\n\t\t\t\t<div class=\"elementor-element elementor-element-3b2ef1c elementor-widget elementor-widget-text-editor\" data-id=\"3b2ef1c\" data-element_type=\"widget\" data-widget_type=\"text-editor.default\">\n\t\t\t\t<div class=\"elementor-widget-container\">\n\t\t\t\t\t\t\t<p>Pues ya ten\u00eda yo ganas de conseguir dedicarle un reportaje a estas cursiosas y \u00fatiles estructuras que veo por las autopistas. \u00a1Ojal\u00e1 hubiera m\u00e1s!\u00a0<\/p>\t\t\t\t\t\t<\/div>\n\t\t\t\t<\/div>\n\t\t\t\t\t<\/div>\n\t\t<\/div>\n\t\t\t\t\t\t\t<\/div>\n\t\t<\/section>\n\t\t\t\t\t<\/div>\n\t\t<\/div>\n\t\t\t\t\t\t\t<\/div>\n\t\t<\/section>\n\t\t\t\t<section class=\"elementor-section elementor-top-section elementor-element elementor-element-208d995 elementor-section-boxed elementor-section-height-default elementor-section-height-default\" data-id=\"208d995\" data-element_type=\"section\">\n\t\t\t\t\t\t<div class=\"elementor-container elementor-column-gap-default\">\n\t\t\t\t\t<div class=\"elementor-column elementor-col-100 elementor-top-column elementor-element elementor-element-df4c318\" data-id=\"df4c318\" data-element_type=\"column\">\n\t\t\t<div class=\"elementor-widget-wrap elementor-element-populated\">\n\t\t\t\t\t\t\t\t<div class=\"elementor-element elementor-element-aa0f06a elementor-widget elementor-widget-heading\" data-id=\"aa0f06a\" data-element_type=\"widget\" data-widget_type=\"heading.default\">\n\t\t\t\t<div class=\"elementor-widget-container\">\n\t\t\t<h3 class=\"elementor-heading-title elementor-size-default\">Mayo 2024<\/h3>\t\t<\/div>\n\t\t\t\t<\/div>\n\t\t\t\t\t<\/div>\n\t\t<\/div>\n\t\t\t\t\t\t\t<\/div>\n\t\t<\/section>\n\t\t\t\t<section class=\"elementor-section elementor-top-section elementor-element elementor-element-2e72e3b elementor-section-boxed elementor-section-height-default elementor-section-height-default\" data-id=\"2e72e3b\" data-element_type=\"section\">\n\t\t\t\t\t\t<div class=\"elementor-container elementor-column-gap-default\">\n\t\t\t\t\t<div class=\"elementor-column elementor-col-33 elementor-top-column elementor-element elementor-element-5e34504\" data-id=\"5e34504\" data-element_type=\"column\">\n\t\t\t<div class=\"elementor-widget-wrap elementor-element-populated\">\n\t\t\t\t\t\t\t\t<div class=\"elementor-element elementor-element-f56b9d0 elementor-widget elementor-widget-image\" data-id=\"f56b9d0\" data-element_type=\"widget\" data-widget_type=\"image.default\">\n\t\t\t\t<div class=\"elementor-widget-container\">\n\t\t\t\t\t\t\t\t\t\t\t\t\t\t\t<img width=\"750\" height=\"480\" src=\"https:\/\/diegodevallejo.com\/wp-content\/uploads\/2024\/06\/taller-de-fosiles-y-dinosaurios-1024x655.jpg\" class=\"attachment-large size-large wp-image-2016\" alt=\"\" decoding=\"async\" loading=\"lazy\" srcset=\"https:\/\/diegodevallejo.com\/wp-content\/uploads\/2024\/06\/taller-de-fosiles-y-dinosaurios-1024x655.jpg 1024w, https:\/\/diegodevallejo.com\/wp-content\/uploads\/2024\/06\/taller-de-fosiles-y-dinosaurios-300x192.jpg 300w, https:\/\/diegodevallejo.com\/wp-content\/uploads\/2024\/06\/taller-de-fosiles-y-dinosaurios-768x491.jpg 768w, https:\/\/diegodevallejo.com\/wp-content\/uploads\/2024\/06\/taller-de-fosiles-y-dinosaurios.jpg 1200w\" sizes=\"(max-width: 750px) 100vw, 750px\" style=\"width:100%;height:63.92%;max-width:1200px\" \/>\t\t\t\t\t\t\t\t\t\t\t\t\t\t\t<\/div>\n\t\t\t\t<\/div>\n\t\t\t\t\t<\/div>\n\t\t<\/div>\n\t\t\t\t<div class=\"elementor-column elementor-col-33 elementor-top-column elementor-element elementor-element-0f9b5b4\" data-id=\"0f9b5b4\" data-element_type=\"column\">\n\t\t\t<div class=\"elementor-widget-wrap elementor-element-populated\">\n\t\t\t\t\t\t\t\t<div class=\"elementor-element elementor-element-766c8b1 elementor-invisible elementor-widget elementor-widget-heading\" data-id=\"766c8b1\" data-element_type=\"widget\" data-settings=\"{&quot;_animation&quot;:&quot;zoomIn&quot;}\" data-widget_type=\"heading.default\">\n\t\t\t\t<div class=\"elementor-widget-container\">\n\t\t\t<h4 class=\"elementor-heading-title elementor-size-default\">Estreno un nuevo taller de f\u00f3siles y dinosaurios<\/h4>\t\t<\/div>\n\t\t\t\t<\/div>\n\t\t\t\t<section class=\"elementor-section elementor-inner-section elementor-element elementor-element-972163d elementor-section-boxed elementor-section-height-default elementor-section-height-default\" data-id=\"972163d\" data-element_type=\"section\">\n\t\t\t\t\t\t<div class=\"elementor-container elementor-column-gap-default\">\n\t\t\t\t\t<div class=\"elementor-column elementor-col-100 elementor-inner-column elementor-element elementor-element-a86fda9\" data-id=\"a86fda9\" data-element_type=\"column\">\n\t\t\t<div class=\"elementor-widget-wrap elementor-element-populated\">\n\t\t\t\t\t\t\t\t<div class=\"elementor-element elementor-element-7c49e08 elementor-widget elementor-widget-text-editor\" data-id=\"7c49e08\" data-element_type=\"widget\" data-widget_type=\"text-editor.default\">\n\t\t\t\t<div class=\"elementor-widget-container\">\n\t\t\t\t\t\t\t<p><span style=\"font-weight: bold; color: #ffbe00; word-spacing: 1px;\">Ayuntamiento de Laredo, AMPA Los Puentes de Colindres, CEIP Santa Catalina de Castro<\/span><\/p>\t\t\t\t\t\t<\/div>\n\t\t\t\t<\/div>\n\t\t\t\t\t<\/div>\n\t\t<\/div>\n\t\t\t\t\t\t\t<\/div>\n\t\t<\/section>\n\t\t\t\t<section class=\"elementor-section elementor-inner-section elementor-element elementor-element-96cc2e8 elementor-section-boxed elementor-section-height-default elementor-section-height-default\" data-id=\"96cc2e8\" data-element_type=\"section\">\n\t\t\t\t\t\t<div class=\"elementor-container elementor-column-gap-default\">\n\t\t\t\t\t<div class=\"elementor-column elementor-col-100 elementor-inner-column elementor-element elementor-element-4a9e1f4\" data-id=\"4a9e1f4\" data-element_type=\"column\">\n\t\t\t<div class=\"elementor-widget-wrap elementor-element-populated\">\n\t\t\t\t\t\t\t\t<div class=\"elementor-element elementor-element-468ef93 elementor-widget__width-initial animated-slow elementor-view-default elementor-invisible elementor-widget elementor-widget-icon\" data-id=\"468ef93\" data-element_type=\"widget\" data-settings=\"{&quot;_animation&quot;:&quot;fadeIn&quot;,&quot;_animation_delay&quot;:500}\" data-widget_type=\"icon.default\">\n\t\t\t\t<div class=\"elementor-widget-container\">\n\t\t\t\t\t<div class=\"elementor-icon-wrapper\">\n\t\t\t<a class=\"elementor-icon\" href=\"https:\/\/www.facebook.com\/photo\/?fbid=878266071009480&#038;set=pcb.878266314342789\">\n\t\t\t<i aria-hidden=\"true\" class=\"fab fa-facebook\"><\/i>\t\t\t<\/a>\n\t\t<\/div>\n\t\t\t\t<\/div>\n\t\t\t\t<\/div>\n\t\t\t\t<div class=\"elementor-element elementor-element-557ca6b elementor-widget__width-initial elementor-view-default elementor-widget elementor-widget-icon\" data-id=\"557ca6b\" data-element_type=\"widget\" data-widget_type=\"icon.default\">\n\t\t\t\t<div class=\"elementor-widget-container\">\n\t\t\t\t\t<div class=\"elementor-icon-wrapper\">\n\t\t\t<a class=\"elementor-icon\" href=\"https:\/\/www.instagram.com\/p\/C79ZLQEimXx\/?utm_source=ig_web_copy_link&#038;igsh=MzRlODBiNWFlZA==\">\n\t\t\t<i aria-hidden=\"true\" class=\"fab fa-instagram\"><\/i>\t\t\t<\/a>\n\t\t<\/div>\n\t\t\t\t<\/div>\n\t\t\t\t<\/div>\n\t\t\t\t<div class=\"elementor-element elementor-element-2545786 elementor-widget__width-initial elementor-view-default elementor-widget elementor-widget-icon\" data-id=\"2545786\" data-element_type=\"widget\" data-widget_type=\"icon.default\">\n\t\t\t\t<div class=\"elementor-widget-container\">\n\t\t\t\t\t<div class=\"elementor-icon-wrapper\">\n\t\t\t<a class=\"elementor-icon\" href=\"https:\/\/www.youtube.com\/watch?v=QbsEbsOuE1g\">\n\t\t\t<i aria-hidden=\"true\" class=\"fab fa-youtube\"><\/i>\t\t\t<\/a>\n\t\t<\/div>\n\t\t\t\t<\/div>\n\t\t\t\t<\/div>\n\t\t\t\t\t<\/div>\n\t\t<\/div>\n\t\t\t\t\t\t\t<\/div>\n\t\t<\/section>\n\t\t\t\t\t<\/div>\n\t\t<\/div>\n\t\t\t\t<div class=\"elementor-column elementor-col-33 elementor-top-column elementor-element elementor-element-bd07539\" data-id=\"bd07539\" data-element_type=\"column\">\n\t\t\t<div class=\"elementor-widget-wrap elementor-element-populated\">\n\t\t\t\t\t\t\t\t<div class=\"elementor-element elementor-element-da7fe88 elementor-widget elementor-widget-text-editor\" data-id=\"da7fe88\" data-element_type=\"widget\" data-widget_type=\"text-editor.default\">\n\t\t\t\t<div class=\"elementor-widget-container\">\n\t\t\t\t\t\t\t<p>\u00a1Lo consgu\u00ed! Despu\u00e9s de mucho tiempo preparando los materiales ya ha visto la luz. Con este taller acercar\u00e9 el mundo de los f\u00f3siles y dinosaurios a los m\u00e1s j\u00f3venes. Se manchar\u00e1n las manos trabajando y aprendiendo con f\u00f3siles de verdad, como buenos paleont\u00f3logos.\u00a0<\/p>\t\t\t\t\t\t<\/div>\n\t\t\t\t<\/div>\n\t\t\t\t\t<\/div>\n\t\t<\/div>\n\t\t\t\t\t\t\t<\/div>\n\t\t<\/section>\n\t\t\t\t<section class=\"elementor-section elementor-top-section elementor-element elementor-element-dfc6aeb elementor-section-boxed elementor-section-height-default elementor-section-height-default\" data-id=\"dfc6aeb\" data-element_type=\"section\">\n\t\t\t\t\t\t<div class=\"elementor-container elementor-column-gap-default\">\n\t\t\t\t\t<div class=\"elementor-column elementor-col-33 elementor-top-column elementor-element elementor-element-89b8d9a\" data-id=\"89b8d9a\" data-element_type=\"column\">\n\t\t\t<div class=\"elementor-widget-wrap elementor-element-populated\">\n\t\t\t\t\t\t\t\t<div class=\"elementor-element elementor-element-077680a elementor-widget elementor-widget-image\" data-id=\"077680a\" data-element_type=\"widget\" data-widget_type=\"image.default\">\n\t\t\t\t<div class=\"elementor-widget-container\">\n\t\t\t\t\t\t\t\t\t\t\t\t\t\t\t<img width=\"750\" height=\"480\" src=\"https:\/\/diegodevallejo.com\/wp-content\/uploads\/2024\/06\/taller-de-arte-rupestre-de-arte-prehistorico-1024x655.jpg\" class=\"attachment-large size-large wp-image-2027\" alt=\"\" decoding=\"async\" loading=\"lazy\" srcset=\"https:\/\/diegodevallejo.com\/wp-content\/uploads\/2024\/06\/taller-de-arte-rupestre-de-arte-prehistorico-1024x655.jpg 1024w, https:\/\/diegodevallejo.com\/wp-content\/uploads\/2024\/06\/taller-de-arte-rupestre-de-arte-prehistorico-300x192.jpg 300w, https:\/\/diegodevallejo.com\/wp-content\/uploads\/2024\/06\/taller-de-arte-rupestre-de-arte-prehistorico-768x491.jpg 768w, https:\/\/diegodevallejo.com\/wp-content\/uploads\/2024\/06\/taller-de-arte-rupestre-de-arte-prehistorico.jpg 1200w\" sizes=\"(max-width: 750px) 100vw, 750px\" style=\"width:100%;height:63.92%;max-width:1200px\" \/>\t\t\t\t\t\t\t\t\t\t\t\t\t\t\t<\/div>\n\t\t\t\t<\/div>\n\t\t\t\t\t<\/div>\n\t\t<\/div>\n\t\t\t\t<div class=\"elementor-column elementor-col-33 elementor-top-column elementor-element elementor-element-cc41da8\" data-id=\"cc41da8\" data-element_type=\"column\">\n\t\t\t<div class=\"elementor-widget-wrap elementor-element-populated\">\n\t\t\t\t\t\t\t\t<div class=\"elementor-element elementor-element-7050bf7 elementor-invisible elementor-widget elementor-widget-heading\" data-id=\"7050bf7\" data-element_type=\"widget\" data-settings=\"{&quot;_animation&quot;:&quot;zoomIn&quot;}\" data-widget_type=\"heading.default\">\n\t\t\t\t<div class=\"elementor-widget-container\">\n\t\t\t<h4 class=\"elementor-heading-title elementor-size-default\">Estreno un nuevo taller de arte prehist\u00f3rico<\/h4>\t\t<\/div>\n\t\t\t\t<\/div>\n\t\t\t\t<section class=\"elementor-section elementor-inner-section elementor-element elementor-element-5bb6d1c elementor-section-boxed elementor-section-height-default elementor-section-height-default\" data-id=\"5bb6d1c\" data-element_type=\"section\">\n\t\t\t\t\t\t<div class=\"elementor-container elementor-column-gap-default\">\n\t\t\t\t\t<div class=\"elementor-column elementor-col-100 elementor-inner-column elementor-element elementor-element-7b8f1ca\" data-id=\"7b8f1ca\" data-element_type=\"column\">\n\t\t\t<div class=\"elementor-widget-wrap elementor-element-populated\">\n\t\t\t\t\t\t\t\t<div class=\"elementor-element elementor-element-04bbe84 elementor-widget elementor-widget-text-editor\" data-id=\"04bbe84\" data-element_type=\"widget\" data-widget_type=\"text-editor.default\">\n\t\t\t\t<div class=\"elementor-widget-container\">\n\t\t\t\t\t\t\t<p><span style=\"font-weight: bold; color: #ffbe00; word-spacing: 1px;\">Asociaci\u00f3n de Familias de Alumnos CEIP Los Puentes, Colindres.<\/span><\/p>\t\t\t\t\t\t<\/div>\n\t\t\t\t<\/div>\n\t\t\t\t\t<\/div>\n\t\t<\/div>\n\t\t\t\t\t\t\t<\/div>\n\t\t<\/section>\n\t\t\t\t<section class=\"elementor-section elementor-inner-section elementor-element elementor-element-7d5db80 elementor-section-boxed elementor-section-height-default elementor-section-height-default\" data-id=\"7d5db80\" data-element_type=\"section\">\n\t\t\t\t\t\t<div class=\"elementor-container elementor-column-gap-default\">\n\t\t\t\t\t<div class=\"elementor-column elementor-col-100 elementor-inner-column elementor-element elementor-element-b6eb759\" data-id=\"b6eb759\" data-element_type=\"column\">\n\t\t\t<div class=\"elementor-widget-wrap elementor-element-populated\">\n\t\t\t\t\t\t\t\t<div class=\"elementor-element elementor-element-0472b79 elementor-widget__width-initial animated-slow elementor-view-default elementor-invisible elementor-widget elementor-widget-icon\" data-id=\"0472b79\" data-element_type=\"widget\" data-settings=\"{&quot;_animation&quot;:&quot;fadeIn&quot;,&quot;_animation_delay&quot;:500}\" data-widget_type=\"icon.default\">\n\t\t\t\t<div class=\"elementor-widget-container\">\n\t\t\t\t\t<div class=\"elementor-icon-wrapper\">\n\t\t\t<a class=\"elementor-icon\" href=\"https:\/\/www.facebook.com\/permalink.php?story_fbid=pfbid02wyYJYKFqymwhJvrAZ9x1NnS7qcwk2v6rcD8WDhvgUNefGGi68RuzDUUfn6PYnY4Al&#038;id=100057060445278\">\n\t\t\t<i aria-hidden=\"true\" class=\"fab fa-facebook\"><\/i>\t\t\t<\/a>\n\t\t<\/div>\n\t\t\t\t<\/div>\n\t\t\t\t<\/div>\n\t\t\t\t\t<\/div>\n\t\t<\/div>\n\t\t\t\t\t\t\t<\/div>\n\t\t<\/section>\n\t\t\t\t\t<\/div>\n\t\t<\/div>\n\t\t\t\t<div class=\"elementor-column elementor-col-33 elementor-top-column elementor-element elementor-element-1ece08f\" data-id=\"1ece08f\" data-element_type=\"column\">\n\t\t\t<div class=\"elementor-widget-wrap elementor-element-populated\">\n\t\t\t\t\t\t\t\t<div class=\"elementor-element elementor-element-928a54d elementor-widget elementor-widget-text-editor\" data-id=\"928a54d\" data-element_type=\"widget\" data-widget_type=\"text-editor.default\">\n\t\t\t\t<div class=\"elementor-widget-container\">\n\t\t\t\t\t\t\t<p>En este taller viviremos asumiendo los restos que viv\u00edan nuestros antepasados, obteniendo, reutilizando y aprovechando las oportunidades que la naturaleza nos ofrec\u00eda. Elaboramos nuestra propia joyer\u00eda y expresaremos nuestro arte en una cueva gigante dentro del aula. \u00a1Ha nacido una nueva forma de acercarnos a la naturaleza!<\/p>\t\t\t\t\t\t<\/div>\n\t\t\t\t<\/div>\n\t\t\t\t\t<\/div>\n\t\t<\/div>\n\t\t\t\t\t\t\t<\/div>\n\t\t<\/section>\n\t\t\t\t<section class=\"elementor-section elementor-top-section elementor-element elementor-element-9c38710 elementor-section-boxed elementor-section-height-default elementor-section-height-default\" data-id=\"9c38710\" data-element_type=\"section\">\n\t\t\t\t\t\t<div class=\"elementor-container elementor-column-gap-default\">\n\t\t\t\t\t<div class=\"elementor-column elementor-col-100 elementor-top-column elementor-element elementor-element-8a45e2b\" data-id=\"8a45e2b\" data-element_type=\"column\">\n\t\t\t<div class=\"elementor-widget-wrap elementor-element-populated\">\n\t\t\t\t\t\t\t\t<section class=\"elementor-section elementor-inner-section elementor-element elementor-element-ba2eb88 elementor-section-boxed elementor-section-height-default elementor-section-height-default\" data-id=\"ba2eb88\" data-element_type=\"section\">\n\t\t\t\t\t\t<div class=\"elementor-container elementor-column-gap-default\">\n\t\t\t\t\t<div class=\"elementor-column elementor-col-50 elementor-inner-column elementor-element elementor-element-9511c1a\" data-id=\"9511c1a\" data-element_type=\"column\">\n\t\t\t<div class=\"elementor-widget-wrap elementor-element-populated\">\n\t\t\t\t\t\t\t\t<div class=\"elementor-element elementor-element-c4d7ddd elementor-widget elementor-widget-image\" data-id=\"c4d7ddd\" data-element_type=\"widget\" data-widget_type=\"image.default\">\n\t\t\t\t<div class=\"elementor-widget-container\">\n\t\t\t\t\t\t\t\t\t\t\t\t\t\t\t<img width=\"750\" height=\"287\" src=\"https:\/\/diegodevallejo.com\/wp-content\/uploads\/2024\/06\/claves-para-disintugir-tortugas-marinas-como-distinguir-tortugas-tipos-de-turtugas-marinas-1024x392.jpg\" class=\"attachment-large size-large wp-image-1998\" alt=\"\" decoding=\"async\" loading=\"lazy\" srcset=\"https:\/\/diegodevallejo.com\/wp-content\/uploads\/2024\/06\/claves-para-disintugir-tortugas-marinas-como-distinguir-tortugas-tipos-de-turtugas-marinas-1024x392.jpg 1024w, https:\/\/diegodevallejo.com\/wp-content\/uploads\/2024\/06\/claves-para-disintugir-tortugas-marinas-como-distinguir-tortugas-tipos-de-turtugas-marinas-300x115.jpg 300w, https:\/\/diegodevallejo.com\/wp-content\/uploads\/2024\/06\/claves-para-disintugir-tortugas-marinas-como-distinguir-tortugas-tipos-de-turtugas-marinas-768x294.jpg 768w, https:\/\/diegodevallejo.com\/wp-content\/uploads\/2024\/06\/claves-para-disintugir-tortugas-marinas-como-distinguir-tortugas-tipos-de-turtugas-marinas.jpg 1536w\" sizes=\"(max-width: 750px) 100vw, 750px\" style=\"width:100%;height:38.28%;max-width:1536px\" \/>\t\t\t\t\t\t\t\t\t\t\t\t\t\t\t<\/div>\n\t\t\t\t<\/div>\n\t\t\t\t\t<\/div>\n\t\t<\/div>\n\t\t\t\t<div class=\"elementor-column elementor-col-50 elementor-inner-column elementor-element elementor-element-ebfc717\" data-id=\"ebfc717\" data-element_type=\"column\">\n\t\t\t<div class=\"elementor-widget-wrap elementor-element-populated\">\n\t\t\t\t\t\t\t\t<div class=\"elementor-element elementor-element-62ff809 elementor-invisible elementor-widget elementor-widget-heading\" data-id=\"62ff809\" data-element_type=\"widget\" data-settings=\"{&quot;_animation&quot;:&quot;zoomIn&quot;}\" data-widget_type=\"heading.default\">\n\t\t\t\t<div class=\"elementor-widget-container\">\n\t\t\t<h3 class=\"elementor-heading-title elementor-size-default\">Reportaje sobre c\u00f3mo distinguir la especie de tortugas marinas<\/h3>\t\t<\/div>\n\t\t\t\t<\/div>\n\t\t\t\t<div class=\"elementor-element elementor-element-cc85268 elementor-view-framed animated-slow elementor-shape-circle elementor-invisible elementor-widget elementor-widget-icon\" data-id=\"cc85268\" data-element_type=\"widget\" data-settings=\"{&quot;_animation&quot;:&quot;fadeIn&quot;,&quot;_animation_delay&quot;:500}\" data-widget_type=\"icon.default\">\n\t\t\t\t<div class=\"elementor-widget-container\">\n\t\t\t\t\t<div class=\"elementor-icon-wrapper\">\n\t\t\t<a class=\"elementor-icon\" href=\"https:\/\/youtu.be\/h80E90-jwc4?si=4FEK1Rxi_-ffLdG5\">\n\t\t\t<i aria-hidden=\"true\" class=\"fab fa-youtube\"><\/i>\t\t\t<\/a>\n\t\t<\/div>\n\t\t\t\t<\/div>\n\t\t\t\t<\/div>\n\t\t\t\t<div class=\"elementor-element elementor-element-a36b7a1 elementor-widget elementor-widget-text-editor\" data-id=\"a36b7a1\" data-element_type=\"widget\" data-widget_type=\"text-editor.default\">\n\t\t\t\t<div class=\"elementor-widget-container\">\n\t\t\t\t\t\t\t<p>Me siento especialmente orgulloso de este v\u00eddeo que hice desde REVARCA. En \u00e9l, ense\u00f1o a distinguir las siete tortugas marinas que existen en el planeta.\u00a0<\/p>\t\t\t\t\t\t<\/div>\n\t\t\t\t<\/div>\n\t\t\t\t\t<\/div>\n\t\t<\/div>\n\t\t\t\t\t\t\t<\/div>\n\t\t<\/section>\n\t\t\t\t<div class=\"elementor-element elementor-element-4a8adab elementor-widget elementor-widget-heading\" data-id=\"4a8adab\" data-element_type=\"widget\" data-widget_type=\"heading.default\">\n\t\t\t\t<div class=\"elementor-widget-container\">\n\t\t\t<h3 class=\"elementor-heading-title elementor-size-default\">Abril 2024<\/h3>\t\t<\/div>\n\t\t\t\t<\/div>\n\t\t\t\t\t<\/div>\n\t\t<\/div>\n\t\t\t\t\t\t\t<\/div>\n\t\t<\/section>\n\t\t\t\t<section class=\"elementor-section elementor-top-section elementor-element elementor-element-05360ca elementor-section-boxed elementor-section-height-default elementor-section-height-default\" data-id=\"05360ca\" data-element_type=\"section\">\n\t\t\t\t\t\t<div class=\"elementor-container elementor-column-gap-default\">\n\t\t\t\t\t<div class=\"elementor-column elementor-col-33 elementor-top-column elementor-element elementor-element-285a171\" data-id=\"285a171\" data-element_type=\"column\">\n\t\t\t<div class=\"elementor-widget-wrap elementor-element-populated\">\n\t\t\t\t\t\t\t\t<div class=\"elementor-element elementor-element-2cd8d00 elementor-widget elementor-widget-image\" data-id=\"2cd8d00\" data-element_type=\"widget\" data-widget_type=\"image.default\">\n\t\t\t\t<div class=\"elementor-widget-container\">\n\t\t\t\t\t\t\t\t\t\t\t\t\t\t\t<img width=\"750\" height=\"480\" src=\"https:\/\/diegodevallejo.com\/wp-content\/uploads\/2024\/05\/sendero-forografico-de-fauna-diego-de-vallejo-poty-ambienturas-1024x655.jpg\" class=\"attachment-large size-large wp-image-1975\" alt=\"\" decoding=\"async\" loading=\"lazy\" srcset=\"https:\/\/diegodevallejo.com\/wp-content\/uploads\/2024\/05\/sendero-forografico-de-fauna-diego-de-vallejo-poty-ambienturas-1024x655.jpg 1024w, https:\/\/diegodevallejo.com\/wp-content\/uploads\/2024\/05\/sendero-forografico-de-fauna-diego-de-vallejo-poty-ambienturas-300x192.jpg 300w, https:\/\/diegodevallejo.com\/wp-content\/uploads\/2024\/05\/sendero-forografico-de-fauna-diego-de-vallejo-poty-ambienturas-768x491.jpg 768w, https:\/\/diegodevallejo.com\/wp-content\/uploads\/2024\/05\/sendero-forografico-de-fauna-diego-de-vallejo-poty-ambienturas.jpg 1200w\" sizes=\"(max-width: 750px) 100vw, 750px\" style=\"width:100%;height:63.92%;max-width:1200px\" \/>\t\t\t\t\t\t\t\t\t\t\t\t\t\t\t<\/div>\n\t\t\t\t<\/div>\n\t\t\t\t\t<\/div>\n\t\t<\/div>\n\t\t\t\t<div class=\"elementor-column elementor-col-33 elementor-top-column elementor-element elementor-element-bcf9a97\" data-id=\"bcf9a97\" data-element_type=\"column\">\n\t\t\t<div class=\"elementor-widget-wrap elementor-element-populated\">\n\t\t\t\t\t\t\t\t<div class=\"elementor-element elementor-element-b307664 elementor-invisible elementor-widget elementor-widget-heading\" data-id=\"b307664\" data-element_type=\"widget\" data-settings=\"{&quot;_animation&quot;:&quot;zoomIn&quot;}\" data-widget_type=\"heading.default\">\n\t\t\t\t<div class=\"elementor-widget-container\">\n\t\t\t<h4 class=\"elementor-heading-title elementor-size-default\">Taller fotogr\u00e1fico de fauna en la Cueva de la Baja<\/h4>\t\t<\/div>\n\t\t\t\t<\/div>\n\t\t\t\t<section class=\"elementor-section elementor-inner-section elementor-element elementor-element-2849a64 elementor-section-boxed elementor-section-height-default elementor-section-height-default\" data-id=\"2849a64\" data-element_type=\"section\">\n\t\t\t\t\t\t<div class=\"elementor-container elementor-column-gap-default\">\n\t\t\t\t\t<div class=\"elementor-column elementor-col-100 elementor-inner-column elementor-element elementor-element-735829d\" data-id=\"735829d\" data-element_type=\"column\">\n\t\t\t<div class=\"elementor-widget-wrap elementor-element-populated\">\n\t\t\t\t\t\t\t\t<div class=\"elementor-element elementor-element-c4372f3 elementor-widget elementor-widget-text-editor\" data-id=\"c4372f3\" data-element_type=\"widget\" data-widget_type=\"text-editor.default\">\n\t\t\t\t<div class=\"elementor-widget-container\">\n\t\t\t\t\t\t\t<p><span style=\"font-weight: bold; color: #ffbe00; word-spacing: 1px;\">En todas mis redes sociales<\/span><\/p>\t\t\t\t\t\t<\/div>\n\t\t\t\t<\/div>\n\t\t\t\t\t<\/div>\n\t\t<\/div>\n\t\t\t\t\t\t\t<\/div>\n\t\t<\/section>\n\t\t\t\t<section class=\"elementor-section elementor-inner-section elementor-element elementor-element-48268bf elementor-section-boxed elementor-section-height-default elementor-section-height-default\" data-id=\"48268bf\" data-element_type=\"section\">\n\t\t\t\t\t\t<div class=\"elementor-container elementor-column-gap-default\">\n\t\t\t\t\t<div class=\"elementor-column elementor-col-100 elementor-inner-column elementor-element elementor-element-cb885e8\" data-id=\"cb885e8\" data-element_type=\"column\">\n\t\t\t<div class=\"elementor-widget-wrap elementor-element-populated\">\n\t\t\t\t\t\t\t\t<div class=\"elementor-element elementor-element-c1ea108 elementor-widget__width-initial animated-slow elementor-view-default elementor-invisible elementor-widget elementor-widget-icon\" data-id=\"c1ea108\" data-element_type=\"widget\" data-settings=\"{&quot;_animation&quot;:&quot;fadeIn&quot;,&quot;_animation_delay&quot;:500}\" data-widget_type=\"icon.default\">\n\t\t\t\t<div class=\"elementor-widget-container\">\n\t\t\t\t\t<div class=\"elementor-icon-wrapper\">\n\t\t\t<a class=\"elementor-icon\" href=\"https:\/\/www.facebook.com\/reel\/1078262693293299\">\n\t\t\t<i aria-hidden=\"true\" class=\"fab fa-facebook\"><\/i>\t\t\t<\/a>\n\t\t<\/div>\n\t\t\t\t<\/div>\n\t\t\t\t<\/div>\n\t\t\t\t<div class=\"elementor-element elementor-element-f93c33e elementor-widget__width-initial elementor-view-default elementor-widget elementor-widget-icon\" data-id=\"f93c33e\" data-element_type=\"widget\" data-widget_type=\"icon.default\">\n\t\t\t\t<div class=\"elementor-widget-container\">\n\t\t\t\t\t<div class=\"elementor-icon-wrapper\">\n\t\t\t<a class=\"elementor-icon\" href=\"https:\/\/www.instagram.com\/reel\/C2kWFbIsfY5\/\">\n\t\t\t<i aria-hidden=\"true\" class=\"fab fa-instagram\"><\/i>\t\t\t<\/a>\n\t\t<\/div>\n\t\t\t\t<\/div>\n\t\t\t\t<\/div>\n\t\t\t\t<div class=\"elementor-element elementor-element-0fce886 elementor-widget__width-initial elementor-view-default elementor-widget elementor-widget-icon\" data-id=\"0fce886\" data-element_type=\"widget\" data-widget_type=\"icon.default\">\n\t\t\t\t<div class=\"elementor-widget-container\">\n\t\t\t\t\t<div class=\"elementor-icon-wrapper\">\n\t\t\t<a class=\"elementor-icon\" href=\"https:\/\/www.youtube.com\/watch?v=QbsEbsOuE1g\">\n\t\t\t<i aria-hidden=\"true\" class=\"fab fa-youtube\"><\/i>\t\t\t<\/a>\n\t\t<\/div>\n\t\t\t\t<\/div>\n\t\t\t\t<\/div>\n\t\t\t\t\t<\/div>\n\t\t<\/div>\n\t\t\t\t\t\t\t<\/div>\n\t\t<\/section>\n\t\t\t\t\t<\/div>\n\t\t<\/div>\n\t\t\t\t<div class=\"elementor-column elementor-col-33 elementor-top-column elementor-element elementor-element-9050a2c\" data-id=\"9050a2c\" data-element_type=\"column\">\n\t\t\t<div class=\"elementor-widget-wrap elementor-element-populated\">\n\t\t\t\t\t\t\t\t<div class=\"elementor-element elementor-element-ae00366 elementor-widget elementor-widget-text-editor\" data-id=\"ae00366\" data-element_type=\"widget\" data-widget_type=\"text-editor.default\">\n\t\t\t\t<div class=\"elementor-widget-container\">\n\t\t\t\t\t\t\t<p>La Concejal\u00eda de Juventud del Ayuntamiento de Laredo que llevara cabo un taller educativo que uniera la aventura con la divulgaci\u00f3n ambiental. M\u00e1s de una quincena de j\u00f3venes acompa\u00f1ados de sus familias caminaron por la periferia de Laredo descubriendo sus tesoros naturales.\u00a0<\/p>\t\t\t\t\t\t<\/div>\n\t\t\t\t<\/div>\n\t\t\t\t\t<\/div>\n\t\t<\/div>\n\t\t\t\t\t\t\t<\/div>\n\t\t<\/section>\n\t\t\t\t<section class=\"elementor-section elementor-top-section elementor-element elementor-element-d069fdf elementor-section-boxed elementor-section-height-default elementor-section-height-default\" data-id=\"d069fdf\" data-element_type=\"section\">\n\t\t\t\t\t\t<div class=\"elementor-container elementor-column-gap-default\">\n\t\t\t\t\t<div class=\"elementor-column elementor-col-33 elementor-top-column elementor-element elementor-element-383e84a\" data-id=\"383e84a\" data-element_type=\"column\">\n\t\t\t<div class=\"elementor-widget-wrap elementor-element-populated\">\n\t\t\t\t\t\t\t\t<div class=\"elementor-element elementor-element-856e4ad elementor-widget elementor-widget-image\" data-id=\"856e4ad\" data-element_type=\"widget\" data-widget_type=\"image.default\">\n\t\t\t\t<div class=\"elementor-widget-container\">\n\t\t\t\t\t\t\t\t\t\t\t\t\t\t\t<img width=\"750\" height=\"480\" src=\"https:\/\/diegodevallejo.com\/wp-content\/uploads\/2024\/05\/2-bosques-en-cantabria-educcion-ambiental-poty-ambienturas-1024x655.jpg\" class=\"attachment-large size-large wp-image-1977\" alt=\"\" decoding=\"async\" loading=\"lazy\" srcset=\"https:\/\/diegodevallejo.com\/wp-content\/uploads\/2024\/05\/2-bosques-en-cantabria-educcion-ambiental-poty-ambienturas-1024x655.jpg 1024w, https:\/\/diegodevallejo.com\/wp-content\/uploads\/2024\/05\/2-bosques-en-cantabria-educcion-ambiental-poty-ambienturas-300x192.jpg 300w, https:\/\/diegodevallejo.com\/wp-content\/uploads\/2024\/05\/2-bosques-en-cantabria-educcion-ambiental-poty-ambienturas-768x491.jpg 768w, https:\/\/diegodevallejo.com\/wp-content\/uploads\/2024\/05\/2-bosques-en-cantabria-educcion-ambiental-poty-ambienturas.jpg 1200w\" sizes=\"(max-width: 750px) 100vw, 750px\" style=\"width:100%;height:63.92%;max-width:1200px\" \/>\t\t\t\t\t\t\t\t\t\t\t\t\t\t\t<\/div>\n\t\t\t\t<\/div>\n\t\t\t\t\t<\/div>\n\t\t<\/div>\n\t\t\t\t<div class=\"elementor-column elementor-col-33 elementor-top-column elementor-element elementor-element-36bdef1\" data-id=\"36bdef1\" data-element_type=\"column\">\n\t\t\t<div class=\"elementor-widget-wrap elementor-element-populated\">\n\t\t\t\t\t\t\t\t<div class=\"elementor-element elementor-element-4b5873f elementor-invisible elementor-widget elementor-widget-heading\" data-id=\"4b5873f\" data-element_type=\"widget\" data-settings=\"{&quot;_animation&quot;:&quot;zoomIn&quot;}\" data-widget_type=\"heading.default\">\n\t\t\t\t<div class=\"elementor-widget-container\">\n\t\t\t<h4 class=\"elementor-heading-title elementor-size-default\">Conferencia \"Tipos de bosques en Cantabria\"<\/h4>\t\t<\/div>\n\t\t\t\t<\/div>\n\t\t\t\t<section class=\"elementor-section elementor-inner-section elementor-element elementor-element-8702ddf elementor-section-boxed elementor-section-height-default elementor-section-height-default\" data-id=\"8702ddf\" data-element_type=\"section\">\n\t\t\t\t\t\t<div class=\"elementor-container elementor-column-gap-default\">\n\t\t\t\t\t<div class=\"elementor-column elementor-col-100 elementor-inner-column elementor-element elementor-element-0d67e18\" data-id=\"0d67e18\" data-element_type=\"column\">\n\t\t\t<div class=\"elementor-widget-wrap elementor-element-populated\">\n\t\t\t\t\t\t\t\t<div class=\"elementor-element elementor-element-c7d5429 elementor-widget elementor-widget-text-editor\" data-id=\"c7d5429\" data-element_type=\"widget\" data-widget_type=\"text-editor.default\">\n\t\t\t\t<div class=\"elementor-widget-container\">\n\t\t\t\t\t\t\t<p><span style=\"font-weight: bold; color: #ffbe00; word-spacing: 1px;\">Asociaci\u00f3n de Mujeres Independientes de Laredo<\/span><\/p>\t\t\t\t\t\t<\/div>\n\t\t\t\t<\/div>\n\t\t\t\t\t<\/div>\n\t\t<\/div>\n\t\t\t\t\t\t\t<\/div>\n\t\t<\/section>\n\t\t\t\t<section class=\"elementor-section elementor-inner-section elementor-element elementor-element-c1d0201 elementor-section-boxed elementor-section-height-default elementor-section-height-default\" data-id=\"c1d0201\" data-element_type=\"section\">\n\t\t\t\t\t\t<div class=\"elementor-container elementor-column-gap-default\">\n\t\t\t\t\t<div class=\"elementor-column elementor-col-100 elementor-inner-column elementor-element elementor-element-e9c817d\" data-id=\"e9c817d\" data-element_type=\"column\">\n\t\t\t<div class=\"elementor-widget-wrap elementor-element-populated\">\n\t\t\t\t\t\t\t\t<div class=\"elementor-element elementor-element-4e3d8ec elementor-widget__width-initial animated-slow elementor-view-default elementor-invisible elementor-widget elementor-widget-icon\" data-id=\"4e3d8ec\" data-element_type=\"widget\" data-settings=\"{&quot;_animation&quot;:&quot;fadeIn&quot;,&quot;_animation_delay&quot;:500}\" data-widget_type=\"icon.default\">\n\t\t\t\t<div class=\"elementor-widget-container\">\n\t\t\t\t\t<div class=\"elementor-icon-wrapper\">\n\t\t\t<a class=\"elementor-icon\" href=\"https:\/\/www.facebook.com\/photo?fbid=742424538016145&#038;set=a.510353474556587\">\n\t\t\t<i aria-hidden=\"true\" class=\"fab fa-facebook\"><\/i>\t\t\t<\/a>\n\t\t<\/div>\n\t\t\t\t<\/div>\n\t\t\t\t<\/div>\n\t\t\t\t<div class=\"elementor-element elementor-element-c8df9ed elementor-widget__width-initial elementor-view-default elementor-widget elementor-widget-icon\" data-id=\"c8df9ed\" data-element_type=\"widget\" data-widget_type=\"icon.default\">\n\t\t\t\t<div class=\"elementor-widget-container\">\n\t\t\t\t\t<div class=\"elementor-icon-wrapper\">\n\t\t\t<a class=\"elementor-icon\" href=\"https:\/\/www.instagram.com\/reel\/C2kWFbIsfY5\/\">\n\t\t\t<i aria-hidden=\"true\" class=\"fab fa-instagram\"><\/i>\t\t\t<\/a>\n\t\t<\/div>\n\t\t\t\t<\/div>\n\t\t\t\t<\/div>\n\t\t\t\t\t<\/div>\n\t\t<\/div>\n\t\t\t\t\t\t\t<\/div>\n\t\t<\/section>\n\t\t\t\t\t<\/div>\n\t\t<\/div>\n\t\t\t\t<div class=\"elementor-column elementor-col-33 elementor-top-column elementor-element elementor-element-9f841a7\" data-id=\"9f841a7\" data-element_type=\"column\">\n\t\t\t<div class=\"elementor-widget-wrap elementor-element-populated\">\n\t\t\t\t\t\t\t\t<div class=\"elementor-element elementor-element-a5ba36a elementor-widget elementor-widget-text-editor\" data-id=\"a5ba36a\" data-element_type=\"widget\" data-widget_type=\"text-editor.default\">\n\t\t\t\t<div class=\"elementor-widget-container\">\n\t\t\t\t\t\t\t<p>Esta fue siempre mi conferencia preferida. Esta vez pude darla en el sal\u00f3n de actos de la Casa de Cultura Dr. Velasco y aprovech\u00e9 su gran pantalla de cine para proyectar archivos de v\u00eddeo en 4k como refuerzo a mis explicaciones. Fue una velada genial y la gran pantalla ayud\u00f3 mucho a ver la naturaleza con detalle.<\/p>\t\t\t\t\t\t<\/div>\n\t\t\t\t<\/div>\n\t\t\t\t\t<\/div>\n\t\t<\/div>\n\t\t\t\t\t\t\t<\/div>\n\t\t<\/section>\n\t\t\t\t<section class=\"elementor-section elementor-top-section elementor-element elementor-element-8bb79b1 elementor-section-boxed elementor-section-height-default elementor-section-height-default\" data-id=\"8bb79b1\" data-element_type=\"section\">\n\t\t\t\t\t\t<div class=\"elementor-container elementor-column-gap-default\">\n\t\t\t\t\t<div class=\"elementor-column elementor-col-33 elementor-top-column elementor-element elementor-element-578c58b\" data-id=\"578c58b\" data-element_type=\"column\">\n\t\t\t<div class=\"elementor-widget-wrap elementor-element-populated\">\n\t\t\t\t\t\t\t\t<div class=\"elementor-element elementor-element-c712423 elementor-widget elementor-widget-image\" data-id=\"c712423\" data-element_type=\"widget\" data-widget_type=\"image.default\">\n\t\t\t\t<div class=\"elementor-widget-container\">\n\t\t\t\t\t\t\t\t\t\t\t\t\t\t\t<img width=\"750\" height=\"480\" src=\"https:\/\/diegodevallejo.com\/wp-content\/uploads\/2024\/05\/periodico-vivir-en-cantabria-oriental-poty-ambienturas-diego-de-vcallejo-educacion-ambientral-divulgacion-ambiental-1024x655.jpg\" class=\"attachment-large size-large wp-image-1957\" alt=\"\" decoding=\"async\" loading=\"lazy\" srcset=\"https:\/\/diegodevallejo.com\/wp-content\/uploads\/2024\/05\/periodico-vivir-en-cantabria-oriental-poty-ambienturas-diego-de-vcallejo-educacion-ambientral-divulgacion-ambiental-1024x655.jpg 1024w, https:\/\/diegodevallejo.com\/wp-content\/uploads\/2024\/05\/periodico-vivir-en-cantabria-oriental-poty-ambienturas-diego-de-vcallejo-educacion-ambientral-divulgacion-ambiental-300x192.jpg 300w, https:\/\/diegodevallejo.com\/wp-content\/uploads\/2024\/05\/periodico-vivir-en-cantabria-oriental-poty-ambienturas-diego-de-vcallejo-educacion-ambientral-divulgacion-ambiental-768x491.jpg 768w, https:\/\/diegodevallejo.com\/wp-content\/uploads\/2024\/05\/periodico-vivir-en-cantabria-oriental-poty-ambienturas-diego-de-vcallejo-educacion-ambientral-divulgacion-ambiental.jpg 1200w\" sizes=\"(max-width: 750px) 100vw, 750px\" style=\"width:100%;height:63.92%;max-width:1200px\" \/>\t\t\t\t\t\t\t\t\t\t\t\t\t\t\t<\/div>\n\t\t\t\t<\/div>\n\t\t\t\t\t<\/div>\n\t\t<\/div>\n\t\t\t\t<div class=\"elementor-column elementor-col-33 elementor-top-column elementor-element elementor-element-c4b3b2a\" data-id=\"c4b3b2a\" data-element_type=\"column\">\n\t\t\t<div class=\"elementor-widget-wrap elementor-element-populated\">\n\t\t\t\t\t\t\t\t<div class=\"elementor-element elementor-element-8888171 elementor-invisible elementor-widget elementor-widget-heading\" data-id=\"8888171\" data-element_type=\"widget\" data-settings=\"{&quot;_animation&quot;:&quot;zoomIn&quot;}\" data-widget_type=\"heading.default\">\n\t\t\t\t<div class=\"elementor-widget-container\">\n\t\t\t<h4 class=\"elementor-heading-title elementor-size-default\"><font style=\"vertical-align: inherit;\"><font style=\"vertical-align: inherit;\">Colaborador habitual en un nuevo peri\u00f3dico <\/font><\/font><font style=\"vertical-align: inherit;\"><font style=\"vertical-align: inherit;\">social<\/font><\/font><\/h4>\t\t<\/div>\n\t\t\t\t<\/div>\n\t\t\t\t<section class=\"elementor-section elementor-inner-section elementor-element elementor-element-dadea72 elementor-section-boxed elementor-section-height-default elementor-section-height-default\" data-id=\"dadea72\" data-element_type=\"section\">\n\t\t\t\t\t\t<div class=\"elementor-container elementor-column-gap-default\">\n\t\t\t\t\t<div class=\"elementor-column elementor-col-100 elementor-inner-column elementor-element elementor-element-4fcc2ff\" data-id=\"4fcc2ff\" data-element_type=\"column\">\n\t\t\t<div class=\"elementor-widget-wrap elementor-element-populated\">\n\t\t\t\t\t\t\t\t<div class=\"elementor-element elementor-element-2db93b8 elementor-widget elementor-widget-text-editor\" data-id=\"2db93b8\" data-element_type=\"widget\" data-widget_type=\"text-editor.default\">\n\t\t\t\t<div class=\"elementor-widget-container\">\n\t\t\t\t\t\t\t<p><span style=\"font-weight: bold; color: #ffbe00; word-spacing: 1px;\">Peri\u00f3dico &#8220;Vivir en Cantabria Oriental&#8221;<\/span><\/p>\t\t\t\t\t\t<\/div>\n\t\t\t\t<\/div>\n\t\t\t\t\t<\/div>\n\t\t<\/div>\n\t\t\t\t\t\t\t<\/div>\n\t\t<\/section>\n\t\t\t\t<section class=\"elementor-section elementor-inner-section elementor-element elementor-element-32341ea elementor-section-boxed elementor-section-height-default elementor-section-height-default\" data-id=\"32341ea\" data-element_type=\"section\">\n\t\t\t\t\t\t<div class=\"elementor-container elementor-column-gap-default\">\n\t\t\t\t\t<div class=\"elementor-column elementor-col-100 elementor-inner-column elementor-element elementor-element-aece456\" data-id=\"aece456\" data-element_type=\"column\">\n\t\t\t<div class=\"elementor-widget-wrap elementor-element-populated\">\n\t\t\t\t\t\t\t\t<div class=\"elementor-element elementor-element-a66dac7 elementor-widget__width-initial animated-slow elementor-view-default elementor-invisible elementor-widget elementor-widget-icon\" data-id=\"a66dac7\" data-element_type=\"widget\" data-settings=\"{&quot;_animation&quot;:&quot;fadeIn&quot;,&quot;_animation_delay&quot;:500}\" data-widget_type=\"icon.default\">\n\t\t\t\t<div class=\"elementor-widget-container\">\n\t\t\t\t\t<div class=\"elementor-icon-wrapper\">\n\t\t\t<a class=\"elementor-icon\" href=\"https:\/\/cantabriaoriental.es\/presentamos-nuevo-colaborador-diego-de-vallejo-divulgador-y-educador-medioambiental-y-youtuber-que-desde-hoy-nos-contara-todo-sobre-la-flora-y-fauna-cantabra-en-su-seccion-poty-ambienturas\/?fbclid=IwZXh0bgNhZW0CMTEAAR2XPDHwZ9j3IAvHH4bB_3jEEKYSVVZ1YD5snjRP4zQ8iRAiJhSPn6mBwDE_aem_AQQV1DrB0TNoD7Kzve65U9Z_5GPTzud5TJSlExxo_LMiO4I6Vfgw98ce_AASBaZcCumZNZiuS5KtgsJdhxrj1rp5\">\n\t\t\t<i aria-hidden=\"true\" class=\"fas fa-share-alt-square\"><\/i>\t\t\t<\/a>\n\t\t<\/div>\n\t\t\t\t<\/div>\n\t\t\t\t<\/div>\n\t\t\t\t<div class=\"elementor-element elementor-element-b555957 elementor-widget__width-initial elementor-view-default elementor-widget elementor-widget-icon\" data-id=\"b555957\" data-element_type=\"widget\" data-widget_type=\"icon.default\">\n\t\t\t\t<div class=\"elementor-widget-container\">\n\t\t\t\t\t<div class=\"elementor-icon-wrapper\">\n\t\t\t<a class=\"elementor-icon\" href=\"https:\/\/www.facebook.com\/groups\/629626950984276\/permalink\/1479181832695446\/\">\n\t\t\t<i aria-hidden=\"true\" class=\"fab fa-facebook\"><\/i>\t\t\t<\/a>\n\t\t<\/div>\n\t\t\t\t<\/div>\n\t\t\t\t<\/div>\n\t\t\t\t\t<\/div>\n\t\t<\/div>\n\t\t\t\t\t\t\t<\/div>\n\t\t<\/section>\n\t\t\t\t\t<\/div>\n\t\t<\/div>\n\t\t\t\t<div class=\"elementor-column elementor-col-33 elementor-top-column elementor-element elementor-element-0d5dc75\" data-id=\"0d5dc75\" data-element_type=\"column\">\n\t\t\t<div class=\"elementor-widget-wrap elementor-element-populated\">\n\t\t\t\t\t\t\t\t<div class=\"elementor-element elementor-element-48421aa elementor-widget elementor-widget-text-editor\" data-id=\"48421aa\" data-element_type=\"widget\" data-widget_type=\"text-editor.default\">\n\t\t\t\t<div class=\"elementor-widget-container\">\n\t\t\t\t\t\t\t<p>Nace el peri\u00f3dico &#8220;Vivir en Cantabria Oriental&#8221;, un peri\u00f3dico destinado al p\u00fablico mayoritario conmigo como colaborador con la secci\u00f3n medio ambiental. En cada tirada habr\u00e1 una p\u00e1gina completa destinada al fomento de la biodiversidad. Esta vez: lagartos verdes de las dunas; Esos peque\u00f1os incomprendidos.\u00a0<\/p>\t\t\t\t\t\t<\/div>\n\t\t\t\t<\/div>\n\t\t\t\t\t<\/div>\n\t\t<\/div>\n\t\t\t\t\t\t\t<\/div>\n\t\t<\/section>\n\t\t\t\t<section class=\"elementor-section elementor-top-section elementor-element elementor-element-5fe722b elementor-section-boxed elementor-section-height-default elementor-section-height-default\" data-id=\"5fe722b\" data-element_type=\"section\">\n\t\t\t\t\t\t<div class=\"elementor-container elementor-column-gap-default\">\n\t\t\t\t\t<div class=\"elementor-column elementor-col-100 elementor-top-column elementor-element elementor-element-b2b6a44\" data-id=\"b2b6a44\" data-element_type=\"column\">\n\t\t\t<div class=\"elementor-widget-wrap elementor-element-populated\">\n\t\t\t\t\t\t\t\t<div class=\"elementor-element elementor-element-9f2ab4e elementor-widget__width-initial elementor-view-default elementor-widget elementor-widget-icon\" data-id=\"9f2ab4e\" data-element_type=\"widget\" data-widget_type=\"icon.default\">\n\t\t\t\t<div class=\"elementor-widget-container\">\n\t\t\t\t\t<div class=\"elementor-icon-wrapper\">\n\t\t\t<a class=\"elementor-icon\" href=\"https:\/\/youtu.be\/_PqmUWeOn-c?si=8Qu-RqLA3ZtRZtvN\">\n\t\t\t<i aria-hidden=\"true\" class=\"fab fa-youtube\"><\/i>\t\t\t<\/a>\n\t\t<\/div>\n\t\t\t\t<\/div>\n\t\t\t\t<\/div>\n\t\t\t\t<div class=\"elementor-element elementor-element-a9dbb70 elementor-widget elementor-widget-heading\" data-id=\"a9dbb70\" data-element_type=\"widget\" data-widget_type=\"heading.default\">\n\t\t\t\t<div class=\"elementor-widget-container\">\n\t\t\t<h3 class=\"elementor-heading-title elementor-size-default\">Marzo 2024<\/h3>\t\t<\/div>\n\t\t\t\t<\/div>\n\t\t\t\t\t<\/div>\n\t\t<\/div>\n\t\t\t\t\t\t\t<\/div>\n\t\t<\/section>\n\t\t\t\t<section class=\"elementor-section elementor-top-section elementor-element elementor-element-300218a elementor-section-boxed elementor-section-height-default elementor-section-height-default\" data-id=\"300218a\" data-element_type=\"section\">\n\t\t\t\t\t\t<div class=\"elementor-container elementor-column-gap-default\">\n\t\t\t\t\t<div class=\"elementor-column elementor-col-33 elementor-top-column elementor-element elementor-element-56bb45b\" data-id=\"56bb45b\" data-element_type=\"column\">\n\t\t\t<div class=\"elementor-widget-wrap elementor-element-populated\">\n\t\t\t\t\t\t\t\t<div class=\"elementor-element elementor-element-460c3e4 elementor-widget elementor-widget-image\" data-id=\"460c3e4\" data-element_type=\"widget\" data-widget_type=\"image.default\">\n\t\t\t\t<div class=\"elementor-widget-container\">\n\t\t\t\t\t\t\t\t\t\t\t\t\t\t\t<img width=\"750\" height=\"480\" src=\"https:\/\/diegodevallejo.com\/wp-content\/uploads\/2024\/03\/reel-poty-ambienturas-1024x655.jpeg\" class=\"attachment-large size-large wp-image-1912\" alt=\"\" decoding=\"async\" loading=\"lazy\" srcset=\"https:\/\/diegodevallejo.com\/wp-content\/uploads\/2024\/03\/reel-poty-ambienturas-1024x655.jpeg 1024w, https:\/\/diegodevallejo.com\/wp-content\/uploads\/2024\/03\/reel-poty-ambienturas-300x192.jpeg 300w, https:\/\/diegodevallejo.com\/wp-content\/uploads\/2024\/03\/reel-poty-ambienturas-768x491.jpeg 768w, https:\/\/diegodevallejo.com\/wp-content\/uploads\/2024\/03\/reel-poty-ambienturas.jpeg 1200w\" sizes=\"(max-width: 750px) 100vw, 750px\" style=\"width:100%;height:63.92%;max-width:1200px\" \/>\t\t\t\t\t\t\t\t\t\t\t\t\t\t\t<\/div>\n\t\t\t\t<\/div>\n\t\t\t\t\t<\/div>\n\t\t<\/div>\n\t\t\t\t<div class=\"elementor-column elementor-col-33 elementor-top-column elementor-element elementor-element-51a0128\" data-id=\"51a0128\" data-element_type=\"column\">\n\t\t\t<div class=\"elementor-widget-wrap elementor-element-populated\">\n\t\t\t\t\t\t\t\t<div class=\"elementor-element elementor-element-086e543 elementor-invisible elementor-widget elementor-widget-heading\" data-id=\"086e543\" data-element_type=\"widget\" data-settings=\"{&quot;_animation&quot;:&quot;zoomIn&quot;}\" data-widget_type=\"heading.default\">\n\t\t\t\t<div class=\"elementor-widget-container\">\n\t\t\t<h4 class=\"elementor-heading-title elementor-size-default\">Comienzo a publicar v\u00eddeos cortos para p\u00fablico j\u00f3ven<\/h4>\t\t<\/div>\n\t\t\t\t<\/div>\n\t\t\t\t<section class=\"elementor-section elementor-inner-section elementor-element elementor-element-257624f elementor-section-boxed elementor-section-height-default elementor-section-height-default\" data-id=\"257624f\" data-element_type=\"section\">\n\t\t\t\t\t\t<div class=\"elementor-container elementor-column-gap-default\">\n\t\t\t\t\t<div class=\"elementor-column elementor-col-100 elementor-inner-column elementor-element elementor-element-ffbfcfa\" data-id=\"ffbfcfa\" data-element_type=\"column\">\n\t\t\t<div class=\"elementor-widget-wrap elementor-element-populated\">\n\t\t\t\t\t\t\t\t<div class=\"elementor-element elementor-element-62e3d97 elementor-widget elementor-widget-text-editor\" data-id=\"62e3d97\" data-element_type=\"widget\" data-widget_type=\"text-editor.default\">\n\t\t\t\t<div class=\"elementor-widget-container\">\n\t\t\t\t\t\t\t<p><span style=\"font-weight: bold; color: #ffbe00; word-spacing: 1px;\">En todas mis redes sociales<\/span><\/p>\t\t\t\t\t\t<\/div>\n\t\t\t\t<\/div>\n\t\t\t\t\t<\/div>\n\t\t<\/div>\n\t\t\t\t\t\t\t<\/div>\n\t\t<\/section>\n\t\t\t\t<section class=\"elementor-section elementor-inner-section elementor-element elementor-element-02b2cd3 elementor-section-boxed elementor-section-height-default elementor-section-height-default\" data-id=\"02b2cd3\" data-element_type=\"section\">\n\t\t\t\t\t\t<div class=\"elementor-container elementor-column-gap-default\">\n\t\t\t\t\t<div class=\"elementor-column elementor-col-100 elementor-inner-column elementor-element elementor-element-631f2e0\" data-id=\"631f2e0\" data-element_type=\"column\">\n\t\t\t<div class=\"elementor-widget-wrap elementor-element-populated\">\n\t\t\t\t\t\t\t\t<div class=\"elementor-element elementor-element-092ed4d elementor-widget__width-initial animated-slow elementor-view-default elementor-invisible elementor-widget elementor-widget-icon\" data-id=\"092ed4d\" data-element_type=\"widget\" data-settings=\"{&quot;_animation&quot;:&quot;fadeIn&quot;,&quot;_animation_delay&quot;:500}\" data-widget_type=\"icon.default\">\n\t\t\t\t<div class=\"elementor-widget-container\">\n\t\t\t\t\t<div class=\"elementor-icon-wrapper\">\n\t\t\t<a class=\"elementor-icon\" href=\"https:\/\/www.facebook.com\/reel\/1078262693293299\">\n\t\t\t<i aria-hidden=\"true\" class=\"fab fa-facebook\"><\/i>\t\t\t<\/a>\n\t\t<\/div>\n\t\t\t\t<\/div>\n\t\t\t\t<\/div>\n\t\t\t\t<div class=\"elementor-element elementor-element-c4d2ab5 elementor-widget__width-initial elementor-view-default elementor-widget elementor-widget-icon\" data-id=\"c4d2ab5\" data-element_type=\"widget\" data-widget_type=\"icon.default\">\n\t\t\t\t<div class=\"elementor-widget-container\">\n\t\t\t\t\t<div class=\"elementor-icon-wrapper\">\n\t\t\t<a class=\"elementor-icon\" href=\"https:\/\/www.instagram.com\/reel\/C2kWFbIsfY5\/\">\n\t\t\t<i aria-hidden=\"true\" class=\"fab fa-instagram\"><\/i>\t\t\t<\/a>\n\t\t<\/div>\n\t\t\t\t<\/div>\n\t\t\t\t<\/div>\n\t\t\t\t<div class=\"elementor-element elementor-element-7d897f6 elementor-widget__width-initial elementor-view-default elementor-widget elementor-widget-icon\" data-id=\"7d897f6\" data-element_type=\"widget\" data-widget_type=\"icon.default\">\n\t\t\t\t<div class=\"elementor-widget-container\">\n\t\t\t\t\t<div class=\"elementor-icon-wrapper\">\n\t\t\t<a class=\"elementor-icon\" href=\"https:\/\/youtu.be\/_PqmUWeOn-c?si=8Qu-RqLA3ZtRZtvN\">\n\t\t\t<i aria-hidden=\"true\" class=\"fab fa-youtube\"><\/i>\t\t\t<\/a>\n\t\t<\/div>\n\t\t\t\t<\/div>\n\t\t\t\t<\/div>\n\t\t\t\t\t<\/div>\n\t\t<\/div>\n\t\t\t\t\t\t\t<\/div>\n\t\t<\/section>\n\t\t\t\t\t<\/div>\n\t\t<\/div>\n\t\t\t\t<div class=\"elementor-column elementor-col-33 elementor-top-column elementor-element elementor-element-a022c63\" data-id=\"a022c63\" data-element_type=\"column\">\n\t\t\t<div class=\"elementor-widget-wrap elementor-element-populated\">\n\t\t\t\t\t\t\t\t<div class=\"elementor-element elementor-element-d92acc0 elementor-widget elementor-widget-text-editor\" data-id=\"d92acc0\" data-element_type=\"widget\" data-widget_type=\"text-editor.default\">\n\t\t\t\t<div class=\"elementor-widget-container\">\n\t\t\t\t\t\t\t<p>Era un tema pendiente desde hac\u00eda tiempo. Cada vez m\u00e1s j\u00f3venes consumen informaci\u00f3n en formato de v\u00eddeo vertical y de un minuto de duraci\u00f3n. Dado que mi contenido trata de ser educativo y causar un impacto real en la sociedad, me costaba imaginarlo en un formato tan reducido de tiempo pero hab\u00eda que hacer ese esfuerzo y aprender a adaptarse tambi\u00e9n al formato &#8220;vertical&#8221;. Sin dejar de ser innovador, claro \ud83d\ude09\u00a0<\/p>\t\t\t\t\t\t<\/div>\n\t\t\t\t<\/div>\n\t\t\t\t\t<\/div>\n\t\t<\/div>\n\t\t\t\t\t\t\t<\/div>\n\t\t<\/section>\n\t\t\t\t<section class=\"elementor-section elementor-top-section elementor-element elementor-element-b572ac0 elementor-section-boxed elementor-section-height-default elementor-section-height-default\" data-id=\"b572ac0\" data-element_type=\"section\">\n\t\t\t\t\t\t<div class=\"elementor-container elementor-column-gap-default\">\n\t\t\t\t\t<div class=\"elementor-column elementor-col-100 elementor-top-column elementor-element elementor-element-6293f31\" data-id=\"6293f31\" data-element_type=\"column\">\n\t\t\t<div class=\"elementor-widget-wrap elementor-element-populated\">\n\t\t\t\t\t\t\t\t<div class=\"elementor-element elementor-element-320953c elementor-widget elementor-widget-heading\" data-id=\"320953c\" data-element_type=\"widget\" data-widget_type=\"heading.default\">\n\t\t\t\t<div class=\"elementor-widget-container\">\n\t\t\t<h3 class=\"elementor-heading-title elementor-size-default\">Febrero 2024<\/h3>\t\t<\/div>\n\t\t\t\t<\/div>\n\t\t\t\t\t<\/div>\n\t\t<\/div>\n\t\t\t\t\t\t\t<\/div>\n\t\t<\/section>\n\t\t\t\t<section class=\"elementor-section elementor-top-section elementor-element elementor-element-1199319 elementor-section-boxed elementor-section-height-default elementor-section-height-default\" data-id=\"1199319\" data-element_type=\"section\">\n\t\t\t\t\t\t<div class=\"elementor-container elementor-column-gap-default\">\n\t\t\t\t\t<div class=\"elementor-column elementor-col-33 elementor-top-column elementor-element elementor-element-599ee02\" data-id=\"599ee02\" data-element_type=\"column\">\n\t\t\t<div class=\"elementor-widget-wrap elementor-element-populated\">\n\t\t\t\t\t\t\t\t<div class=\"elementor-element elementor-element-5030283 elementor-widget elementor-widget-video\" data-id=\"5030283\" data-element_type=\"widget\" data-settings=\"{&quot;video_type&quot;:&quot;hosted&quot;,&quot;controls&quot;:&quot;yes&quot;}\" data-widget_type=\"video.default\">\n\t\t\t\t<div class=\"elementor-widget-container\">\n\t\t\t<style>\/*! elementor - v3.12.1 - 02-04-2023 *\/\n.elementor-widget-video .elementor-widget-container{overflow:hidden;transform:translateZ(0)}.elementor-widget-video .elementor-wrapper iframe,.elementor-widget-video .elementor-wrapper video{height:100%;width:100%;display:flex;border:none;background-color:#000}.elementor-widget-video .elementor-open-inline .elementor-custom-embed-image-overlay{position:absolute;top:0;left:0;width:100%;height:100%;background-size:cover;background-position:50%}.elementor-widget-video .elementor-custom-embed-image-overlay{cursor:pointer;text-align:center}.elementor-widget-video .elementor-custom-embed-image-overlay:hover .elementor-custom-embed-play i{opacity:1}.elementor-widget-video .elementor-custom-embed-image-overlay img{display:block;width:100%}.elementor-widget-video .e-hosted-video .elementor-video{-o-object-fit:cover;object-fit:cover}.e-con-inner>.elementor-widget-video,.e-con>.elementor-widget-video{width:var(--container-widget-width);--flex-grow:var(--container-widget-flex-grow)}<\/style>\t\t<div class=\"e-hosted-video elementor-wrapper elementor-open-inline\">\n\t\t\t\t\t<video class=\"elementor-video\" src=\"http:\/\/diegodevallejo.com\/wp-content\/uploads\/2024\/03\/CAJAS-NIDO-PARA-PAINO-EUROPEO.mp4\" controls=\"\" preload=\"metadata\" controlsList=\"nodownload\"><\/video>\n\t\t\t\t<\/div>\n\t\t\t\t<\/div>\n\t\t\t\t<\/div>\n\t\t\t\t\t<\/div>\n\t\t<\/div>\n\t\t\t\t<div class=\"elementor-column elementor-col-33 elementor-top-column elementor-element elementor-element-25ca725\" data-id=\"25ca725\" data-element_type=\"column\">\n\t\t\t<div class=\"elementor-widget-wrap elementor-element-populated\">\n\t\t\t\t\t\t\t\t<div class=\"elementor-element elementor-element-0ee0aaf elementor-invisible elementor-widget elementor-widget-heading\" data-id=\"0ee0aaf\" data-element_type=\"widget\" data-settings=\"{&quot;_animation&quot;:&quot;zoomIn&quot;}\" data-widget_type=\"heading.default\">\n\t\t\t\t<div class=\"elementor-widget-container\">\n\t\t\t<h4 class=\"elementor-heading-title elementor-size-default\">Construyo 10 cajas nido muy especiales por encargo<\/h4>\t\t<\/div>\n\t\t\t\t<\/div>\n\t\t\t\t<section class=\"elementor-section elementor-inner-section elementor-element elementor-element-6d10e28 elementor-section-boxed elementor-section-height-default elementor-section-height-default\" data-id=\"6d10e28\" data-element_type=\"section\">\n\t\t\t\t\t\t<div class=\"elementor-container elementor-column-gap-default\">\n\t\t\t\t\t<div class=\"elementor-column elementor-col-100 elementor-inner-column elementor-element elementor-element-4fcfa65\" data-id=\"4fcfa65\" data-element_type=\"column\">\n\t\t\t<div class=\"elementor-widget-wrap elementor-element-populated\">\n\t\t\t\t\t\t\t\t<div class=\"elementor-element elementor-element-a3a23b0 elementor-widget elementor-widget-text-editor\" data-id=\"a3a23b0\" data-element_type=\"widget\" data-widget_type=\"text-editor.default\">\n\t\t\t\t<div class=\"elementor-widget-container\">\n\t\t\t\t\t\t\t<p><span style=\"font-weight: bold; color: #ffbe00; word-spacing: 1px;\">Tragsatec &#8211; Filial tecnol\u00f3gica del Grupo Tragsa<\/span><\/p>\t\t\t\t\t\t<\/div>\n\t\t\t\t<\/div>\n\t\t\t\t\t<\/div>\n\t\t<\/div>\n\t\t\t\t\t\t\t<\/div>\n\t\t<\/section>\n\t\t\t\t<section class=\"elementor-section elementor-inner-section elementor-element elementor-element-d8f0cc6 elementor-section-boxed elementor-section-height-default elementor-section-height-default\" data-id=\"d8f0cc6\" data-element_type=\"section\">\n\t\t\t\t\t\t<div class=\"elementor-container elementor-column-gap-default\">\n\t\t\t\t\t<div class=\"elementor-column elementor-col-100 elementor-inner-column elementor-element elementor-element-9733e7d\" data-id=\"9733e7d\" data-element_type=\"column\">\n\t\t\t<div class=\"elementor-widget-wrap\">\n\t\t\t\t\t\t\t\t\t<\/div>\n\t\t<\/div>\n\t\t\t\t\t\t\t<\/div>\n\t\t<\/section>\n\t\t\t\t\t<\/div>\n\t\t<\/div>\n\t\t\t\t<div class=\"elementor-column elementor-col-33 elementor-top-column elementor-element elementor-element-be3067e\" data-id=\"be3067e\" data-element_type=\"column\">\n\t\t\t<div class=\"elementor-widget-wrap elementor-element-populated\">\n\t\t\t\t\t\t\t\t<div class=\"elementor-element elementor-element-ecd0bb8 elementor-widget elementor-widget-text-editor\" data-id=\"ecd0bb8\" data-element_type=\"widget\" data-widget_type=\"text-editor.default\">\n\t\t\t\t<div class=\"elementor-widget-container\">\n\t\t\t\t\t\t\t<p>Me hizo mucha ilusi\u00f3n hacer cajas nido para un proyecto de recuperaci\u00f3n del pa\u00ed\u00f1o europeo, un ave que ser\u00e1 pr\u00f3ximamente declarada &#8220;en peligro de extinci\u00f3n&#8221; en Cantabria. Sus cajas nido han de ser escondidas en los recovecos de los acantilados marinos, por eso casi nadie las usa, ni si quiera se las conocen. Grab\u00e9 un reportaje sobre las peculiaridades de su dise\u00f1o y construcci\u00f3n. Pronto quedar\u00e1 publicado en mi canal.\u00a0<\/p>\t\t\t\t\t\t<\/div>\n\t\t\t\t<\/div>\n\t\t\t\t\t<\/div>\n\t\t<\/div>\n\t\t\t\t\t\t\t<\/div>\n\t\t<\/section>\n\t\t\t\t<section class=\"elementor-section elementor-top-section elementor-element elementor-element-5c57c31 elementor-section-boxed elementor-section-height-default elementor-section-height-default\" data-id=\"5c57c31\" data-element_type=\"section\">\n\t\t\t\t\t\t<div class=\"elementor-container elementor-column-gap-default\">\n\t\t\t\t\t<div class=\"elementor-column elementor-col-100 elementor-top-column elementor-element elementor-element-7960a90\" data-id=\"7960a90\" data-element_type=\"column\">\n\t\t\t<div class=\"elementor-widget-wrap elementor-element-populated\">\n\t\t\t\t\t\t\t\t<div class=\"elementor-element elementor-element-27a4a80 elementor-widget elementor-widget-heading\" data-id=\"27a4a80\" data-element_type=\"widget\" data-widget_type=\"heading.default\">\n\t\t\t\t<div class=\"elementor-widget-container\">\n\t\t\t<h3 class=\"elementor-heading-title elementor-size-default\">Enero 2024<\/h3>\t\t<\/div>\n\t\t\t\t<\/div>\n\t\t\t\t\t<\/div>\n\t\t<\/div>\n\t\t\t\t\t\t\t<\/div>\n\t\t<\/section>\n\t\t\t\t<section class=\"elementor-section elementor-top-section elementor-element elementor-element-2548178 elementor-section-boxed elementor-section-height-default elementor-section-height-default\" data-id=\"2548178\" data-element_type=\"section\">\n\t\t\t\t\t\t<div class=\"elementor-container elementor-column-gap-default\">\n\t\t\t\t\t<div class=\"elementor-column elementor-col-33 elementor-top-column elementor-element elementor-element-b14317e\" data-id=\"b14317e\" data-element_type=\"column\">\n\t\t\t<div class=\"elementor-widget-wrap elementor-element-populated\">\n\t\t\t\t\t\t\t\t<div class=\"elementor-element elementor-element-0ed9093 elementor-widget elementor-widget-image\" data-id=\"0ed9093\" data-element_type=\"widget\" data-widget_type=\"image.default\">\n\t\t\t\t<div class=\"elementor-widget-container\">\n\t\t\t\t\t\t\t\t\t\t\t\t\t\t\t<img width=\"750\" height=\"480\" src=\"https:\/\/diegodevallejo.com\/wp-content\/uploads\/2024\/03\/conferencia-la-biodiversidad-en-cantabria-diegodevallejo-poty-ambienturas-cepa-laredo-tipos-de-bosques-en-cantabria-1024x655.jpeg\" class=\"attachment-large size-large wp-image-1911\" alt=\"\" decoding=\"async\" loading=\"lazy\" srcset=\"https:\/\/diegodevallejo.com\/wp-content\/uploads\/2024\/03\/conferencia-la-biodiversidad-en-cantabria-diegodevallejo-poty-ambienturas-cepa-laredo-tipos-de-bosques-en-cantabria-1024x655.jpeg 1024w, https:\/\/diegodevallejo.com\/wp-content\/uploads\/2024\/03\/conferencia-la-biodiversidad-en-cantabria-diegodevallejo-poty-ambienturas-cepa-laredo-tipos-de-bosques-en-cantabria-300x192.jpeg 300w, https:\/\/diegodevallejo.com\/wp-content\/uploads\/2024\/03\/conferencia-la-biodiversidad-en-cantabria-diegodevallejo-poty-ambienturas-cepa-laredo-tipos-de-bosques-en-cantabria-768x491.jpeg 768w, https:\/\/diegodevallejo.com\/wp-content\/uploads\/2024\/03\/conferencia-la-biodiversidad-en-cantabria-diegodevallejo-poty-ambienturas-cepa-laredo-tipos-de-bosques-en-cantabria.jpeg 1200w\" sizes=\"(max-width: 750px) 100vw, 750px\" style=\"width:100%;height:63.92%;max-width:1200px\" \/>\t\t\t\t\t\t\t\t\t\t\t\t\t\t\t<\/div>\n\t\t\t\t<\/div>\n\t\t\t\t\t<\/div>\n\t\t<\/div>\n\t\t\t\t<div class=\"elementor-column elementor-col-33 elementor-top-column elementor-element elementor-element-47a1f5f\" data-id=\"47a1f5f\" data-element_type=\"column\">\n\t\t\t<div class=\"elementor-widget-wrap elementor-element-populated\">\n\t\t\t\t\t\t\t\t<div class=\"elementor-element elementor-element-e10a8b5 elementor-invisible elementor-widget elementor-widget-heading\" data-id=\"e10a8b5\" data-element_type=\"widget\" data-settings=\"{&quot;_animation&quot;:&quot;zoomIn&quot;}\" data-widget_type=\"heading.default\">\n\t\t\t\t<div class=\"elementor-widget-container\">\n\t\t\t<h4 class=\"elementor-heading-title elementor-size-default\">Conferencia educativa \"La Biodiversidad en Cantabria\"<\/h4>\t\t<\/div>\n\t\t\t\t<\/div>\n\t\t\t\t<section class=\"elementor-section elementor-inner-section elementor-element elementor-element-b413e82 elementor-section-boxed elementor-section-height-default elementor-section-height-default\" data-id=\"b413e82\" data-element_type=\"section\">\n\t\t\t\t\t\t<div class=\"elementor-container elementor-column-gap-default\">\n\t\t\t\t\t<div class=\"elementor-column elementor-col-100 elementor-inner-column elementor-element elementor-element-d3b1d70\" data-id=\"d3b1d70\" data-element_type=\"column\">\n\t\t\t<div class=\"elementor-widget-wrap elementor-element-populated\">\n\t\t\t\t\t\t\t\t<div class=\"elementor-element elementor-element-506fde6 elementor-invisible elementor-widget elementor-widget-text-editor\" data-id=\"506fde6\" data-element_type=\"widget\" data-settings=\"{&quot;_animation&quot;:&quot;fadeInUp&quot;,&quot;_animation_delay&quot;:200}\" data-widget_type=\"text-editor.default\">\n\t\t\t\t<div class=\"elementor-widget-container\">\n\t\t\t\t\t\t\t<p><b>CEPA &#8211; Escuela de adultos de Laredo<\/b><\/p>\t\t\t\t\t\t<\/div>\n\t\t\t\t<\/div>\n\t\t\t\t\t<\/div>\n\t\t<\/div>\n\t\t\t\t\t\t\t<\/div>\n\t\t<\/section>\n\t\t\t\t<section class=\"elementor-section elementor-inner-section elementor-element elementor-element-2ae3995 elementor-section-boxed elementor-section-height-default elementor-section-height-default\" data-id=\"2ae3995\" data-element_type=\"section\">\n\t\t\t\t\t\t<div class=\"elementor-container elementor-column-gap-default\">\n\t\t\t\t\t<div class=\"elementor-column elementor-col-50 elementor-inner-column elementor-element elementor-element-4f4dd66\" data-id=\"4f4dd66\" data-element_type=\"column\">\n\t\t\t<div class=\"elementor-widget-wrap elementor-element-populated\">\n\t\t\t\t\t\t\t\t<div class=\"elementor-element elementor-element-b786c5a elementor-widget__width-initial animated-slow elementor-view-default elementor-invisible elementor-widget elementor-widget-icon\" data-id=\"b786c5a\" data-element_type=\"widget\" data-settings=\"{&quot;_animation&quot;:&quot;fadeIn&quot;,&quot;_animation_delay&quot;:500}\" data-widget_type=\"icon.default\">\n\t\t\t\t<div class=\"elementor-widget-container\">\n\t\t\t\t\t<div class=\"elementor-icon-wrapper\">\n\t\t\t<a class=\"elementor-icon\" href=\"https:\/\/www.facebook.com\/Potyambienturas\/posts\/pfbid037gU1p4216SUUT3nNTHW5FBftrWffM6abYfasZpyqNfaNG4NtLem1mpNDLUP31LU4l\">\n\t\t\t<i aria-hidden=\"true\" class=\"icon icon-social-share\"><\/i>\t\t\t<\/a>\n\t\t<\/div>\n\t\t\t\t<\/div>\n\t\t\t\t<\/div>\n\t\t\t\t\t<\/div>\n\t\t<\/div>\n\t\t\t\t<div class=\"elementor-column elementor-col-50 elementor-inner-column elementor-element elementor-element-d47a2da\" data-id=\"d47a2da\" data-element_type=\"column\">\n\t\t\t<div class=\"elementor-widget-wrap\">\n\t\t\t\t\t\t\t\t\t<\/div>\n\t\t<\/div>\n\t\t\t\t\t\t\t<\/div>\n\t\t<\/section>\n\t\t\t\t\t<\/div>\n\t\t<\/div>\n\t\t\t\t<div class=\"elementor-column elementor-col-33 elementor-top-column elementor-element elementor-element-bf7e51b\" data-id=\"bf7e51b\" data-element_type=\"column\">\n\t\t\t<div class=\"elementor-widget-wrap elementor-element-populated\">\n\t\t\t\t\t\t\t\t<div class=\"elementor-element elementor-element-d5a2497 elementor-widget elementor-widget-text-editor\" data-id=\"d5a2497\" data-element_type=\"widget\" data-widget_type=\"text-editor.default\">\n\t\t\t\t<div class=\"elementor-widget-container\">\n\t\t\t\t\t\t\t<p>Como ingeniero forestal y conocedor de nuestros bosques desde muy ni\u00f1o, esta ha sido desde siempre mi conferencia preferida. Explico lo que he aprendido y lo que he vivido creo de una forma muy original, haciendo hincapi\u00e9 en la biodiversidad de los 4 principales tipos de bosque presentes en Cantabria. Saco a voluntarios, teatralizado las sorpresas y me alejo todo lo que puedo de la muerte por powerpoint a la que hemos llegado ya a habituarnos en las conferencias &#8220;serias&#8221;.\u00a0<\/p>\t\t\t\t\t\t<\/div>\n\t\t\t\t<\/div>\n\t\t\t\t\t<\/div>\n\t\t<\/div>\n\t\t\t\t\t\t\t<\/div>\n\t\t<\/section>\n\t\t\t\t<section class=\"elementor-section elementor-top-section elementor-element elementor-element-af0259c elementor-section-boxed elementor-section-height-default elementor-section-height-default\" data-id=\"af0259c\" data-element_type=\"section\">\n\t\t\t\t\t\t<div class=\"elementor-container elementor-column-gap-default\">\n\t\t\t\t\t<div class=\"elementor-column elementor-col-100 elementor-top-column elementor-element elementor-element-0e37ba4\" data-id=\"0e37ba4\" data-element_type=\"column\">\n\t\t\t<div class=\"elementor-widget-wrap elementor-element-populated\">\n\t\t\t\t\t\t\t\t<div class=\"elementor-element elementor-element-85ce684 elementor-widget elementor-widget-heading\" data-id=\"85ce684\" data-element_type=\"widget\" data-widget_type=\"heading.default\">\n\t\t\t\t<div class=\"elementor-widget-container\">\n\t\t\t<h3 class=\"elementor-heading-title elementor-size-default\">Diciembre 2023<\/h3>\t\t<\/div>\n\t\t\t\t<\/div>\n\t\t\t\t\t<\/div>\n\t\t<\/div>\n\t\t\t\t\t\t\t<\/div>\n\t\t<\/section>\n\t\t\t\t<section class=\"elementor-section elementor-top-section elementor-element elementor-element-138c027 elementor-section-boxed elementor-section-height-default elementor-section-height-default\" data-id=\"138c027\" data-element_type=\"section\">\n\t\t\t\t\t\t<div class=\"elementor-container elementor-column-gap-default\">\n\t\t\t\t\t<div class=\"elementor-column elementor-col-33 elementor-top-column elementor-element elementor-element-137b65a\" data-id=\"137b65a\" data-element_type=\"column\">\n\t\t\t<div class=\"elementor-widget-wrap elementor-element-populated\">\n\t\t\t\t\t\t\t\t<div class=\"elementor-element elementor-element-ae19df5 elementor-widget elementor-widget-image\" data-id=\"ae19df5\" data-element_type=\"widget\" data-widget_type=\"image.default\">\n\t\t\t\t<div class=\"elementor-widget-container\">\n\t\t\t\t\t\t\t\t\t\t\t\t\t\t\t<img width=\"750\" height=\"480\" src=\"https:\/\/diegodevallejo.com\/wp-content\/uploads\/2024\/03\/taller-de-construccion-de-cajas-nido-liebana-gal-liebana-potes-poty-ambienturas-diegodevallejo-diego-de-vallejo-1024x655.jpeg\" class=\"attachment-large size-large wp-image-1910\" alt=\"\" decoding=\"async\" loading=\"lazy\" srcset=\"https:\/\/diegodevallejo.com\/wp-content\/uploads\/2024\/03\/taller-de-construccion-de-cajas-nido-liebana-gal-liebana-potes-poty-ambienturas-diegodevallejo-diego-de-vallejo-1024x655.jpeg 1024w, https:\/\/diegodevallejo.com\/wp-content\/uploads\/2024\/03\/taller-de-construccion-de-cajas-nido-liebana-gal-liebana-potes-poty-ambienturas-diegodevallejo-diego-de-vallejo-300x192.jpeg 300w, https:\/\/diegodevallejo.com\/wp-content\/uploads\/2024\/03\/taller-de-construccion-de-cajas-nido-liebana-gal-liebana-potes-poty-ambienturas-diegodevallejo-diego-de-vallejo-768x491.jpeg 768w, https:\/\/diegodevallejo.com\/wp-content\/uploads\/2024\/03\/taller-de-construccion-de-cajas-nido-liebana-gal-liebana-potes-poty-ambienturas-diegodevallejo-diego-de-vallejo.jpeg 1200w\" sizes=\"(max-width: 750px) 100vw, 750px\" style=\"width:100%;height:63.92%;max-width:1200px\" \/>\t\t\t\t\t\t\t\t\t\t\t\t\t\t\t<\/div>\n\t\t\t\t<\/div>\n\t\t\t\t\t<\/div>\n\t\t<\/div>\n\t\t\t\t<div class=\"elementor-column elementor-col-33 elementor-top-column elementor-element elementor-element-64cad6f\" data-id=\"64cad6f\" data-element_type=\"column\">\n\t\t\t<div class=\"elementor-widget-wrap elementor-element-populated\">\n\t\t\t\t\t\t\t\t<div class=\"elementor-element elementor-element-cd9618e elementor-invisible elementor-widget elementor-widget-heading\" data-id=\"cd9618e\" data-element_type=\"widget\" data-settings=\"{&quot;_animation&quot;:&quot;zoomIn&quot;}\" data-widget_type=\"heading.default\">\n\t\t\t\t<div class=\"elementor-widget-container\">\n\t\t\t<h4 class=\"elementor-heading-title elementor-size-default\">Taller de construcci\u00f3n de cajas nido en Li\u00e9bana<\/h4>\t\t<\/div>\n\t\t\t\t<\/div>\n\t\t\t\t<section class=\"elementor-section elementor-inner-section elementor-element elementor-element-6e6c1f8 elementor-section-boxed elementor-section-height-default elementor-section-height-default\" data-id=\"6e6c1f8\" data-element_type=\"section\">\n\t\t\t\t\t\t<div class=\"elementor-container elementor-column-gap-default\">\n\t\t\t\t\t<div class=\"elementor-column elementor-col-100 elementor-inner-column elementor-element elementor-element-d2de22e\" data-id=\"d2de22e\" data-element_type=\"column\">\n\t\t\t<div class=\"elementor-widget-wrap elementor-element-populated\">\n\t\t\t\t\t\t\t\t<div class=\"elementor-element elementor-element-94efd65 elementor-invisible elementor-widget elementor-widget-text-editor\" data-id=\"94efd65\" data-element_type=\"widget\" data-settings=\"{&quot;_animation&quot;:&quot;fadeInUp&quot;,&quot;_animation_delay&quot;:200}\" data-widget_type=\"text-editor.default\">\n\t\t\t\t<div class=\"elementor-widget-container\">\n\t\t\t\t\t\t\t<p><b>GAL &#8211; Grupo de Acci\u00f3n Local de Li\u00e9bana<\/b><\/p>\t\t\t\t\t\t<\/div>\n\t\t\t\t<\/div>\n\t\t\t\t\t<\/div>\n\t\t<\/div>\n\t\t\t\t\t\t\t<\/div>\n\t\t<\/section>\n\t\t\t\t<section class=\"elementor-section elementor-inner-section elementor-element elementor-element-9e760fb elementor-section-boxed elementor-section-height-default elementor-section-height-default\" data-id=\"9e760fb\" data-element_type=\"section\">\n\t\t\t\t\t\t<div class=\"elementor-container elementor-column-gap-default\">\n\t\t\t\t\t<div class=\"elementor-column elementor-col-50 elementor-inner-column elementor-element elementor-element-6b8d52c\" data-id=\"6b8d52c\" data-element_type=\"column\">\n\t\t\t<div class=\"elementor-widget-wrap elementor-element-populated\">\n\t\t\t\t\t\t\t\t<div class=\"elementor-element elementor-element-9295fec elementor-widget__width-initial animated-slow elementor-view-default elementor-invisible elementor-widget elementor-widget-icon\" data-id=\"9295fec\" data-element_type=\"widget\" data-settings=\"{&quot;_animation&quot;:&quot;fadeIn&quot;,&quot;_animation_delay&quot;:500}\" data-widget_type=\"icon.default\">\n\t\t\t\t<div class=\"elementor-widget-container\">\n\t\t\t\t\t<div class=\"elementor-icon-wrapper\">\n\t\t\t<a class=\"elementor-icon\" href=\"https:\/\/www.facebook.com\/watch\/?v=756805096502784\">\n\t\t\t<i aria-hidden=\"true\" class=\"icon icon-social-share\"><\/i>\t\t\t<\/a>\n\t\t<\/div>\n\t\t\t\t<\/div>\n\t\t\t\t<\/div>\n\t\t\t\t<div class=\"elementor-element elementor-element-49eb516 elementor-widget__width-initial elementor-view-framed elementor-shape-circle elementor-invisible elementor-widget elementor-widget-icon\" data-id=\"49eb516\" data-element_type=\"widget\" data-settings=\"{&quot;_animation&quot;:&quot;zoomIn&quot;,&quot;_animation_delay&quot;:500}\" data-widget_type=\"icon.default\">\n\t\t\t\t<div class=\"elementor-widget-container\">\n\t\t\t\t\t<div class=\"elementor-icon-wrapper\">\n\t\t\t<a class=\"elementor-icon\" href=\"https:\/\/www.comarcadeliebana.com\/celebradas-con-exito-las-vi-jornadas-europeas-de-patrimonio-en-liebana\/\">\n\t\t\t<i aria-hidden=\"true\" class=\"jki jki-newspaper-solid\"><\/i>\t\t\t<\/a>\n\t\t<\/div>\n\t\t\t\t<\/div>\n\t\t\t\t<\/div>\n\t\t\t\t\t<\/div>\n\t\t<\/div>\n\t\t\t\t<div class=\"elementor-column elementor-col-50 elementor-inner-column elementor-element elementor-element-c736303\" data-id=\"c736303\" data-element_type=\"column\">\n\t\t\t<div class=\"elementor-widget-wrap\">\n\t\t\t\t\t\t\t\t\t<\/div>\n\t\t<\/div>\n\t\t\t\t\t\t\t<\/div>\n\t\t<\/section>\n\t\t\t\t\t<\/div>\n\t\t<\/div>\n\t\t\t\t<div class=\"elementor-column elementor-col-33 elementor-top-column elementor-element elementor-element-b4fa127\" data-id=\"b4fa127\" data-element_type=\"column\">\n\t\t\t<div class=\"elementor-widget-wrap elementor-element-populated\">\n\t\t\t\t\t\t\t\t<div class=\"elementor-element elementor-element-4e8cbe7 elementor-widget elementor-widget-text-editor\" data-id=\"4e8cbe7\" data-element_type=\"widget\" data-widget_type=\"text-editor.default\">\n\t\t\t\t<div class=\"elementor-widget-container\">\n\t\t\t\t\t\t\t<p>En un entorno inmejorable y en una de las mejores \u00e9pocas del a\u00f1o para construir e instalar cajas nido (invierno) me encargan preparar un taller de cajas nido para p\u00fablico adulto, en proceso de aprendizaje de Formaci\u00f3n Profesional al mismo tiempo que con inscripci\u00f3n abierta al p\u00fablico en general. Unas jornadas culturales que fueron aderezadas con un buen rato ayudando a mejorar la biodiversidad urbana del municipio de Potes, Li\u00e9bana.\u00a0<\/p>\t\t\t\t\t\t<\/div>\n\t\t\t\t<\/div>\n\t\t\t\t\t<\/div>\n\t\t<\/div>\n\t\t\t\t\t\t\t<\/div>\n\t\t<\/section>\n\t\t\t\t<section class=\"elementor-section elementor-top-section elementor-element elementor-element-1f656fe elementor-section-boxed elementor-section-height-default elementor-section-height-default\" data-id=\"1f656fe\" data-element_type=\"section\">\n\t\t\t\t\t\t<div class=\"elementor-container elementor-column-gap-default\">\n\t\t\t\t\t<div class=\"elementor-column elementor-col-100 elementor-top-column elementor-element elementor-element-26636d1\" data-id=\"26636d1\" data-element_type=\"column\">\n\t\t\t<div class=\"elementor-widget-wrap elementor-element-populated\">\n\t\t\t\t\t\t\t\t<div class=\"elementor-element elementor-element-c0a0b5f elementor-widget elementor-widget-heading\" data-id=\"c0a0b5f\" data-element_type=\"widget\" data-widget_type=\"heading.default\">\n\t\t\t\t<div class=\"elementor-widget-container\">\n\t\t\t<h3 class=\"elementor-heading-title elementor-size-default\">Noviembre 2023<\/h3>\t\t<\/div>\n\t\t\t\t<\/div>\n\t\t\t\t\t<\/div>\n\t\t<\/div>\n\t\t\t\t\t\t\t<\/div>\n\t\t<\/section>\n\t\t\t\t<section class=\"elementor-section elementor-top-section elementor-element elementor-element-0290cd2 elementor-section-boxed elementor-section-height-default elementor-section-height-default\" data-id=\"0290cd2\" data-element_type=\"section\">\n\t\t\t\t\t\t<div class=\"elementor-container elementor-column-gap-default\">\n\t\t\t\t\t<div class=\"elementor-column elementor-col-100 elementor-top-column elementor-element elementor-element-b482d94\" data-id=\"b482d94\" data-element_type=\"column\">\n\t\t\t<div class=\"elementor-widget-wrap\">\n\t\t\t\t\t\t\t\t\t<\/div>\n\t\t<\/div>\n\t\t\t\t\t\t\t<\/div>\n\t\t<\/section>\n\t\t\t\t<section class=\"elementor-section elementor-top-section elementor-element elementor-element-859844b elementor-section-boxed elementor-section-height-default elementor-section-height-default\" data-id=\"859844b\" data-element_type=\"section\">\n\t\t\t\t\t\t<div class=\"elementor-container elementor-column-gap-default\">\n\t\t\t\t\t<div class=\"elementor-column elementor-col-100 elementor-top-column elementor-element elementor-element-2f42a5e\" data-id=\"2f42a5e\" data-element_type=\"column\">\n\t\t\t<div class=\"elementor-widget-wrap elementor-element-populated\">\n\t\t\t\t\t\t\t\t<section class=\"elementor-section elementor-inner-section elementor-element elementor-element-450ed9d elementor-section-boxed elementor-section-height-default elementor-section-height-default\" data-id=\"450ed9d\" data-element_type=\"section\">\n\t\t\t\t\t\t<div class=\"elementor-container elementor-column-gap-default\">\n\t\t\t\t\t<div class=\"elementor-column elementor-col-50 elementor-inner-column elementor-element elementor-element-2d791e8\" data-id=\"2d791e8\" data-element_type=\"column\">\n\t\t\t<div class=\"elementor-widget-wrap elementor-element-populated\">\n\t\t\t\t\t\t\t\t<div class=\"elementor-element elementor-element-b8b6f62 elementor-widget elementor-widget-image\" data-id=\"b8b6f62\" data-element_type=\"widget\" data-widget_type=\"image.default\">\n\t\t\t\t<div class=\"elementor-widget-container\">\n\t\t\t\t\t\t\t\t\t\t\t\t\t\t\t<img width=\"750\" height=\"287\" src=\"https:\/\/diegodevallejo.com\/wp-content\/uploads\/2024\/03\/charran-comun-instalacion-de-islas-flotantes-CIMA-Cantabria-1024x392.jpeg\" class=\"attachment-large size-large wp-image-1898\" alt=\"\" decoding=\"async\" loading=\"lazy\" srcset=\"https:\/\/diegodevallejo.com\/wp-content\/uploads\/2024\/03\/charran-comun-instalacion-de-islas-flotantes-CIMA-Cantabria-1024x392.jpeg 1024w, https:\/\/diegodevallejo.com\/wp-content\/uploads\/2024\/03\/charran-comun-instalacion-de-islas-flotantes-CIMA-Cantabria-300x115.jpeg 300w, https:\/\/diegodevallejo.com\/wp-content\/uploads\/2024\/03\/charran-comun-instalacion-de-islas-flotantes-CIMA-Cantabria-768x294.jpeg 768w, https:\/\/diegodevallejo.com\/wp-content\/uploads\/2024\/03\/charran-comun-instalacion-de-islas-flotantes-CIMA-Cantabria-1536x588.jpeg 1536w, https:\/\/diegodevallejo.com\/wp-content\/uploads\/2024\/03\/charran-comun-instalacion-de-islas-flotantes-CIMA-Cantabria-1568x601.jpeg 1568w, https:\/\/diegodevallejo.com\/wp-content\/uploads\/2024\/03\/charran-comun-instalacion-de-islas-flotantes-CIMA-Cantabria.jpeg 1880w\" sizes=\"(max-width: 750px) 100vw, 750px\" style=\"width:100%;height:38.3%;max-width:1880px\" \/>\t\t\t\t\t\t\t\t\t\t\t\t\t\t\t<\/div>\n\t\t\t\t<\/div>\n\t\t\t\t\t<\/div>\n\t\t<\/div>\n\t\t\t\t<div class=\"elementor-column elementor-col-50 elementor-inner-column elementor-element elementor-element-f53665b\" data-id=\"f53665b\" data-element_type=\"column\">\n\t\t\t<div class=\"elementor-widget-wrap elementor-element-populated\">\n\t\t\t\t\t\t\t\t<div class=\"elementor-element elementor-element-043a4e9 elementor-invisible elementor-widget elementor-widget-heading\" data-id=\"043a4e9\" data-element_type=\"widget\" data-settings=\"{&quot;_animation&quot;:&quot;zoomIn&quot;}\" data-widget_type=\"heading.default\">\n\t\t\t\t<div class=\"elementor-widget-container\">\n\t\t\t<h3 class=\"elementor-heading-title elementor-size-default\">Reportaje sobre las islas flotantes para salvar al charr\u00e1n com\u00fan<\/h3>\t\t<\/div>\n\t\t\t\t<\/div>\n\t\t\t\t<div class=\"elementor-element elementor-element-903630c elementor-view-framed animated-slow elementor-shape-circle elementor-invisible elementor-widget elementor-widget-icon\" data-id=\"903630c\" data-element_type=\"widget\" data-settings=\"{&quot;_animation&quot;:&quot;fadeIn&quot;,&quot;_animation_delay&quot;:500}\" data-widget_type=\"icon.default\">\n\t\t\t\t<div class=\"elementor-widget-container\">\n\t\t\t\t\t<div class=\"elementor-icon-wrapper\">\n\t\t\t<a class=\"elementor-icon\" href=\"https:\/\/youtu.be\/2p--sV1BAcs?si=xLLhyHFDfmIlK0ls\">\n\t\t\t<i aria-hidden=\"true\" class=\"fab fa-youtube\"><\/i>\t\t\t<\/a>\n\t\t<\/div>\n\t\t\t\t<\/div>\n\t\t\t\t<\/div>\n\t\t\t\t<div class=\"elementor-element elementor-element-88f3763 elementor-widget elementor-widget-text-editor\" data-id=\"88f3763\" data-element_type=\"widget\" data-widget_type=\"text-editor.default\">\n\t\t\t\t<div class=\"elementor-widget-container\">\n\t\t\t\t\t\t\t<p>Desde el CIMA me encargan un reportaje sobre la instalaci\u00f3n y uso de islas artificiales flotantes para fortalecer la poblaci\u00f3n de charranes nidificantes en Cantabria, con participaci\u00f3n de Aves Cant\u00e1bricas y de SEO\/Birdlife Cantabria.<\/p>\t\t\t\t\t\t<\/div>\n\t\t\t\t<\/div>\n\t\t\t\t\t<\/div>\n\t\t<\/div>\n\t\t\t\t\t\t\t<\/div>\n\t\t<\/section>\n\t\t\t\t\t<\/div>\n\t\t<\/div>\n\t\t\t\t\t\t\t<\/div>\n\t\t<\/section>\n\t\t\t\t<section class=\"elementor-section elementor-top-section elementor-element elementor-element-01141f5 elementor-section-boxed elementor-section-height-default elementor-section-height-default\" data-id=\"01141f5\" data-element_type=\"section\">\n\t\t\t\t\t\t<div class=\"elementor-container elementor-column-gap-default\">\n\t\t\t\t\t<div class=\"elementor-column elementor-col-100 elementor-top-column elementor-element elementor-element-8e556a8\" data-id=\"8e556a8\" data-element_type=\"column\">\n\t\t\t<div class=\"elementor-widget-wrap elementor-element-populated\">\n\t\t\t\t\t\t\t\t<div class=\"elementor-element elementor-element-c2a7f29 elementor-widget elementor-widget-heading\" data-id=\"c2a7f29\" data-element_type=\"widget\" data-widget_type=\"heading.default\">\n\t\t\t\t<div class=\"elementor-widget-container\">\n\t\t\t<h3 class=\"elementor-heading-title elementor-size-default\">Octubre 2023<\/h3>\t\t<\/div>\n\t\t\t\t<\/div>\n\t\t\t\t\t<\/div>\n\t\t<\/div>\n\t\t\t\t\t\t\t<\/div>\n\t\t<\/section>\n\t\t\t\t<section class=\"elementor-section elementor-top-section elementor-element elementor-element-449d3ac elementor-section-boxed elementor-section-height-default elementor-section-height-default\" data-id=\"449d3ac\" data-element_type=\"section\">\n\t\t\t\t\t\t<div class=\"elementor-container elementor-column-gap-default\">\n\t\t\t\t\t<div class=\"elementor-column elementor-col-100 elementor-top-column elementor-element elementor-element-b7e2683\" data-id=\"b7e2683\" data-element_type=\"column\">\n\t\t\t<div class=\"elementor-widget-wrap elementor-element-populated\">\n\t\t\t\t\t\t\t\t<section class=\"elementor-section elementor-inner-section elementor-element elementor-element-543c47c elementor-section-boxed elementor-section-height-default elementor-section-height-default\" data-id=\"543c47c\" data-element_type=\"section\">\n\t\t\t\t\t\t<div class=\"elementor-container elementor-column-gap-default\">\n\t\t\t\t\t<div class=\"elementor-column elementor-col-50 elementor-inner-column elementor-element elementor-element-e738743\" data-id=\"e738743\" data-element_type=\"column\">\n\t\t\t<div class=\"elementor-widget-wrap elementor-element-populated\">\n\t\t\t\t\t\t\t\t<div class=\"elementor-element elementor-element-233e5b2 elementor-widget elementor-widget-image\" data-id=\"233e5b2\" data-element_type=\"widget\" data-widget_type=\"image.default\">\n\t\t\t\t<div class=\"elementor-widget-container\">\n\t\t\t\t\t\t\t\t\t\t\t\t\t\t\t<img width=\"750\" height=\"287\" src=\"https:\/\/diegodevallejo.com\/wp-content\/uploads\/2024\/03\/islas-cies--1024x392.jpeg\" class=\"attachment-large size-large wp-image-1947\" alt=\"\" decoding=\"async\" loading=\"lazy\" srcset=\"https:\/\/diegodevallejo.com\/wp-content\/uploads\/2024\/03\/islas-cies--1024x392.jpeg 1024w, https:\/\/diegodevallejo.com\/wp-content\/uploads\/2024\/03\/islas-cies--300x115.jpeg 300w, https:\/\/diegodevallejo.com\/wp-content\/uploads\/2024\/03\/islas-cies--768x294.jpeg 768w, https:\/\/diegodevallejo.com\/wp-content\/uploads\/2024\/03\/islas-cies--1536x588.jpeg 1536w, https:\/\/diegodevallejo.com\/wp-content\/uploads\/2024\/03\/islas-cies--1568x601.jpeg 1568w, https:\/\/diegodevallejo.com\/wp-content\/uploads\/2024\/03\/islas-cies-.jpeg 1880w\" sizes=\"(max-width: 750px) 100vw, 750px\" style=\"width:100%;height:38.3%;max-width:1880px\" \/>\t\t\t\t\t\t\t\t\t\t\t\t\t\t\t<\/div>\n\t\t\t\t<\/div>\n\t\t\t\t\t<\/div>\n\t\t<\/div>\n\t\t\t\t<div class=\"elementor-column elementor-col-50 elementor-inner-column elementor-element elementor-element-b6bb62e\" data-id=\"b6bb62e\" data-element_type=\"column\">\n\t\t\t<div class=\"elementor-widget-wrap elementor-element-populated\">\n\t\t\t\t\t\t\t\t<div class=\"elementor-element elementor-element-277c4b6 elementor-invisible elementor-widget elementor-widget-heading\" data-id=\"277c4b6\" data-element_type=\"widget\" data-settings=\"{&quot;_animation&quot;:&quot;zoomIn&quot;}\" data-widget_type=\"heading.default\">\n\t\t\t\t<div class=\"elementor-widget-container\">\n\t\t\t<h3 class=\"elementor-heading-title elementor-size-default\">Reportaje en las Islas C\u00edes sobre el concepto de \"ecosistema\"<\/h3>\t\t<\/div>\n\t\t\t\t<\/div>\n\t\t\t\t<div class=\"elementor-element elementor-element-12d4a50 elementor-view-framed animated-slow elementor-shape-circle elementor-invisible elementor-widget elementor-widget-icon\" data-id=\"12d4a50\" data-element_type=\"widget\" data-settings=\"{&quot;_animation&quot;:&quot;fadeIn&quot;,&quot;_animation_delay&quot;:500}\" data-widget_type=\"icon.default\">\n\t\t\t\t<div class=\"elementor-widget-container\">\n\t\t\t\t\t<div class=\"elementor-icon-wrapper\">\n\t\t\t<a class=\"elementor-icon\" href=\"https:\/\/youtu.be\/n8C2PQudUps?si=S8Fsoq-UDZDBmN20\">\n\t\t\t<i aria-hidden=\"true\" class=\"fab fa-youtube\"><\/i>\t\t\t<\/a>\n\t\t<\/div>\n\t\t\t\t<\/div>\n\t\t\t\t<\/div>\n\t\t\t\t<div class=\"elementor-element elementor-element-4e8370f elementor-widget elementor-widget-text-editor\" data-id=\"4e8370f\" data-element_type=\"widget\" data-widget_type=\"text-editor.default\">\n\t\t\t\t<div class=\"elementor-widget-container\">\n\t\t\t\t\t\t\t<p>&#8220;Ecosistema&#8221; es uno de esos conceptos que aparecen en todos los planes formativos. Me apetec\u00eda aportar mi granito de arena y que los docentes tengan este recurso gratuito siempre disponible en mi canal grabado en un para\u00edso natural.<\/p>\t\t\t\t\t\t<\/div>\n\t\t\t\t<\/div>\n\t\t\t\t\t<\/div>\n\t\t<\/div>\n\t\t\t\t\t\t\t<\/div>\n\t\t<\/section>\n\t\t\t\t<div class=\"elementor-element elementor-element-57bded4 elementor-widget elementor-widget-heading\" data-id=\"57bded4\" data-element_type=\"widget\" data-widget_type=\"heading.default\">\n\t\t\t\t<div class=\"elementor-widget-container\">\n\t\t\t<h3 class=\"elementor-heading-title elementor-size-default\">Septiembre 2023<\/h3>\t\t<\/div>\n\t\t\t\t<\/div>\n\t\t\t\t\t<\/div>\n\t\t<\/div>\n\t\t\t\t\t\t\t<\/div>\n\t\t<\/section>\n\t\t\t\t<section class=\"elementor-section elementor-top-section elementor-element elementor-element-5509cee elementor-section-boxed elementor-section-height-default elementor-section-height-default\" data-id=\"5509cee\" data-element_type=\"section\">\n\t\t\t\t\t\t<div class=\"elementor-container elementor-column-gap-default\">\n\t\t\t\t\t<div class=\"elementor-column elementor-col-33 elementor-top-column elementor-element elementor-element-56fbe8e\" data-id=\"56fbe8e\" data-element_type=\"column\">\n\t\t\t<div class=\"elementor-widget-wrap elementor-element-populated\">\n\t\t\t\t\t\t\t\t<div class=\"elementor-element elementor-element-29e7db9 elementor-widget elementor-widget-image\" data-id=\"29e7db9\" data-element_type=\"widget\" data-widget_type=\"image.default\">\n\t\t\t\t<div class=\"elementor-widget-container\">\n\t\t\t\t\t\t\t\t\t\t\t\t\t\t\t<img width=\"750\" height=\"480\" src=\"https:\/\/diegodevallejo.com\/wp-content\/uploads\/2024\/03\/en-plan-planeta-alfonso-pena-rotella-1024x655.jpg\" class=\"attachment-large size-large wp-image-1886\" alt=\"\" decoding=\"async\" loading=\"lazy\" srcset=\"https:\/\/diegodevallejo.com\/wp-content\/uploads\/2024\/03\/en-plan-planeta-alfonso-pena-rotella-1024x655.jpg 1024w, https:\/\/diegodevallejo.com\/wp-content\/uploads\/2024\/03\/en-plan-planeta-alfonso-pena-rotella-300x192.jpg 300w, https:\/\/diegodevallejo.com\/wp-content\/uploads\/2024\/03\/en-plan-planeta-alfonso-pena-rotella-768x491.jpg 768w, https:\/\/diegodevallejo.com\/wp-content\/uploads\/2024\/03\/en-plan-planeta-alfonso-pena-rotella.jpg 1200w\" sizes=\"(max-width: 750px) 100vw, 750px\" style=\"width:100%;height:63.92%;max-width:1200px\" \/>\t\t\t\t\t\t\t\t\t\t\t\t\t\t\t<\/div>\n\t\t\t\t<\/div>\n\t\t\t\t\t<\/div>\n\t\t<\/div>\n\t\t\t\t<div class=\"elementor-column elementor-col-33 elementor-top-column elementor-element elementor-element-969c27d\" data-id=\"969c27d\" data-element_type=\"column\">\n\t\t\t<div class=\"elementor-widget-wrap elementor-element-populated\">\n\t\t\t\t\t\t\t\t<div class=\"elementor-element elementor-element-88269a2 elementor-invisible elementor-widget elementor-widget-heading\" data-id=\"88269a2\" data-element_type=\"widget\" data-settings=\"{&quot;_animation&quot;:&quot;zoomIn&quot;}\" data-widget_type=\"heading.default\">\n\t\t\t\t<div class=\"elementor-widget-container\">\n\t\t\t<h4 class=\"elementor-heading-title elementor-size-default\">Imparto el curso \"Youtube para profesionales de la Educaci\u00f3n\"<\/h4>\t\t<\/div>\n\t\t\t\t<\/div>\n\t\t\t\t<section class=\"elementor-section elementor-inner-section elementor-element elementor-element-bd1abbd elementor-section-boxed elementor-section-height-default elementor-section-height-default\" data-id=\"bd1abbd\" data-element_type=\"section\">\n\t\t\t\t\t\t<div class=\"elementor-container elementor-column-gap-default\">\n\t\t\t\t\t<div class=\"elementor-column elementor-col-100 elementor-inner-column elementor-element elementor-element-9bd4289\" data-id=\"9bd4289\" data-element_type=\"column\">\n\t\t\t<div class=\"elementor-widget-wrap elementor-element-populated\">\n\t\t\t\t\t\t\t\t<div class=\"elementor-element elementor-element-7c737a5 elementor-invisible elementor-widget elementor-widget-text-editor\" data-id=\"7c737a5\" data-element_type=\"widget\" data-settings=\"{&quot;_animation&quot;:&quot;fadeInUp&quot;,&quot;_animation_delay&quot;:200}\" data-widget_type=\"text-editor.default\">\n\t\t\t\t<div class=\"elementor-widget-container\">\n\t\t\t\t\t\t\t<p><b>CEIDA &#8211; Centro de Extensi\u00f3n Universitaria e Divulgaci\u00f3n Ambiental de Galicia\u00a0<\/b><\/p>\t\t\t\t\t\t<\/div>\n\t\t\t\t<\/div>\n\t\t\t\t\t<\/div>\n\t\t<\/div>\n\t\t\t\t\t\t\t<\/div>\n\t\t<\/section>\n\t\t\t\t<section class=\"elementor-section elementor-inner-section elementor-element elementor-element-4cb8745 elementor-section-boxed elementor-section-height-default elementor-section-height-default\" data-id=\"4cb8745\" data-element_type=\"section\">\n\t\t\t\t\t\t<div class=\"elementor-container elementor-column-gap-default\">\n\t\t\t\t\t<div class=\"elementor-column elementor-col-100 elementor-inner-column elementor-element elementor-element-f192be8\" data-id=\"f192be8\" data-element_type=\"column\">\n\t\t\t<div class=\"elementor-widget-wrap elementor-element-populated\">\n\t\t\t\t\t\t\t\t<div class=\"elementor-element elementor-element-d09b78c elementor-widget__width-initial animated-slow elementor-view-default elementor-invisible elementor-widget elementor-widget-icon\" data-id=\"d09b78c\" data-element_type=\"widget\" data-settings=\"{&quot;_animation&quot;:&quot;fadeIn&quot;,&quot;_animation_delay&quot;:500}\" data-widget_type=\"icon.default\">\n\t\t\t\t<div class=\"elementor-widget-container\">\n\t\t\t\t\t<div class=\"elementor-icon-wrapper\">\n\t\t\t<a class=\"elementor-icon\" href=\"https:\/\/www.ceida.org\/es\/formacion-es\/curso-online-youtube-para-profesionales-de-la-educacion\">\n\t\t\t<i aria-hidden=\"true\" class=\"icon icon-social-share\"><\/i>\t\t\t<\/a>\n\t\t<\/div>\n\t\t\t\t<\/div>\n\t\t\t\t<\/div>\n\t\t\t\t\t<\/div>\n\t\t<\/div>\n\t\t\t\t\t\t\t<\/div>\n\t\t<\/section>\n\t\t\t\t\t<\/div>\n\t\t<\/div>\n\t\t\t\t<div class=\"elementor-column elementor-col-33 elementor-top-column elementor-element elementor-element-7ef3220\" data-id=\"7ef3220\" data-element_type=\"column\">\n\t\t\t<div class=\"elementor-widget-wrap elementor-element-populated\">\n\t\t\t\t\t\t\t\t<div class=\"elementor-element elementor-element-5341ca9 elementor-widget elementor-widget-text-editor\" data-id=\"5341ca9\" data-element_type=\"widget\" data-widget_type=\"text-editor.default\">\n\t\t\t\t<div class=\"elementor-widget-container\">\n\t\t\t\t\t\t\t<p>Imparto un curso junto a Alfonso Pe\u00f1a Rotella, ge\u00f3grafo y educador ambiental (En Plan Planeta), para una importante entidad del gobierno de la Xunta de Galicia. El objetivo es dotar a los profesores y maestros de Galicia de conocimientos b\u00e1sicos sobre grabaci\u00f3n, t\u00e9cnicas de comunicaci\u00f3n y sobre los primeros pasos para crear desde cero un nuevo canal divulgativo en Youtube.\u00a0<\/p>\t\t\t\t\t\t<\/div>\n\t\t\t\t<\/div>\n\t\t\t\t\t<\/div>\n\t\t<\/div>\n\t\t\t\t\t\t\t<\/div>\n\t\t<\/section>\n\t\t\t\t<section class=\"elementor-section elementor-top-section elementor-element elementor-element-09dfdc3 elementor-section-boxed elementor-section-height-default elementor-section-height-default\" data-id=\"09dfdc3\" data-element_type=\"section\">\n\t\t\t\t\t\t<div class=\"elementor-container elementor-column-gap-default\">\n\t\t\t\t\t<div class=\"elementor-column elementor-col-33 elementor-top-column elementor-element elementor-element-9538d75\" data-id=\"9538d75\" data-element_type=\"column\">\n\t\t\t<div class=\"elementor-widget-wrap elementor-element-populated\">\n\t\t\t\t\t\t\t\t<div class=\"elementor-element elementor-element-11ae8f1 elementor-widget elementor-widget-image\" data-id=\"11ae8f1\" data-element_type=\"widget\" data-widget_type=\"image.default\">\n\t\t\t\t<div class=\"elementor-widget-container\">\n\t\t\t\t\t\t\t\t\t\t\t\t\t\t\t<img width=\"750\" height=\"480\" src=\"https:\/\/diegodevallejo.com\/wp-content\/uploads\/2024\/03\/curso-ceneam-youtube-educativo-para-educadores-ambientales-1024x655.jpg\" class=\"attachment-large size-large wp-image-1890\" alt=\"\" decoding=\"async\" loading=\"lazy\" srcset=\"https:\/\/diegodevallejo.com\/wp-content\/uploads\/2024\/03\/curso-ceneam-youtube-educativo-para-educadores-ambientales-1024x655.jpg 1024w, https:\/\/diegodevallejo.com\/wp-content\/uploads\/2024\/03\/curso-ceneam-youtube-educativo-para-educadores-ambientales-300x192.jpg 300w, https:\/\/diegodevallejo.com\/wp-content\/uploads\/2024\/03\/curso-ceneam-youtube-educativo-para-educadores-ambientales-768x491.jpg 768w, https:\/\/diegodevallejo.com\/wp-content\/uploads\/2024\/03\/curso-ceneam-youtube-educativo-para-educadores-ambientales.jpg 1200w\" sizes=\"(max-width: 750px) 100vw, 750px\" style=\"width:100%;height:63.92%;max-width:1200px\" \/>\t\t\t\t\t\t\t\t\t\t\t\t\t\t\t<\/div>\n\t\t\t\t<\/div>\n\t\t\t\t\t<\/div>\n\t\t<\/div>\n\t\t\t\t<div class=\"elementor-column elementor-col-33 elementor-top-column elementor-element elementor-element-f0e70ce\" data-id=\"f0e70ce\" data-element_type=\"column\">\n\t\t\t<div class=\"elementor-widget-wrap elementor-element-populated\">\n\t\t\t\t\t\t\t\t<div class=\"elementor-element elementor-element-afad149 elementor-invisible elementor-widget elementor-widget-heading\" data-id=\"afad149\" data-element_type=\"widget\" data-settings=\"{&quot;_animation&quot;:&quot;zoomIn&quot;}\" data-widget_type=\"heading.default\">\n\t\t\t\t<div class=\"elementor-widget-container\">\n\t\t\t<h4 class=\"elementor-heading-title elementor-size-default\">Imparto un curso sobre Youtube educativo para educadores<\/h4>\t\t<\/div>\n\t\t\t\t<\/div>\n\t\t\t\t<section class=\"elementor-section elementor-inner-section elementor-element elementor-element-19c7da8 elementor-section-boxed elementor-section-height-default elementor-section-height-default\" data-id=\"19c7da8\" data-element_type=\"section\">\n\t\t\t\t\t\t<div class=\"elementor-container elementor-column-gap-default\">\n\t\t\t\t\t<div class=\"elementor-column elementor-col-100 elementor-inner-column elementor-element elementor-element-b2bdac0\" data-id=\"b2bdac0\" data-element_type=\"column\">\n\t\t\t<div class=\"elementor-widget-wrap elementor-element-populated\">\n\t\t\t\t\t\t\t\t<div class=\"elementor-element elementor-element-6e4f878 elementor-invisible elementor-widget elementor-widget-text-editor\" data-id=\"6e4f878\" data-element_type=\"widget\" data-settings=\"{&quot;_animation&quot;:&quot;fadeInUp&quot;,&quot;_animation_delay&quot;:200}\" data-widget_type=\"text-editor.default\">\n\t\t\t\t<div class=\"elementor-widget-container\">\n\t\t\t\t\t\t\t<p><b>MITECO &#8211; Organismo Aut\u00f3nomo de Parques Nacionales<\/b><\/p>\t\t\t\t\t\t<\/div>\n\t\t\t\t<\/div>\n\t\t\t\t\t<\/div>\n\t\t<\/div>\n\t\t\t\t\t\t\t<\/div>\n\t\t<\/section>\n\t\t\t\t<section class=\"elementor-section elementor-inner-section elementor-element elementor-element-a0f810f elementor-section-boxed elementor-section-height-default elementor-section-height-default\" data-id=\"a0f810f\" data-element_type=\"section\">\n\t\t\t\t\t\t<div class=\"elementor-container elementor-column-gap-default\">\n\t\t\t\t\t<div class=\"elementor-column elementor-col-100 elementor-inner-column elementor-element elementor-element-35d6c3f\" data-id=\"35d6c3f\" data-element_type=\"column\">\n\t\t\t<div class=\"elementor-widget-wrap elementor-element-populated\">\n\t\t\t\t\t\t\t\t<div class=\"elementor-element elementor-element-8ace023 elementor-widget__width-initial animated-slow elementor-view-default elementor-invisible elementor-widget elementor-widget-icon\" data-id=\"8ace023\" data-element_type=\"widget\" data-settings=\"{&quot;_animation&quot;:&quot;fadeIn&quot;,&quot;_animation_delay&quot;:500}\" data-widget_type=\"icon.default\">\n\t\t\t\t<div class=\"elementor-widget-container\">\n\t\t\t\t\t<div class=\"elementor-icon-wrapper\">\n\t\t\t<a class=\"elementor-icon\" href=\"https:\/\/www.miteco.gob.es\/es\/ceneam\/formacion-ambiental\/formacion-ceneam\/youtube-educativo-educadores.html\">\n\t\t\t<i aria-hidden=\"true\" class=\"icon icon-social-share\"><\/i>\t\t\t<\/a>\n\t\t<\/div>\n\t\t\t\t<\/div>\n\t\t\t\t<\/div>\n\t\t\t\t\t<\/div>\n\t\t<\/div>\n\t\t\t\t\t\t\t<\/div>\n\t\t<\/section>\n\t\t\t\t\t<\/div>\n\t\t<\/div>\n\t\t\t\t<div class=\"elementor-column elementor-col-33 elementor-top-column elementor-element elementor-element-7ecdaf8\" data-id=\"7ecdaf8\" data-element_type=\"column\">\n\t\t\t<div class=\"elementor-widget-wrap elementor-element-populated\">\n\t\t\t\t\t\t\t\t<div class=\"elementor-element elementor-element-bce0e09 elementor-widget elementor-widget-text-editor\" data-id=\"bce0e09\" data-element_type=\"widget\" data-widget_type=\"text-editor.default\">\n\t\t\t\t<div class=\"elementor-widget-container\">\n\t\t\t\t\t\t\t<p>Imparto una tercera edici\u00f3n de este curso, junto a Alfonso Pe\u00f1a Rotella, ge\u00f3grafo y educador ambiental (En Plan Planeta) pero esta vez para el Ministerio de Transici\u00f3n Ecol\u00f3gica y Reto Demogr\u00e1fico. El objetivo es dotar a los educadores ambientales de unos conocimientos b\u00e1sicos sobre grabaci\u00f3n, t\u00e9cnicas de comunicaci\u00f3n y sobre los primeros pasos para crear desde cero un nuevo canal divulgativo en Youtube.\u00a0<\/p>\t\t\t\t\t\t<\/div>\n\t\t\t\t<\/div>\n\t\t\t\t\t<\/div>\n\t\t<\/div>\n\t\t\t\t\t\t\t<\/div>\n\t\t<\/section>\n\t\t\t\t<section class=\"elementor-section elementor-top-section elementor-element elementor-element-423c53d elementor-section-boxed elementor-section-height-default elementor-section-height-default\" data-id=\"423c53d\" data-element_type=\"section\">\n\t\t\t\t\t\t<div class=\"elementor-container elementor-column-gap-default\">\n\t\t\t\t\t<div class=\"elementor-column elementor-col-100 elementor-top-column elementor-element elementor-element-9051097\" data-id=\"9051097\" data-element_type=\"column\">\n\t\t\t<div class=\"elementor-widget-wrap elementor-element-populated\">\n\t\t\t\t\t\t\t\t<div class=\"elementor-element elementor-element-b67c74c elementor-widget elementor-widget-heading\" data-id=\"b67c74c\" data-element_type=\"widget\" data-widget_type=\"heading.default\">\n\t\t\t\t<div class=\"elementor-widget-container\">\n\t\t\t<h3 class=\"elementor-heading-title elementor-size-default\">Junio 2023<\/h3>\t\t<\/div>\n\t\t\t\t<\/div>\n\t\t\t\t\t<\/div>\n\t\t<\/div>\n\t\t\t\t\t\t\t<\/div>\n\t\t<\/section>\n\t\t\t\t<section class=\"elementor-section elementor-top-section elementor-element elementor-element-3b57705 elementor-section-boxed elementor-section-height-default elementor-section-height-default\" data-id=\"3b57705\" data-element_type=\"section\">\n\t\t\t\t\t\t<div class=\"elementor-container elementor-column-gap-default\">\n\t\t\t\t\t<div class=\"elementor-column elementor-col-33 elementor-top-column elementor-element elementor-element-d2ac2c2\" data-id=\"d2ac2c2\" data-element_type=\"column\">\n\t\t\t<div class=\"elementor-widget-wrap elementor-element-populated\">\n\t\t\t\t\t\t\t\t<div class=\"elementor-element elementor-element-71b50d3 elementor-widget elementor-widget-image\" data-id=\"71b50d3\" data-element_type=\"widget\" data-widget_type=\"image.default\">\n\t\t\t\t<div class=\"elementor-widget-container\">\n\t\t\t\t\t\t\t\t\t\t\t\t\t\t\t<img width=\"750\" height=\"480\" src=\"https:\/\/diegodevallejo.com\/wp-content\/uploads\/2024\/03\/revarca-red-de-varamientos-de-cantabria-1024x655.jpg\" class=\"attachment-large size-large wp-image-1871\" alt=\"\" decoding=\"async\" loading=\"lazy\" srcset=\"https:\/\/diegodevallejo.com\/wp-content\/uploads\/2024\/03\/revarca-red-de-varamientos-de-cantabria-1024x655.jpg 1024w, https:\/\/diegodevallejo.com\/wp-content\/uploads\/2024\/03\/revarca-red-de-varamientos-de-cantabria-300x192.jpg 300w, https:\/\/diegodevallejo.com\/wp-content\/uploads\/2024\/03\/revarca-red-de-varamientos-de-cantabria-768x491.jpg 768w, https:\/\/diegodevallejo.com\/wp-content\/uploads\/2024\/03\/revarca-red-de-varamientos-de-cantabria.jpg 1200w\" sizes=\"(max-width: 750px) 100vw, 750px\" style=\"width:100%;height:63.92%;max-width:1200px\" \/>\t\t\t\t\t\t\t\t\t\t\t\t\t\t\t<\/div>\n\t\t\t\t<\/div>\n\t\t\t\t\t<\/div>\n\t\t<\/div>\n\t\t\t\t<div class=\"elementor-column elementor-col-33 elementor-top-column elementor-element elementor-element-c4c4bac\" data-id=\"c4c4bac\" data-element_type=\"column\">\n\t\t\t<div class=\"elementor-widget-wrap elementor-element-populated\">\n\t\t\t\t\t\t\t\t<div class=\"elementor-element elementor-element-99bf485 elementor-invisible elementor-widget elementor-widget-heading\" data-id=\"99bf485\" data-element_type=\"widget\" data-settings=\"{&quot;_animation&quot;:&quot;zoomIn&quot;}\" data-widget_type=\"heading.default\">\n\t\t\t\t<div class=\"elementor-widget-container\">\n\t\t\t<h4 class=\"elementor-heading-title elementor-size-default\">\u00a1Empiezo con la comunicaci\u00f3n en REVARCA!<\/h4>\t\t<\/div>\n\t\t\t\t<\/div>\n\t\t\t\t<section class=\"elementor-section elementor-inner-section elementor-element elementor-element-df94590 elementor-section-boxed elementor-section-height-default elementor-section-height-default\" data-id=\"df94590\" data-element_type=\"section\">\n\t\t\t\t\t\t<div class=\"elementor-container elementor-column-gap-default\">\n\t\t\t\t\t<div class=\"elementor-column elementor-col-100 elementor-inner-column elementor-element elementor-element-3d2646f\" data-id=\"3d2646f\" data-element_type=\"column\">\n\t\t\t<div class=\"elementor-widget-wrap elementor-element-populated\">\n\t\t\t\t\t\t\t\t<div class=\"elementor-element elementor-element-a8443e9 elementor-invisible elementor-widget elementor-widget-text-editor\" data-id=\"a8443e9\" data-element_type=\"widget\" data-settings=\"{&quot;_animation&quot;:&quot;fadeInUp&quot;,&quot;_animation_delay&quot;:200}\" data-widget_type=\"text-editor.default\">\n\t\t\t\t<div class=\"elementor-widget-container\">\n\t\t\t\t\t\t\t<p><b>Gobierno de Cantabria &#8211; Secci\u00f3n de fauna y flora silvestre<\/b><\/p>\t\t\t\t\t\t<\/div>\n\t\t\t\t<\/div>\n\t\t\t\t\t<\/div>\n\t\t<\/div>\n\t\t\t\t\t\t\t<\/div>\n\t\t<\/section>\n\t\t\t\t<section class=\"elementor-section elementor-inner-section elementor-element elementor-element-43bd2fa elementor-section-boxed elementor-section-height-default elementor-section-height-default\" data-id=\"43bd2fa\" data-element_type=\"section\">\n\t\t\t\t\t\t<div class=\"elementor-container elementor-column-gap-default\">\n\t\t\t\t\t<div class=\"elementor-column elementor-col-100 elementor-inner-column elementor-element elementor-element-4859f94\" data-id=\"4859f94\" data-element_type=\"column\">\n\t\t\t<div class=\"elementor-widget-wrap elementor-element-populated\">\n\t\t\t\t\t\t\t\t<div class=\"elementor-element elementor-element-29c8ae4 elementor-widget__width-initial animated-slow elementor-view-default elementor-invisible elementor-widget elementor-widget-icon\" data-id=\"29c8ae4\" data-element_type=\"widget\" data-settings=\"{&quot;_animation&quot;:&quot;fadeIn&quot;,&quot;_animation_delay&quot;:500}\" data-widget_type=\"icon.default\">\n\t\t\t\t<div class=\"elementor-widget-container\">\n\t\t\t\t\t<div class=\"elementor-icon-wrapper\">\n\t\t\t<a class=\"elementor-icon\" href=\"https:\/\/www.facebook.com\/revarcacetaceos\/\">\n\t\t\t<i aria-hidden=\"true\" class=\"fab fa-facebook\"><\/i>\t\t\t<\/a>\n\t\t<\/div>\n\t\t\t\t<\/div>\n\t\t\t\t<\/div>\n\t\t\t\t<div class=\"elementor-element elementor-element-30f2e2a elementor-widget__width-initial elementor-view-default elementor-widget elementor-widget-icon\" data-id=\"30f2e2a\" data-element_type=\"widget\" data-widget_type=\"icon.default\">\n\t\t\t\t<div class=\"elementor-widget-container\">\n\t\t\t\t\t<div class=\"elementor-icon-wrapper\">\n\t\t\t<a class=\"elementor-icon\" href=\"https:\/\/www.instagram.com\/revarca_cantabria\/\">\n\t\t\t<i aria-hidden=\"true\" class=\"fab fa-instagram\"><\/i>\t\t\t<\/a>\n\t\t<\/div>\n\t\t\t\t<\/div>\n\t\t\t\t<\/div>\n\t\t\t\t<div class=\"elementor-element elementor-element-ee5a79e elementor-widget__width-initial elementor-view-default elementor-widget elementor-widget-icon\" data-id=\"ee5a79e\" data-element_type=\"widget\" data-widget_type=\"icon.default\">\n\t\t\t\t<div class=\"elementor-widget-container\">\n\t\t\t\t\t<div class=\"elementor-icon-wrapper\">\n\t\t\t<a class=\"elementor-icon\" href=\"https:\/\/www.youtube.com\/@Revarca\">\n\t\t\t<i aria-hidden=\"true\" class=\"fab fa-youtube\"><\/i>\t\t\t<\/a>\n\t\t<\/div>\n\t\t\t\t<\/div>\n\t\t\t\t<\/div>\n\t\t\t\t<div class=\"elementor-element elementor-element-51e1cf1 elementor-widget__width-initial elementor-view-framed elementor-shape-circle elementor-invisible elementor-widget elementor-widget-icon\" data-id=\"51e1cf1\" data-element_type=\"widget\" data-settings=\"{&quot;_animation&quot;:&quot;zoomIn&quot;,&quot;_animation_delay&quot;:500}\" data-widget_type=\"icon.default\">\n\t\t\t\t<div class=\"elementor-widget-container\">\n\t\t\t\t\t<div class=\"elementor-icon-wrapper\">\n\t\t\t<a class=\"elementor-icon\" href=\"https:\/\/youtu.be\/rVpoHQ4Hccg?si=Ys0zVIqGKUpZj4pG\">\n\t\t\t<i aria-hidden=\"true\" class=\"jki jki-newspaper-solid\"><\/i>\t\t\t<\/a>\n\t\t<\/div>\n\t\t\t\t<\/div>\n\t\t\t\t<\/div>\n\t\t\t\t\t<\/div>\n\t\t<\/div>\n\t\t\t\t\t\t\t<\/div>\n\t\t<\/section>\n\t\t\t\t\t<\/div>\n\t\t<\/div>\n\t\t\t\t<div class=\"elementor-column elementor-col-33 elementor-top-column elementor-element elementor-element-bb7d9c0\" data-id=\"bb7d9c0\" data-element_type=\"column\">\n\t\t\t<div class=\"elementor-widget-wrap elementor-element-populated\">\n\t\t\t\t\t\t\t\t<div class=\"elementor-element elementor-element-ed20460 elementor-widget elementor-widget-text-editor\" data-id=\"ed20460\" data-element_type=\"widget\" data-widget_type=\"text-editor.default\">\n\t\t\t\t<div class=\"elementor-widget-container\">\n\t\t\t\t\t\t\t<p>Me ha sido encargada las labores de comunicaci\u00f3n de la Red de Varamientos del Gobierno de Cantabria. Para ello, hemos creado las redes sociales institucionales para convertir cada varamiento de cet\u00e1ceo, foca, le\u00f3n marino o tortuga marina en una oportunidad para educar y concienciar medio ambientalmente. \u00a1Un reto fascinante! \u00c9chale un ojo a las redes sociales de REVARCA si quieres.<\/p>\t\t\t\t\t\t<\/div>\n\t\t\t\t<\/div>\n\t\t\t\t\t<\/div>\n\t\t<\/div>\n\t\t\t\t\t\t\t<\/div>\n\t\t<\/section>\n\t\t\t\t<section class=\"elementor-section elementor-top-section elementor-element elementor-element-04f0110 elementor-section-boxed elementor-section-height-default elementor-section-height-default\" data-id=\"04f0110\" data-element_type=\"section\">\n\t\t\t\t\t\t<div class=\"elementor-container elementor-column-gap-default\">\n\t\t\t\t\t<div class=\"elementor-column elementor-col-33 elementor-top-column elementor-element elementor-element-8ba701c\" data-id=\"8ba701c\" data-element_type=\"column\">\n\t\t\t<div class=\"elementor-widget-wrap elementor-element-populated\">\n\t\t\t\t\t\t\t\t<div class=\"elementor-element elementor-element-fc9adce elementor-widget elementor-widget-image\" data-id=\"fc9adce\" data-element_type=\"widget\" data-widget_type=\"image.default\">\n\t\t\t\t<div class=\"elementor-widget-container\">\n\t\t\t\t\t\t\t\t\t\t\t\t\t\t\t<img width=\"750\" height=\"480\" src=\"https:\/\/diegodevallejo.com\/wp-content\/uploads\/2023\/06\/romeria-educativa-de-villacarriedo-2023-romeria-del-rio-poty-ambienturas-diego-de-vallejo-perez-1024x655.jpg\" class=\"attachment-large size-large wp-image-1492\" alt=\"\" decoding=\"async\" loading=\"lazy\" srcset=\"https:\/\/diegodevallejo.com\/wp-content\/uploads\/2023\/06\/romeria-educativa-de-villacarriedo-2023-romeria-del-rio-poty-ambienturas-diego-de-vallejo-perez-1024x655.jpg 1024w, https:\/\/diegodevallejo.com\/wp-content\/uploads\/2023\/06\/romeria-educativa-de-villacarriedo-2023-romeria-del-rio-poty-ambienturas-diego-de-vallejo-perez-300x192.jpg 300w, https:\/\/diegodevallejo.com\/wp-content\/uploads\/2023\/06\/romeria-educativa-de-villacarriedo-2023-romeria-del-rio-poty-ambienturas-diego-de-vallejo-perez-768x491.jpg 768w, https:\/\/diegodevallejo.com\/wp-content\/uploads\/2023\/06\/romeria-educativa-de-villacarriedo-2023-romeria-del-rio-poty-ambienturas-diego-de-vallejo-perez.jpg 1200w\" sizes=\"(max-width: 750px) 100vw, 750px\" style=\"width:100%;height:63.92%;max-width:1200px\" \/>\t\t\t\t\t\t\t\t\t\t\t\t\t\t\t<\/div>\n\t\t\t\t<\/div>\n\t\t\t\t\t<\/div>\n\t\t<\/div>\n\t\t\t\t<div class=\"elementor-column elementor-col-33 elementor-top-column elementor-element elementor-element-6ced143\" data-id=\"6ced143\" data-element_type=\"column\">\n\t\t\t<div class=\"elementor-widget-wrap elementor-element-populated\">\n\t\t\t\t\t\t\t\t<div class=\"elementor-element elementor-element-3d91a75 elementor-invisible elementor-widget elementor-widget-heading\" data-id=\"3d91a75\" data-element_type=\"widget\" data-settings=\"{&quot;_animation&quot;:&quot;zoomIn&quot;}\" data-widget_type=\"heading.default\">\n\t\t\t\t<div class=\"elementor-widget-container\">\n\t\t\t<h4 class=\"elementor-heading-title elementor-size-default\">Una feria de talleres ambientales para 800 ni\u00f1os<\/h4>\t\t<\/div>\n\t\t\t\t<\/div>\n\t\t\t\t<section class=\"elementor-section elementor-inner-section elementor-element elementor-element-ed288d7 elementor-section-boxed elementor-section-height-default elementor-section-height-default\" data-id=\"ed288d7\" data-element_type=\"section\">\n\t\t\t\t\t\t<div class=\"elementor-container elementor-column-gap-default\">\n\t\t\t\t\t<div class=\"elementor-column elementor-col-100 elementor-inner-column elementor-element elementor-element-33e8f3c\" data-id=\"33e8f3c\" data-element_type=\"column\">\n\t\t\t<div class=\"elementor-widget-wrap elementor-element-populated\">\n\t\t\t\t\t\t\t\t<div class=\"elementor-element elementor-element-c7059c3 elementor-invisible elementor-widget elementor-widget-text-editor\" data-id=\"c7059c3\" data-element_type=\"widget\" data-settings=\"{&quot;_animation&quot;:&quot;fadeInUp&quot;,&quot;_animation_delay&quot;:200}\" data-widget_type=\"text-editor.default\">\n\t\t\t\t<div class=\"elementor-widget-container\">\n\t\t\t\t\t\t\t<p><b>Unidad T\u00e9cnica de Innovaci\u00f3n Educativa<\/b><\/p>\t\t\t\t\t\t<\/div>\n\t\t\t\t<\/div>\n\t\t\t\t\t<\/div>\n\t\t<\/div>\n\t\t\t\t\t\t\t<\/div>\n\t\t<\/section>\n\t\t\t\t<section class=\"elementor-section elementor-inner-section elementor-element elementor-element-9333f6c elementor-section-boxed elementor-section-height-default elementor-section-height-default\" data-id=\"9333f6c\" data-element_type=\"section\">\n\t\t\t\t\t\t<div class=\"elementor-container elementor-column-gap-default\">\n\t\t\t\t\t<div class=\"elementor-column elementor-col-50 elementor-inner-column elementor-element elementor-element-6c3ee07\" data-id=\"6c3ee07\" data-element_type=\"column\">\n\t\t\t<div class=\"elementor-widget-wrap elementor-element-populated\">\n\t\t\t\t\t\t\t\t<div class=\"elementor-element elementor-element-ccf8fe6 elementor-widget__width-initial animated-slow elementor-view-default elementor-invisible elementor-widget elementor-widget-icon\" data-id=\"ccf8fe6\" data-element_type=\"widget\" data-settings=\"{&quot;_animation&quot;:&quot;fadeIn&quot;,&quot;_animation_delay&quot;:500}\" data-widget_type=\"icon.default\">\n\t\t\t\t<div class=\"elementor-widget-container\">\n\t\t\t\t\t<div class=\"elementor-icon-wrapper\">\n\t\t\t<a class=\"elementor-icon\" href=\"https:\/\/www.facebook.com\/Potyambienturas\/posts\/pfbid02xJfRqFFVsNgcr8xTJWuq7mvoaHCwEzJNSkjvtCCFJhnHG9bRDCimgJVBk2786a2nl\">\n\t\t\t<i aria-hidden=\"true\" class=\"icon icon-social-share\"><\/i>\t\t\t<\/a>\n\t\t<\/div>\n\t\t\t\t<\/div>\n\t\t\t\t<\/div>\n\t\t\t\t\t<\/div>\n\t\t<\/div>\n\t\t\t\t<div class=\"elementor-column elementor-col-50 elementor-inner-column elementor-element elementor-element-cef4c8c\" data-id=\"cef4c8c\" data-element_type=\"column\">\n\t\t\t<div class=\"elementor-widget-wrap\">\n\t\t\t\t\t\t\t\t\t<\/div>\n\t\t<\/div>\n\t\t\t\t\t\t\t<\/div>\n\t\t<\/section>\n\t\t\t\t\t<\/div>\n\t\t<\/div>\n\t\t\t\t<div class=\"elementor-column elementor-col-33 elementor-top-column elementor-element elementor-element-27189b1\" data-id=\"27189b1\" data-element_type=\"column\">\n\t\t\t<div class=\"elementor-widget-wrap elementor-element-populated\">\n\t\t\t\t\t\t\t\t<div class=\"elementor-element elementor-element-e0825a1 elementor-widget elementor-widget-text-editor\" data-id=\"e0825a1\" data-element_type=\"widget\" data-widget_type=\"text-editor.default\">\n\t\t\t\t<div class=\"elementor-widget-container\">\n\t\t\t\t\t\t\t<p>Organizo varios talleres medio ambientales simult\u00e1neos en la primera Romer\u00eda del R\u00edo a la que acudo como educador medio ambiental. Marismas, cet\u00e1ceos, el Sendero fotogr\u00e1fico de fauna&#8230; hubo que darlo todo y menos mal que cont\u00e9 con la ayuda de un mont\u00f3n de amigos y compa\u00f1eros. Una experiencia muy impactante para la que hizo falta muchos d\u00edas de preparaci\u00f3n.\u00a0<\/p>\t\t\t\t\t\t<\/div>\n\t\t\t\t<\/div>\n\t\t\t\t\t<\/div>\n\t\t<\/div>\n\t\t\t\t\t\t\t<\/div>\n\t\t<\/section>\n\t\t\t\t<section class=\"elementor-section elementor-top-section elementor-element elementor-element-a228025 elementor-section-boxed elementor-section-height-default elementor-section-height-default\" data-id=\"a228025\" data-element_type=\"section\">\n\t\t\t\t\t\t<div class=\"elementor-container elementor-column-gap-default\">\n\t\t\t\t\t<div class=\"elementor-column elementor-col-100 elementor-top-column elementor-element elementor-element-9c3e1ac\" data-id=\"9c3e1ac\" data-element_type=\"column\">\n\t\t\t<div class=\"elementor-widget-wrap elementor-element-populated\">\n\t\t\t\t\t\t\t\t<div class=\"elementor-element elementor-element-812ce97 elementor-widget elementor-widget-heading\" data-id=\"812ce97\" data-element_type=\"widget\" data-widget_type=\"heading.default\">\n\t\t\t\t<div class=\"elementor-widget-container\">\n\t\t\t<h3 class=\"elementor-heading-title elementor-size-default\">Mayo 2023<\/h3>\t\t<\/div>\n\t\t\t\t<\/div>\n\t\t\t\t\t<\/div>\n\t\t<\/div>\n\t\t\t\t\t\t\t<\/div>\n\t\t<\/section>\n\t\t\t\t<section class=\"elementor-section elementor-top-section elementor-element elementor-element-46aaf94 elementor-section-boxed elementor-section-height-default elementor-section-height-default\" data-id=\"46aaf94\" data-element_type=\"section\">\n\t\t\t\t\t\t<div class=\"elementor-container elementor-column-gap-default\">\n\t\t\t\t\t<div class=\"elementor-column elementor-col-33 elementor-top-column elementor-element elementor-element-3e37909\" data-id=\"3e37909\" data-element_type=\"column\">\n\t\t\t<div class=\"elementor-widget-wrap elementor-element-populated\">\n\t\t\t\t\t\t\t\t<div class=\"elementor-element elementor-element-e8ff0d2 elementor-widget elementor-widget-image\" data-id=\"e8ff0d2\" data-element_type=\"widget\" data-widget_type=\"image.default\">\n\t\t\t\t<div class=\"elementor-widget-container\">\n\t\t\t\t\t\t\t\t\t\t\t\t\t\t\t<img width=\"750\" height=\"480\" src=\"https:\/\/diegodevallejo.com\/wp-content\/uploads\/2023\/05\/pagina-web-diegodevallejo-diego-de-vallejo-poty-ambienturas-educacion-ambiental-laredo-cantabria-ingeniero-forestal-1024x655.jpg\" class=\"attachment-large size-large wp-image-1357\" alt=\"\" decoding=\"async\" loading=\"lazy\" srcset=\"https:\/\/diegodevallejo.com\/wp-content\/uploads\/2023\/05\/pagina-web-diegodevallejo-diego-de-vallejo-poty-ambienturas-educacion-ambiental-laredo-cantabria-ingeniero-forestal-1024x655.jpg 1024w, https:\/\/diegodevallejo.com\/wp-content\/uploads\/2023\/05\/pagina-web-diegodevallejo-diego-de-vallejo-poty-ambienturas-educacion-ambiental-laredo-cantabria-ingeniero-forestal-300x192.jpg 300w, https:\/\/diegodevallejo.com\/wp-content\/uploads\/2023\/05\/pagina-web-diegodevallejo-diego-de-vallejo-poty-ambienturas-educacion-ambiental-laredo-cantabria-ingeniero-forestal-768x491.jpg 768w, https:\/\/diegodevallejo.com\/wp-content\/uploads\/2023\/05\/pagina-web-diegodevallejo-diego-de-vallejo-poty-ambienturas-educacion-ambiental-laredo-cantabria-ingeniero-forestal.jpg 1200w\" sizes=\"(max-width: 750px) 100vw, 750px\" style=\"width:100%;height:63.92%;max-width:1200px\" \/>\t\t\t\t\t\t\t\t\t\t\t\t\t\t\t<\/div>\n\t\t\t\t<\/div>\n\t\t\t\t\t<\/div>\n\t\t<\/div>\n\t\t\t\t<div class=\"elementor-column elementor-col-33 elementor-top-column elementor-element elementor-element-e9f75c7\" data-id=\"e9f75c7\" data-element_type=\"column\">\n\t\t\t<div class=\"elementor-widget-wrap elementor-element-populated\">\n\t\t\t\t\t\t\t\t<div class=\"elementor-element elementor-element-3fbbb07 elementor-invisible elementor-widget elementor-widget-heading\" data-id=\"3fbbb07\" data-element_type=\"widget\" data-settings=\"{&quot;_animation&quot;:&quot;zoomIn&quot;}\" data-widget_type=\"heading.default\">\n\t\t\t\t<div class=\"elementor-widget-container\">\n\t\t\t<h4 class=\"elementor-heading-title elementor-size-default\">\u00a1Estreno mi propia web!<\/h4>\t\t<\/div>\n\t\t\t\t<\/div>\n\t\t\t\t<section class=\"elementor-section elementor-inner-section elementor-element elementor-element-91dff08 elementor-section-boxed elementor-section-height-default elementor-section-height-default\" data-id=\"91dff08\" data-element_type=\"section\">\n\t\t\t\t\t\t<div class=\"elementor-container elementor-column-gap-default\">\n\t\t\t\t\t<div class=\"elementor-column elementor-col-100 elementor-inner-column elementor-element elementor-element-cf2186c\" data-id=\"cf2186c\" data-element_type=\"column\">\n\t\t\t<div class=\"elementor-widget-wrap elementor-element-populated\">\n\t\t\t\t\t\t\t\t<div class=\"elementor-element elementor-element-dac54f0 elementor-invisible elementor-widget elementor-widget-text-editor\" data-id=\"dac54f0\" data-element_type=\"widget\" data-settings=\"{&quot;_animation&quot;:&quot;fadeInUp&quot;,&quot;_animation_delay&quot;:200}\" data-widget_type=\"text-editor.default\">\n\t\t\t\t<div class=\"elementor-widget-container\">\n\t\t\t\t\t\t\t<p><b>www.diegodevallejo.com<\/b><\/p>\t\t\t\t\t\t<\/div>\n\t\t\t\t<\/div>\n\t\t\t\t\t<\/div>\n\t\t<\/div>\n\t\t\t\t\t\t\t<\/div>\n\t\t<\/section>\n\t\t\t\t<section class=\"elementor-section elementor-inner-section elementor-element elementor-element-300aae4 elementor-section-boxed elementor-section-height-default elementor-section-height-default\" data-id=\"300aae4\" data-element_type=\"section\">\n\t\t\t\t\t\t<div class=\"elementor-container elementor-column-gap-default\">\n\t\t\t\t\t<div class=\"elementor-column elementor-col-50 elementor-inner-column elementor-element elementor-element-b06d70b\" data-id=\"b06d70b\" data-element_type=\"column\">\n\t\t\t<div class=\"elementor-widget-wrap elementor-element-populated\">\n\t\t\t\t\t\t\t\t<div class=\"elementor-element elementor-element-3e59c17 elementor-widget__width-initial animated-slow elementor-view-default elementor-invisible elementor-widget elementor-widget-icon\" data-id=\"3e59c17\" data-element_type=\"widget\" data-settings=\"{&quot;_animation&quot;:&quot;fadeIn&quot;,&quot;_animation_delay&quot;:500}\" data-widget_type=\"icon.default\">\n\t\t\t\t<div class=\"elementor-widget-container\">\n\t\t\t\t\t<div class=\"elementor-icon-wrapper\">\n\t\t\t<a class=\"elementor-icon\" href=\"https:\/\/www.facebook.com\/potyambienturas\">\n\t\t\t<i aria-hidden=\"true\" class=\"icon icon-social-share\"><\/i>\t\t\t<\/a>\n\t\t<\/div>\n\t\t\t\t<\/div>\n\t\t\t\t<\/div>\n\t\t\t\t<div class=\"elementor-element elementor-element-ed1f02c elementor-widget__width-initial elementor-view-framed elementor-shape-circle elementor-invisible elementor-widget elementor-widget-icon\" data-id=\"ed1f02c\" data-element_type=\"widget\" data-settings=\"{&quot;_animation&quot;:&quot;zoomIn&quot;,&quot;_animation_delay&quot;:500}\" data-widget_type=\"icon.default\">\n\t\t\t\t<div class=\"elementor-widget-container\">\n\t\t\t\t\t<div class=\"elementor-icon-wrapper\">\n\t\t\t<a class=\"elementor-icon\" href=\"http:\/\/www.diegodevallejo.com\">\n\t\t\t<i aria-hidden=\"true\" class=\"jki jki-newspaper-solid\"><\/i>\t\t\t<\/a>\n\t\t<\/div>\n\t\t\t\t<\/div>\n\t\t\t\t<\/div>\n\t\t\t\t\t<\/div>\n\t\t<\/div>\n\t\t\t\t<div class=\"elementor-column elementor-col-50 elementor-inner-column elementor-element elementor-element-6ad6e97\" data-id=\"6ad6e97\" data-element_type=\"column\">\n\t\t\t<div class=\"elementor-widget-wrap\">\n\t\t\t\t\t\t\t\t\t<\/div>\n\t\t<\/div>\n\t\t\t\t\t\t\t<\/div>\n\t\t<\/section>\n\t\t\t\t\t<\/div>\n\t\t<\/div>\n\t\t\t\t<div class=\"elementor-column elementor-col-33 elementor-top-column elementor-element elementor-element-f26390e\" data-id=\"f26390e\" data-element_type=\"column\">\n\t\t\t<div class=\"elementor-widget-wrap elementor-element-populated\">\n\t\t\t\t\t\t\t\t<div class=\"elementor-element elementor-element-5f4b438 elementor-widget elementor-widget-text-editor\" data-id=\"5f4b438\" data-element_type=\"widget\" data-widget_type=\"text-editor.default\">\n\t\t\t\t<div class=\"elementor-widget-container\">\n\t\t\t\t\t\t\t<p>Inauguro web con mis cursos, mis talleres y mi cat\u00e1logo de productos formativos. \u00a1Qu\u00e9 bien! Gracias a Conexiono ingenier\u00eda tecnol\u00f3gica SL que me han estado echando una mano, he conseguido resumir todas las cosas que pretend\u00eda. Las redes sociales est\u00e1n bien para teneros entretenidos pero en ellas no es f\u00e1cil ordenar los diferentes proyectos en los que trabajo de forma simult\u00e1nea. \u00a1Nunca m\u00e1s! Ya tengo web propia.<\/p>\t\t\t\t\t\t<\/div>\n\t\t\t\t<\/div>\n\t\t\t\t\t<\/div>\n\t\t<\/div>\n\t\t\t\t\t\t\t<\/div>\n\t\t<\/section>\n\t\t\t\t<section class=\"elementor-section elementor-top-section elementor-element elementor-element-9590328 elementor-section-boxed elementor-section-height-default elementor-section-height-default\" data-id=\"9590328\" data-element_type=\"section\">\n\t\t\t\t\t\t<div class=\"elementor-container elementor-column-gap-default\">\n\t\t\t\t\t<div class=\"elementor-column elementor-col-33 elementor-top-column elementor-element elementor-element-6209b75\" data-id=\"6209b75\" data-element_type=\"column\">\n\t\t\t<div class=\"elementor-widget-wrap elementor-element-populated\">\n\t\t\t\t\t\t\t\t<div class=\"elementor-element elementor-element-edeecc3 elementor-widget elementor-widget-image\" data-id=\"edeecc3\" data-element_type=\"widget\" data-widget_type=\"image.default\">\n\t\t\t\t<div class=\"elementor-widget-container\">\n\t\t\t\t\t\t\t\t\t\t\t\t\t\t\t<img width=\"750\" height=\"480\" src=\"https:\/\/diegodevallejo.com\/wp-content\/uploads\/2023\/05\/revista-vivir-en-cantabria-cetaceos-del-cantabrico-diego-de-vallejo-diegodevallejo-laredo-cantabria-1024x655.jpg\" class=\"attachment-large size-large wp-image-1353\" alt=\"\" decoding=\"async\" loading=\"lazy\" srcset=\"https:\/\/diegodevallejo.com\/wp-content\/uploads\/2023\/05\/revista-vivir-en-cantabria-cetaceos-del-cantabrico-diego-de-vallejo-diegodevallejo-laredo-cantabria-1024x655.jpg 1024w, https:\/\/diegodevallejo.com\/wp-content\/uploads\/2023\/05\/revista-vivir-en-cantabria-cetaceos-del-cantabrico-diego-de-vallejo-diegodevallejo-laredo-cantabria-300x192.jpg 300w, https:\/\/diegodevallejo.com\/wp-content\/uploads\/2023\/05\/revista-vivir-en-cantabria-cetaceos-del-cantabrico-diego-de-vallejo-diegodevallejo-laredo-cantabria-768x491.jpg 768w, https:\/\/diegodevallejo.com\/wp-content\/uploads\/2023\/05\/revista-vivir-en-cantabria-cetaceos-del-cantabrico-diego-de-vallejo-diegodevallejo-laredo-cantabria.jpg 1200w\" sizes=\"(max-width: 750px) 100vw, 750px\" style=\"width:100%;height:63.92%;max-width:1200px\" \/>\t\t\t\t\t\t\t\t\t\t\t\t\t\t\t<\/div>\n\t\t\t\t<\/div>\n\t\t\t\t\t<\/div>\n\t\t<\/div>\n\t\t\t\t<div class=\"elementor-column elementor-col-33 elementor-top-column elementor-element elementor-element-baeb5a6\" data-id=\"baeb5a6\" data-element_type=\"column\">\n\t\t\t<div class=\"elementor-widget-wrap elementor-element-populated\">\n\t\t\t\t\t\t\t\t<div class=\"elementor-element elementor-element-2408fee elementor-invisible elementor-widget elementor-widget-heading\" data-id=\"2408fee\" data-element_type=\"widget\" data-settings=\"{&quot;_animation&quot;:&quot;zoomIn&quot;}\" data-widget_type=\"heading.default\">\n\t\t\t\t<div class=\"elementor-widget-container\">\n\t\t\t<h4 class=\"elementor-heading-title elementor-size-default\">Publico reportaje sobre los cet\u00e1ceos \u00a1en una revista de sociedad!<\/h4>\t\t<\/div>\n\t\t\t\t<\/div>\n\t\t\t\t<section class=\"elementor-section elementor-inner-section elementor-element elementor-element-f941ecc elementor-section-boxed elementor-section-height-default elementor-section-height-default\" data-id=\"f941ecc\" data-element_type=\"section\">\n\t\t\t\t\t\t<div class=\"elementor-container elementor-column-gap-default\">\n\t\t\t\t\t<div class=\"elementor-column elementor-col-100 elementor-inner-column elementor-element elementor-element-29ece9e\" data-id=\"29ece9e\" data-element_type=\"column\">\n\t\t\t<div class=\"elementor-widget-wrap elementor-element-populated\">\n\t\t\t\t\t\t\t\t<div class=\"elementor-element elementor-element-9ba9fc9 elementor-invisible elementor-widget elementor-widget-text-editor\" data-id=\"9ba9fc9\" data-element_type=\"widget\" data-settings=\"{&quot;_animation&quot;:&quot;fadeInUp&quot;,&quot;_animation_delay&quot;:200}\" data-widget_type=\"text-editor.default\">\n\t\t\t\t<div class=\"elementor-widget-container\">\n\t\t\t\t\t\t\t<p><b>Revista &#8220;Vivir en Cantabria&#8221;<\/b><\/p>\t\t\t\t\t\t<\/div>\n\t\t\t\t<\/div>\n\t\t\t\t\t<\/div>\n\t\t<\/div>\n\t\t\t\t\t\t\t<\/div>\n\t\t<\/section>\n\t\t\t\t<section class=\"elementor-section elementor-inner-section elementor-element elementor-element-7c73a99 elementor-section-boxed elementor-section-height-default elementor-section-height-default\" data-id=\"7c73a99\" data-element_type=\"section\">\n\t\t\t\t\t\t<div class=\"elementor-container elementor-column-gap-default\">\n\t\t\t\t\t<div class=\"elementor-column elementor-col-50 elementor-inner-column elementor-element elementor-element-0a9299d\" data-id=\"0a9299d\" data-element_type=\"column\">\n\t\t\t<div class=\"elementor-widget-wrap elementor-element-populated\">\n\t\t\t\t\t\t\t\t<div class=\"elementor-element elementor-element-885b0ff elementor-widget__width-initial elementor-view-default elementor-invisible elementor-widget elementor-widget-icon\" data-id=\"885b0ff\" data-element_type=\"widget\" data-settings=\"{&quot;_animation&quot;:&quot;zoomIn&quot;,&quot;_animation_delay&quot;:500}\" data-widget_type=\"icon.default\">\n\t\t\t\t<div class=\"elementor-widget-container\">\n\t\t\t\t\t<div class=\"elementor-icon-wrapper\">\n\t\t\t<a class=\"elementor-icon\" href=\"https:\/\/www.facebook.com\/Potyambienturas\/posts\/pfbid0dth4TaisVxrUHsTa8BwLJquFwSECLmCyqw3c7rsciui7F79haFvR6jDWzggSYnbsl\">\n\t\t\t<i aria-hidden=\"true\" class=\"icon icon-social-share\"><\/i>\t\t\t<\/a>\n\t\t<\/div>\n\t\t\t\t<\/div>\n\t\t\t\t<\/div>\n\t\t\t\t\t<\/div>\n\t\t<\/div>\n\t\t\t\t<div class=\"elementor-column elementor-col-50 elementor-inner-column elementor-element elementor-element-3317314\" data-id=\"3317314\" data-element_type=\"column\">\n\t\t\t<div class=\"elementor-widget-wrap\">\n\t\t\t\t\t\t\t\t\t<\/div>\n\t\t<\/div>\n\t\t\t\t\t\t\t<\/div>\n\t\t<\/section>\n\t\t\t\t\t<\/div>\n\t\t<\/div>\n\t\t\t\t<div class=\"elementor-column elementor-col-33 elementor-top-column elementor-element elementor-element-0b2c6c4\" data-id=\"0b2c6c4\" data-element_type=\"column\">\n\t\t\t<div class=\"elementor-widget-wrap elementor-element-populated\">\n\t\t\t\t\t\t\t\t<div class=\"elementor-element elementor-element-4b8334e elementor-widget elementor-widget-text-editor\" data-id=\"4b8334e\" data-element_type=\"widget\" data-widget_type=\"text-editor.default\">\n\t\t\t\t<div class=\"elementor-widget-container\">\n\t\t\t\t\t\t\t<p>Nunca est\u00e1 de m\u00e1s que te publiquen un art\u00edculo en una revista y si encima es un reportaje de varias p\u00e1ginas y con algunas de las fotograf\u00edas m\u00e1s alucinantes del proyecto, mucho mejor. De nuevo, la revista &#8220;Vivir en Cantabria&#8221; hace eco del proyecto de Cet\u00e1ceos del Cant\u00e1brico, llegan a un p\u00fablico que no siempre est\u00e1 en las redes sociales. \u00a1Muchas gracias!<\/p>\t\t\t\t\t\t<\/div>\n\t\t\t\t<\/div>\n\t\t\t\t\t<\/div>\n\t\t<\/div>\n\t\t\t\t\t\t\t<\/div>\n\t\t<\/section>\n\t\t\t\t<section class=\"elementor-section elementor-top-section elementor-element elementor-element-5d60a78 elementor-section-boxed elementor-section-height-default elementor-section-height-default\" data-id=\"5d60a78\" data-element_type=\"section\">\n\t\t\t\t\t\t<div class=\"elementor-container elementor-column-gap-default\">\n\t\t\t\t\t<div class=\"elementor-column elementor-col-33 elementor-top-column elementor-element elementor-element-b8b7a05\" data-id=\"b8b7a05\" data-element_type=\"column\">\n\t\t\t<div class=\"elementor-widget-wrap elementor-element-populated\">\n\t\t\t\t\t\t\t\t<div class=\"elementor-element elementor-element-6f35291 elementor-widget elementor-widget-image\" data-id=\"6f35291\" data-element_type=\"widget\" data-widget_type=\"image.default\">\n\t\t\t\t<div class=\"elementor-widget-container\">\n\t\t\t\t\t\t\t\t\t\t\t\t\t\t\t<img width=\"750\" height=\"480\" src=\"https:\/\/diegodevallejo.com\/wp-content\/uploads\/2023\/05\/ampa-los-puentes-poty-ambienturas-educacion-ambiental-naturaleza-ceip-los-puentes-lospuentescolindres-lospuentes-colindres-potypoty-aventuras-diegodevallejo-diego-de-vallejo-perez-1024x655.jpg\" class=\"attachment-large size-large wp-image-1436\" alt=\"\" decoding=\"async\" loading=\"lazy\" srcset=\"https:\/\/diegodevallejo.com\/wp-content\/uploads\/2023\/05\/ampa-los-puentes-poty-ambienturas-educacion-ambiental-naturaleza-ceip-los-puentes-lospuentescolindres-lospuentes-colindres-potypoty-aventuras-diegodevallejo-diego-de-vallejo-perez-1024x655.jpg 1024w, https:\/\/diegodevallejo.com\/wp-content\/uploads\/2023\/05\/ampa-los-puentes-poty-ambienturas-educacion-ambiental-naturaleza-ceip-los-puentes-lospuentescolindres-lospuentes-colindres-potypoty-aventuras-diegodevallejo-diego-de-vallejo-perez-300x192.jpg 300w, https:\/\/diegodevallejo.com\/wp-content\/uploads\/2023\/05\/ampa-los-puentes-poty-ambienturas-educacion-ambiental-naturaleza-ceip-los-puentes-lospuentescolindres-lospuentes-colindres-potypoty-aventuras-diegodevallejo-diego-de-vallejo-perez-768x491.jpg 768w, https:\/\/diegodevallejo.com\/wp-content\/uploads\/2023\/05\/ampa-los-puentes-poty-ambienturas-educacion-ambiental-naturaleza-ceip-los-puentes-lospuentescolindres-lospuentes-colindres-potypoty-aventuras-diegodevallejo-diego-de-vallejo-perez.jpg 1200w\" sizes=\"(max-width: 750px) 100vw, 750px\" style=\"width:100%;height:63.92%;max-width:1200px\" \/>\t\t\t\t\t\t\t\t\t\t\t\t\t\t\t<\/div>\n\t\t\t\t<\/div>\n\t\t\t\t\t<\/div>\n\t\t<\/div>\n\t\t\t\t<div class=\"elementor-column elementor-col-33 elementor-top-column elementor-element elementor-element-0eb703b\" data-id=\"0eb703b\" data-element_type=\"column\">\n\t\t\t<div class=\"elementor-widget-wrap elementor-element-populated\">\n\t\t\t\t\t\t\t\t<div class=\"elementor-element elementor-element-5b385e7 elementor-invisible elementor-widget elementor-widget-heading\" data-id=\"5b385e7\" data-element_type=\"widget\" data-settings=\"{&quot;_animation&quot;:&quot;zoomIn&quot;}\" data-widget_type=\"heading.default\">\n\t\t\t\t<div class=\"elementor-widget-container\">\n\t\t\t<h4 class=\"elementor-heading-title elementor-size-default\">Desarrollo unas jornadas medio ambientales para un AMPA de Colindres<\/h4>\t\t<\/div>\n\t\t\t\t<\/div>\n\t\t\t\t<section class=\"elementor-section elementor-inner-section elementor-element elementor-element-6cfd5c7 elementor-section-boxed elementor-section-height-default elementor-section-height-default\" data-id=\"6cfd5c7\" data-element_type=\"section\">\n\t\t\t\t\t\t<div class=\"elementor-container elementor-column-gap-default\">\n\t\t\t\t\t<div class=\"elementor-column elementor-col-100 elementor-inner-column elementor-element elementor-element-71eee28\" data-id=\"71eee28\" data-element_type=\"column\">\n\t\t\t<div class=\"elementor-widget-wrap elementor-element-populated\">\n\t\t\t\t\t\t\t\t<div class=\"elementor-element elementor-element-692666e elementor-invisible elementor-widget elementor-widget-text-editor\" data-id=\"692666e\" data-element_type=\"widget\" data-settings=\"{&quot;_animation&quot;:&quot;fadeInUp&quot;,&quot;_animation_delay&quot;:200}\" data-widget_type=\"text-editor.default\">\n\t\t\t\t<div class=\"elementor-widget-container\">\n\t\t\t\t\t\t\t<p><strong>AMPA CEIP Los Puentes, Colindres<\/strong><\/p>\t\t\t\t\t\t<\/div>\n\t\t\t\t<\/div>\n\t\t\t\t\t<\/div>\n\t\t<\/div>\n\t\t\t\t\t\t\t<\/div>\n\t\t<\/section>\n\t\t\t\t<section class=\"elementor-section elementor-inner-section elementor-element elementor-element-c5e8afb elementor-section-boxed elementor-section-height-default elementor-section-height-default\" data-id=\"c5e8afb\" data-element_type=\"section\">\n\t\t\t\t\t\t<div class=\"elementor-container elementor-column-gap-default\">\n\t\t\t\t\t<div class=\"elementor-column elementor-col-50 elementor-inner-column elementor-element elementor-element-c729fad\" data-id=\"c729fad\" data-element_type=\"column\">\n\t\t\t<div class=\"elementor-widget-wrap elementor-element-populated\">\n\t\t\t\t\t\t\t\t<div class=\"elementor-element elementor-element-15c6e62 elementor-widget__width-initial elementor-view-default elementor-invisible elementor-widget elementor-widget-icon\" data-id=\"15c6e62\" data-element_type=\"widget\" data-settings=\"{&quot;_animation&quot;:&quot;zoomIn&quot;,&quot;_animation_delay&quot;:500}\" data-widget_type=\"icon.default\">\n\t\t\t\t<div class=\"elementor-widget-container\">\n\t\t\t\t\t<div class=\"elementor-icon-wrapper\">\n\t\t\t<a class=\"elementor-icon\" href=\"https:\/\/www.facebook.com\/Potyambienturas\/posts\/pfbid0XANhkUwTM4DKBZm2y2gQo61sdH6Z6ALcMEHhhbXGd9YC1aPGPqCGpaXVueghpLval\">\n\t\t\t<i aria-hidden=\"true\" class=\"icon icon-social-share\"><\/i>\t\t\t<\/a>\n\t\t<\/div>\n\t\t\t\t<\/div>\n\t\t\t\t<\/div>\n\t\t\t\t<div class=\"elementor-element elementor-element-f4481c4 elementor-widget__width-initial elementor-view-framed elementor-shape-circle elementor-invisible elementor-widget elementor-widget-icon\" data-id=\"f4481c4\" data-element_type=\"widget\" data-settings=\"{&quot;_animation&quot;:&quot;zoomIn&quot;,&quot;_animation_delay&quot;:500}\" data-widget_type=\"icon.default\">\n\t\t\t\t<div class=\"elementor-widget-container\">\n\t\t\t\t\t<div class=\"elementor-icon-wrapper\">\n\t\t\t<a class=\"elementor-icon\" href=\"https:\/\/www.facebook.com\/permalink.php?story_fbid=pfbid0ptNQ6CG26H2k4dUZaktbPYrcWR3RcogY9s7AUoN8WVLJyc3MhiTp83k2puznRazul&#038;id=100057060445278\">\n\t\t\t<i aria-hidden=\"true\" class=\"jki jki-newspaper-solid\"><\/i>\t\t\t<\/a>\n\t\t<\/div>\n\t\t\t\t<\/div>\n\t\t\t\t<\/div>\n\t\t\t\t\t<\/div>\n\t\t<\/div>\n\t\t\t\t<div class=\"elementor-column elementor-col-50 elementor-inner-column elementor-element elementor-element-a15c748\" data-id=\"a15c748\" data-element_type=\"column\">\n\t\t\t<div class=\"elementor-widget-wrap\">\n\t\t\t\t\t\t\t\t\t<\/div>\n\t\t<\/div>\n\t\t\t\t\t\t\t<\/div>\n\t\t<\/section>\n\t\t\t\t\t<\/div>\n\t\t<\/div>\n\t\t\t\t<div class=\"elementor-column elementor-col-33 elementor-top-column elementor-element elementor-element-169b808\" data-id=\"169b808\" data-element_type=\"column\">\n\t\t\t<div class=\"elementor-widget-wrap elementor-element-populated\">\n\t\t\t\t\t\t\t\t<div class=\"elementor-element elementor-element-2e261b3 elementor-widget elementor-widget-text-editor\" data-id=\"2e261b3\" data-element_type=\"widget\" data-widget_type=\"text-editor.default\">\n\t\t\t\t<div class=\"elementor-widget-container\">\n\t\t\t\t\t\t\t<p><span style=\"color: var( --e-global-color-text ); font-family: var( --e-global-typography-text-font-family ), Sans-serif; font-size: var( --e-global-typography-text-font-size ); font-weight: var( --e-global-typography-text-font-weight );\">Menudas madres y padres m\u00e1s motivados por la naturaleza. \u00a1Da gusto! Se han entregado en cuerpo y alma para conseguir apoyo y financiaci\u00f3n de la Consejer\u00eda de Educaci\u00f3n y Formaci\u00f3n Profesional as\u00ed como <\/span><span style=\"color: var( --e-global-color-text ); font-family: var( --e-global-typography-text-font-family ), Sans-serif; font-size: var( --e-global-typography-text-font-size ); font-weight: var( --e-global-typography-text-font-weight );\">del Ayuntamiento de su pueblo.&nbsp;<\/span><\/p>\n<p>Gracias a ello, cada semana del mes de mayo hemos realizado un taller diferente. Han resultado un grupo de estudiantes de edades muy dispares pero muy unido. Cajas nido, egagr\u00f3pilas, las marismas en el aula&#8230; todo.<span style=\"color: var( --e-global-color-text ); font-family: var( --e-global-typography-text-font-family ), Sans-serif; font-size: var( --e-global-typography-text-font-size ); font-weight: var( --e-global-typography-text-font-weight );\"><br><\/span><\/p>\t\t\t\t\t\t<\/div>\n\t\t\t\t<\/div>\n\t\t\t\t\t<\/div>\n\t\t<\/div>\n\t\t\t\t\t\t\t<\/div>\n\t\t<\/section>\n\t\t\t\t<section class=\"elementor-section elementor-top-section elementor-element elementor-element-df9570e elementor-section-boxed elementor-section-height-default elementor-section-height-default\" data-id=\"df9570e\" data-element_type=\"section\">\n\t\t\t\t\t\t<div class=\"elementor-container elementor-column-gap-default\">\n\t\t\t\t\t<div class=\"elementor-column elementor-col-100 elementor-top-column elementor-element elementor-element-3815151\" data-id=\"3815151\" data-element_type=\"column\">\n\t\t\t<div class=\"elementor-widget-wrap elementor-element-populated\">\n\t\t\t\t\t\t\t\t<div class=\"elementor-element elementor-element-fe6ed83 elementor-widget elementor-widget-heading\" data-id=\"fe6ed83\" data-element_type=\"widget\" data-widget_type=\"heading.default\">\n\t\t\t\t<div class=\"elementor-widget-container\">\n\t\t\t<h3 class=\"elementor-heading-title elementor-size-default\">Abril 2023<\/h3>\t\t<\/div>\n\t\t\t\t<\/div>\n\t\t\t\t\t<\/div>\n\t\t<\/div>\n\t\t\t\t\t\t\t<\/div>\n\t\t<\/section>\n\t\t\t\t<section class=\"elementor-section elementor-top-section elementor-element elementor-element-1280461 elementor-section-boxed elementor-section-height-default elementor-section-height-default\" data-id=\"1280461\" data-element_type=\"section\">\n\t\t\t\t\t\t<div class=\"elementor-container elementor-column-gap-default\">\n\t\t\t\t\t<div class=\"elementor-column elementor-col-100 elementor-top-column elementor-element elementor-element-71018d9\" data-id=\"71018d9\" data-element_type=\"column\">\n\t\t\t<div class=\"elementor-widget-wrap elementor-element-populated\">\n\t\t\t\t\t\t\t\t<section class=\"elementor-section elementor-inner-section elementor-element elementor-element-2804b69 elementor-section-boxed elementor-section-height-default elementor-section-height-default\" data-id=\"2804b69\" data-element_type=\"section\">\n\t\t\t\t\t\t<div class=\"elementor-container elementor-column-gap-default\">\n\t\t\t\t\t<div class=\"elementor-column elementor-col-50 elementor-inner-column elementor-element elementor-element-ed74336\" data-id=\"ed74336\" data-element_type=\"column\">\n\t\t\t<div class=\"elementor-widget-wrap elementor-element-populated\">\n\t\t\t\t\t\t\t\t<div class=\"elementor-element elementor-element-c7c1d60 elementor-widget elementor-widget-image\" data-id=\"c7c1d60\" data-element_type=\"widget\" data-widget_type=\"image.default\">\n\t\t\t\t<div class=\"elementor-widget-container\">\n\t\t\t\t\t\t\t\t\t\t\t\t\t\t\t<img width=\"750\" height=\"287\" src=\"https:\/\/diegodevallejo.com\/wp-content\/uploads\/2023\/05\/cajas-nido-de-lechuzas-tipos-de-cajas-nido-como-hacer-una-casa-para-pajaros-aves-rapaces-cajas-nido-para-rapaces-1024x392.jpg\" class=\"attachment-large size-large wp-image-957\" alt=\"\" decoding=\"async\" loading=\"lazy\" srcset=\"https:\/\/diegodevallejo.com\/wp-content\/uploads\/2023\/05\/cajas-nido-de-lechuzas-tipos-de-cajas-nido-como-hacer-una-casa-para-pajaros-aves-rapaces-cajas-nido-para-rapaces-1024x392.jpg 1024w, https:\/\/diegodevallejo.com\/wp-content\/uploads\/2023\/05\/cajas-nido-de-lechuzas-tipos-de-cajas-nido-como-hacer-una-casa-para-pajaros-aves-rapaces-cajas-nido-para-rapaces-300x115.jpg 300w, https:\/\/diegodevallejo.com\/wp-content\/uploads\/2023\/05\/cajas-nido-de-lechuzas-tipos-de-cajas-nido-como-hacer-una-casa-para-pajaros-aves-rapaces-cajas-nido-para-rapaces-768x294.jpg 768w, https:\/\/diegodevallejo.com\/wp-content\/uploads\/2023\/05\/cajas-nido-de-lechuzas-tipos-de-cajas-nido-como-hacer-una-casa-para-pajaros-aves-rapaces-cajas-nido-para-rapaces-1536x588.jpg 1536w, https:\/\/diegodevallejo.com\/wp-content\/uploads\/2023\/05\/cajas-nido-de-lechuzas-tipos-de-cajas-nido-como-hacer-una-casa-para-pajaros-aves-rapaces-cajas-nido-para-rapaces-1568x601.jpg 1568w, https:\/\/diegodevallejo.com\/wp-content\/uploads\/2023\/05\/cajas-nido-de-lechuzas-tipos-de-cajas-nido-como-hacer-una-casa-para-pajaros-aves-rapaces-cajas-nido-para-rapaces.jpg 1880w\" sizes=\"(max-width: 750px) 100vw, 750px\" style=\"width:100%;height:38.3%;max-width:1880px\" \/>\t\t\t\t\t\t\t\t\t\t\t\t\t\t\t<\/div>\n\t\t\t\t<\/div>\n\t\t\t\t\t<\/div>\n\t\t<\/div>\n\t\t\t\t<div class=\"elementor-column elementor-col-50 elementor-inner-column elementor-element elementor-element-52aedef\" data-id=\"52aedef\" data-element_type=\"column\">\n\t\t\t<div class=\"elementor-widget-wrap elementor-element-populated\">\n\t\t\t\t\t\t\t\t<div class=\"elementor-element elementor-element-5d1a139 elementor-invisible elementor-widget elementor-widget-heading\" data-id=\"5d1a139\" data-element_type=\"widget\" data-settings=\"{&quot;_animation&quot;:&quot;zoomIn&quot;}\" data-widget_type=\"heading.default\">\n\t\t\t\t<div class=\"elementor-widget-container\">\n\t\t\t<h3 class=\"elementor-heading-title elementor-size-default\">Reportaje sobre el poder educativo de las cajas nido de lechuzas<\/h3>\t\t<\/div>\n\t\t\t\t<\/div>\n\t\t\t\t<div class=\"elementor-element elementor-element-47a55c9 elementor-view-framed animated-slow elementor-shape-circle elementor-invisible elementor-widget elementor-widget-icon\" data-id=\"47a55c9\" data-element_type=\"widget\" data-settings=\"{&quot;_animation&quot;:&quot;fadeIn&quot;,&quot;_animation_delay&quot;:500}\" data-widget_type=\"icon.default\">\n\t\t\t\t<div class=\"elementor-widget-container\">\n\t\t\t\t\t<div class=\"elementor-icon-wrapper\">\n\t\t\t<a class=\"elementor-icon\" href=\"https:\/\/youtu.be\/0gaB3XpsjCA\">\n\t\t\t<i aria-hidden=\"true\" class=\"fab fa-youtube\"><\/i>\t\t\t<\/a>\n\t\t<\/div>\n\t\t\t\t<\/div>\n\t\t\t\t<\/div>\n\t\t\t\t<div class=\"elementor-element elementor-element-d9767d8 elementor-widget elementor-widget-text-editor\" data-id=\"d9767d8\" data-element_type=\"widget\" data-widget_type=\"text-editor.default\">\n\t\t\t\t<div class=\"elementor-widget-container\">\n\t\t\t\t\t\t\t<p>Ya he terminado el cap\u00edtulo 4 de la secci\u00f3n de reportajes sobre cajas nido, desarrollada con el patrocinio de la Consejer\u00eda de Desarrollo Rural, Ganader\u00eda, Pesca, Alimentaci\u00f3n y Medio Ambiente de Gobierno de Cantabria.\u00a0<\/p>\t\t\t\t\t\t<\/div>\n\t\t\t\t<\/div>\n\t\t\t\t\t<\/div>\n\t\t<\/div>\n\t\t\t\t\t\t\t<\/div>\n\t\t<\/section>\n\t\t\t\t\t<\/div>\n\t\t<\/div>\n\t\t\t\t\t\t\t<\/div>\n\t\t<\/section>\n\t\t\t\t<section class=\"elementor-section elementor-top-section elementor-element elementor-element-dcb8015 elementor-section-boxed elementor-section-height-default elementor-section-height-default\" data-id=\"dcb8015\" data-element_type=\"section\">\n\t\t\t\t\t\t<div class=\"elementor-container elementor-column-gap-default\">\n\t\t\t\t\t<div class=\"elementor-column elementor-col-33 elementor-top-column elementor-element elementor-element-93c354c\" data-id=\"93c354c\" data-element_type=\"column\">\n\t\t\t<div class=\"elementor-widget-wrap elementor-element-populated\">\n\t\t\t\t\t\t\t\t<div class=\"elementor-element elementor-element-a7b99dd elementor-widget elementor-widget-image\" data-id=\"a7b99dd\" data-element_type=\"widget\" data-widget_type=\"image.default\">\n\t\t\t\t<div class=\"elementor-widget-container\">\n\t\t\t\t\t\t\t\t\t\t\t\t\t\t\t<img width=\"750\" height=\"480\" src=\"https:\/\/diegodevallejo.com\/wp-content\/uploads\/2023\/05\/cetaceos-en-paseo-maritimo-diegodevallejo-diego-de-vallejo-educacion-ambiental-poty-ambienturas-poty-naturaleza-cantabria-cofradia-gac-cantabria-oriental--1024x655.jpg\" class=\"attachment-large size-large wp-image-1348\" alt=\"\" decoding=\"async\" loading=\"lazy\" srcset=\"https:\/\/diegodevallejo.com\/wp-content\/uploads\/2023\/05\/cetaceos-en-paseo-maritimo-diegodevallejo-diego-de-vallejo-educacion-ambiental-poty-ambienturas-poty-naturaleza-cantabria-cofradia-gac-cantabria-oriental--1024x655.jpg 1024w, https:\/\/diegodevallejo.com\/wp-content\/uploads\/2023\/05\/cetaceos-en-paseo-maritimo-diegodevallejo-diego-de-vallejo-educacion-ambiental-poty-ambienturas-poty-naturaleza-cantabria-cofradia-gac-cantabria-oriental--300x192.jpg 300w, https:\/\/diegodevallejo.com\/wp-content\/uploads\/2023\/05\/cetaceos-en-paseo-maritimo-diegodevallejo-diego-de-vallejo-educacion-ambiental-poty-ambienturas-poty-naturaleza-cantabria-cofradia-gac-cantabria-oriental--768x491.jpg 768w, https:\/\/diegodevallejo.com\/wp-content\/uploads\/2023\/05\/cetaceos-en-paseo-maritimo-diegodevallejo-diego-de-vallejo-educacion-ambiental-poty-ambienturas-poty-naturaleza-cantabria-cofradia-gac-cantabria-oriental-.jpg 1200w\" sizes=\"(max-width: 750px) 100vw, 750px\" style=\"width:100%;height:63.92%;max-width:1200px\" \/>\t\t\t\t\t\t\t\t\t\t\t\t\t\t\t<\/div>\n\t\t\t\t<\/div>\n\t\t\t\t\t<\/div>\n\t\t<\/div>\n\t\t\t\t<div class=\"elementor-column elementor-col-33 elementor-top-column elementor-element elementor-element-2878ca3\" data-id=\"2878ca3\" data-element_type=\"column\">\n\t\t\t<div class=\"elementor-widget-wrap elementor-element-populated\">\n\t\t\t\t\t\t\t\t<div class=\"elementor-element elementor-element-3abdff6 elementor-invisible elementor-widget elementor-widget-heading\" data-id=\"3abdff6\" data-element_type=\"widget\" data-settings=\"{&quot;_animation&quot;:&quot;zoomIn&quot;}\" data-widget_type=\"heading.default\">\n\t\t\t\t<div class=\"elementor-widget-container\">\n\t\t\t<h4 class=\"elementor-heading-title elementor-size-default\">Saco los cet\u00e1ceos al paseo mar\u00edtimo en Semana Santa e impacta mucho en la prensa<\/h4>\t\t<\/div>\n\t\t\t\t<\/div>\n\t\t\t\t<section class=\"elementor-section elementor-inner-section elementor-element elementor-element-0b02ba3 elementor-section-boxed elementor-section-height-default elementor-section-height-default\" data-id=\"0b02ba3\" data-element_type=\"section\">\n\t\t\t\t\t\t<div class=\"elementor-container elementor-column-gap-default\">\n\t\t\t\t\t<div class=\"elementor-column elementor-col-100 elementor-inner-column elementor-element elementor-element-61cac2a\" data-id=\"61cac2a\" data-element_type=\"column\">\n\t\t\t<div class=\"elementor-widget-wrap elementor-element-populated\">\n\t\t\t\t\t\t\t\t<div class=\"elementor-element elementor-element-c588775 elementor-invisible elementor-widget elementor-widget-text-editor\" data-id=\"c588775\" data-element_type=\"widget\" data-settings=\"{&quot;_animation&quot;:&quot;fadeInUp&quot;,&quot;_animation_delay&quot;:200}\" data-widget_type=\"text-editor.default\">\n\t\t\t\t<div class=\"elementor-widget-container\">\n\t\t\t\t\t\t\t<p><strong>Reportaje en v\u00eddeo del periodista Javier Gonz\u00e1lez<\/strong><\/p>\t\t\t\t\t\t<\/div>\n\t\t\t\t<\/div>\n\t\t\t\t\t<\/div>\n\t\t<\/div>\n\t\t\t\t\t\t\t<\/div>\n\t\t<\/section>\n\t\t\t\t<section class=\"elementor-section elementor-inner-section elementor-element elementor-element-2362770 elementor-section-boxed elementor-section-height-default elementor-section-height-default\" data-id=\"2362770\" data-element_type=\"section\">\n\t\t\t\t\t\t<div class=\"elementor-container elementor-column-gap-default\">\n\t\t\t\t\t<div class=\"elementor-column elementor-col-50 elementor-inner-column elementor-element elementor-element-8c505cd\" data-id=\"8c505cd\" data-element_type=\"column\">\n\t\t\t<div class=\"elementor-widget-wrap elementor-element-populated\">\n\t\t\t\t\t\t\t\t<div class=\"elementor-element elementor-element-fd3650a elementor-widget__width-initial elementor-view-default elementor-invisible elementor-widget elementor-widget-icon\" data-id=\"fd3650a\" data-element_type=\"widget\" data-settings=\"{&quot;_animation&quot;:&quot;zoomIn&quot;,&quot;_animation_delay&quot;:500}\" data-widget_type=\"icon.default\">\n\t\t\t\t<div class=\"elementor-widget-container\">\n\t\t\t\t\t<div class=\"elementor-icon-wrapper\">\n\t\t\t<a class=\"elementor-icon\" href=\"https:\/\/www.facebook.com\/Potyambienturas\/posts\/pfbid02EkcBhmtKLWUbHKLhAGpoBkE2a4qcVw1caEin4XDXdf6HwZEGZVi1rVa5kPjZYsRYl\">\n\t\t\t<i aria-hidden=\"true\" class=\"icon icon-social-share\"><\/i>\t\t\t<\/a>\n\t\t<\/div>\n\t\t\t\t<\/div>\n\t\t\t\t<\/div>\n\t\t\t\t<div class=\"elementor-element elementor-element-3e6f429 elementor-widget__width-initial elementor-view-framed elementor-shape-circle elementor-invisible elementor-widget elementor-widget-icon\" data-id=\"3e6f429\" data-element_type=\"widget\" data-settings=\"{&quot;_animation&quot;:&quot;zoomIn&quot;,&quot;_animation_delay&quot;:500}\" data-widget_type=\"icon.default\">\n\t\t\t\t<div class=\"elementor-widget-container\">\n\t\t\t\t\t<div class=\"elementor-icon-wrapper\">\n\t\t\t<a class=\"elementor-icon\" href=\"https:\/\/www.eldiariomontanes.es\/region\/laredo\/proyecto-cetaceos-cantabrico-impacta-paseo-maritimo-pejino-20230410184527-nt.html\">\n\t\t\t<i aria-hidden=\"true\" class=\"jki jki-newspaper-solid\"><\/i>\t\t\t<\/a>\n\t\t<\/div>\n\t\t\t\t<\/div>\n\t\t\t\t<\/div>\n\t\t\t\t\t<\/div>\n\t\t<\/div>\n\t\t\t\t<div class=\"elementor-column elementor-col-50 elementor-inner-column elementor-element elementor-element-5226272\" data-id=\"5226272\" data-element_type=\"column\">\n\t\t\t<div class=\"elementor-widget-wrap elementor-element-populated\">\n\t\t\t\t\t\t\t\t<div class=\"elementor-element elementor-element-84ecfd0 elementor-widget elementor-widget-video\" data-id=\"84ecfd0\" data-element_type=\"widget\" data-settings=\"{&quot;youtube_url&quot;:&quot;https:\\\/\\\/youtu.be\\\/IW7j_Lzp6cg&quot;,&quot;video_type&quot;:&quot;youtube&quot;,&quot;controls&quot;:&quot;yes&quot;}\" data-widget_type=\"video.default\">\n\t\t\t\t<div class=\"elementor-widget-container\">\n\t\t\t\t\t<div class=\"elementor-wrapper elementor-open-inline\">\n\t\t\t<div class=\"elementor-video\"><\/div>\t\t<\/div>\n\t\t\t\t<\/div>\n\t\t\t\t<\/div>\n\t\t\t\t\t<\/div>\n\t\t<\/div>\n\t\t\t\t\t\t\t<\/div>\n\t\t<\/section>\n\t\t\t\t\t<\/div>\n\t\t<\/div>\n\t\t\t\t<div class=\"elementor-column elementor-col-33 elementor-top-column elementor-element elementor-element-2dfe568\" data-id=\"2dfe568\" data-element_type=\"column\">\n\t\t\t<div class=\"elementor-widget-wrap elementor-element-populated\">\n\t\t\t\t\t\t\t\t<div class=\"elementor-element elementor-element-37ba049 elementor-widget elementor-widget-text-editor\" data-id=\"37ba049\" data-element_type=\"widget\" data-widget_type=\"text-editor.default\">\n\t\t\t\t<div class=\"elementor-widget-container\">\n\t\t\t\t\t\t\t<p><span style=\"color: var( --e-global-color-text ); font-family: var( --e-global-typography-text-font-family ), Sans-serif; font-size: var( --e-global-typography-text-font-size ); font-weight: var( --e-global-typography-text-font-weight );\">Una semana santa alucinante. El proyecto qued\u00f3 expuesto a la vista de miles de personas que se acercaron por la playa de Laredo en sus vacaciones de Semana Santa y pasaron por mi puesto informativo. No solo ni\u00f1os se interesaron por conocer qu\u00e9 especies de cet\u00e1ceos viven en nuestras aguas y cu\u00e1les son sus caracter\u00edsticas. El tiempo acompa\u00f1\u00f3. Eso siempre ayuda cuando uno tiene que dirigirse al p\u00fablico en la calle. \u00a1Repetir\u00eda!\u00a0<\/span><\/p>\t\t\t\t\t\t<\/div>\n\t\t\t\t<\/div>\n\t\t\t\t\t<\/div>\n\t\t<\/div>\n\t\t\t\t\t\t\t<\/div>\n\t\t<\/section>\n\t\t\t\t<section class=\"elementor-section elementor-top-section elementor-element elementor-element-6963183 elementor-section-boxed elementor-section-height-default elementor-section-height-default\" data-id=\"6963183\" data-element_type=\"section\">\n\t\t\t\t\t\t<div class=\"elementor-container elementor-column-gap-default\">\n\t\t\t\t\t<div class=\"elementor-column elementor-col-100 elementor-top-column elementor-element elementor-element-2f66031\" data-id=\"2f66031\" data-element_type=\"column\">\n\t\t\t<div class=\"elementor-widget-wrap elementor-element-populated\">\n\t\t\t\t\t\t\t\t<section class=\"elementor-section elementor-inner-section elementor-element elementor-element-f607bd6 elementor-section-boxed elementor-section-height-default elementor-section-height-default\" data-id=\"f607bd6\" data-element_type=\"section\">\n\t\t\t\t\t\t<div class=\"elementor-container elementor-column-gap-default\">\n\t\t\t\t\t<div class=\"elementor-column elementor-col-50 elementor-inner-column elementor-element elementor-element-531a691\" data-id=\"531a691\" data-element_type=\"column\">\n\t\t\t<div class=\"elementor-widget-wrap elementor-element-populated\">\n\t\t\t\t\t\t\t\t<div class=\"elementor-element elementor-element-ccf4ced elementor-widget elementor-widget-image\" data-id=\"ccf4ced\" data-element_type=\"widget\" data-widget_type=\"image.default\">\n\t\t\t\t<div class=\"elementor-widget-container\">\n\t\t\t\t\t\t\t\t\t\t\t\t\t\t\t<img width=\"750\" height=\"287\" src=\"https:\/\/diegodevallejo.com\/wp-content\/uploads\/2023\/05\/cetaceos-del-cantabrico-diegodevallejo-diego-de-vallejo-ballenas-en-cantabria-cetaceos-de-vizcaya-golfo-de-vizcaya-ballenas-cetaceos-naturaleza-verballenas-1024x392.jpg\" class=\"attachment-large size-large wp-image-1343\" alt=\"\" decoding=\"async\" loading=\"lazy\" srcset=\"https:\/\/diegodevallejo.com\/wp-content\/uploads\/2023\/05\/cetaceos-del-cantabrico-diegodevallejo-diego-de-vallejo-ballenas-en-cantabria-cetaceos-de-vizcaya-golfo-de-vizcaya-ballenas-cetaceos-naturaleza-verballenas-1024x392.jpg 1024w, https:\/\/diegodevallejo.com\/wp-content\/uploads\/2023\/05\/cetaceos-del-cantabrico-diegodevallejo-diego-de-vallejo-ballenas-en-cantabria-cetaceos-de-vizcaya-golfo-de-vizcaya-ballenas-cetaceos-naturaleza-verballenas-300x115.jpg 300w, https:\/\/diegodevallejo.com\/wp-content\/uploads\/2023\/05\/cetaceos-del-cantabrico-diegodevallejo-diego-de-vallejo-ballenas-en-cantabria-cetaceos-de-vizcaya-golfo-de-vizcaya-ballenas-cetaceos-naturaleza-verballenas-768x294.jpg 768w, https:\/\/diegodevallejo.com\/wp-content\/uploads\/2023\/05\/cetaceos-del-cantabrico-diegodevallejo-diego-de-vallejo-ballenas-en-cantabria-cetaceos-de-vizcaya-golfo-de-vizcaya-ballenas-cetaceos-naturaleza-verballenas-1536x588.jpg 1536w, https:\/\/diegodevallejo.com\/wp-content\/uploads\/2023\/05\/cetaceos-del-cantabrico-diegodevallejo-diego-de-vallejo-ballenas-en-cantabria-cetaceos-de-vizcaya-golfo-de-vizcaya-ballenas-cetaceos-naturaleza-verballenas-1568x601.jpg 1568w, https:\/\/diegodevallejo.com\/wp-content\/uploads\/2023\/05\/cetaceos-del-cantabrico-diegodevallejo-diego-de-vallejo-ballenas-en-cantabria-cetaceos-de-vizcaya-golfo-de-vizcaya-ballenas-cetaceos-naturaleza-verballenas.jpg 1880w\" sizes=\"(max-width: 750px) 100vw, 750px\" style=\"width:100%;height:38.3%;max-width:1880px\" \/>\t\t\t\t\t\t\t\t\t\t\t\t\t\t\t<\/div>\n\t\t\t\t<\/div>\n\t\t\t\t\t<\/div>\n\t\t<\/div>\n\t\t\t\t<div class=\"elementor-column elementor-col-50 elementor-inner-column elementor-element elementor-element-f0f9c2d\" data-id=\"f0f9c2d\" data-element_type=\"column\">\n\t\t\t<div class=\"elementor-widget-wrap elementor-element-populated\">\n\t\t\t\t\t\t\t\t<div class=\"elementor-element elementor-element-930c055 elementor-widget elementor-widget-heading\" data-id=\"930c055\" data-element_type=\"widget\" data-widget_type=\"heading.default\">\n\t\t\t\t<div class=\"elementor-widget-container\">\n\t\t\t<h3 class=\"elementor-heading-title elementor-size-default\">Reportaje \"\u00bfPor qu\u00e9 debemos proteger a los cet\u00e1ceos del Cant\u00e1brico?<\/h3>\t\t<\/div>\n\t\t\t\t<\/div>\n\t\t\t\t<div class=\"elementor-element elementor-element-0190dcc elementor-view-framed animated-slow elementor-shape-circle elementor-invisible elementor-widget elementor-widget-icon\" data-id=\"0190dcc\" data-element_type=\"widget\" data-settings=\"{&quot;_animation&quot;:&quot;fadeIn&quot;,&quot;_animation_delay&quot;:500}\" data-widget_type=\"icon.default\">\n\t\t\t\t<div class=\"elementor-widget-container\">\n\t\t\t\t\t<div class=\"elementor-icon-wrapper\">\n\t\t\t<a class=\"elementor-icon\" href=\"https:\/\/youtu.be\/3ZDUpfRAH0E\">\n\t\t\t<i aria-hidden=\"true\" class=\"fab fa-youtube\"><\/i>\t\t\t<\/a>\n\t\t<\/div>\n\t\t\t\t<\/div>\n\t\t\t\t<\/div>\n\t\t\t\t<div class=\"elementor-element elementor-element-51ed038 elementor-widget elementor-widget-text-editor\" data-id=\"51ed038\" data-element_type=\"widget\" data-widget_type=\"text-editor.default\">\n\t\t\t\t<div class=\"elementor-widget-container\">\n\t\t\t\t\t\t\t<p>Ya he terminado el primero de los tres reportajes divulgativos para la Cofrad\u00eda de Pescadores de Laredo, con el apoyo del GAC Cantabria Oriental. Creo que llamar\u00e1 la atenci\u00f3n de las gentes de la mar y de los amantes de la naturaleza. Te gustar\u00e1.\u00a0<\/p>\t\t\t\t\t\t<\/div>\n\t\t\t\t<\/div>\n\t\t\t\t\t<\/div>\n\t\t<\/div>\n\t\t\t\t\t\t\t<\/div>\n\t\t<\/section>\n\t\t\t\t\t<\/div>\n\t\t<\/div>\n\t\t\t\t\t\t\t<\/div>\n\t\t<\/section>\n\t\t\t\t<section class=\"elementor-section elementor-top-section elementor-element elementor-element-026c8a4 elementor-section-boxed elementor-section-height-default elementor-section-height-default\" data-id=\"026c8a4\" data-element_type=\"section\">\n\t\t\t\t\t\t<div class=\"elementor-container elementor-column-gap-default\">\n\t\t\t\t\t<div class=\"elementor-column elementor-col-100 elementor-top-column elementor-element elementor-element-5c1332b\" data-id=\"5c1332b\" data-element_type=\"column\">\n\t\t\t<div class=\"elementor-widget-wrap elementor-element-populated\">\n\t\t\t\t\t\t\t\t<div class=\"elementor-element elementor-element-4955542 elementor-widget elementor-widget-heading\" data-id=\"4955542\" data-element_type=\"widget\" data-widget_type=\"heading.default\">\n\t\t\t\t<div class=\"elementor-widget-container\">\n\t\t\t<h3 class=\"elementor-heading-title elementor-size-default\">Marzo 2023<\/h3>\t\t<\/div>\n\t\t\t\t<\/div>\n\t\t\t\t\t<\/div>\n\t\t<\/div>\n\t\t\t\t\t\t\t<\/div>\n\t\t<\/section>\n\t\t\t\t<section class=\"elementor-section elementor-top-section elementor-element elementor-element-99a408f elementor-section-boxed elementor-section-height-default elementor-section-height-default\" data-id=\"99a408f\" data-element_type=\"section\">\n\t\t\t\t\t\t<div class=\"elementor-container elementor-column-gap-default\">\n\t\t\t\t\t<div class=\"elementor-column elementor-col-33 elementor-top-column elementor-element elementor-element-1a30591\" data-id=\"1a30591\" data-element_type=\"column\">\n\t\t\t<div class=\"elementor-widget-wrap elementor-element-populated\">\n\t\t\t\t\t\t\t\t<div class=\"elementor-element elementor-element-3a0ed17 elementor-widget elementor-widget-image\" data-id=\"3a0ed17\" data-element_type=\"widget\" data-widget_type=\"image.default\">\n\t\t\t\t<div class=\"elementor-widget-container\">\n\t\t\t\t\t\t\t\t\t\t\t\t\t\t\t<img width=\"750\" height=\"480\" src=\"https:\/\/diegodevallejo.com\/wp-content\/uploads\/2023\/05\/ceip-fuente-salin-poty-ambienturas-diegodevallejo-diego-de-vallejo-educacion-ambiental-1024x655.jpg\" class=\"attachment-large size-large wp-image-1450\" alt=\"\" decoding=\"async\" loading=\"lazy\" srcset=\"https:\/\/diegodevallejo.com\/wp-content\/uploads\/2023\/05\/ceip-fuente-salin-poty-ambienturas-diegodevallejo-diego-de-vallejo-educacion-ambiental-1024x655.jpg 1024w, https:\/\/diegodevallejo.com\/wp-content\/uploads\/2023\/05\/ceip-fuente-salin-poty-ambienturas-diegodevallejo-diego-de-vallejo-educacion-ambiental-300x192.jpg 300w, https:\/\/diegodevallejo.com\/wp-content\/uploads\/2023\/05\/ceip-fuente-salin-poty-ambienturas-diegodevallejo-diego-de-vallejo-educacion-ambiental-768x491.jpg 768w, https:\/\/diegodevallejo.com\/wp-content\/uploads\/2023\/05\/ceip-fuente-salin-poty-ambienturas-diegodevallejo-diego-de-vallejo-educacion-ambiental.jpg 1200w\" sizes=\"(max-width: 750px) 100vw, 750px\" style=\"width:100%;height:63.92%;max-width:1200px\" \/>\t\t\t\t\t\t\t\t\t\t\t\t\t\t\t<\/div>\n\t\t\t\t<\/div>\n\t\t\t\t\t<\/div>\n\t\t<\/div>\n\t\t\t\t<div class=\"elementor-column elementor-col-33 elementor-top-column elementor-element elementor-element-ca64fdd\" data-id=\"ca64fdd\" data-element_type=\"column\">\n\t\t\t<div class=\"elementor-widget-wrap elementor-element-populated\">\n\t\t\t\t\t\t\t\t<div class=\"elementor-element elementor-element-069887e elementor-invisible elementor-widget elementor-widget-heading\" data-id=\"069887e\" data-element_type=\"widget\" data-settings=\"{&quot;_animation&quot;:&quot;zoomIn&quot;}\" data-widget_type=\"heading.default\">\n\t\t\t\t<div class=\"elementor-widget-container\">\n\t\t\t<h4 class=\"elementor-heading-title elementor-size-default\">Participo en las jornadas culturales del colegio de Pesu\u00e9s, tambi\u00e9n con infantil.<\/h4>\t\t<\/div>\n\t\t\t\t<\/div>\n\t\t\t\t<section class=\"elementor-section elementor-inner-section elementor-element elementor-element-3df1ebe elementor-section-boxed elementor-section-height-default elementor-section-height-default\" data-id=\"3df1ebe\" data-element_type=\"section\">\n\t\t\t\t\t\t<div class=\"elementor-container elementor-column-gap-default\">\n\t\t\t\t\t<div class=\"elementor-column elementor-col-100 elementor-inner-column elementor-element elementor-element-ac92052\" data-id=\"ac92052\" data-element_type=\"column\">\n\t\t\t<div class=\"elementor-widget-wrap elementor-element-populated\">\n\t\t\t\t\t\t\t\t<div class=\"elementor-element elementor-element-94d3700 elementor-invisible elementor-widget elementor-widget-text-editor\" data-id=\"94d3700\" data-element_type=\"widget\" data-settings=\"{&quot;_animation&quot;:&quot;fadeInUp&quot;,&quot;_animation_delay&quot;:200}\" data-widget_type=\"text-editor.default\">\n\t\t\t\t<div class=\"elementor-widget-container\">\n\t\t\t\t\t\t\t<p><strong>CEIP Fuente Sal\u00edn<\/strong><\/p>\t\t\t\t\t\t<\/div>\n\t\t\t\t<\/div>\n\t\t\t\t\t<\/div>\n\t\t<\/div>\n\t\t\t\t\t\t\t<\/div>\n\t\t<\/section>\n\t\t\t\t<section class=\"elementor-section elementor-inner-section elementor-element elementor-element-e9466da elementor-section-boxed elementor-section-height-default elementor-section-height-default\" data-id=\"e9466da\" data-element_type=\"section\">\n\t\t\t\t\t\t<div class=\"elementor-container elementor-column-gap-default\">\n\t\t\t\t\t<div class=\"elementor-column elementor-col-50 elementor-inner-column elementor-element elementor-element-51216a5\" data-id=\"51216a5\" data-element_type=\"column\">\n\t\t\t<div class=\"elementor-widget-wrap elementor-element-populated\">\n\t\t\t\t\t\t\t\t<div class=\"elementor-element elementor-element-a23a8c3 elementor-widget__width-initial elementor-view-default elementor-invisible elementor-widget elementor-widget-icon\" data-id=\"a23a8c3\" data-element_type=\"widget\" data-settings=\"{&quot;_animation&quot;:&quot;zoomIn&quot;,&quot;_animation_delay&quot;:500}\" data-widget_type=\"icon.default\">\n\t\t\t\t<div class=\"elementor-widget-container\">\n\t\t\t\t\t<div class=\"elementor-icon-wrapper\">\n\t\t\t<a class=\"elementor-icon\" href=\"https:\/\/fb.watch\/kLinsFrt6Y\/\">\n\t\t\t<i aria-hidden=\"true\" class=\"icon icon-social-share\"><\/i>\t\t\t<\/a>\n\t\t<\/div>\n\t\t\t\t<\/div>\n\t\t\t\t<\/div>\n\t\t\t\t<div class=\"elementor-element elementor-element-b229a28 elementor-widget__width-initial elementor-view-framed elementor-shape-circle elementor-invisible elementor-widget elementor-widget-icon\" data-id=\"b229a28\" data-element_type=\"widget\" data-settings=\"{&quot;_animation&quot;:&quot;zoomIn&quot;,&quot;_animation_delay&quot;:500}\" data-widget_type=\"icon.default\">\n\t\t\t\t<div class=\"elementor-widget-container\">\n\t\t\t\t\t<div class=\"elementor-icon-wrapper\">\n\t\t\t<div class=\"elementor-icon\">\n\t\t\t<i aria-hidden=\"true\" class=\"jki jki-newspaper-solid\"><\/i>\t\t\t<\/div>\n\t\t<\/div>\n\t\t\t\t<\/div>\n\t\t\t\t<\/div>\n\t\t\t\t\t<\/div>\n\t\t<\/div>\n\t\t\t\t<div class=\"elementor-column elementor-col-50 elementor-inner-column elementor-element elementor-element-586fdc9\" data-id=\"586fdc9\" data-element_type=\"column\">\n\t\t\t<div class=\"elementor-widget-wrap\">\n\t\t\t\t\t\t\t\t\t<\/div>\n\t\t<\/div>\n\t\t\t\t\t\t\t<\/div>\n\t\t<\/section>\n\t\t\t\t\t<\/div>\n\t\t<\/div>\n\t\t\t\t<div class=\"elementor-column elementor-col-33 elementor-top-column elementor-element elementor-element-e411be1\" data-id=\"e411be1\" data-element_type=\"column\">\n\t\t\t<div class=\"elementor-widget-wrap elementor-element-populated\">\n\t\t\t\t\t\t\t\t<div class=\"elementor-element elementor-element-cd0de6e elementor-widget elementor-widget-text-editor\" data-id=\"cd0de6e\" data-element_type=\"widget\" data-widget_type=\"text-editor.default\">\n\t\t\t\t<div class=\"elementor-widget-container\">\n\t\t\t\t\t\t\t<p>Me llaman desde el otro lado de Cantabria, casi en Asturias, porque quieren conocer la exposici\u00f3n de cajas nido. As\u00ed que para all\u00e1 me fui a trabajar, con la furgoneta cargadita. Es maravilloso enfrentarse a un grupo de alumnos de infantil que suponen un gran reto para todo docente. Adaptar nuestro discurso t\u00e9cnico a las necesidades de los m\u00e1s peque\u00f1os es m\u00e1s dif\u00edcil de lo que parece. Disfruto mucho haci\u00e9ndolo pero necesito dos caf\u00e9s antes.\u00a0\u00a0<\/p>\t\t\t\t\t\t<\/div>\n\t\t\t\t<\/div>\n\t\t\t\t\t<\/div>\n\t\t<\/div>\n\t\t\t\t\t\t\t<\/div>\n\t\t<\/section>\n\t\t\t\t<section class=\"elementor-section elementor-top-section elementor-element elementor-element-8b0ec09 elementor-section-boxed elementor-section-height-default elementor-section-height-default\" data-id=\"8b0ec09\" data-element_type=\"section\">\n\t\t\t\t\t\t<div class=\"elementor-container elementor-column-gap-default\">\n\t\t\t\t\t<div class=\"elementor-column elementor-col-33 elementor-top-column elementor-element elementor-element-46f44ca\" data-id=\"46f44ca\" data-element_type=\"column\">\n\t\t\t<div class=\"elementor-widget-wrap elementor-element-populated\">\n\t\t\t\t\t\t\t\t<div class=\"elementor-element elementor-element-3535bdf elementor-widget elementor-widget-image\" data-id=\"3535bdf\" data-element_type=\"widget\" data-widget_type=\"image.default\">\n\t\t\t\t<div class=\"elementor-widget-container\">\n\t\t\t\t\t\t\t\t\t\t\t\t\t\t\t<img width=\"750\" height=\"480\" src=\"https:\/\/diegodevallejo.com\/wp-content\/uploads\/2023\/05\/cetaceos-del-cantabrico-poty-ambienturas-diego-de-vallejo-perez-diegodevallejo-cetaceos-en-el-mar-cantabrico-vizaya-cetaceos-del-golfo-de-vizcaya-laredo-aula-de-naturaleza-1024x655.jpg\" class=\"attachment-large size-large wp-image-1431\" alt=\"\" decoding=\"async\" loading=\"lazy\" srcset=\"https:\/\/diegodevallejo.com\/wp-content\/uploads\/2023\/05\/cetaceos-del-cantabrico-poty-ambienturas-diego-de-vallejo-perez-diegodevallejo-cetaceos-en-el-mar-cantabrico-vizaya-cetaceos-del-golfo-de-vizcaya-laredo-aula-de-naturaleza-1024x655.jpg 1024w, https:\/\/diegodevallejo.com\/wp-content\/uploads\/2023\/05\/cetaceos-del-cantabrico-poty-ambienturas-diego-de-vallejo-perez-diegodevallejo-cetaceos-en-el-mar-cantabrico-vizaya-cetaceos-del-golfo-de-vizcaya-laredo-aula-de-naturaleza-300x192.jpg 300w, https:\/\/diegodevallejo.com\/wp-content\/uploads\/2023\/05\/cetaceos-del-cantabrico-poty-ambienturas-diego-de-vallejo-perez-diegodevallejo-cetaceos-en-el-mar-cantabrico-vizaya-cetaceos-del-golfo-de-vizcaya-laredo-aula-de-naturaleza-768x491.jpg 768w, https:\/\/diegodevallejo.com\/wp-content\/uploads\/2023\/05\/cetaceos-del-cantabrico-poty-ambienturas-diego-de-vallejo-perez-diegodevallejo-cetaceos-en-el-mar-cantabrico-vizaya-cetaceos-del-golfo-de-vizcaya-laredo-aula-de-naturaleza.jpg 1200w\" sizes=\"(max-width: 750px) 100vw, 750px\" style=\"width:100%;height:63.92%;max-width:1200px\" \/>\t\t\t\t\t\t\t\t\t\t\t\t\t\t\t<\/div>\n\t\t\t\t<\/div>\n\t\t\t\t\t<\/div>\n\t\t<\/div>\n\t\t\t\t<div class=\"elementor-column elementor-col-33 elementor-top-column elementor-element elementor-element-009afce\" data-id=\"009afce\" data-element_type=\"column\">\n\t\t\t<div class=\"elementor-widget-wrap elementor-element-populated\">\n\t\t\t\t\t\t\t\t<div class=\"elementor-element elementor-element-b23f970 elementor-invisible elementor-widget elementor-widget-heading\" data-id=\"b23f970\" data-element_type=\"widget\" data-settings=\"{&quot;_animation&quot;:&quot;zoomIn&quot;}\" data-widget_type=\"heading.default\">\n\t\t\t\t<div class=\"elementor-widget-container\">\n\t\t\t<h4 class=\"elementor-heading-title elementor-size-default\">Comienzo mi gira por los centros educativos de la zona hablando sobre nuestros cet\u00e1ceos<\/h4>\t\t<\/div>\n\t\t\t\t<\/div>\n\t\t\t\t<section class=\"elementor-section elementor-inner-section elementor-element elementor-element-33ef9d0 elementor-section-boxed elementor-section-height-default elementor-section-height-default\" data-id=\"33ef9d0\" data-element_type=\"section\">\n\t\t\t\t\t\t<div class=\"elementor-container elementor-column-gap-default\">\n\t\t\t\t\t<div class=\"elementor-column elementor-col-100 elementor-inner-column elementor-element elementor-element-a54da04\" data-id=\"a54da04\" data-element_type=\"column\">\n\t\t\t<div class=\"elementor-widget-wrap elementor-element-populated\">\n\t\t\t\t\t\t\t\t<div class=\"elementor-element elementor-element-69af0bf elementor-invisible elementor-widget elementor-widget-text-editor\" data-id=\"69af0bf\" data-element_type=\"widget\" data-settings=\"{&quot;_animation&quot;:&quot;fadeInUp&quot;,&quot;_animation_delay&quot;:200}\" data-widget_type=\"text-editor.default\">\n\t\t\t\t<div class=\"elementor-widget-container\">\n\t\t\t\t\t\t\t<p><strong>Centros educativos de Cantabria Oriental<\/strong><\/p>\t\t\t\t\t\t<\/div>\n\t\t\t\t<\/div>\n\t\t\t\t\t<\/div>\n\t\t<\/div>\n\t\t\t\t\t\t\t<\/div>\n\t\t<\/section>\n\t\t\t\t<section class=\"elementor-section elementor-inner-section elementor-element elementor-element-ae53ccc elementor-section-boxed elementor-section-height-default elementor-section-height-default\" data-id=\"ae53ccc\" data-element_type=\"section\">\n\t\t\t\t\t\t<div class=\"elementor-container elementor-column-gap-default\">\n\t\t\t\t\t<div class=\"elementor-column elementor-col-50 elementor-inner-column elementor-element elementor-element-c1731a0\" data-id=\"c1731a0\" data-element_type=\"column\">\n\t\t\t<div class=\"elementor-widget-wrap elementor-element-populated\">\n\t\t\t\t\t\t\t\t<div class=\"elementor-element elementor-element-8c8fa7c elementor-widget__width-initial elementor-view-default elementor-invisible elementor-widget elementor-widget-icon\" data-id=\"8c8fa7c\" data-element_type=\"widget\" data-settings=\"{&quot;_animation&quot;:&quot;zoomIn&quot;,&quot;_animation_delay&quot;:500}\" data-widget_type=\"icon.default\">\n\t\t\t\t<div class=\"elementor-widget-container\">\n\t\t\t\t\t<div class=\"elementor-icon-wrapper\">\n\t\t\t<a class=\"elementor-icon\" href=\"https:\/\/www.facebook.com\/Potyambienturas\/posts\/pfbid02EkcBhmtKLWUbHKLhAGpoBkE2a4qcVw1caEin4XDXdf6HwZEGZVi1rVa5kPjZYsRYl\">\n\t\t\t<i aria-hidden=\"true\" class=\"icon icon-social-share\"><\/i>\t\t\t<\/a>\n\t\t<\/div>\n\t\t\t\t<\/div>\n\t\t\t\t<\/div>\n\t\t\t\t<div class=\"elementor-element elementor-element-79bb926 elementor-widget__width-initial elementor-view-framed elementor-shape-circle elementor-invisible elementor-widget elementor-widget-icon\" data-id=\"79bb926\" data-element_type=\"widget\" data-settings=\"{&quot;_animation&quot;:&quot;zoomIn&quot;,&quot;_animation_delay&quot;:500}\" data-widget_type=\"icon.default\">\n\t\t\t\t<div class=\"elementor-widget-container\">\n\t\t\t\t\t<div class=\"elementor-icon-wrapper\">\n\t\t\t<a class=\"elementor-icon\" href=\"https:\/\/www.eldiariomontanes.es\/region\/laredo\/proyecto-cetaceos-cantabrico-impacta-paseo-maritimo-pejino-20230410184527-nt.html\">\n\t\t\t<i aria-hidden=\"true\" class=\"jki jki-newspaper-solid\"><\/i>\t\t\t<\/a>\n\t\t<\/div>\n\t\t\t\t<\/div>\n\t\t\t\t<\/div>\n\t\t\t\t\t<\/div>\n\t\t<\/div>\n\t\t\t\t<div class=\"elementor-column elementor-col-50 elementor-inner-column elementor-element elementor-element-dd1ab85\" data-id=\"dd1ab85\" data-element_type=\"column\">\n\t\t\t<div class=\"elementor-widget-wrap\">\n\t\t\t\t\t\t\t\t\t<\/div>\n\t\t<\/div>\n\t\t\t\t\t\t\t<\/div>\n\t\t<\/section>\n\t\t\t\t\t<\/div>\n\t\t<\/div>\n\t\t\t\t<div class=\"elementor-column elementor-col-33 elementor-top-column elementor-element elementor-element-a8947f3\" data-id=\"a8947f3\" data-element_type=\"column\">\n\t\t\t<div class=\"elementor-widget-wrap elementor-element-populated\">\n\t\t\t\t\t\t\t\t<div class=\"elementor-element elementor-element-0d4ca69 elementor-widget elementor-widget-text-editor\" data-id=\"0d4ca69\" data-element_type=\"widget\" data-widget_type=\"text-editor.default\">\n\t\t\t\t<div class=\"elementor-widget-container\">\n\t\t\t\t\t\t\t<p>All\u00e1 vamos. Comienza una de las lineas detrabajo m\u00e1s importantes de mi frente con los cet\u00e1ceos; emocionar y educar a las nuevas generaciones. Colegios e Institutos de Castro Urdiales, Santo\u00f1a, Colindres y Laredo contactaron interesados en participar. Tambi\u00e9n alumnos de intercambio de Galicia y de Elche. Fue una gran idea haber dise\u00f1ado y editado los paneles informativos con formato &#8220;plegable y f\u00e1cilmente transportable&#8221;.\u00a0<\/p>\t\t\t\t\t\t<\/div>\n\t\t\t\t<\/div>\n\t\t\t\t\t<\/div>\n\t\t<\/div>\n\t\t\t\t\t\t\t<\/div>\n\t\t<\/section>\n\t\t\t\t<section class=\"elementor-section elementor-top-section elementor-element elementor-element-7fe28f6 elementor-section-boxed elementor-section-height-default elementor-section-height-default\" data-id=\"7fe28f6\" data-element_type=\"section\">\n\t\t\t\t\t\t<div class=\"elementor-container elementor-column-gap-default\">\n\t\t\t\t\t<div class=\"elementor-column elementor-col-100 elementor-top-column elementor-element elementor-element-3e80d82\" data-id=\"3e80d82\" data-element_type=\"column\">\n\t\t\t<div class=\"elementor-widget-wrap elementor-element-populated\">\n\t\t\t\t\t\t\t\t<div class=\"elementor-element elementor-element-4714600 elementor-widget elementor-widget-heading\" data-id=\"4714600\" data-element_type=\"widget\" data-widget_type=\"heading.default\">\n\t\t\t\t<div class=\"elementor-widget-container\">\n\t\t\t<h3 class=\"elementor-heading-title elementor-size-default\">Febrero 2023<\/h3>\t\t<\/div>\n\t\t\t\t<\/div>\n\t\t\t\t\t<\/div>\n\t\t<\/div>\n\t\t\t\t\t\t\t<\/div>\n\t\t<\/section>\n\t\t\t\t<section class=\"elementor-section elementor-top-section elementor-element elementor-element-904922a elementor-section-boxed elementor-section-height-default elementor-section-height-default\" data-id=\"904922a\" data-element_type=\"section\">\n\t\t\t\t\t\t<div class=\"elementor-container elementor-column-gap-default\">\n\t\t\t\t\t<div class=\"elementor-column elementor-col-33 elementor-top-column elementor-element elementor-element-3b0d5bf\" data-id=\"3b0d5bf\" data-element_type=\"column\">\n\t\t\t<div class=\"elementor-widget-wrap elementor-element-populated\">\n\t\t\t\t\t\t\t\t<div class=\"elementor-element elementor-element-9aa5306 elementor-widget elementor-widget-image\" data-id=\"9aa5306\" data-element_type=\"widget\" data-widget_type=\"image.default\">\n\t\t\t\t<div class=\"elementor-widget-container\">\n\t\t\t\t\t\t\t\t\t\t\t\t\t\t\t<img width=\"750\" height=\"480\" src=\"https:\/\/diegodevallejo.com\/wp-content\/uploads\/2023\/05\/cajas-nido-marina-lombo-guillermo-blanco-educacion-ceip-pablo-picasso-laredo-cantabria-1024x655.jpg\" class=\"attachment-large size-large wp-image-1370\" alt=\"\" decoding=\"async\" loading=\"lazy\" srcset=\"https:\/\/diegodevallejo.com\/wp-content\/uploads\/2023\/05\/cajas-nido-marina-lombo-guillermo-blanco-educacion-ceip-pablo-picasso-laredo-cantabria-1024x655.jpg 1024w, https:\/\/diegodevallejo.com\/wp-content\/uploads\/2023\/05\/cajas-nido-marina-lombo-guillermo-blanco-educacion-ceip-pablo-picasso-laredo-cantabria-300x192.jpg 300w, https:\/\/diegodevallejo.com\/wp-content\/uploads\/2023\/05\/cajas-nido-marina-lombo-guillermo-blanco-educacion-ceip-pablo-picasso-laredo-cantabria-768x491.jpg 768w, https:\/\/diegodevallejo.com\/wp-content\/uploads\/2023\/05\/cajas-nido-marina-lombo-guillermo-blanco-educacion-ceip-pablo-picasso-laredo-cantabria.jpg 1200w\" sizes=\"(max-width: 750px) 100vw, 750px\" style=\"width:100%;height:63.92%;max-width:1200px\" \/>\t\t\t\t\t\t\t\t\t\t\t\t\t\t\t<\/div>\n\t\t\t\t<\/div>\n\t\t\t\t\t<\/div>\n\t\t<\/div>\n\t\t\t\t<div class=\"elementor-column elementor-col-33 elementor-top-column elementor-element elementor-element-4649fdc\" data-id=\"4649fdc\" data-element_type=\"column\">\n\t\t\t<div class=\"elementor-widget-wrap elementor-element-populated\">\n\t\t\t\t\t\t\t\t<div class=\"elementor-element elementor-element-862274b elementor-invisible elementor-widget elementor-widget-heading\" data-id=\"862274b\" data-element_type=\"widget\" data-settings=\"{&quot;_animation&quot;:&quot;zoomIn&quot;}\" data-widget_type=\"heading.default\">\n\t\t\t\t<div class=\"elementor-widget-container\">\n\t\t\t<h4 class=\"elementor-heading-title elementor-size-default\">Acuden dos Consejeros a ver uno de mis talleres de cajas nido con escolares<\/h4>\t\t<\/div>\n\t\t\t\t<\/div>\n\t\t\t\t<section class=\"elementor-section elementor-inner-section elementor-element elementor-element-11b02da elementor-section-boxed elementor-section-height-default elementor-section-height-default\" data-id=\"11b02da\" data-element_type=\"section\">\n\t\t\t\t\t\t<div class=\"elementor-container elementor-column-gap-default\">\n\t\t\t\t\t<div class=\"elementor-column elementor-col-100 elementor-inner-column elementor-element elementor-element-9003f20\" data-id=\"9003f20\" data-element_type=\"column\">\n\t\t\t<div class=\"elementor-widget-wrap elementor-element-populated\">\n\t\t\t\t\t\t\t\t<div class=\"elementor-element elementor-element-2e73115 elementor-invisible elementor-widget elementor-widget-text-editor\" data-id=\"2e73115\" data-element_type=\"widget\" data-settings=\"{&quot;_animation&quot;:&quot;fadeInUp&quot;,&quot;_animation_delay&quot;:200}\" data-widget_type=\"text-editor.default\">\n\t\t\t\t<div class=\"elementor-widget-container\">\n\t\t\t\t\t\t\t<p><strong>CEIP Pablo Picasso<\/strong><\/p>\t\t\t\t\t\t<\/div>\n\t\t\t\t<\/div>\n\t\t\t\t\t<\/div>\n\t\t<\/div>\n\t\t\t\t\t\t\t<\/div>\n\t\t<\/section>\n\t\t\t\t<section class=\"elementor-section elementor-inner-section elementor-element elementor-element-9b66e84 elementor-section-boxed elementor-section-height-default elementor-section-height-default\" data-id=\"9b66e84\" data-element_type=\"section\">\n\t\t\t\t\t\t<div class=\"elementor-container elementor-column-gap-default\">\n\t\t\t\t\t<div class=\"elementor-column elementor-col-50 elementor-inner-column elementor-element elementor-element-ca148af\" data-id=\"ca148af\" data-element_type=\"column\">\n\t\t\t<div class=\"elementor-widget-wrap elementor-element-populated\">\n\t\t\t\t\t\t\t\t<div class=\"elementor-element elementor-element-a7f869e elementor-widget__width-initial elementor-view-default elementor-invisible elementor-widget elementor-widget-icon\" data-id=\"a7f869e\" data-element_type=\"widget\" data-settings=\"{&quot;_animation&quot;:&quot;zoomIn&quot;,&quot;_animation_delay&quot;:500}\" data-widget_type=\"icon.default\">\n\t\t\t\t<div class=\"elementor-widget-container\">\n\t\t\t\t\t<div class=\"elementor-icon-wrapper\">\n\t\t\t<div class=\"elementor-icon\">\n\t\t\t<i aria-hidden=\"true\" class=\"icon icon-social-share\"><\/i>\t\t\t<\/div>\n\t\t<\/div>\n\t\t\t\t<\/div>\n\t\t\t\t<\/div>\n\t\t\t\t<div class=\"elementor-element elementor-element-cfbf614 elementor-widget__width-initial elementor-view-framed elementor-shape-circle elementor-invisible elementor-widget elementor-widget-icon\" data-id=\"cfbf614\" data-element_type=\"widget\" data-settings=\"{&quot;_animation&quot;:&quot;zoomIn&quot;,&quot;_animation_delay&quot;:500}\" data-widget_type=\"icon.default\">\n\t\t\t\t<div class=\"elementor-widget-container\">\n\t\t\t\t\t<div class=\"elementor-icon-wrapper\">\n\t\t\t<div class=\"elementor-icon\">\n\t\t\t<i aria-hidden=\"true\" class=\"jki jki-newspaper-solid\"><\/i>\t\t\t<\/div>\n\t\t<\/div>\n\t\t\t\t<\/div>\n\t\t\t\t<\/div>\n\t\t\t\t\t<\/div>\n\t\t<\/div>\n\t\t\t\t<div class=\"elementor-column elementor-col-50 elementor-inner-column elementor-element elementor-element-b5e6e9b\" data-id=\"b5e6e9b\" data-element_type=\"column\">\n\t\t\t<div class=\"elementor-widget-wrap\">\n\t\t\t\t\t\t\t\t\t<\/div>\n\t\t<\/div>\n\t\t\t\t\t\t\t<\/div>\n\t\t<\/section>\n\t\t\t\t\t<\/div>\n\t\t<\/div>\n\t\t\t\t<div class=\"elementor-column elementor-col-33 elementor-top-column elementor-element elementor-element-136cf6d\" data-id=\"136cf6d\" data-element_type=\"column\">\n\t\t\t<div class=\"elementor-widget-wrap elementor-element-populated\">\n\t\t\t\t\t\t\t\t<div class=\"elementor-element elementor-element-d2104ee elementor-widget elementor-widget-text-editor\" data-id=\"d2104ee\" data-element_type=\"widget\" data-widget_type=\"text-editor.default\">\n\t\t\t\t<div class=\"elementor-widget-container\">\n\t\t\t\t\t\t\t<p><span style=\"color: var( --e-global-color-text ); font-family: var( --e-global-typography-text-font-family ), Sans-serif; font-size: var( --e-global-typography-text-font-size ); font-weight: var( --e-global-typography-text-font-weight );\">Vaya, vaya. As\u00ed a cualquiera le sube la moral. L<\/span><span style=\"color: var( --e-global-color-text ); font-family: var( --e-global-typography-text-font-family ), Sans-serif; font-size: var( --e-global-typography-text-font-size ); font-weight: var( --e-global-typography-text-font-weight );\">a Consejera de Educaci\u00f3n y Formaci\u00f3n Profesional y el Consejero de Desarrollo Rural, Ganader\u00eda, Pesca, Alimentaci\u00f3n y Medio Ambiente, acudieron a verme en acci\u00f3n. Quer\u00edan comprobar c\u00f3mo una muestra de alumnos, en este caso del CEIP Pablo Picasso, se formaba viendo mi \u00faltima Poty Ambientura para despu\u00e9s realizar conmigo un taller de construcci\u00f3n de cajas nido para p\u00e1ridos forestales. Un gran d\u00eda, aunque reconozco que pas\u00e9 bastantes nervios.<\/span><\/p>\t\t\t\t\t\t<\/div>\n\t\t\t\t<\/div>\n\t\t\t\t\t<\/div>\n\t\t<\/div>\n\t\t\t\t\t\t\t<\/div>\n\t\t<\/section>\n\t\t\t\t<section class=\"elementor-section elementor-top-section elementor-element elementor-element-0d7356e elementor-section-boxed elementor-section-height-default elementor-section-height-default\" data-id=\"0d7356e\" data-element_type=\"section\">\n\t\t\t\t\t\t<div class=\"elementor-container elementor-column-gap-default\">\n\t\t\t\t\t<div class=\"elementor-column elementor-col-100 elementor-top-column elementor-element elementor-element-e67faa4\" data-id=\"e67faa4\" data-element_type=\"column\">\n\t\t\t<div class=\"elementor-widget-wrap elementor-element-populated\">\n\t\t\t\t\t\t\t\t<div class=\"elementor-element elementor-element-934fd0f elementor-widget elementor-widget-heading\" data-id=\"934fd0f\" data-element_type=\"widget\" data-widget_type=\"heading.default\">\n\t\t\t\t<div class=\"elementor-widget-container\">\n\t\t\t<h3 class=\"elementor-heading-title elementor-size-default\">Enero 2023<\/h3>\t\t<\/div>\n\t\t\t\t<\/div>\n\t\t\t\t\t<\/div>\n\t\t<\/div>\n\t\t\t\t\t\t\t<\/div>\n\t\t<\/section>\n\t\t\t\t<section class=\"elementor-section elementor-top-section elementor-element elementor-element-4d29ea7 elementor-section-boxed elementor-section-height-default elementor-section-height-default\" data-id=\"4d29ea7\" data-element_type=\"section\">\n\t\t\t\t\t\t<div class=\"elementor-container elementor-column-gap-default\">\n\t\t\t\t\t<div class=\"elementor-column elementor-col-33 elementor-top-column elementor-element elementor-element-fa523f7\" data-id=\"fa523f7\" data-element_type=\"column\">\n\t\t\t<div class=\"elementor-widget-wrap elementor-element-populated\">\n\t\t\t\t\t\t\t\t<div class=\"elementor-element elementor-element-e63fe4a elementor-widget elementor-widget-image\" data-id=\"e63fe4a\" data-element_type=\"widget\" data-widget_type=\"image.default\">\n\t\t\t\t<div class=\"elementor-widget-container\">\n\t\t\t\t\t\t\t\t\t\t\t\t\t\t\t<img width=\"750\" height=\"480\" src=\"https:\/\/diegodevallejo.com\/wp-content\/uploads\/2023\/05\/ampa-ceip-manuel-llano-de-teran-poty-ambienturas-diegodevallejo-cantabria-educacion-ambiental-en-primaria-secundaria-cantabria-laredo-teran-valle-de-cabuerniga-1024x655.jpg\" class=\"attachment-large size-large wp-image-1451\" alt=\"\" decoding=\"async\" loading=\"lazy\" srcset=\"https:\/\/diegodevallejo.com\/wp-content\/uploads\/2023\/05\/ampa-ceip-manuel-llano-de-teran-poty-ambienturas-diegodevallejo-cantabria-educacion-ambiental-en-primaria-secundaria-cantabria-laredo-teran-valle-de-cabuerniga-1024x655.jpg 1024w, https:\/\/diegodevallejo.com\/wp-content\/uploads\/2023\/05\/ampa-ceip-manuel-llano-de-teran-poty-ambienturas-diegodevallejo-cantabria-educacion-ambiental-en-primaria-secundaria-cantabria-laredo-teran-valle-de-cabuerniga-300x192.jpg 300w, https:\/\/diegodevallejo.com\/wp-content\/uploads\/2023\/05\/ampa-ceip-manuel-llano-de-teran-poty-ambienturas-diegodevallejo-cantabria-educacion-ambiental-en-primaria-secundaria-cantabria-laredo-teran-valle-de-cabuerniga-768x491.jpg 768w, https:\/\/diegodevallejo.com\/wp-content\/uploads\/2023\/05\/ampa-ceip-manuel-llano-de-teran-poty-ambienturas-diegodevallejo-cantabria-educacion-ambiental-en-primaria-secundaria-cantabria-laredo-teran-valle-de-cabuerniga.jpg 1200w\" sizes=\"(max-width: 750px) 100vw, 750px\" style=\"width:100%;height:63.92%;max-width:1200px\" \/>\t\t\t\t\t\t\t\t\t\t\t\t\t\t\t<\/div>\n\t\t\t\t<\/div>\n\t\t\t\t\t<\/div>\n\t\t<\/div>\n\t\t\t\t<div class=\"elementor-column elementor-col-33 elementor-top-column elementor-element elementor-element-05863e3\" data-id=\"05863e3\" data-element_type=\"column\">\n\t\t\t<div class=\"elementor-widget-wrap elementor-element-populated\">\n\t\t\t\t\t\t\t\t<div class=\"elementor-element elementor-element-df4a7e7 elementor-invisible elementor-widget elementor-widget-heading\" data-id=\"df4a7e7\" data-element_type=\"widget\" data-settings=\"{&quot;_animation&quot;:&quot;zoomIn&quot;}\" data-widget_type=\"heading.default\">\n\t\t\t\t<div class=\"elementor-widget-container\">\n\t\t\t<h4 class=\"elementor-heading-title elementor-size-default\">Exposici\u00f3n sobre cajas nido en el colegio de Ter\u00e1n; Mi querido Valle de Cabu\u00e9rniga<\/h4>\t\t<\/div>\n\t\t\t\t<\/div>\n\t\t\t\t<section class=\"elementor-section elementor-inner-section elementor-element elementor-element-a7559af elementor-section-boxed elementor-section-height-default elementor-section-height-default\" data-id=\"a7559af\" data-element_type=\"section\">\n\t\t\t\t\t\t<div class=\"elementor-container elementor-column-gap-default\">\n\t\t\t\t\t<div class=\"elementor-column elementor-col-100 elementor-inner-column elementor-element elementor-element-7281e01\" data-id=\"7281e01\" data-element_type=\"column\">\n\t\t\t<div class=\"elementor-widget-wrap elementor-element-populated\">\n\t\t\t\t\t\t\t\t<div class=\"elementor-element elementor-element-64b2656 elementor-invisible elementor-widget elementor-widget-text-editor\" data-id=\"64b2656\" data-element_type=\"widget\" data-settings=\"{&quot;_animation&quot;:&quot;fadeInUp&quot;,&quot;_animation_delay&quot;:200}\" data-widget_type=\"text-editor.default\">\n\t\t\t\t<div class=\"elementor-widget-container\">\n\t\t\t\t\t\t\t<p><strong>AMPA del CEIP Manuel Llano, de Ter\u00e1n<\/strong><\/p>\t\t\t\t\t\t<\/div>\n\t\t\t\t<\/div>\n\t\t\t\t\t<\/div>\n\t\t<\/div>\n\t\t\t\t\t\t\t<\/div>\n\t\t<\/section>\n\t\t\t\t<section class=\"elementor-section elementor-inner-section elementor-element elementor-element-7d28d2d elementor-section-boxed elementor-section-height-default elementor-section-height-default\" data-id=\"7d28d2d\" data-element_type=\"section\">\n\t\t\t\t\t\t<div class=\"elementor-container elementor-column-gap-default\">\n\t\t\t\t\t<div class=\"elementor-column elementor-col-50 elementor-inner-column elementor-element elementor-element-b796915\" data-id=\"b796915\" data-element_type=\"column\">\n\t\t\t<div class=\"elementor-widget-wrap elementor-element-populated\">\n\t\t\t\t\t\t\t\t<div class=\"elementor-element elementor-element-f5f93c7 elementor-widget__width-initial elementor-view-default elementor-invisible elementor-widget elementor-widget-icon\" data-id=\"f5f93c7\" data-element_type=\"widget\" data-settings=\"{&quot;_animation&quot;:&quot;zoomIn&quot;,&quot;_animation_delay&quot;:500}\" data-widget_type=\"icon.default\">\n\t\t\t\t<div class=\"elementor-widget-container\">\n\t\t\t\t\t<div class=\"elementor-icon-wrapper\">\n\t\t\t<a class=\"elementor-icon\" href=\"https:\/\/fb.watch\/kLj95qSD_f\/\">\n\t\t\t<i aria-hidden=\"true\" class=\"icon icon-social-share\"><\/i>\t\t\t<\/a>\n\t\t<\/div>\n\t\t\t\t<\/div>\n\t\t\t\t<\/div>\n\t\t\t\t<div class=\"elementor-element elementor-element-ca06d11 elementor-widget__width-initial elementor-view-framed elementor-shape-circle elementor-invisible elementor-widget elementor-widget-icon\" data-id=\"ca06d11\" data-element_type=\"widget\" data-settings=\"{&quot;_animation&quot;:&quot;zoomIn&quot;,&quot;_animation_delay&quot;:500}\" data-widget_type=\"icon.default\">\n\t\t\t\t<div class=\"elementor-widget-container\">\n\t\t\t\t\t<div class=\"elementor-icon-wrapper\">\n\t\t\t<a class=\"elementor-icon\" href=\"https:\/\/www.facebook.com\/permalink.php?story_fbid=pfbid02Y3V4sLtvEP49wwFTzuRKvwudwrqPetxwR7f94N6NQE14dKCC64hXN2fZbmVrtiqgl&#038;id=100083512980922\">\n\t\t\t<i aria-hidden=\"true\" class=\"jki jki-newspaper-solid\"><\/i>\t\t\t<\/a>\n\t\t<\/div>\n\t\t\t\t<\/div>\n\t\t\t\t<\/div>\n\t\t\t\t\t<\/div>\n\t\t<\/div>\n\t\t\t\t<div class=\"elementor-column elementor-col-50 elementor-inner-column elementor-element elementor-element-c4b8c7f\" data-id=\"c4b8c7f\" data-element_type=\"column\">\n\t\t\t<div class=\"elementor-widget-wrap\">\n\t\t\t\t\t\t\t\t\t<\/div>\n\t\t<\/div>\n\t\t\t\t\t\t\t<\/div>\n\t\t<\/section>\n\t\t\t\t\t<\/div>\n\t\t<\/div>\n\t\t\t\t<div class=\"elementor-column elementor-col-33 elementor-top-column elementor-element elementor-element-8c04030\" data-id=\"8c04030\" data-element_type=\"column\">\n\t\t\t<div class=\"elementor-widget-wrap elementor-element-populated\">\n\t\t\t\t\t\t\t\t<div class=\"elementor-element elementor-element-029d249 elementor-widget elementor-widget-text-editor\" data-id=\"029d249\" data-element_type=\"widget\" data-widget_type=\"text-editor.default\">\n\t\t\t\t<div class=\"elementor-widget-container\">\n\t\t\t\t\t\t\t<p>Siempre es bonito que te llamen un AMPA para contratar alguno de los talleres pero si lo hacen desde el valle donde te criaste, mucho mejor. All\u00ed me enamor\u00e9 de la Naturaleza y all\u00ed hered\u00e9 todo el conocimiento que pude de mis padres, abuelos, t\u00edos&#8230; As\u00ed que trat\u00e9 de hacerlo lo mejor posible y de devolver lo recibido en el pasado a los ni\u00f1os de hoy. \u00a1Menuda biblioteca de libros de naturaleza tienen! Me hubiera quedado tres d\u00edas.<\/p>\t\t\t\t\t\t<\/div>\n\t\t\t\t<\/div>\n\t\t\t\t\t<\/div>\n\t\t<\/div>\n\t\t\t\t\t\t\t<\/div>\n\t\t<\/section>\n\t\t\t\t<section class=\"elementor-section elementor-top-section elementor-element elementor-element-bd75ea0 elementor-section-boxed elementor-section-height-default elementor-section-height-default\" data-id=\"bd75ea0\" data-element_type=\"section\">\n\t\t\t\t\t\t<div class=\"elementor-container elementor-column-gap-default\">\n\t\t\t\t\t<div class=\"elementor-column elementor-col-33 elementor-top-column elementor-element elementor-element-3f73e30\" data-id=\"3f73e30\" data-element_type=\"column\">\n\t\t\t<div class=\"elementor-widget-wrap elementor-element-populated\">\n\t\t\t\t\t\t\t\t<div class=\"elementor-element elementor-element-ca315e9 elementor-widget elementor-widget-image\" data-id=\"ca315e9\" data-element_type=\"widget\" data-widget_type=\"image.default\">\n\t\t\t\t<div class=\"elementor-widget-container\">\n\t\t\t\t\t\t\t\t\t\t\t\t\t\t\t<img width=\"750\" height=\"480\" src=\"https:\/\/diegodevallejo.com\/wp-content\/uploads\/2023\/05\/el-arbol-de-los-huesos-egagropilas-taller-de-egagropilas-diegodevallejo-diego-de-vallejo-perez-poty-ambienturas-educacion-ambiental-naturaleza-cantabria-laredo-aula-de-naturaleza-1024x655.jpg\" class=\"attachment-large size-large wp-image-1423\" alt=\"\" decoding=\"async\" loading=\"lazy\" srcset=\"https:\/\/diegodevallejo.com\/wp-content\/uploads\/2023\/05\/el-arbol-de-los-huesos-egagropilas-taller-de-egagropilas-diegodevallejo-diego-de-vallejo-perez-poty-ambienturas-educacion-ambiental-naturaleza-cantabria-laredo-aula-de-naturaleza-1024x655.jpg 1024w, https:\/\/diegodevallejo.com\/wp-content\/uploads\/2023\/05\/el-arbol-de-los-huesos-egagropilas-taller-de-egagropilas-diegodevallejo-diego-de-vallejo-perez-poty-ambienturas-educacion-ambiental-naturaleza-cantabria-laredo-aula-de-naturaleza-300x192.jpg 300w, https:\/\/diegodevallejo.com\/wp-content\/uploads\/2023\/05\/el-arbol-de-los-huesos-egagropilas-taller-de-egagropilas-diegodevallejo-diego-de-vallejo-perez-poty-ambienturas-educacion-ambiental-naturaleza-cantabria-laredo-aula-de-naturaleza-768x491.jpg 768w, https:\/\/diegodevallejo.com\/wp-content\/uploads\/2023\/05\/el-arbol-de-los-huesos-egagropilas-taller-de-egagropilas-diegodevallejo-diego-de-vallejo-perez-poty-ambienturas-educacion-ambiental-naturaleza-cantabria-laredo-aula-de-naturaleza.jpg 1200w\" sizes=\"(max-width: 750px) 100vw, 750px\" style=\"width:100%;height:63.92%;max-width:1200px\" \/>\t\t\t\t\t\t\t\t\t\t\t\t\t\t\t<\/div>\n\t\t\t\t<\/div>\n\t\t\t\t\t<\/div>\n\t\t<\/div>\n\t\t\t\t<div class=\"elementor-column elementor-col-33 elementor-top-column elementor-element elementor-element-99a1c6d\" data-id=\"99a1c6d\" data-element_type=\"column\">\n\t\t\t<div class=\"elementor-widget-wrap elementor-element-populated\">\n\t\t\t\t\t\t\t\t<div class=\"elementor-element elementor-element-bcd977d elementor-invisible elementor-widget elementor-widget-heading\" data-id=\"bcd977d\" data-element_type=\"widget\" data-settings=\"{&quot;_animation&quot;:&quot;zoomIn&quot;}\" data-widget_type=\"heading.default\">\n\t\t\t\t<div class=\"elementor-widget-container\">\n\t\t\t<h4 class=\"elementor-heading-title elementor-size-default\">Edito mi primer \"\u00e1rbol de los huesos\" para que los escolares trabajen mejor con egagr\u00f3pilas.<\/h4>\t\t<\/div>\n\t\t\t\t<\/div>\n\t\t\t\t<section class=\"elementor-section elementor-inner-section elementor-element elementor-element-c28d2fc elementor-section-boxed elementor-section-height-default elementor-section-height-default\" data-id=\"c28d2fc\" data-element_type=\"section\">\n\t\t\t\t\t\t<div class=\"elementor-container elementor-column-gap-default\">\n\t\t\t\t\t<div class=\"elementor-column elementor-col-100 elementor-inner-column elementor-element elementor-element-6b3c8a2\" data-id=\"6b3c8a2\" data-element_type=\"column\">\n\t\t\t<div class=\"elementor-widget-wrap elementor-element-populated\">\n\t\t\t\t\t\t\t\t<div class=\"elementor-element elementor-element-c44448d elementor-invisible elementor-widget elementor-widget-text-editor\" data-id=\"c44448d\" data-element_type=\"widget\" data-settings=\"{&quot;_animation&quot;:&quot;fadeInUp&quot;,&quot;_animation_delay&quot;:200}\" data-widget_type=\"text-editor.default\">\n\t\t\t\t<div class=\"elementor-widget-container\">\n\t\t\t\t\t\t\t<p><strong>CEIP Pablo Picasso<\/strong><\/p>\t\t\t\t\t\t<\/div>\n\t\t\t\t<\/div>\n\t\t\t\t\t<\/div>\n\t\t<\/div>\n\t\t\t\t\t\t\t<\/div>\n\t\t<\/section>\n\t\t\t\t<section class=\"elementor-section elementor-inner-section elementor-element elementor-element-7e39d7a elementor-section-boxed elementor-section-height-default elementor-section-height-default\" data-id=\"7e39d7a\" data-element_type=\"section\">\n\t\t\t\t\t\t<div class=\"elementor-container elementor-column-gap-default\">\n\t\t\t\t\t<div class=\"elementor-column elementor-col-50 elementor-inner-column elementor-element elementor-element-7d81958\" data-id=\"7d81958\" data-element_type=\"column\">\n\t\t\t<div class=\"elementor-widget-wrap elementor-element-populated\">\n\t\t\t\t\t\t\t\t<div class=\"elementor-element elementor-element-efa3dfd elementor-widget__width-initial elementor-view-default elementor-invisible elementor-widget elementor-widget-icon\" data-id=\"efa3dfd\" data-element_type=\"widget\" data-settings=\"{&quot;_animation&quot;:&quot;zoomIn&quot;,&quot;_animation_delay&quot;:500}\" data-widget_type=\"icon.default\">\n\t\t\t\t<div class=\"elementor-widget-container\">\n\t\t\t\t\t<div class=\"elementor-icon-wrapper\">\n\t\t\t<div class=\"elementor-icon\">\n\t\t\t<i aria-hidden=\"true\" class=\"icon icon-social-share\"><\/i>\t\t\t<\/div>\n\t\t<\/div>\n\t\t\t\t<\/div>\n\t\t\t\t<\/div>\n\t\t\t\t\t<\/div>\n\t\t<\/div>\n\t\t\t\t<div class=\"elementor-column elementor-col-50 elementor-inner-column elementor-element elementor-element-8b0943c\" data-id=\"8b0943c\" data-element_type=\"column\">\n\t\t\t<div class=\"elementor-widget-wrap elementor-element-populated\">\n\t\t\t\t\t\t\t\t<div class=\"elementor-element elementor-element-0bd0c80 elementor-widget__width-initial elementor-widget elementor-widget-video\" data-id=\"0bd0c80\" data-element_type=\"widget\" data-settings=\"{&quot;youtube_url&quot;:&quot;https:\\\/\\\/youtu.be\\\/0gaB3XpsjCA&quot;,&quot;start&quot;:1073,&quot;video_type&quot;:&quot;youtube&quot;,&quot;controls&quot;:&quot;yes&quot;}\" data-widget_type=\"video.default\">\n\t\t\t\t<div class=\"elementor-widget-container\">\n\t\t\t\t\t<div class=\"elementor-wrapper elementor-open-inline\">\n\t\t\t<div class=\"elementor-video\"><\/div>\t\t<\/div>\n\t\t\t\t<\/div>\n\t\t\t\t<\/div>\n\t\t\t\t\t<\/div>\n\t\t<\/div>\n\t\t\t\t\t\t\t<\/div>\n\t\t<\/section>\n\t\t\t\t\t<\/div>\n\t\t<\/div>\n\t\t\t\t<div class=\"elementor-column elementor-col-33 elementor-top-column elementor-element elementor-element-3810da6\" data-id=\"3810da6\" data-element_type=\"column\">\n\t\t\t<div class=\"elementor-widget-wrap elementor-element-populated\">\n\t\t\t\t\t\t\t\t<div class=\"elementor-element elementor-element-422a27e elementor-widget elementor-widget-text-editor\" data-id=\"422a27e\" data-element_type=\"widget\" data-widget_type=\"text-editor.default\">\n\t\t\t\t<div class=\"elementor-widget-container\">\n\t\t\t\t\t\t\t<p><span style=\"color: var( --e-global-color-text ); font-family: var( --e-global-typography-text-font-family ), Sans-serif; font-size: var( --e-global-typography-text-font-size ); font-weight: var( --e-global-typography-text-font-weight );\">Me hac\u00eda falta adaptar las claves dicot\u00f3micas que usamos los profesionales para que el p\u00fablico infantil pudiera identificar trabajar bien con las egagr\u00f3pilas. Son esas bolsas que regurgitan las aves y que los t\u00e9cnicos usamos para conocer las poblaciones de micro mam\u00edferos de la zona. Mi panel roll-up es espec\u00edfico para trabajar en Cantabria ya que he incluido solo las especies m\u00e1s habituales de por aqu\u00ed: murci\u00e9lagos, topos, erizos, lirones, musara\u00f1as y otros roedores.<\/span><\/p>\t\t\t\t\t\t<\/div>\n\t\t\t\t<\/div>\n\t\t\t\t\t<\/div>\n\t\t<\/div>\n\t\t\t\t\t\t\t<\/div>\n\t\t<\/section>\n\t\t\t\t<section class=\"elementor-section elementor-top-section elementor-element elementor-element-e5be627 elementor-section-boxed elementor-section-height-default elementor-section-height-default\" data-id=\"e5be627\" data-element_type=\"section\">\n\t\t\t\t\t\t<div class=\"elementor-container elementor-column-gap-default\">\n\t\t\t\t\t<div class=\"elementor-column elementor-col-33 elementor-top-column elementor-element elementor-element-8a609eb\" data-id=\"8a609eb\" data-element_type=\"column\">\n\t\t\t<div class=\"elementor-widget-wrap elementor-element-populated\">\n\t\t\t\t\t\t\t\t<div class=\"elementor-element elementor-element-5d2a546 elementor-widget elementor-widget-image\" data-id=\"5d2a546\" data-element_type=\"widget\" data-widget_type=\"image.default\">\n\t\t\t\t<div class=\"elementor-widget-container\">\n\t\t\t\t\t\t\t\t\t\t\t\t\t\t\t<img width=\"750\" height=\"480\" src=\"https:\/\/diegodevallejo.com\/wp-content\/uploads\/2023\/05\/cajas-nido-marina-lombo-guillermo-blanco-educacion-ceip-pablo-picasso-laredo-cantabria-1024x655.jpg\" class=\"attachment-large size-large wp-image-1370\" alt=\"\" decoding=\"async\" loading=\"lazy\" srcset=\"https:\/\/diegodevallejo.com\/wp-content\/uploads\/2023\/05\/cajas-nido-marina-lombo-guillermo-blanco-educacion-ceip-pablo-picasso-laredo-cantabria-1024x655.jpg 1024w, https:\/\/diegodevallejo.com\/wp-content\/uploads\/2023\/05\/cajas-nido-marina-lombo-guillermo-blanco-educacion-ceip-pablo-picasso-laredo-cantabria-300x192.jpg 300w, https:\/\/diegodevallejo.com\/wp-content\/uploads\/2023\/05\/cajas-nido-marina-lombo-guillermo-blanco-educacion-ceip-pablo-picasso-laredo-cantabria-768x491.jpg 768w, https:\/\/diegodevallejo.com\/wp-content\/uploads\/2023\/05\/cajas-nido-marina-lombo-guillermo-blanco-educacion-ceip-pablo-picasso-laredo-cantabria.jpg 1200w\" sizes=\"(max-width: 750px) 100vw, 750px\" style=\"width:100%;height:63.92%;max-width:1200px\" \/>\t\t\t\t\t\t\t\t\t\t\t\t\t\t\t<\/div>\n\t\t\t\t<\/div>\n\t\t\t\t\t<\/div>\n\t\t<\/div>\n\t\t\t\t<div class=\"elementor-column elementor-col-33 elementor-top-column elementor-element elementor-element-ca084a3\" data-id=\"ca084a3\" data-element_type=\"column\">\n\t\t\t<div class=\"elementor-widget-wrap elementor-element-populated\">\n\t\t\t\t\t\t\t\t<div class=\"elementor-element elementor-element-4d45d7b elementor-invisible elementor-widget elementor-widget-heading\" data-id=\"4d45d7b\" data-element_type=\"widget\" data-settings=\"{&quot;_animation&quot;:&quot;zoomIn&quot;}\" data-widget_type=\"heading.default\">\n\t\t\t\t<div class=\"elementor-widget-container\">\n\t\t\t<h4 class=\"elementor-heading-title elementor-size-default\">Acuden dos Consejeros a ver uno de mis talleres de cajas nido con escolares<\/h4>\t\t<\/div>\n\t\t\t\t<\/div>\n\t\t\t\t<section class=\"elementor-section elementor-inner-section elementor-element elementor-element-129e432 elementor-section-boxed elementor-section-height-default elementor-section-height-default\" data-id=\"129e432\" data-element_type=\"section\">\n\t\t\t\t\t\t<div class=\"elementor-container elementor-column-gap-default\">\n\t\t\t\t\t<div class=\"elementor-column elementor-col-100 elementor-inner-column elementor-element elementor-element-b80631c\" data-id=\"b80631c\" data-element_type=\"column\">\n\t\t\t<div class=\"elementor-widget-wrap elementor-element-populated\">\n\t\t\t\t\t\t\t\t<div class=\"elementor-element elementor-element-6055d79 elementor-invisible elementor-widget elementor-widget-text-editor\" data-id=\"6055d79\" data-element_type=\"widget\" data-settings=\"{&quot;_animation&quot;:&quot;fadeInUp&quot;,&quot;_animation_delay&quot;:200}\" data-widget_type=\"text-editor.default\">\n\t\t\t\t<div class=\"elementor-widget-container\">\n\t\t\t\t\t\t\t<p><strong>CEIP Pablo Picasso<\/strong><\/p>\t\t\t\t\t\t<\/div>\n\t\t\t\t<\/div>\n\t\t\t\t\t<\/div>\n\t\t<\/div>\n\t\t\t\t\t\t\t<\/div>\n\t\t<\/section>\n\t\t\t\t<section class=\"elementor-section elementor-inner-section elementor-element elementor-element-bffa90c elementor-section-boxed elementor-section-height-default elementor-section-height-default\" data-id=\"bffa90c\" data-element_type=\"section\">\n\t\t\t\t\t\t<div class=\"elementor-container elementor-column-gap-default\">\n\t\t\t\t\t<div class=\"elementor-column elementor-col-50 elementor-inner-column elementor-element elementor-element-8df438a\" data-id=\"8df438a\" data-element_type=\"column\">\n\t\t\t<div class=\"elementor-widget-wrap elementor-element-populated\">\n\t\t\t\t\t\t\t\t<div class=\"elementor-element elementor-element-b6c96f0 elementor-widget__width-initial elementor-view-default elementor-invisible elementor-widget elementor-widget-icon\" data-id=\"b6c96f0\" data-element_type=\"widget\" data-settings=\"{&quot;_animation&quot;:&quot;zoomIn&quot;,&quot;_animation_delay&quot;:500}\" data-widget_type=\"icon.default\">\n\t\t\t\t<div class=\"elementor-widget-container\">\n\t\t\t\t\t<div class=\"elementor-icon-wrapper\">\n\t\t\t<div class=\"elementor-icon\">\n\t\t\t<i aria-hidden=\"true\" class=\"icon icon-social-share\"><\/i>\t\t\t<\/div>\n\t\t<\/div>\n\t\t\t\t<\/div>\n\t\t\t\t<\/div>\n\t\t\t\t<div class=\"elementor-element elementor-element-21466e3 elementor-widget__width-initial elementor-view-framed elementor-shape-circle elementor-invisible elementor-widget elementor-widget-icon\" data-id=\"21466e3\" data-element_type=\"widget\" data-settings=\"{&quot;_animation&quot;:&quot;zoomIn&quot;,&quot;_animation_delay&quot;:500}\" data-widget_type=\"icon.default\">\n\t\t\t\t<div class=\"elementor-widget-container\">\n\t\t\t\t\t<div class=\"elementor-icon-wrapper\">\n\t\t\t<div class=\"elementor-icon\">\n\t\t\t<i aria-hidden=\"true\" class=\"jki jki-newspaper-solid\"><\/i>\t\t\t<\/div>\n\t\t<\/div>\n\t\t\t\t<\/div>\n\t\t\t\t<\/div>\n\t\t\t\t\t<\/div>\n\t\t<\/div>\n\t\t\t\t<div class=\"elementor-column elementor-col-50 elementor-inner-column elementor-element elementor-element-6a6f01f\" data-id=\"6a6f01f\" data-element_type=\"column\">\n\t\t\t<div class=\"elementor-widget-wrap\">\n\t\t\t\t\t\t\t\t\t<\/div>\n\t\t<\/div>\n\t\t\t\t\t\t\t<\/div>\n\t\t<\/section>\n\t\t\t\t\t<\/div>\n\t\t<\/div>\n\t\t\t\t<div class=\"elementor-column elementor-col-33 elementor-top-column elementor-element elementor-element-c4dc151\" data-id=\"c4dc151\" data-element_type=\"column\">\n\t\t\t<div class=\"elementor-widget-wrap elementor-element-populated\">\n\t\t\t\t\t\t\t\t<div class=\"elementor-element elementor-element-8559765 elementor-widget elementor-widget-text-editor\" data-id=\"8559765\" data-element_type=\"widget\" data-widget_type=\"text-editor.default\">\n\t\t\t\t<div class=\"elementor-widget-container\">\n\t\t\t\t\t\t\t<p><span style=\"color: var( --e-global-color-text ); font-family: var( --e-global-typography-text-font-family ), Sans-serif; font-size: var( --e-global-typography-text-font-size ); font-weight: var( --e-global-typography-text-font-weight );\">Vaya, vaya. As\u00ed a cualquiera le sube la moral. L<\/span><span style=\"color: var( --e-global-color-text ); font-family: var( --e-global-typography-text-font-family ), Sans-serif; font-size: var( --e-global-typography-text-font-size ); font-weight: var( --e-global-typography-text-font-weight );\">a Consejera de Educaci\u00f3n y Formaci\u00f3n Profesional y el Consejero de Desarrollo Rural, Ganader\u00eda, Pesca, Alimentaci\u00f3n y Medio Ambiente, acudieron a verme en acci\u00f3n. Quer\u00edan comprobar c\u00f3mo una muestra de alumnos, en este caso del CEIP Pablo Picasso, se formaba viendo mi \u00faltima Poty Ambientura para despu\u00e9s realizar conmigo un taller de construcci\u00f3n de cajas nido para p\u00e1ridos forestales. Un gran d\u00eda, aunque reconozco que pas\u00e9 bastantes nervios.<\/span><\/p>\t\t\t\t\t\t<\/div>\n\t\t\t\t<\/div>\n\t\t\t\t\t<\/div>\n\t\t<\/div>\n\t\t\t\t\t\t\t<\/div>\n\t\t<\/section>\n\t\t\t\t<section class=\"elementor-section elementor-top-section elementor-element elementor-element-a076480 elementor-section-boxed elementor-section-height-default elementor-section-height-default\" data-id=\"a076480\" data-element_type=\"section\">\n\t\t\t\t\t\t<div class=\"elementor-container elementor-column-gap-default\">\n\t\t\t\t\t<div class=\"elementor-column elementor-col-100 elementor-top-column elementor-element elementor-element-a2b6303\" data-id=\"a2b6303\" data-element_type=\"column\">\n\t\t\t<div class=\"elementor-widget-wrap elementor-element-populated\">\n\t\t\t\t\t\t\t\t<div class=\"elementor-element elementor-element-cf35939 elementor-widget elementor-widget-heading\" data-id=\"cf35939\" data-element_type=\"widget\" data-widget_type=\"heading.default\">\n\t\t\t\t<div class=\"elementor-widget-container\">\n\t\t\t<h3 class=\"elementor-heading-title elementor-size-default\">Diciembre 2022<\/h3>\t\t<\/div>\n\t\t\t\t<\/div>\n\t\t\t\t\t<\/div>\n\t\t<\/div>\n\t\t\t\t\t\t\t<\/div>\n\t\t<\/section>\n\t\t\t\t<section class=\"elementor-section elementor-top-section elementor-element elementor-element-8448617 elementor-section-boxed elementor-section-height-default elementor-section-height-default\" data-id=\"8448617\" data-element_type=\"section\">\n\t\t\t\t\t\t<div class=\"elementor-container elementor-column-gap-default\">\n\t\t\t\t\t<div class=\"elementor-column elementor-col-100 elementor-top-column elementor-element elementor-element-387e7cb\" data-id=\"387e7cb\" data-element_type=\"column\">\n\t\t\t<div class=\"elementor-widget-wrap elementor-element-populated\">\n\t\t\t\t\t\t\t\t<section class=\"elementor-section elementor-inner-section elementor-element elementor-element-7c998b8 elementor-section-boxed elementor-section-height-default elementor-section-height-default\" data-id=\"7c998b8\" data-element_type=\"section\">\n\t\t\t\t\t\t<div class=\"elementor-container elementor-column-gap-default\">\n\t\t\t\t\t<div class=\"elementor-column elementor-col-50 elementor-inner-column elementor-element elementor-element-046f028\" data-id=\"046f028\" data-element_type=\"column\">\n\t\t\t<div class=\"elementor-widget-wrap elementor-element-populated\">\n\t\t\t\t\t\t\t\t<div class=\"elementor-element elementor-element-6ac6542 elementor-widget elementor-widget-image\" data-id=\"6ac6542\" data-element_type=\"widget\" data-widget_type=\"image.default\">\n\t\t\t\t<div class=\"elementor-widget-container\">\n\t\t\t\t\t\t\t\t\t\t\t\t\t\t\t<img width=\"750\" height=\"287\" src=\"https:\/\/diegodevallejo.com\/wp-content\/uploads\/2023\/05\/la-naturaleza-en-invierno-nidos-camas-y-madrigueras-para-pasar-el-frio-diegodevallejo-diego-de-vallejo-1024x392.jpg\" class=\"attachment-large size-large wp-image-1365\" alt=\"\" decoding=\"async\" loading=\"lazy\" srcset=\"https:\/\/diegodevallejo.com\/wp-content\/uploads\/2023\/05\/la-naturaleza-en-invierno-nidos-camas-y-madrigueras-para-pasar-el-frio-diegodevallejo-diego-de-vallejo-1024x392.jpg 1024w, https:\/\/diegodevallejo.com\/wp-content\/uploads\/2023\/05\/la-naturaleza-en-invierno-nidos-camas-y-madrigueras-para-pasar-el-frio-diegodevallejo-diego-de-vallejo-300x115.jpg 300w, https:\/\/diegodevallejo.com\/wp-content\/uploads\/2023\/05\/la-naturaleza-en-invierno-nidos-camas-y-madrigueras-para-pasar-el-frio-diegodevallejo-diego-de-vallejo-768x294.jpg 768w, https:\/\/diegodevallejo.com\/wp-content\/uploads\/2023\/05\/la-naturaleza-en-invierno-nidos-camas-y-madrigueras-para-pasar-el-frio-diegodevallejo-diego-de-vallejo-1536x588.jpg 1536w, https:\/\/diegodevallejo.com\/wp-content\/uploads\/2023\/05\/la-naturaleza-en-invierno-nidos-camas-y-madrigueras-para-pasar-el-frio-diegodevallejo-diego-de-vallejo-1568x601.jpg 1568w, https:\/\/diegodevallejo.com\/wp-content\/uploads\/2023\/05\/la-naturaleza-en-invierno-nidos-camas-y-madrigueras-para-pasar-el-frio-diegodevallejo-diego-de-vallejo.jpg 1880w\" sizes=\"(max-width: 750px) 100vw, 750px\" style=\"width:100%;height:38.3%;max-width:1880px\" \/>\t\t\t\t\t\t\t\t\t\t\t\t\t\t\t<\/div>\n\t\t\t\t<\/div>\n\t\t\t\t\t<\/div>\n\t\t<\/div>\n\t\t\t\t<div class=\"elementor-column elementor-col-50 elementor-inner-column elementor-element elementor-element-f00ae73\" data-id=\"f00ae73\" data-element_type=\"column\">\n\t\t\t<div class=\"elementor-widget-wrap elementor-element-populated\">\n\t\t\t\t\t\t\t\t<div class=\"elementor-element elementor-element-67f395f elementor-widget elementor-widget-heading\" data-id=\"67f395f\" data-element_type=\"widget\" data-widget_type=\"heading.default\">\n\t\t\t\t<div class=\"elementor-widget-container\">\n\t\t\t<h3 class=\"elementor-heading-title elementor-size-default\">Inauguro mi primera exposici\u00f3n navide\u00f1a: La Naturaleza en invierno.<\/h3>\t\t<\/div>\n\t\t\t\t<\/div>\n\t\t\t\t<div class=\"elementor-element elementor-element-a5ce2e6 elementor-view-framed elementor-widget__width-initial animated-slow elementor-shape-circle elementor-invisible elementor-widget elementor-widget-icon\" data-id=\"a5ce2e6\" data-element_type=\"widget\" data-settings=\"{&quot;_animation&quot;:&quot;fadeIn&quot;,&quot;_animation_delay&quot;:500}\" data-widget_type=\"icon.default\">\n\t\t\t\t<div class=\"elementor-widget-container\">\n\t\t\t\t\t<div class=\"elementor-icon-wrapper\">\n\t\t\t<a class=\"elementor-icon\" href=\"https:\/\/www.facebook.com\/1132285728\/videos\/539287541225653\/\">\n\t\t\t<i aria-hidden=\"true\" class=\"fab fa-youtube\"><\/i>\t\t\t<\/a>\n\t\t<\/div>\n\t\t\t\t<\/div>\n\t\t\t\t<\/div>\n\t\t\t\t<div class=\"elementor-element elementor-element-f3bf0c7 elementor-view-framed elementor-widget__width-initial animated-slow elementor-shape-circle elementor-invisible elementor-widget elementor-widget-icon\" data-id=\"f3bf0c7\" data-element_type=\"widget\" data-settings=\"{&quot;_animation&quot;:&quot;fadeIn&quot;,&quot;_animation_delay&quot;:500}\" data-widget_type=\"icon.default\">\n\t\t\t\t<div class=\"elementor-widget-container\">\n\t\t\t\t\t<div class=\"elementor-icon-wrapper\">\n\t\t\t<a class=\"elementor-icon\" href=\"https:\/\/www.eldiariomontanes.es\/region\/laredo\/exposicion-naturaleza-invierno-20221216181405-nt.html\">\n\t\t\t<i aria-hidden=\"true\" class=\"jki jki-newspaper-solid\"><\/i>\t\t\t<\/a>\n\t\t<\/div>\n\t\t\t\t<\/div>\n\t\t\t\t<\/div>\n\t\t\t\t<div class=\"elementor-element elementor-element-3ef1c9f elementor-widget elementor-widget-text-editor\" data-id=\"3ef1c9f\" data-element_type=\"widget\" data-widget_type=\"text-editor.default\">\n\t\t\t\t<div class=\"elementor-widget-container\">\n\t\t\t\t\t\t\t<p>Una exposici\u00f3n para el Ayuntamiento de Laredo que recibi\u00f3 a miles de personas en unas Navidades\u00a0 muy divulgativas.\u00a0<span style=\"color: var( --e-global-color-text ); font-family: var( --e-global-typography-text-font-family ), Sans-serif; font-size: var( --e-global-typography-text-font-size ); font-weight: var( --e-global-typography-text-font-weight );\">Dioramas de nidos, camas y madrigueras vistas por dentro que realizan algunos de los animales aut\u00f3ctonos de mi tierra para sobrellevar el fr\u00edo invierno.<\/span><span style=\"color: var( --e-global-color-text ); font-family: var( --e-global-typography-text-font-family ), Sans-serif; font-size: var( --e-global-typography-text-font-size ); font-weight: var( --e-global-typography-text-font-weight );\">\u00a0<\/span><span style=\"color: var( --e-global-color-text ); font-family: var( --e-global-typography-text-font-family ), Sans-serif; font-size: var( --e-global-typography-text-font-size ); font-weight: var( --e-global-typography-text-font-weight );\">Construida a mano con mucho cari\u00f1o y entusiasmo.\u00a0 \u00a0<\/span><\/p>\t\t\t\t\t\t<\/div>\n\t\t\t\t<\/div>\n\t\t\t\t\t<\/div>\n\t\t<\/div>\n\t\t\t\t\t\t\t<\/div>\n\t\t<\/section>\n\t\t\t\t\t<\/div>\n\t\t<\/div>\n\t\t\t\t\t\t\t<\/div>\n\t\t<\/section>\n\t\t\t\t<section class=\"elementor-section elementor-top-section elementor-element elementor-element-b96ac06 elementor-section-boxed elementor-section-height-default elementor-section-height-default\" data-id=\"b96ac06\" data-element_type=\"section\">\n\t\t\t\t\t\t<div class=\"elementor-container elementor-column-gap-default\">\n\t\t\t\t\t<div class=\"elementor-column elementor-col-33 elementor-top-column elementor-element elementor-element-b9d1ab9\" data-id=\"b9d1ab9\" data-element_type=\"column\">\n\t\t\t<div class=\"elementor-widget-wrap elementor-element-populated\">\n\t\t\t\t\t\t\t\t<div class=\"elementor-element elementor-element-4667468 elementor-widget elementor-widget-image\" data-id=\"4667468\" data-element_type=\"widget\" data-widget_type=\"image.default\">\n\t\t\t\t<div class=\"elementor-widget-container\">\n\t\t\t\t\t\t\t\t\t\t\t\t\t\t\t<img width=\"750\" height=\"480\" src=\"https:\/\/diegodevallejo.com\/wp-content\/uploads\/2023\/05\/diegote-1024x655.jpg\" class=\"attachment-large size-large wp-image-1418\" alt=\"\" decoding=\"async\" loading=\"lazy\" srcset=\"https:\/\/diegodevallejo.com\/wp-content\/uploads\/2023\/05\/diegote-1024x655.jpg 1024w, https:\/\/diegodevallejo.com\/wp-content\/uploads\/2023\/05\/diegote-300x192.jpg 300w, https:\/\/diegodevallejo.com\/wp-content\/uploads\/2023\/05\/diegote-768x491.jpg 768w, https:\/\/diegodevallejo.com\/wp-content\/uploads\/2023\/05\/diegote.jpg 1200w\" sizes=\"(max-width: 750px) 100vw, 750px\" style=\"width:100%;height:63.92%;max-width:1200px\" \/>\t\t\t\t\t\t\t\t\t\t\t\t\t\t\t<\/div>\n\t\t\t\t<\/div>\n\t\t\t\t\t<\/div>\n\t\t<\/div>\n\t\t\t\t<div class=\"elementor-column elementor-col-33 elementor-top-column elementor-element elementor-element-d95bc04\" data-id=\"d95bc04\" data-element_type=\"column\">\n\t\t\t<div class=\"elementor-widget-wrap elementor-element-populated\">\n\t\t\t\t\t\t\t\t<div class=\"elementor-element elementor-element-ecead4e elementor-invisible elementor-widget elementor-widget-heading\" data-id=\"ecead4e\" data-element_type=\"widget\" data-settings=\"{&quot;_animation&quot;:&quot;zoomIn&quot;}\" data-widget_type=\"heading.default\">\n\t\t\t\t<div class=\"elementor-widget-container\">\n\t\t\t<h4 class=\"elementor-heading-title elementor-size-default\">Publico mi primer cuadernillo de pasatiempos educativo<\/h4>\t\t<\/div>\n\t\t\t\t<\/div>\n\t\t\t\t<section class=\"elementor-section elementor-inner-section elementor-element elementor-element-ee85c9b elementor-section-boxed elementor-section-height-default elementor-section-height-default\" data-id=\"ee85c9b\" data-element_type=\"section\">\n\t\t\t\t\t\t<div class=\"elementor-container elementor-column-gap-default\">\n\t\t\t\t\t<div class=\"elementor-column elementor-col-100 elementor-inner-column elementor-element elementor-element-328ee86\" data-id=\"328ee86\" data-element_type=\"column\">\n\t\t\t<div class=\"elementor-widget-wrap elementor-element-populated\">\n\t\t\t\t\t\t\t\t<div class=\"elementor-element elementor-element-8143d6b elementor-invisible elementor-widget elementor-widget-text-editor\" data-id=\"8143d6b\" data-element_type=\"widget\" data-settings=\"{&quot;_animation&quot;:&quot;fadeInUp&quot;,&quot;_animation_delay&quot;:200}\" data-widget_type=\"text-editor.default\">\n\t\t\t\t<div class=\"elementor-widget-container\">\n\t\t\t\t\t\t\t<p><strong>Ayuntamiento de Laredo, Concejal\u00eda de Medio Ambiente<\/strong><\/p>\t\t\t\t\t\t<\/div>\n\t\t\t\t<\/div>\n\t\t\t\t\t<\/div>\n\t\t<\/div>\n\t\t\t\t\t\t\t<\/div>\n\t\t<\/section>\n\t\t\t\t<section class=\"elementor-section elementor-inner-section elementor-element elementor-element-4c83b7f elementor-section-boxed elementor-section-height-default elementor-section-height-default\" data-id=\"4c83b7f\" data-element_type=\"section\">\n\t\t\t\t\t\t<div class=\"elementor-container elementor-column-gap-default\">\n\t\t\t\t\t<div class=\"elementor-column elementor-col-50 elementor-inner-column elementor-element elementor-element-4fc3150\" data-id=\"4fc3150\" data-element_type=\"column\">\n\t\t\t<div class=\"elementor-widget-wrap elementor-element-populated\">\n\t\t\t\t\t\t\t\t<div class=\"elementor-element elementor-element-f8c3d1f elementor-widget__width-initial elementor-view-default elementor-invisible elementor-widget elementor-widget-icon\" data-id=\"f8c3d1f\" data-element_type=\"widget\" data-settings=\"{&quot;_animation&quot;:&quot;zoomIn&quot;,&quot;_animation_delay&quot;:500}\" data-widget_type=\"icon.default\">\n\t\t\t\t<div class=\"elementor-widget-container\">\n\t\t\t\t\t<div class=\"elementor-icon-wrapper\">\n\t\t\t<a class=\"elementor-icon\" href=\"https:\/\/fb.watch\/kJWyROsAa5\/\">\n\t\t\t<i aria-hidden=\"true\" class=\"icon icon-social-share\"><\/i>\t\t\t<\/a>\n\t\t<\/div>\n\t\t\t\t<\/div>\n\t\t\t\t<\/div>\n\t\t\t\t<div class=\"elementor-element elementor-element-a7b7962 elementor-widget__width-initial elementor-view-framed elementor-shape-circle elementor-invisible elementor-widget elementor-widget-icon\" data-id=\"a7b7962\" data-element_type=\"widget\" data-settings=\"{&quot;_animation&quot;:&quot;zoomIn&quot;,&quot;_animation_delay&quot;:500}\" data-widget_type=\"icon.default\">\n\t\t\t\t<div class=\"elementor-widget-container\">\n\t\t\t\t\t<div class=\"elementor-icon-wrapper\">\n\t\t\t<a class=\"elementor-icon\" href=\"https:\/\/www.laredoturismo.es\/evento\/exposicion-la-naturaleza-de-laredo-en-invierno\/\">\n\t\t\t<i aria-hidden=\"true\" class=\"jki jki-newspaper-solid\"><\/i>\t\t\t<\/a>\n\t\t<\/div>\n\t\t\t\t<\/div>\n\t\t\t\t<\/div>\n\t\t\t\t\t<\/div>\n\t\t<\/div>\n\t\t\t\t<div class=\"elementor-column elementor-col-50 elementor-inner-column elementor-element elementor-element-408af03\" data-id=\"408af03\" data-element_type=\"column\">\n\t\t\t<div class=\"elementor-widget-wrap\">\n\t\t\t\t\t\t\t\t\t<\/div>\n\t\t<\/div>\n\t\t\t\t\t\t\t<\/div>\n\t\t<\/section>\n\t\t\t\t\t<\/div>\n\t\t<\/div>\n\t\t\t\t<div class=\"elementor-column elementor-col-33 elementor-top-column elementor-element elementor-element-a09b7e8\" data-id=\"a09b7e8\" data-element_type=\"column\">\n\t\t\t<div class=\"elementor-widget-wrap elementor-element-populated\">\n\t\t\t\t\t\t\t\t<div class=\"elementor-element elementor-element-ff42c63 elementor-widget elementor-widget-text-editor\" data-id=\"ff42c63\" data-element_type=\"widget\" data-widget_type=\"text-editor.default\">\n\t\t\t\t<div class=\"elementor-widget-container\">\n\t\t\t\t\t\t\t<p><span style=\"color: var( --e-global-color-text ); font-family: var( --e-global-typography-text-font-family ), Sans-serif; font-size: var( --e-global-typography-text-font-size ); font-weight: var( --e-global-typography-text-font-weight );\">Casi con m\u00e1s \u00e9xito que mi exposici\u00f3n es como la gente recibi\u00f3 mi primer cuadernillo de actividades educativas y pasatiempos. 32 p\u00e1ginas a todos color con juegos sobre los mismos contenidos que yo explicaba en las visitas guiadas. Los ni\u00f1os que lo terminaban en casa y volv\u00edan a la exposici\u00f3n a que se lo corrigiera, recib\u00edan otro premio. Fue una gran excusa para esas tardes de Navidad en que el tiempo no permite salir a jugar fuera.\u00a0 \u00a0<\/span><\/p>\t\t\t\t\t\t<\/div>\n\t\t\t\t<\/div>\n\t\t\t\t\t<\/div>\n\t\t<\/div>\n\t\t\t\t\t\t\t<\/div>\n\t\t<\/section>\n\t\t\t\t\t\t\t<\/div>\n\t\t","protected":false},"excerpt":{"rendered":"<p>En qu\u00e9 proyectos estoy ahora \u00c9chale un ojo al hist\u00f3rico de proyectos en los que he estado enfrascado recientemente. Te muestro lo m\u00e1s llamativo de cada mes. Octubre 2025 \u00a1Baja por paternidad! Diciembre 2024 Cajas nido para aves marinas en peligro de extinci\u00f3n: pa\u00ed\u00f1o europeo \u00bfSab\u00edas que existen cajas nido tambi\u00e9n para aves marinas? Hoy&hellip; <a class=\"more-link\" href=\"https:\/\/diegodevallejo.com\/index.php\/elementor-80\/proyectos-actuales\/\">Continue reading <span class=\"screen-reader-text\">Proyectos actuales<\/span><\/a><\/p>\n","protected":false},"author":1,"featured_media":0,"parent":80,"menu_order":0,"comment_status":"closed","ping_status":"closed","template":"elementor_canvas","meta":[],"yoast_head":"<!-- This site is optimized with the Yoast SEO plugin v20.5 - https:\/\/yoast.com\/wordpress\/plugins\/seo\/ -->\n<title>Proyectos actuales - diegodevallejo.com<\/title>\n<meta name=\"description\" content=\"\u00bfEn qu\u00e9 proyecto estoy enfrascado ahora? Suelo responder que estoy ocupado y no tengo mucho tiempo. Aqu\u00ed tienes la prueba de por qu\u00e9.\" \/>\n<meta name=\"robots\" content=\"index, follow, max-snippet:-1, max-image-preview:large, max-video-preview:-1\" \/>\n<link rel=\"canonical\" href=\"https:\/\/diegodevallejo.com\/index.php\/elementor-80\/proyectos-actuales\/\" \/>\n<meta property=\"og:locale\" content=\"en_US\" \/>\n<meta property=\"og:type\" content=\"article\" \/>\n<meta property=\"og:title\" content=\"Proyectos actuales - diegodevallejo.com\" \/>\n<meta property=\"og:description\" content=\"\u00bfEn qu\u00e9 proyecto estoy enfrascado ahora? Suelo responder que estoy ocupado y no tengo mucho tiempo. Aqu\u00ed tienes la prueba de por qu\u00e9.\" \/>\n<meta property=\"og:url\" content=\"https:\/\/diegodevallejo.com\/index.php\/elementor-80\/proyectos-actuales\/\" \/>\n<meta property=\"og:site_name\" content=\"diegodevallejo.com\" \/>\n<meta property=\"article:modified_time\" content=\"2025-11-26T12:21:50+00:00\" \/>\n<meta property=\"og:image\" content=\"http:\/\/diegodevallejo.com\/wp-content\/uploads\/2025\/01\/cajas-nido-de-paino-europeo-1024x392.jpg\" \/>\n<meta name=\"twitter:card\" content=\"summary_large_image\" \/>\n<meta name=\"twitter:label1\" content=\"Est. reading time\" \/>\n\t<meta name=\"twitter:data1\" content=\"21 minutes\" \/>\n<script type=\"application\/ld+json\" class=\"yoast-schema-graph\">{\"@context\":\"https:\/\/schema.org\",\"@graph\":[{\"@type\":[\"Article\",\"SocialMediaPosting\"],\"@id\":\"https:\/\/diegodevallejo.com\/index.php\/elementor-80\/proyectos-actuales\/#article\",\"isPartOf\":{\"@id\":\"https:\/\/diegodevallejo.com\/index.php\/elementor-80\/proyectos-actuales\/\"},\"author\":{\"name\":\"superpotypoty@hotmail.com\",\"@id\":\"https:\/\/diegodevallejo.com\/#\/schema\/person\/3f35d97696ffffffc0a1aa24f467f890\"},\"headline\":\"Proyectos actuales\",\"datePublished\":\"2023-05-23T19:33:36+00:00\",\"dateModified\":\"2025-11-26T12:21:50+00:00\",\"mainEntityOfPage\":{\"@id\":\"https:\/\/diegodevallejo.com\/index.php\/elementor-80\/proyectos-actuales\/\"},\"wordCount\":3234,\"publisher\":{\"@id\":\"https:\/\/diegodevallejo.com\/#organization\"},\"inLanguage\":\"en-US\"},{\"@type\":\"WebPage\",\"@id\":\"https:\/\/diegodevallejo.com\/index.php\/elementor-80\/proyectos-actuales\/\",\"url\":\"https:\/\/diegodevallejo.com\/index.php\/elementor-80\/proyectos-actuales\/\",\"name\":\"Proyectos actuales - diegodevallejo.com\",\"isPartOf\":{\"@id\":\"https:\/\/diegodevallejo.com\/#website\"},\"datePublished\":\"2023-05-23T19:33:36+00:00\",\"dateModified\":\"2025-11-26T12:21:50+00:00\",\"description\":\"\u00bfEn qu\u00e9 proyecto estoy enfrascado ahora? Suelo responder que estoy ocupado y no tengo mucho tiempo. Aqu\u00ed tienes la prueba de por qu\u00e9.\",\"breadcrumb\":{\"@id\":\"https:\/\/diegodevallejo.com\/index.php\/elementor-80\/proyectos-actuales\/#breadcrumb\"},\"inLanguage\":\"en-US\",\"potentialAction\":[{\"@type\":\"ReadAction\",\"target\":[\"https:\/\/diegodevallejo.com\/index.php\/elementor-80\/proyectos-actuales\/\"]}]},{\"@type\":\"BreadcrumbList\",\"@id\":\"https:\/\/diegodevallejo.com\/index.php\/elementor-80\/proyectos-actuales\/#breadcrumb\",\"itemListElement\":[{\"@type\":\"ListItem\",\"position\":1,\"name\":\"Portada\",\"item\":\"https:\/\/diegodevallejo.com\/\"},{\"@type\":\"ListItem\",\"position\":2,\"name\":\"Inicio\",\"item\":\"https:\/\/diegodevallejo.com\/\"},{\"@type\":\"ListItem\",\"position\":3,\"name\":\"Proyectos actuales\"}]},{\"@type\":\"WebSite\",\"@id\":\"https:\/\/diegodevallejo.com\/#website\",\"url\":\"https:\/\/diegodevallejo.com\/\",\"name\":\"diegodevallejo.com\",\"description\":\"P\u00e1gina oficial de la empresa de formaci\u00f3n y divulgaci\u00f3n ambiental &quot;Poty Ambienturas&quot;\",\"publisher\":{\"@id\":\"https:\/\/diegodevallejo.com\/#organization\"},\"potentialAction\":[{\"@type\":\"SearchAction\",\"target\":{\"@type\":\"EntryPoint\",\"urlTemplate\":\"https:\/\/diegodevallejo.com\/?s={search_term_string}\"},\"query-input\":\"required name=search_term_string\"}],\"inLanguage\":\"en-US\"},{\"@type\":\"Organization\",\"@id\":\"https:\/\/diegodevallejo.com\/#organization\",\"name\":\"diegodevallejo.com\",\"url\":\"https:\/\/diegodevallejo.com\/\",\"logo\":{\"@type\":\"ImageObject\",\"inLanguage\":\"en-US\",\"@id\":\"https:\/\/diegodevallejo.com\/#\/schema\/logo\/image\/\",\"url\":\"https:\/\/diegodevallejo.com\/wp-content\/uploads\/2023\/04\/cropped-potyambienturas-removebg-preview.png\",\"contentUrl\":\"https:\/\/diegodevallejo.com\/wp-content\/uploads\/2023\/04\/cropped-potyambienturas-removebg-preview.png\",\"width\":176,\"height\":176,\"caption\":\"diegodevallejo.com\"},\"image\":{\"@id\":\"https:\/\/diegodevallejo.com\/#\/schema\/logo\/image\/\"}},{\"@type\":\"Person\",\"@id\":\"https:\/\/diegodevallejo.com\/#\/schema\/person\/3f35d97696ffffffc0a1aa24f467f890\",\"name\":\"superpotypoty@hotmail.com\",\"image\":{\"@type\":\"ImageObject\",\"inLanguage\":\"en-US\",\"@id\":\"https:\/\/diegodevallejo.com\/#\/schema\/person\/image\/\",\"url\":\"https:\/\/secure.gravatar.com\/avatar\/cc6ffc202c0359113c9e8cbf0cfeedb3?s=96&d=mm&r=g\",\"contentUrl\":\"https:\/\/secure.gravatar.com\/avatar\/cc6ffc202c0359113c9e8cbf0cfeedb3?s=96&d=mm&r=g\",\"caption\":\"superpotypoty@hotmail.com\"},\"sameAs\":[\"http:\/\/diegodevallejo.com\"],\"url\":\"https:\/\/diegodevallejo.com\/index.php\/author\/superpotypotyhotmail-com\/\"}]}<\/script>\n<!-- \/ Yoast SEO plugin. -->","yoast_head_json":{"title":"Proyectos actuales - diegodevallejo.com","description":"\u00bfEn qu\u00e9 proyecto estoy enfrascado ahora? Suelo responder que estoy ocupado y no tengo mucho tiempo. Aqu\u00ed tienes la prueba de por qu\u00e9.","robots":{"index":"index","follow":"follow","max-snippet":"max-snippet:-1","max-image-preview":"max-image-preview:large","max-video-preview":"max-video-preview:-1"},"canonical":"https:\/\/diegodevallejo.com\/index.php\/elementor-80\/proyectos-actuales\/","og_locale":"en_US","og_type":"article","og_title":"Proyectos actuales - diegodevallejo.com","og_description":"\u00bfEn qu\u00e9 proyecto estoy enfrascado ahora? Suelo responder que estoy ocupado y no tengo mucho tiempo. Aqu\u00ed tienes la prueba de por qu\u00e9.","og_url":"https:\/\/diegodevallejo.com\/index.php\/elementor-80\/proyectos-actuales\/","og_site_name":"diegodevallejo.com","article_modified_time":"2025-11-26T12:21:50+00:00","og_image":[{"url":"http:\/\/diegodevallejo.com\/wp-content\/uploads\/2025\/01\/cajas-nido-de-paino-europeo-1024x392.jpg"}],"twitter_card":"summary_large_image","twitter_misc":{"Est. reading time":"21 minutes"},"schema":{"@context":"https:\/\/schema.org","@graph":[{"@type":["Article","SocialMediaPosting"],"@id":"https:\/\/diegodevallejo.com\/index.php\/elementor-80\/proyectos-actuales\/#article","isPartOf":{"@id":"https:\/\/diegodevallejo.com\/index.php\/elementor-80\/proyectos-actuales\/"},"author":{"name":"superpotypoty@hotmail.com","@id":"https:\/\/diegodevallejo.com\/#\/schema\/person\/3f35d97696ffffffc0a1aa24f467f890"},"headline":"Proyectos actuales","datePublished":"2023-05-23T19:33:36+00:00","dateModified":"2025-11-26T12:21:50+00:00","mainEntityOfPage":{"@id":"https:\/\/diegodevallejo.com\/index.php\/elementor-80\/proyectos-actuales\/"},"wordCount":3234,"publisher":{"@id":"https:\/\/diegodevallejo.com\/#organization"},"inLanguage":"en-US"},{"@type":"WebPage","@id":"https:\/\/diegodevallejo.com\/index.php\/elementor-80\/proyectos-actuales\/","url":"https:\/\/diegodevallejo.com\/index.php\/elementor-80\/proyectos-actuales\/","name":"Proyectos actuales - diegodevallejo.com","isPartOf":{"@id":"https:\/\/diegodevallejo.com\/#website"},"datePublished":"2023-05-23T19:33:36+00:00","dateModified":"2025-11-26T12:21:50+00:00","description":"\u00bfEn qu\u00e9 proyecto estoy enfrascado ahora? Suelo responder que estoy ocupado y no tengo mucho tiempo. Aqu\u00ed tienes la prueba de por qu\u00e9.","breadcrumb":{"@id":"https:\/\/diegodevallejo.com\/index.php\/elementor-80\/proyectos-actuales\/#breadcrumb"},"inLanguage":"en-US","potentialAction":[{"@type":"ReadAction","target":["https:\/\/diegodevallejo.com\/index.php\/elementor-80\/proyectos-actuales\/"]}]},{"@type":"BreadcrumbList","@id":"https:\/\/diegodevallejo.com\/index.php\/elementor-80\/proyectos-actuales\/#breadcrumb","itemListElement":[{"@type":"ListItem","position":1,"name":"Portada","item":"https:\/\/diegodevallejo.com\/"},{"@type":"ListItem","position":2,"name":"Inicio","item":"https:\/\/diegodevallejo.com\/"},{"@type":"ListItem","position":3,"name":"Proyectos actuales"}]},{"@type":"WebSite","@id":"https:\/\/diegodevallejo.com\/#website","url":"https:\/\/diegodevallejo.com\/","name":"diegodevallejo.com","description":"P\u00e1gina oficial de la empresa de formaci\u00f3n y divulgaci\u00f3n ambiental &quot;Poty Ambienturas&quot;","publisher":{"@id":"https:\/\/diegodevallejo.com\/#organization"},"potentialAction":[{"@type":"SearchAction","target":{"@type":"EntryPoint","urlTemplate":"https:\/\/diegodevallejo.com\/?s={search_term_string}"},"query-input":"required name=search_term_string"}],"inLanguage":"en-US"},{"@type":"Organization","@id":"https:\/\/diegodevallejo.com\/#organization","name":"diegodevallejo.com","url":"https:\/\/diegodevallejo.com\/","logo":{"@type":"ImageObject","inLanguage":"en-US","@id":"https:\/\/diegodevallejo.com\/#\/schema\/logo\/image\/","url":"https:\/\/diegodevallejo.com\/wp-content\/uploads\/2023\/04\/cropped-potyambienturas-removebg-preview.png","contentUrl":"https:\/\/diegodevallejo.com\/wp-content\/uploads\/2023\/04\/cropped-potyambienturas-removebg-preview.png","width":176,"height":176,"caption":"diegodevallejo.com"},"image":{"@id":"https:\/\/diegodevallejo.com\/#\/schema\/logo\/image\/"}},{"@type":"Person","@id":"https:\/\/diegodevallejo.com\/#\/schema\/person\/3f35d97696ffffffc0a1aa24f467f890","name":"superpotypoty@hotmail.com","image":{"@type":"ImageObject","inLanguage":"en-US","@id":"https:\/\/diegodevallejo.com\/#\/schema\/person\/image\/","url":"https:\/\/secure.gravatar.com\/avatar\/cc6ffc202c0359113c9e8cbf0cfeedb3?s=96&d=mm&r=g","contentUrl":"https:\/\/secure.gravatar.com\/avatar\/cc6ffc202c0359113c9e8cbf0cfeedb3?s=96&d=mm&r=g","caption":"superpotypoty@hotmail.com"},"sameAs":["http:\/\/diegodevallejo.com"],"url":"https:\/\/diegodevallejo.com\/index.php\/author\/superpotypotyhotmail-com\/"}]}},"_links":{"self":[{"href":"https:\/\/diegodevallejo.com\/index.php\/wp-json\/wp\/v2\/pages\/1148"}],"collection":[{"href":"https:\/\/diegodevallejo.com\/index.php\/wp-json\/wp\/v2\/pages"}],"about":[{"href":"https:\/\/diegodevallejo.com\/index.php\/wp-json\/wp\/v2\/types\/page"}],"author":[{"embeddable":true,"href":"https:\/\/diegodevallejo.com\/index.php\/wp-json\/wp\/v2\/users\/1"}],"replies":[{"embeddable":true,"href":"https:\/\/diegodevallejo.com\/index.php\/wp-json\/wp\/v2\/comments?post=1148"}],"version-history":[{"count":469,"href":"https:\/\/diegodevallejo.com\/index.php\/wp-json\/wp\/v2\/pages\/1148\/revisions"}],"predecessor-version":[{"id":2776,"href":"https:\/\/diegodevallejo.com\/index.php\/wp-json\/wp\/v2\/pages\/1148\/revisions\/2776"}],"up":[{"embeddable":true,"href":"https:\/\/diegodevallejo.com\/index.php\/wp-json\/wp\/v2\/pages\/80"}],"wp:attachment":[{"href":"https:\/\/diegodevallejo.com\/index.php\/wp-json\/wp\/v2\/media?parent=1148"}],"curies":[{"name":"wp","href":"https:\/\/api.w.org\/{rel}","templated":true}]}}