{"id":121,"date":"2023-04-18T15:47:15","date_gmt":"2023-04-18T15:47:15","guid":{"rendered":"https:\/\/diegodevallejo.com\/?page_id=121"},"modified":"2023-10-27T08:22:53","modified_gmt":"2023-10-27T08:22:53","slug":"profesionales","status":"publish","type":"page","link":"https:\/\/diegodevallejo.com\/index.php\/profesionales\/","title":{"rendered":"Profesionales"},"content":{"rendered":"\t\t<div data-elementor-type=\"wp-page\" data-elementor-id=\"121\" class=\"elementor elementor-121\">\n\t\t\t\t\t\t\t\t\t<section class=\"elementor-section elementor-top-section elementor-element elementor-element-26cdca6 elementor-reverse-mobile elementor-section-boxed elementor-section-height-default elementor-section-height-default\" data-id=\"26cdca6\" data-element_type=\"section\">\n\t\t\t\t\t\t<div class=\"elementor-container elementor-column-gap-default\">\n\t\t\t\t\t<div class=\"elementor-column elementor-col-50 elementor-top-column elementor-element elementor-element-20a32ff\" data-id=\"20a32ff\" data-element_type=\"column\">\n\t\t\t<div class=\"elementor-widget-wrap elementor-element-populated\">\n\t\t\t\t\t\t\t\t<div class=\"elementor-element elementor-element-b3434d6 elementor-widget elementor-widget-jkit_heading\" data-id=\"b3434d6\" data-element_type=\"widget\" data-widget_type=\"jkit_heading.default\">\n\t\t\t\t<div class=\"elementor-widget-container\">\n\t\t\t<div  class=\"jeg-elementor-kit jkit-heading  align-left align-tablet- align-mobile-center jeg_module___69f46a9691939\" ><div class=\"heading-section-title  display-inline-block\"><h2 class=\"heading-title\">Talleres para <span class=\"style-color\"><span>profesionales<\/span><\/span><\/h2><\/div><\/div>\t\t<\/div>\n\t\t\t\t<\/div>\n\t\t\t\t<div class=\"elementor-element elementor-element-301fdb4 elementor-widget elementor-widget-text-editor\" data-id=\"301fdb4\" data-element_type=\"widget\" data-widget_type=\"text-editor.default\">\n\t\t\t\t<div class=\"elementor-widget-container\">\n\t\t\t<style>\/*! elementor - v3.12.1 - 02-04-2023 *\/\n.elementor-widget-text-editor.elementor-drop-cap-view-stacked .elementor-drop-cap{background-color:#69727d;color:#fff}.elementor-widget-text-editor.elementor-drop-cap-view-framed .elementor-drop-cap{color:#69727d;border:3px solid;background-color:transparent}.elementor-widget-text-editor:not(.elementor-drop-cap-view-default) .elementor-drop-cap{margin-top:8px}.elementor-widget-text-editor:not(.elementor-drop-cap-view-default) .elementor-drop-cap-letter{width:1em;height:1em}.elementor-widget-text-editor .elementor-drop-cap{float:left;text-align:center;line-height:1;font-size:50px}.elementor-widget-text-editor .elementor-drop-cap-letter{display:inline-block}<\/style>\t\t\t\t<p>Cursos, conferencias y retos formativos para capacitar a nuestros activo m\u00e1s importante: Los docentes. La realizaci\u00f3n de reportajes audiovisuales educativos me ha expuesto a grandes retos, como crear asignaturas nuevas en la Universidad o programas formativos de videoblogging divulgativo. He creado varios cursos con el Centro de Investigaci\u00f3n del Medio Ambiente CIMA para formar espec\u00edficamente a nuestro profesorado y he disfrutado mucho haci\u00e9ndolo. Tambi\u00e9n imparto clases de videoblogging empresarial en la Universidad de periodismo CESINE. Estos cursos han contado con el aval del Ministerio (Parques Nacionales) o del Gobierno de Cantabria de cara a la puntuaci\u00f3n y homologaci\u00f3n para, por ejemplo, las oposiciones de Educaci\u00f3n. Muy interesante para todos esos interinos nuestros que a\u00fan est\u00e1n peleando por estabilizar su situaci\u00f3n o para todos aquellos docentes que no dejan de reciclarse continuamente pero ya est\u00e1n hartos de sufrir en cursos de muerte por powerpoint. Eso aqu\u00ed se acab\u00f3.<\/p>\t\t\t\t\t\t<\/div>\n\t\t\t\t<\/div>\n\t\t\t\t<div class=\"elementor-element elementor-element-ec2e94d elementor-mobile-align-center elementor-button-warning elementor-widget elementor-widget-button\" data-id=\"ec2e94d\" data-element_type=\"widget\" data-widget_type=\"button.default\">\n\t\t\t\t<div class=\"elementor-widget-container\">\n\t\t\t\t\t<div class=\"elementor-button-wrapper\">\n\t\t\t<a href=\"mailto:%20superpotypoty@hotmail.com\" class=\"elementor-button-link elementor-button elementor-size-sm\" role=\"button\">\n\t\t\t\t\t\t<span class=\"elementor-button-content-wrapper\">\n\t\t\t\t\t\t<span class=\"elementor-button-text\">Me interesa. Dame m\u00e1s info<\/span>\n\t\t<\/span>\n\t\t\t\t\t<\/a>\n\t\t<\/div>\n\t\t\t\t<\/div>\n\t\t\t\t<\/div>\n\t\t\t\t\t<\/div>\n\t\t<\/div>\n\t\t\t\t<div class=\"elementor-column elementor-col-50 elementor-top-column elementor-element elementor-element-b358eed\" data-id=\"b358eed\" data-element_type=\"column\">\n\t\t\t<div class=\"elementor-widget-wrap elementor-element-populated\">\n\t\t\t\t\t\t\t\t<section class=\"elementor-section elementor-inner-section elementor-element elementor-element-9abc618 elementor-section-boxed elementor-section-height-default elementor-section-height-default\" data-id=\"9abc618\" data-element_type=\"section\">\n\t\t\t\t\t\t<div class=\"elementor-container elementor-column-gap-default\">\n\t\t\t\t\t<div class=\"elementor-column elementor-col-100 elementor-inner-column elementor-element elementor-element-792c8ca\" data-id=\"792c8ca\" data-element_type=\"column\">\n\t\t\t<div class=\"elementor-widget-wrap elementor-element-populated\">\n\t\t\t\t\t\t\t\t<div class=\"elementor-element elementor-element-499f115 elementor-invisible elementor-widget elementor-widget-image\" data-id=\"499f115\" data-element_type=\"widget\" data-settings=\"{&quot;_animation&quot;:&quot;fadeInRight&quot;}\" data-widget_type=\"image.default\">\n\t\t\t\t<div class=\"elementor-widget-container\">\n\t\t\t<style>\/*! elementor - v3.12.1 - 02-04-2023 *\/\n.elementor-widget-image{text-align:center}.elementor-widget-image a{display:inline-block}.elementor-widget-image a img[src$=\".svg\"]{width:48px}.elementor-widget-image img{vertical-align:middle;display:inline-block}<\/style>\t\t\t\t\t\t\t\t\t\t\t\t<img width=\"750\" height=\"500\" src=\"https:\/\/diegodevallejo.com\/wp-content\/uploads\/2023\/05\/formacion-del-procesorado-ambiental-educacion-ambiental-curso-de-educacion-ambiental-diegodevallejo-diego-de-vallejo-poty-ambientueas-1024x683.jpg\" class=\"attachment-large size-large wp-image-636\" alt=\"\" decoding=\"async\" loading=\"lazy\" srcset=\"https:\/\/diegodevallejo.com\/wp-content\/uploads\/2023\/05\/formacion-del-procesorado-ambiental-educacion-ambiental-curso-de-educacion-ambiental-diegodevallejo-diego-de-vallejo-poty-ambientueas-1024x683.jpg 1024w, https:\/\/diegodevallejo.com\/wp-content\/uploads\/2023\/05\/formacion-del-procesorado-ambiental-educacion-ambiental-curso-de-educacion-ambiental-diegodevallejo-diego-de-vallejo-poty-ambientueas-300x200.jpg 300w, https:\/\/diegodevallejo.com\/wp-content\/uploads\/2023\/05\/formacion-del-procesorado-ambiental-educacion-ambiental-curso-de-educacion-ambiental-diegodevallejo-diego-de-vallejo-poty-ambientueas-768x512.jpg 768w, https:\/\/diegodevallejo.com\/wp-content\/uploads\/2023\/05\/formacion-del-procesorado-ambiental-educacion-ambiental-curso-de-educacion-ambiental-diegodevallejo-diego-de-vallejo-poty-ambientueas.jpg 1200w\" sizes=\"(max-width: 750px) 100vw, 750px\" style=\"width:100%;height:66.67%;max-width:1200px\" \/>\t\t\t\t\t\t\t\t\t\t\t\t\t\t\t<\/div>\n\t\t\t\t<\/div>\n\t\t\t\t\t<\/div>\n\t\t<\/div>\n\t\t\t\t\t\t\t<\/div>\n\t\t<\/section>\n\t\t\t\t<section class=\"elementor-section elementor-inner-section elementor-element elementor-element-7bb7129 elementor-section-boxed elementor-section-height-default elementor-section-height-default\" data-id=\"7bb7129\" data-element_type=\"section\">\n\t\t\t\t\t\t<div class=\"elementor-container elementor-column-gap-default\">\n\t\t\t\t\t<div class=\"elementor-column elementor-col-50 elementor-inner-column elementor-element elementor-element-21ffd02\" data-id=\"21ffd02\" data-element_type=\"column\">\n\t\t\t<div class=\"elementor-widget-wrap elementor-element-populated\">\n\t\t\t\t\t\t\t\t<div class=\"elementor-element elementor-element-c0886f3 elementor-invisible elementor-widget elementor-widget-image\" data-id=\"c0886f3\" data-element_type=\"widget\" data-settings=\"{&quot;_animation&quot;:&quot;fadeInLeft&quot;}\" data-widget_type=\"image.default\">\n\t\t\t\t<div class=\"elementor-widget-container\">\n\t\t\t\t\t\t\t\t\t\t\t\t\t\t\t<img width=\"300\" height=\"300\" src=\"https:\/\/diegodevallejo.com\/wp-content\/uploads\/2023\/05\/Captura-de-Pantalla-2023-05-09-a-las-23.03.51-300x300.png\" class=\"attachment-medium size-medium wp-image-634\" alt=\"\" decoding=\"async\" loading=\"lazy\" srcset=\"https:\/\/diegodevallejo.com\/wp-content\/uploads\/2023\/05\/Captura-de-Pantalla-2023-05-09-a-las-23.03.51-300x300.png 300w, https:\/\/diegodevallejo.com\/wp-content\/uploads\/2023\/05\/Captura-de-Pantalla-2023-05-09-a-las-23.03.51-1024x1024.png 1024w, https:\/\/diegodevallejo.com\/wp-content\/uploads\/2023\/05\/Captura-de-Pantalla-2023-05-09-a-las-23.03.51-150x150.png 150w, https:\/\/diegodevallejo.com\/wp-content\/uploads\/2023\/05\/Captura-de-Pantalla-2023-05-09-a-las-23.03.51-768x768.png 768w, https:\/\/diegodevallejo.com\/wp-content\/uploads\/2023\/05\/Captura-de-Pantalla-2023-05-09-a-las-23.03.51-1536x1536.png 1536w, https:\/\/diegodevallejo.com\/wp-content\/uploads\/2023\/05\/Captura-de-Pantalla-2023-05-09-a-las-23.03.51-1568x1568.png 1568w, https:\/\/diegodevallejo.com\/wp-content\/uploads\/2023\/05\/Captura-de-Pantalla-2023-05-09-a-las-23.03.51.png 1954w\" sizes=\"(max-width: 300px) 100vw, 300px\" style=\"width:100%;height:100%;max-width:1954px\" \/>\t\t\t\t\t\t\t\t\t\t\t\t\t\t\t<\/div>\n\t\t\t\t<\/div>\n\t\t\t\t\t<\/div>\n\t\t<\/div>\n\t\t\t\t<div class=\"elementor-column elementor-col-50 elementor-inner-column elementor-element elementor-element-c0096e4\" data-id=\"c0096e4\" data-element_type=\"column\">\n\t\t\t<div class=\"elementor-widget-wrap elementor-element-populated\">\n\t\t\t\t\t\t\t\t<div class=\"elementor-element elementor-element-211e0c4 elementor-invisible elementor-widget elementor-widget-image\" data-id=\"211e0c4\" data-element_type=\"widget\" data-settings=\"{&quot;_animation&quot;:&quot;zoomInDown&quot;}\" data-widget_type=\"image.default\">\n\t\t\t\t<div class=\"elementor-widget-container\">\n\t\t\t\t\t\t\t\t\t\t\t\t\t\t\t<img width=\"750\" height=\"516\" src=\"https:\/\/diegodevallejo.com\/wp-content\/uploads\/2023\/05\/diego-de-vallejo-diegodevallejo-cima-cantabria-cedreac-poty-ambienturas-poty-poti-aventuras-educacion-cep-torrelavega-cep-santander-2-1024x704.jpg\" class=\"attachment-large size-large wp-image-660\" alt=\"\" decoding=\"async\" loading=\"lazy\" srcset=\"https:\/\/diegodevallejo.com\/wp-content\/uploads\/2023\/05\/diego-de-vallejo-diegodevallejo-cima-cantabria-cedreac-poty-ambienturas-poty-poti-aventuras-educacion-cep-torrelavega-cep-santander-2-1024x704.jpg 1024w, https:\/\/diegodevallejo.com\/wp-content\/uploads\/2023\/05\/diego-de-vallejo-diegodevallejo-cima-cantabria-cedreac-poty-ambienturas-poty-poti-aventuras-educacion-cep-torrelavega-cep-santander-2-300x206.jpg 300w, https:\/\/diegodevallejo.com\/wp-content\/uploads\/2023\/05\/diego-de-vallejo-diegodevallejo-cima-cantabria-cedreac-poty-ambienturas-poty-poti-aventuras-educacion-cep-torrelavega-cep-santander-2-768x528.jpg 768w, https:\/\/diegodevallejo.com\/wp-content\/uploads\/2023\/05\/diego-de-vallejo-diegodevallejo-cima-cantabria-cedreac-poty-ambienturas-poty-poti-aventuras-educacion-cep-torrelavega-cep-santander-2.jpg 1200w\" sizes=\"(max-width: 750px) 100vw, 750px\" style=\"width:100%;height:68.75%;max-width:1200px\" \/>\t\t\t\t\t\t\t\t\t\t\t\t\t\t\t<\/div>\n\t\t\t\t<\/div>\n\t\t\t\t\t<\/div>\n\t\t<\/div>\n\t\t\t\t\t\t\t<\/div>\n\t\t<\/section>\n\t\t\t\t\t<\/div>\n\t\t<\/div>\n\t\t\t\t\t\t\t<\/div>\n\t\t<\/section>\n\t\t\t\t<section class=\"elementor-section elementor-top-section elementor-element elementor-element-5559594 elementor-section-boxed elementor-section-height-default elementor-section-height-default\" data-id=\"5559594\" data-element_type=\"section\">\n\t\t\t\t\t\t<div class=\"elementor-container elementor-column-gap-default\">\n\t\t\t\t\t<div class=\"elementor-column elementor-col-100 elementor-top-column elementor-element elementor-element-47c5e771\" data-id=\"47c5e771\" data-element_type=\"column\">\n\t\t\t<div class=\"elementor-widget-wrap elementor-element-populated\">\n\t\t\t\t\t\t\t\t<div class=\"elementor-element elementor-element-5c4872ee elementor-widget elementor-widget-jkit_heading\" data-id=\"5c4872ee\" data-element_type=\"widget\" data-widget_type=\"jkit_heading.default\">\n\t\t\t\t<div class=\"elementor-widget-container\">\n\t\t\t<div  class=\"jeg-elementor-kit jkit-heading  align-center align-tablet- align-mobile- jeg_module__1_69f46a969c93c\" ><div class=\"heading-section-title  display-inline-block\"><h2 class=\"heading-title\">Los m\u00e1s <span class=\"style-color\"><span>demandados<\/span><\/span><\/h2><\/div><\/div>\t\t<\/div>\n\t\t\t\t<\/div>\n\t\t\t\t<div class=\"elementor-element elementor-element-360a9ae5 elementor-widget elementor-widget-text-editor\" data-id=\"360a9ae5\" data-element_type=\"widget\" data-widget_type=\"text-editor.default\">\n\t\t\t\t<div class=\"elementor-widget-container\">\n\t\t\t\t\t\t\t<p>De todos los cursos que me ha tocado crear desde cero, estos son los que m\u00e1s veces he tenido que impartir por el \u00e9xito en la convocatoria. Quiz\u00e1s te interese alguno.<\/p>\t\t\t\t\t\t<\/div>\n\t\t\t\t<\/div>\n\t\t\t\t<section class=\"elementor-section elementor-inner-section elementor-element elementor-element-6948baa elementor-section-boxed elementor-section-height-default elementor-section-height-default\" data-id=\"6948baa\" data-element_type=\"section\">\n\t\t\t\t\t\t<div class=\"elementor-container elementor-column-gap-default\">\n\t\t\t\t\t<div class=\"elementor-column elementor-col-33 elementor-inner-column elementor-element elementor-element-5d5d791\" data-id=\"5d5d791\" data-element_type=\"column\">\n\t\t\t<div class=\"elementor-widget-wrap elementor-element-populated\">\n\t\t\t\t\t\t\t\t<div class=\"elementor-element elementor-element-f1337b8 elementor-widget elementor-widget-image\" data-id=\"f1337b8\" data-element_type=\"widget\" data-widget_type=\"image.default\">\n\t\t\t\t<div class=\"elementor-widget-container\">\n\t\t\t\t\t\t\t\t\t\t\t\t\t\t\t<img width=\"750\" height=\"1000\" src=\"https:\/\/diegodevallejo.com\/wp-content\/uploads\/2023\/05\/curso-de-diseno-de-itinerarios-para-fomentar-la-biodiversidad-en-cantabria-potyambienturas-diego-de-vallejo-educacion-ambiental-educacion-primaria-secundaria-formacion-profesional-768x1024.jpg\" class=\"attachment-large size-large wp-image-657\" alt=\"\" decoding=\"async\" loading=\"lazy\" srcset=\"https:\/\/diegodevallejo.com\/wp-content\/uploads\/2023\/05\/curso-de-diseno-de-itinerarios-para-fomentar-la-biodiversidad-en-cantabria-potyambienturas-diego-de-vallejo-educacion-ambiental-educacion-primaria-secundaria-formacion-profesional-768x1024.jpg 768w, https:\/\/diegodevallejo.com\/wp-content\/uploads\/2023\/05\/curso-de-diseno-de-itinerarios-para-fomentar-la-biodiversidad-en-cantabria-potyambienturas-diego-de-vallejo-educacion-ambiental-educacion-primaria-secundaria-formacion-profesional-225x300.jpg 225w, https:\/\/diegodevallejo.com\/wp-content\/uploads\/2023\/05\/curso-de-diseno-de-itinerarios-para-fomentar-la-biodiversidad-en-cantabria-potyambienturas-diego-de-vallejo-educacion-ambiental-educacion-primaria-secundaria-formacion-profesional.jpg 900w\" sizes=\"(max-width: 750px) 100vw, 750px\" style=\"width:100%;height:133.33%;max-width:900px\" \/>\t\t\t\t\t\t\t\t\t\t\t\t\t\t\t<\/div>\n\t\t\t\t<\/div>\n\t\t\t\t<div class=\"elementor-element elementor-element-c1e64ed elementor-widget__width-auto elementor-widget elementor-widget-heading\" data-id=\"c1e64ed\" data-element_type=\"widget\" data-widget_type=\"heading.default\">\n\t\t\t\t<div class=\"elementor-widget-container\">\n\t\t\t<style>\/*! elementor - v3.12.1 - 02-04-2023 *\/\n.elementor-heading-title{padding:0;margin:0;line-height:1}.elementor-widget-heading .elementor-heading-title[class*=elementor-size-]>a{color:inherit;font-size:inherit;line-height:inherit}.elementor-widget-heading .elementor-heading-title.elementor-size-small{font-size:15px}.elementor-widget-heading .elementor-heading-title.elementor-size-medium{font-size:19px}.elementor-widget-heading .elementor-heading-title.elementor-size-large{font-size:29px}.elementor-widget-heading .elementor-heading-title.elementor-size-xl{font-size:39px}.elementor-widget-heading .elementor-heading-title.elementor-size-xxl{font-size:59px}<\/style><h5 class=\"elementor-heading-title elementor-size-default\">Curso de dise\u00f1o y creaci\u00f3n de itinerarios divulgativos para fomentar la biodiversidad<\/h5>\t\t<\/div>\n\t\t\t\t<\/div>\n\t\t\t\t<div class=\"elementor-element elementor-element-98db735 elementor-widget-mobile__width-auto elementor-icon-list--layout-traditional elementor-list-item-link-full_width elementor-widget elementor-widget-icon-list\" data-id=\"98db735\" data-element_type=\"widget\" data-widget_type=\"icon-list.default\">\n\t\t\t\t<div class=\"elementor-widget-container\">\n\t\t\t<link rel=\"stylesheet\" href=\"https:\/\/diegodevallejo.com\/wp-content\/plugins\/elementor\/assets\/css\/widget-icon-list.min.css\">\t\t<ul class=\"elementor-icon-list-items\">\n\t\t\t\t\t\t\t<li class=\"elementor-icon-list-item\">\n\t\t\t\t\t\t\t\t\t\t\t<span class=\"elementor-icon-list-icon\">\n\t\t\t\t\t\t\t<i aria-hidden=\"true\" class=\"jki jki-map-marked-alt-solid\"><\/i>\t\t\t\t\t\t<\/span>\n\t\t\t\t\t\t\t\t\t\t<span class=\"elementor-icon-list-text\">Plan de formaci\u00f3n del CEDREAC <\/span>\n\t\t\t\t\t\t\t\t\t<\/li>\n\t\t\t\t\t\t<\/ul>\n\t\t\t\t<\/div>\n\t\t\t\t<\/div>\n\t\t\t\t<div class=\"elementor-element elementor-element-8e50f7a elementor-widget elementor-widget-text-editor\" data-id=\"8e50f7a\" data-element_type=\"widget\" data-widget_type=\"text-editor.default\">\n\t\t\t\t<div class=\"elementor-widget-container\">\n\t\t\t\t\t\t\t<p>En la pr\u00e1ctica, no solemos poder visitar los grandes espacios naturales con los alumnos. Hay que saber sacarle provecho a un parque urbano, al extrarradio de la ciudad o esa zona bonita del pueblo. Con este curso aprender\u00e1s todos los trucos que he ido creando.\u00a0<\/p>\t\t\t\t\t\t<\/div>\n\t\t\t\t<\/div>\n\t\t\t\t<div class=\"elementor-element elementor-element-d2f10f8 elementor-align-left elementor-widget__width-auto elementor-icon-list--layout-traditional elementor-list-item-link-full_width elementor-widget elementor-widget-icon-list\" data-id=\"d2f10f8\" data-element_type=\"widget\" data-widget_type=\"icon-list.default\">\n\t\t\t\t<div class=\"elementor-widget-container\">\n\t\t\t\t\t<ul class=\"elementor-icon-list-items\">\n\t\t\t\t\t\t\t<li class=\"elementor-icon-list-item\">\n\t\t\t\t\t\t\t\t\t\t\t<span class=\"elementor-icon-list-icon\">\n\t\t\t\t\t\t\t<i aria-hidden=\"true\" class=\"fas fa-check-circle\"><\/i>\t\t\t\t\t\t<\/span>\n\t\t\t\t\t\t\t\t\t\t<span class=\"elementor-icon-list-text\">Presencial<\/span>\n\t\t\t\t\t\t\t\t\t<\/li>\n\t\t\t\t\t\t\t\t<li class=\"elementor-icon-list-item\">\n\t\t\t\t\t\t\t\t\t\t\t<span class=\"elementor-icon-list-icon\">\n\t\t\t\t\t\t\t<i aria-hidden=\"true\" class=\"fas fa-check-circle\"><\/i>\t\t\t\t\t\t<\/span>\n\t\t\t\t\t\t\t\t\t\t<span class=\"elementor-icon-list-text\">16:00 am a 19:30 pm<\/span>\n\t\t\t\t\t\t\t\t\t<\/li>\n\t\t\t\t\t\t\t\t<li class=\"elementor-icon-list-item\">\n\t\t\t\t\t\t\t\t\t\t\t<span class=\"elementor-icon-list-icon\">\n\t\t\t\t\t\t\t<i aria-hidden=\"true\" class=\"fas fa-check-circle\"><\/i>\t\t\t\t\t\t<\/span>\n\t\t\t\t\t\t\t\t\t\t<span class=\"elementor-icon-list-text\">Necesario tener botas de monte y ganas de aprender<\/span>\n\t\t\t\t\t\t\t\t\t<\/li>\n\t\t\t\t\t\t\t\t<li class=\"elementor-icon-list-item\">\n\t\t\t\t\t\t\t\t\t\t\t<span class=\"elementor-icon-list-icon\">\n\t\t\t\t\t\t\t<i aria-hidden=\"true\" class=\"fas fa-euro-sign\"><\/i>\t\t\t\t\t\t<\/span>\n\t\t\t\t\t\t\t\t\t\t<span class=\"elementor-icon-list-text\">Inscripci\u00f3n en la web del CIMA, a trav\u00e9s del CEP<\/span>\n\t\t\t\t\t\t\t\t\t<\/li>\n\t\t\t\t\t\t<\/ul>\n\t\t\t\t<\/div>\n\t\t\t\t<\/div>\n\t\t\t\t<div class=\"elementor-element elementor-element-8ca3c1a elementor-align-justify elementor-button-success elementor-widget elementor-widget-button\" data-id=\"8ca3c1a\" data-element_type=\"widget\" data-widget_type=\"button.default\">\n\t\t\t\t<div class=\"elementor-widget-container\">\n\t\t\t\t\t<div class=\"elementor-button-wrapper\">\n\t\t\t<a href=\"https:\/\/www.cepdecantabria.es\/actividades\/listado-de-actividades\/57-actividades\/cep-torrelavega\/2142-rutas-interpretativas-ceptorre\" class=\"elementor-button-link elementor-button elementor-size-sm\" role=\"button\">\n\t\t\t\t\t\t<span class=\"elementor-button-content-wrapper\">\n\t\t\t\t\t\t<span class=\"elementor-button-text\">Saber m\u00e1s<\/span>\n\t\t<\/span>\n\t\t\t\t\t<\/a>\n\t\t<\/div>\n\t\t\t\t<\/div>\n\t\t\t\t<\/div>\n\t\t\t\t\t<\/div>\n\t\t<\/div>\n\t\t\t\t<div class=\"elementor-column elementor-col-33 elementor-inner-column elementor-element elementor-element-7c2e391\" data-id=\"7c2e391\" data-element_type=\"column\">\n\t\t\t<div class=\"elementor-widget-wrap elementor-element-populated\">\n\t\t\t\t\t\t\t\t<div class=\"elementor-element elementor-element-78ab68f elementor-widget elementor-widget-image\" data-id=\"78ab68f\" data-element_type=\"widget\" data-widget_type=\"image.default\">\n\t\t\t\t<div class=\"elementor-widget-container\">\n\t\t\t\t\t\t\t\t\t\t\t\t\t\t\t<img width=\"750\" height=\"1000\" src=\"https:\/\/diegodevallejo.com\/wp-content\/uploads\/2023\/05\/curso-youtube-educativo-para-educadores-ambientales-oapn-miteco-diego-de-vallejo-educacion-ambiental-youtuber-poty-ambienturas-curso-youtube-para-educadores-cultuber-edutuber-768x1024.jpg\" class=\"attachment-large size-large wp-image-658\" alt=\"\" decoding=\"async\" loading=\"lazy\" srcset=\"https:\/\/diegodevallejo.com\/wp-content\/uploads\/2023\/05\/curso-youtube-educativo-para-educadores-ambientales-oapn-miteco-diego-de-vallejo-educacion-ambiental-youtuber-poty-ambienturas-curso-youtube-para-educadores-cultuber-edutuber-768x1024.jpg 768w, https:\/\/diegodevallejo.com\/wp-content\/uploads\/2023\/05\/curso-youtube-educativo-para-educadores-ambientales-oapn-miteco-diego-de-vallejo-educacion-ambiental-youtuber-poty-ambienturas-curso-youtube-para-educadores-cultuber-edutuber-225x300.jpg 225w, https:\/\/diegodevallejo.com\/wp-content\/uploads\/2023\/05\/curso-youtube-educativo-para-educadores-ambientales-oapn-miteco-diego-de-vallejo-educacion-ambiental-youtuber-poty-ambienturas-curso-youtube-para-educadores-cultuber-edutuber.jpg 900w\" sizes=\"(max-width: 750px) 100vw, 750px\" style=\"width:100%;height:133.33%;max-width:900px\" \/>\t\t\t\t\t\t\t\t\t\t\t\t\t\t\t<\/div>\n\t\t\t\t<\/div>\n\t\t\t\t<div class=\"elementor-element elementor-element-4d4b829 elementor-widget__width-auto elementor-widget elementor-widget-heading\" data-id=\"4d4b829\" data-element_type=\"widget\" data-widget_type=\"heading.default\">\n\t\t\t\t<div class=\"elementor-widget-container\">\n\t\t\t<h5 class=\"elementor-heading-title elementor-size-default\">Youtube como herramienta divulgativa para docentes y educadores<\/h5>\t\t<\/div>\n\t\t\t\t<\/div>\n\t\t\t\t<div class=\"elementor-element elementor-element-2a65663 elementor-widget-mobile__width-auto elementor-icon-list--layout-traditional elementor-list-item-link-full_width elementor-widget elementor-widget-icon-list\" data-id=\"2a65663\" data-element_type=\"widget\" data-widget_type=\"icon-list.default\">\n\t\t\t\t<div class=\"elementor-widget-container\">\n\t\t\t\t\t<ul class=\"elementor-icon-list-items\">\n\t\t\t\t\t\t\t<li class=\"elementor-icon-list-item\">\n\t\t\t\t\t\t\t\t\t\t\t<span class=\"elementor-icon-list-icon\">\n\t\t\t\t\t\t\t<i aria-hidden=\"true\" class=\"jki jki-map-marked-alt-solid\"><\/i>\t\t\t\t\t\t<\/span>\n\t\t\t\t\t\t\t\t\t\t<span class=\"elementor-icon-list-text\">Organismo Aut\u00f3nomo de Parques Nacionales<\/span>\n\t\t\t\t\t\t\t\t\t<\/li>\n\t\t\t\t\t\t<\/ul>\n\t\t\t\t<\/div>\n\t\t\t\t<\/div>\n\t\t\t\t<div class=\"elementor-element elementor-element-7918b03 elementor-widget elementor-widget-text-editor\" data-id=\"7918b03\" data-element_type=\"widget\" data-widget_type=\"text-editor.default\">\n\t\t\t\t<div class=\"elementor-widget-container\">\n\t\t\t\t\t\t\t<p>Un curso muy demandado que nos piden cada a\u00f1o a mi colega Alfonso (@EnPlanPlaneta) y a m\u00ed. Si quieres aprender a elaborar guiones, descargar recursos gratuitos y editar v\u00eddeo pero te da pereza empezar a aprender, \u00a1este es tu curso! Ya va por la tercera edici\u00f3n.<\/p>\t\t\t\t\t\t<\/div>\n\t\t\t\t<\/div>\n\t\t\t\t<div class=\"elementor-element elementor-element-266930e elementor-align-left elementor-widget__width-auto elementor-icon-list--layout-traditional elementor-list-item-link-full_width elementor-widget elementor-widget-icon-list\" data-id=\"266930e\" data-element_type=\"widget\" data-widget_type=\"icon-list.default\">\n\t\t\t\t<div class=\"elementor-widget-container\">\n\t\t\t\t\t<ul class=\"elementor-icon-list-items\">\n\t\t\t\t\t\t\t<li class=\"elementor-icon-list-item\">\n\t\t\t\t\t\t\t\t\t\t\t<span class=\"elementor-icon-list-icon\">\n\t\t\t\t\t\t\t<i aria-hidden=\"true\" class=\"fas fa-check-circle\"><\/i>\t\t\t\t\t\t<\/span>\n\t\t\t\t\t\t\t\t\t\t<span class=\"elementor-icon-list-text\">A distancia<\/span>\n\t\t\t\t\t\t\t\t\t<\/li>\n\t\t\t\t\t\t\t\t<li class=\"elementor-icon-list-item\">\n\t\t\t\t\t\t\t\t\t\t\t<span class=\"elementor-icon-list-icon\">\n\t\t\t\t\t\t\t<i aria-hidden=\"true\" class=\"fas fa-check-circle\"><\/i>\t\t\t\t\t\t<\/span>\n\t\t\t\t\t\t\t\t\t\t<span class=\"elementor-icon-list-text\">35 horas (online)<\/span>\n\t\t\t\t\t\t\t\t\t<\/li>\n\t\t\t\t\t\t\t\t<li class=\"elementor-icon-list-item\">\n\t\t\t\t\t\t\t\t\t\t\t<span class=\"elementor-icon-list-icon\">\n\t\t\t\t\t\t\t<i aria-hidden=\"true\" class=\"fas fa-check-circle\"><\/i>\t\t\t\t\t\t<\/span>\n\t\t\t\t\t\t\t\t\t\t<span class=\"elementor-icon-list-text\">Necesario tener ordenador propio y poca verg\u00fcenza<\/span>\n\t\t\t\t\t\t\t\t\t<\/li>\n\t\t\t\t\t\t\t\t<li class=\"elementor-icon-list-item\">\n\t\t\t\t\t\t\t\t\t\t\t<span class=\"elementor-icon-list-icon\">\n\t\t\t\t\t\t\t<i aria-hidden=\"true\" class=\"fas fa-euro-sign\"><\/i>\t\t\t\t\t\t<\/span>\n\t\t\t\t\t\t\t\t\t\t<span class=\"elementor-icon-list-text\">Inscripci\u00f3n en web del MITECO<\/span>\n\t\t\t\t\t\t\t\t\t<\/li>\n\t\t\t\t\t\t<\/ul>\n\t\t\t\t<\/div>\n\t\t\t\t<\/div>\n\t\t\t\t<div class=\"elementor-element elementor-element-213d38f elementor-align-justify elementor-button-success elementor-widget elementor-widget-button\" data-id=\"213d38f\" data-element_type=\"widget\" data-widget_type=\"button.default\">\n\t\t\t\t<div class=\"elementor-widget-container\">\n\t\t\t\t\t<div class=\"elementor-button-wrapper\">\n\t\t\t<a href=\"https:\/\/www.miteco.gob.es\/es\/ceneam\/formacion-ambiental\/formacion-ceneam\/youtube-educativo-educadores.aspx\" class=\"elementor-button-link elementor-button elementor-size-sm\" role=\"button\">\n\t\t\t\t\t\t<span class=\"elementor-button-content-wrapper\">\n\t\t\t\t\t\t<span class=\"elementor-button-text\">Saber m\u00e1s<\/span>\n\t\t<\/span>\n\t\t\t\t\t<\/a>\n\t\t<\/div>\n\t\t\t\t<\/div>\n\t\t\t\t<\/div>\n\t\t\t\t\t<\/div>\n\t\t<\/div>\n\t\t\t\t<div class=\"elementor-column elementor-col-33 elementor-inner-column elementor-element elementor-element-e74c94c\" data-id=\"e74c94c\" data-element_type=\"column\">\n\t\t\t<div class=\"elementor-widget-wrap elementor-element-populated\">\n\t\t\t\t\t\t\t\t<div class=\"elementor-element elementor-element-55a5ce2 elementor-widget elementor-widget-image\" data-id=\"55a5ce2\" data-element_type=\"widget\" data-widget_type=\"image.default\">\n\t\t\t\t<div class=\"elementor-widget-container\">\n\t\t\t\t\t\t\t\t\t\t\t\t\t\t\t<img width=\"750\" height=\"1000\" src=\"https:\/\/diegodevallejo.com\/wp-content\/uploads\/2023\/05\/modelado-diegodevallejo-poty-ambienturas-educacion-ambiental-potypoty-naturaleza-cantabria-youtuber-edutuber-cultuber-comunicacion-ambiental-768x1024.jpg\" class=\"attachment-large size-large wp-image-656\" alt=\"\" decoding=\"async\" loading=\"lazy\" srcset=\"https:\/\/diegodevallejo.com\/wp-content\/uploads\/2023\/05\/modelado-diegodevallejo-poty-ambienturas-educacion-ambiental-potypoty-naturaleza-cantabria-youtuber-edutuber-cultuber-comunicacion-ambiental-768x1024.jpg 768w, https:\/\/diegodevallejo.com\/wp-content\/uploads\/2023\/05\/modelado-diegodevallejo-poty-ambienturas-educacion-ambiental-potypoty-naturaleza-cantabria-youtuber-edutuber-cultuber-comunicacion-ambiental-225x300.jpg 225w, https:\/\/diegodevallejo.com\/wp-content\/uploads\/2023\/05\/modelado-diegodevallejo-poty-ambienturas-educacion-ambiental-potypoty-naturaleza-cantabria-youtuber-edutuber-cultuber-comunicacion-ambiental.jpg 900w\" sizes=\"(max-width: 750px) 100vw, 750px\" style=\"width:100%;height:133.33%;max-width:900px\" \/>\t\t\t\t\t\t\t\t\t\t\t\t\t\t\t<\/div>\n\t\t\t\t<\/div>\n\t\t\t\t<div class=\"elementor-element elementor-element-7343cd8 elementor-widget__width-auto elementor-widget elementor-widget-heading\" data-id=\"7343cd8\" data-element_type=\"widget\" data-widget_type=\"heading.default\">\n\t\t\t\t<div class=\"elementor-widget-container\">\n\t\t\t<h5 class=\"elementor-heading-title elementor-size-default\">Videoblogging empresarial para estudiantes de Periodismo y RRSS. (Docencia presencial y online)<\/h5>\t\t<\/div>\n\t\t\t\t<\/div>\n\t\t\t\t<div class=\"elementor-element elementor-element-a84df51 elementor-widget-mobile__width-auto elementor-icon-list--layout-traditional elementor-list-item-link-full_width elementor-widget elementor-widget-icon-list\" data-id=\"a84df51\" data-element_type=\"widget\" data-widget_type=\"icon-list.default\">\n\t\t\t\t<div class=\"elementor-widget-container\">\n\t\t\t\t\t<ul class=\"elementor-icon-list-items\">\n\t\t\t\t\t\t\t<li class=\"elementor-icon-list-item\">\n\t\t\t\t\t\t\t\t\t\t\t<span class=\"elementor-icon-list-icon\">\n\t\t\t\t\t\t\t<i aria-hidden=\"true\" class=\"jki jki-map-marked-alt-solid\"><\/i>\t\t\t\t\t\t<\/span>\n\t\t\t\t\t\t\t\t\t\t<span class=\"elementor-icon-list-text\">Universidad CESINE, Santander.<\/span>\n\t\t\t\t\t\t\t\t\t<\/li>\n\t\t\t\t\t\t<\/ul>\n\t\t\t\t<\/div>\n\t\t\t\t<\/div>\n\t\t\t\t<div class=\"elementor-element elementor-element-9f658c8 elementor-widget elementor-widget-text-editor\" data-id=\"9f658c8\" data-element_type=\"widget\" data-widget_type=\"text-editor.default\">\n\t\t\t\t<div class=\"elementor-widget-container\">\n\t\t\t\t\t\t\t<p>Lleva tus reportajes audiovisuales a otro nivel. A medio camino entre el documental convencial y una red social personal, ha surgido el &#8220;videoblogging&#8221;. Quiz\u00e1s te interese m\u00e1s encargar algo a alguno de mis alumnos. Los hay que ya han llegado muy lejos.<\/p>\t\t\t\t\t\t<\/div>\n\t\t\t\t<\/div>\n\t\t\t\t<div class=\"elementor-element elementor-element-12f5264 elementor-align-left elementor-widget__width-auto elementor-icon-list--layout-traditional elementor-list-item-link-full_width elementor-widget elementor-widget-icon-list\" data-id=\"12f5264\" data-element_type=\"widget\" data-widget_type=\"icon-list.default\">\n\t\t\t\t<div class=\"elementor-widget-container\">\n\t\t\t\t\t<ul class=\"elementor-icon-list-items\">\n\t\t\t\t\t\t\t<li class=\"elementor-icon-list-item\">\n\t\t\t\t\t\t\t\t\t\t\t<span class=\"elementor-icon-list-icon\">\n\t\t\t\t\t\t\t<i aria-hidden=\"true\" class=\"fas fa-check-circle\"><\/i>\t\t\t\t\t\t<\/span>\n\t\t\t\t\t\t\t\t\t\t<span class=\"elementor-icon-list-text\">Presencial y a distancia.<\/span>\n\t\t\t\t\t\t\t\t\t<\/li>\n\t\t\t\t\t\t\t\t<li class=\"elementor-icon-list-item\">\n\t\t\t\t\t\t\t\t\t\t\t<span class=\"elementor-icon-list-icon\">\n\t\t\t\t\t\t\t<i aria-hidden=\"true\" class=\"fas fa-check-circle\"><\/i>\t\t\t\t\t\t<\/span>\n\t\t\t\t\t\t\t\t\t\t<span class=\"elementor-icon-list-text\">En funci\u00f3n de las necesidades del cliente<\/span>\n\t\t\t\t\t\t\t\t\t<\/li>\n\t\t\t\t\t\t\t\t<li class=\"elementor-icon-list-item\">\n\t\t\t\t\t\t\t\t\t\t\t<span class=\"elementor-icon-list-icon\">\n\t\t\t\t\t\t\t<i aria-hidden=\"true\" class=\"fas fa-check-circle\"><\/i>\t\t\t\t\t\t<\/span>\n\t\t\t\t\t\t\t\t\t\t<span class=\"elementor-icon-list-text\">Equipo inform\u00e1tico potente<\/span>\n\t\t\t\t\t\t\t\t\t<\/li>\n\t\t\t\t\t\t\t\t<li class=\"elementor-icon-list-item\">\n\t\t\t\t\t\t\t\t\t\t\t<span class=\"elementor-icon-list-icon\">\n\t\t\t\t\t\t\t<i aria-hidden=\"true\" class=\"fas fa-euro-sign\"><\/i>\t\t\t\t\t\t<\/span>\n\t\t\t\t\t\t\t\t\t\t<span class=\"elementor-icon-list-text\">Convenio de con la universidad CESINE<\/span>\n\t\t\t\t\t\t\t\t\t<\/li>\n\t\t\t\t\t\t<\/ul>\n\t\t\t\t<\/div>\n\t\t\t\t<\/div>\n\t\t\t\t<div class=\"elementor-element elementor-element-f12996f elementor-align-justify elementor-button-success elementor-widget elementor-widget-button\" data-id=\"f12996f\" data-element_type=\"widget\" data-widget_type=\"button.default\">\n\t\t\t\t<div class=\"elementor-widget-container\">\n\t\t\t\t\t<div class=\"elementor-button-wrapper\">\n\t\t\t<a href=\"https:\/\/www.cesine.com\/?utm_term=cesine&#038;utm_campaign=&#038;utm_source=adwords&#038;utm_medium=ppc&#038;hsa_acc=4525742098&#038;hsa_cam=16587311480&#038;hsa_grp=135303524060&#038;hsa_ad=587943112516&#038;hsa_src=g&#038;hsa_tgt=kwd-404116271642&#038;hsa_kw=cesine&#038;hsa_mt=e&#038;hsa_net=adwords&#038;hsa_ver=3&#038;gclid=Cj0KCQjwyLGjBhDKARIsAFRNgW-Vj8MLh3NJlccUziD7UzHovIfAZmNsyMcsq8p5KIx5_zPNHKP9O_YaAp4oEALw_wcB\" class=\"elementor-button-link elementor-button elementor-size-sm\" role=\"button\">\n\t\t\t\t\t\t<span class=\"elementor-button-content-wrapper\">\n\t\t\t\t\t\t<span class=\"elementor-button-text\">Saber m\u00e1s<\/span>\n\t\t<\/span>\n\t\t\t\t\t<\/a>\n\t\t<\/div>\n\t\t\t\t<\/div>\n\t\t\t\t<\/div>\n\t\t\t\t\t<\/div>\n\t\t<\/div>\n\t\t\t\t\t\t\t<\/div>\n\t\t<\/section>\n\t\t\t\t\t<\/div>\n\t\t<\/div>\n\t\t\t\t\t\t\t<\/div>\n\t\t<\/section>\n\t\t\t\t<section class=\"elementor-section elementor-top-section elementor-element elementor-element-4a5c769 elementor-section-boxed elementor-section-height-default elementor-section-height-default\" data-id=\"4a5c769\" data-element_type=\"section\">\n\t\t\t\t\t\t<div class=\"elementor-container elementor-column-gap-default\">\n\t\t\t\t\t<div class=\"elementor-column elementor-col-100 elementor-top-column elementor-element elementor-element-ff7b57b\" data-id=\"ff7b57b\" data-element_type=\"column\">\n\t\t\t<div class=\"elementor-widget-wrap elementor-element-populated\">\n\t\t\t\t\t\t\t\t<div class=\"elementor-element elementor-element-046b4a3 elementor-invisible elementor-widget elementor-widget-text-editor\" data-id=\"046b4a3\" data-element_type=\"widget\" data-settings=\"{&quot;_animation&quot;:&quot;pulse&quot;}\" data-widget_type=\"text-editor.default\">\n\t\t\t\t<div class=\"elementor-widget-container\">\n\t\t\t\t\t\t\t<h4 style=\"text-align: center;\"><em>&#8220;Aunque me esfuerzo porque me veas como a un Youtuber, no te f\u00edes mucho. He sido uno de los t\u00e9cnicos que ha ayudado a redactar el PAEAS. No sufras si a\u00fan no conoces lo que es pero si te gusta la Educaci\u00f3n Ambiental, quiz\u00e1s te interese saberlo. Por abajo te lo cuento&#8221;<\/em><\/h4>\t\t\t\t\t\t<\/div>\n\t\t\t\t<\/div>\n\t\t\t\t\t<\/div>\n\t\t<\/div>\n\t\t\t\t\t\t\t<\/div>\n\t\t<\/section>\n\t\t\t\t<section class=\"elementor-section elementor-top-section elementor-element elementor-element-9fbe2d4 elementor-section-boxed elementor-section-height-default elementor-section-height-default\" data-id=\"9fbe2d4\" data-element_type=\"section\">\n\t\t\t\t\t\t<div class=\"elementor-container elementor-column-gap-default\">\n\t\t\t\t\t<div class=\"elementor-column elementor-col-100 elementor-top-column elementor-element elementor-element-d70d7b6\" data-id=\"d70d7b6\" data-element_type=\"column\">\n\t\t\t<div class=\"elementor-widget-wrap elementor-element-populated\">\n\t\t\t\t\t\t\t\t<div class=\"elementor-element elementor-element-b7968df elementor-widget elementor-widget-jkit_gallery\" data-id=\"b7968df\" data-element_type=\"widget\" data-widget_type=\"jkit_gallery.default\">\n\t\t\t\t<div class=\"elementor-widget-container\">\n\t\t\t<div  class=\"jeg-elementor-kit jkit-gallery layout-overlay jeg_module__2_69f46a96acd36\"  data-grid=\"grid\" data-id=\"jeg_module__2_69f46a96acd36\" data-per-page=\"13\" data-load-more=\"0\" data-current-loaded=\"8\" data-count-items=\"8\" data-animation-duration=\"500\" data-no-more=\"No More Item\" data-items=\"[&quot;&lt;div class=\\&quot;gallery-item-wrap \\&quot;&gt; &lt;div class=\\&quot;grid-item\\&quot;&gt;&lt;div class=\\&quot;thumbnail-wrap\\&quot;&gt;&lt;img src=\\&quot;https:\\\/\\\/diegodevallejo.com\\\/wp-content\\\/uploads\\\/2023\\\/05\\\/diegodevallejo-diego-de-vallejo-com-educacion-ambiental-poty-ambienturas-educador-ambiental-paeas-youtuber-cultuber-edutuber.jpg\\&quot; &gt;&lt;\\\/div&gt;&lt;div class=\\&quot;caption-wrap style-overlay overlay-overlay\\&quot;&gt; &lt;div class=\\&quot;item-hover-bg\\&quot;&gt;&lt;\\\/div&gt; &lt;div class=\\&quot;item-caption-over\\&quot;&gt; &lt;h5 class=\\&quot;item-title\\&quot;&gt;&lt;\\\/h5&gt; &lt;div class=\\&quot;item-content\\&quot;&gt;&lt;\\\/div&gt; &lt;\\\/div&gt; &lt;div class=\\&quot;caption-head\\&quot;&gt;&lt;\\\/div&gt; &lt;div class=\\&quot;caption-category\\&quot;&gt;&lt;\\\/div&gt; &lt;\\\/div&gt;&lt;\\\/div&gt; &lt;\\\/div&gt;&quot;,&quot;&lt;div class=\\&quot;gallery-item-wrap \\&quot;&gt; &lt;div class=\\&quot;grid-item\\&quot;&gt;&lt;div class=\\&quot;thumbnail-wrap\\&quot;&gt;&lt;img src=\\&quot;https:\\\/\\\/diegodevallejo.com\\\/wp-content\\\/uploads\\\/2023\\\/04\\\/poty-ambienturas-cantabria-3-1024x576.jpeg\\&quot; &gt;&lt;\\\/div&gt;&lt;div class=\\&quot;caption-wrap style-overlay overlay-overlay\\&quot;&gt; &lt;div class=\\&quot;item-hover-bg\\&quot;&gt;&lt;\\\/div&gt; &lt;div class=\\&quot;item-caption-over\\&quot;&gt; &lt;h5 class=\\&quot;item-title\\&quot;&gt;&lt;\\\/h5&gt; &lt;div class=\\&quot;item-content\\&quot;&gt;&lt;\\\/div&gt; &lt;\\\/div&gt; &lt;div class=\\&quot;caption-head\\&quot;&gt;&lt;\\\/div&gt; &lt;div class=\\&quot;caption-category\\&quot;&gt;&lt;\\\/div&gt; &lt;\\\/div&gt;&lt;\\\/div&gt; &lt;\\\/div&gt;&quot;,&quot;&lt;div class=\\&quot;gallery-item-wrap \\&quot;&gt; &lt;div class=\\&quot;grid-item\\&quot;&gt;&lt;div class=\\&quot;thumbnail-wrap\\&quot;&gt;&lt;img src=\\&quot;https:\\\/\\\/diegodevallejo.com\\\/wp-content\\\/uploads\\\/2023\\\/04\\\/Captura-de-Pantalla-2023-04-18-a-las-21.07.14.png\\&quot; &gt;&lt;\\\/div&gt;&lt;div class=\\&quot;caption-wrap style-overlay overlay-overlay\\&quot;&gt; &lt;div class=\\&quot;item-hover-bg\\&quot;&gt;&lt;\\\/div&gt; &lt;div class=\\&quot;item-caption-over\\&quot;&gt; &lt;h5 class=\\&quot;item-title\\&quot;&gt;&lt;\\\/h5&gt; &lt;div class=\\&quot;item-content\\&quot;&gt;&lt;\\\/div&gt; &lt;\\\/div&gt; &lt;div class=\\&quot;caption-head\\&quot;&gt;&lt;\\\/div&gt; &lt;div class=\\&quot;caption-category\\&quot;&gt;&lt;\\\/div&gt; &lt;\\\/div&gt;&lt;\\\/div&gt; &lt;\\\/div&gt;&quot;,&quot;&lt;div class=\\&quot;gallery-item-wrap \\&quot;&gt; &lt;div class=\\&quot;grid-item\\&quot;&gt;&lt;div class=\\&quot;thumbnail-wrap\\&quot;&gt;&lt;img src=\\&quot;https:\\\/\\\/diegodevallejo.com\\\/wp-content\\\/uploads\\\/2023\\\/05\\\/318145782_617478106843368_3893088032426772638_n-1024x577.jpeg\\&quot; &gt;&lt;\\\/div&gt;&lt;div class=\\&quot;caption-wrap style-overlay overlay-overlay\\&quot;&gt; &lt;div class=\\&quot;item-hover-bg\\&quot;&gt;&lt;\\\/div&gt; &lt;div class=\\&quot;item-caption-over\\&quot;&gt; &lt;h5 class=\\&quot;item-title\\&quot;&gt;&lt;\\\/h5&gt; &lt;div class=\\&quot;item-content\\&quot;&gt;&lt;\\\/div&gt; &lt;\\\/div&gt; &lt;div class=\\&quot;caption-head\\&quot;&gt;&lt;\\\/div&gt; &lt;div class=\\&quot;caption-category\\&quot;&gt;&lt;\\\/div&gt; &lt;\\\/div&gt;&lt;\\\/div&gt; &lt;\\\/div&gt;&quot;,&quot;&lt;div class=\\&quot;gallery-item-wrap \\&quot;&gt; &lt;div class=\\&quot;grid-item\\&quot;&gt;&lt;div class=\\&quot;thumbnail-wrap\\&quot;&gt;&lt;img src=\\&quot;https:\\\/\\\/diegodevallejo.com\\\/wp-content\\\/uploads\\\/2023\\\/05\\\/ceip-macias-picavea-cetaceos-del-cantabrico-1024x577.jpeg\\&quot; &gt;&lt;\\\/div&gt;&lt;div class=\\&quot;caption-wrap style-overlay overlay-overlay\\&quot;&gt; &lt;div class=\\&quot;item-hover-bg\\&quot;&gt;&lt;\\\/div&gt; &lt;div class=\\&quot;item-caption-over\\&quot;&gt; &lt;h5 class=\\&quot;item-title\\&quot;&gt;&lt;\\\/h5&gt; &lt;div class=\\&quot;item-content\\&quot;&gt;&lt;\\\/div&gt; &lt;\\\/div&gt; &lt;div class=\\&quot;caption-head\\&quot;&gt;&lt;\\\/div&gt; &lt;div class=\\&quot;caption-category\\&quot;&gt;&lt;\\\/div&gt; &lt;\\\/div&gt;&lt;\\\/div&gt; &lt;\\\/div&gt;&quot;,&quot;&lt;div class=\\&quot;gallery-item-wrap \\&quot;&gt; &lt;div class=\\&quot;grid-item\\&quot;&gt;&lt;div class=\\&quot;thumbnail-wrap\\&quot;&gt;&lt;img src=\\&quot;https:\\\/\\\/diegodevallejo.com\\\/wp-content\\\/uploads\\\/2023\\\/05\\\/DISCOVERY-MAX-DMAX-POTY-AMBIENTURAS-DIEGODEVALLEJO-DIEGO-DE-VALLEJO-EDUCACION-AMBIENTAL-MITECO-OAPN-CURSO-YOUTUBER-YOUTUBE.jpg\\&quot; &gt;&lt;\\\/div&gt;&lt;div class=\\&quot;caption-wrap style-overlay overlay-overlay\\&quot;&gt; &lt;div class=\\&quot;item-hover-bg\\&quot;&gt;&lt;\\\/div&gt; &lt;div class=\\&quot;item-caption-over\\&quot;&gt; &lt;h5 class=\\&quot;item-title\\&quot;&gt;&lt;\\\/h5&gt; &lt;div class=\\&quot;item-content\\&quot;&gt;&lt;\\\/div&gt; &lt;\\\/div&gt; &lt;div class=\\&quot;caption-head\\&quot;&gt;&lt;\\\/div&gt; &lt;div class=\\&quot;caption-category\\&quot;&gt;&lt;\\\/div&gt; &lt;\\\/div&gt;&lt;\\\/div&gt; &lt;\\\/div&gt;&quot;,&quot;&lt;div class=\\&quot;gallery-item-wrap \\&quot;&gt; &lt;div class=\\&quot;grid-item\\&quot;&gt;&lt;div class=\\&quot;thumbnail-wrap\\&quot;&gt;&lt;img src=\\&quot;https:\\\/\\\/diegodevallejo.com\\\/wp-content\\\/uploads\\\/2023\\\/05\\\/ballenas-paseo-laredo-RdDgN2fKlgZ9tcWcKx5ZCRI-758x531@Diario-Montanes.jpeg\\&quot; &gt;&lt;\\\/div&gt;&lt;div class=\\&quot;caption-wrap style-overlay overlay-overlay\\&quot;&gt; &lt;div class=\\&quot;item-hover-bg\\&quot;&gt;&lt;\\\/div&gt; &lt;div class=\\&quot;item-caption-over\\&quot;&gt; &lt;h5 class=\\&quot;item-title\\&quot;&gt;&lt;\\\/h5&gt; &lt;div class=\\&quot;item-content\\&quot;&gt;&lt;\\\/div&gt; &lt;\\\/div&gt; &lt;div class=\\&quot;caption-head\\&quot;&gt;&lt;\\\/div&gt; &lt;div class=\\&quot;caption-category\\&quot;&gt;&lt;\\\/div&gt; &lt;\\\/div&gt;&lt;\\\/div&gt; &lt;\\\/div&gt;&quot;,&quot;&lt;div class=\\&quot;gallery-item-wrap \\&quot;&gt; &lt;div class=\\&quot;grid-item\\&quot;&gt;&lt;div class=\\&quot;thumbnail-wrap\\&quot;&gt;&lt;img src=\\&quot;https:\\\/\\\/diegodevallejo.com\\\/wp-content\\\/uploads\\\/2023\\\/05\\\/diego-de-vallejo-perez-diegodevallejo-poty-ambienturas-consejero-guillermo-blanco-marina-lombo-consejera-educacion-ambeintal-cantabria-paeas.jpg\\&quot; &gt;&lt;\\\/div&gt;&lt;div class=\\&quot;caption-wrap style-overlay overlay-overlay\\&quot;&gt; &lt;div class=\\&quot;item-hover-bg\\&quot;&gt;&lt;\\\/div&gt; &lt;div class=\\&quot;item-caption-over\\&quot;&gt; &lt;h5 class=\\&quot;item-title\\&quot;&gt;&lt;\\\/h5&gt; &lt;div class=\\&quot;item-content\\&quot;&gt;&lt;\\\/div&gt; &lt;\\\/div&gt; &lt;div class=\\&quot;caption-head\\&quot;&gt;&lt;\\\/div&gt; &lt;div class=\\&quot;caption-category\\&quot;&gt;&lt;\\\/div&gt; &lt;\\\/div&gt;&lt;\\\/div&gt; &lt;\\\/div&gt;&quot;]\">\n            <div class=\"gallery-items\"><div class=\"gallery-item-wrap \"> <div class=\"grid-item\"><div class=\"thumbnail-wrap\"><img decoding=\"async\" src=\"https:\/\/diegodevallejo.com\/wp-content\/uploads\/2023\/05\/diegodevallejo-diego-de-vallejo-com-educacion-ambiental-poty-ambienturas-educador-ambiental-paeas-youtuber-cultuber-edutuber.jpg\" ><\/div><div class=\"caption-wrap style-overlay overlay-overlay\"> <div class=\"item-hover-bg\"><\/div> <div class=\"item-caption-over\"> <h5 class=\"item-title\"><\/h5> <div class=\"item-content\"><\/div> <\/div> <div class=\"caption-head\"><\/div> <div class=\"caption-category\"><\/div> <\/div><\/div> <\/div><div class=\"gallery-item-wrap \"> <div class=\"grid-item\"><div class=\"thumbnail-wrap\"><img decoding=\"async\" src=\"https:\/\/diegodevallejo.com\/wp-content\/uploads\/2023\/04\/poty-ambienturas-cantabria-3-1024x576.jpeg\" ><\/div><div class=\"caption-wrap style-overlay overlay-overlay\"> <div class=\"item-hover-bg\"><\/div> <div class=\"item-caption-over\"> <h5 class=\"item-title\"><\/h5> <div class=\"item-content\"><\/div> <\/div> <div class=\"caption-head\"><\/div> <div class=\"caption-category\"><\/div> <\/div><\/div> <\/div><div class=\"gallery-item-wrap \"> <div class=\"grid-item\"><div class=\"thumbnail-wrap\"><img decoding=\"async\" src=\"https:\/\/diegodevallejo.com\/wp-content\/uploads\/2023\/04\/Captura-de-Pantalla-2023-04-18-a-las-21.07.14.png\" ><\/div><div class=\"caption-wrap style-overlay overlay-overlay\"> <div class=\"item-hover-bg\"><\/div> <div class=\"item-caption-over\"> <h5 class=\"item-title\"><\/h5> <div class=\"item-content\"><\/div> <\/div> <div class=\"caption-head\"><\/div> <div class=\"caption-category\"><\/div> <\/div><\/div> <\/div><div class=\"gallery-item-wrap \"> <div class=\"grid-item\"><div class=\"thumbnail-wrap\"><img decoding=\"async\" src=\"https:\/\/diegodevallejo.com\/wp-content\/uploads\/2023\/05\/318145782_617478106843368_3893088032426772638_n-1024x577.jpeg\" ><\/div><div class=\"caption-wrap style-overlay overlay-overlay\"> <div class=\"item-hover-bg\"><\/div> <div class=\"item-caption-over\"> <h5 class=\"item-title\"><\/h5> <div class=\"item-content\"><\/div> <\/div> <div class=\"caption-head\"><\/div> <div class=\"caption-category\"><\/div> <\/div><\/div> <\/div><div class=\"gallery-item-wrap \"> <div class=\"grid-item\"><div class=\"thumbnail-wrap\"><img decoding=\"async\" src=\"https:\/\/diegodevallejo.com\/wp-content\/uploads\/2023\/05\/ceip-macias-picavea-cetaceos-del-cantabrico-1024x577.jpeg\" ><\/div><div class=\"caption-wrap style-overlay overlay-overlay\"> <div class=\"item-hover-bg\"><\/div> <div class=\"item-caption-over\"> <h5 class=\"item-title\"><\/h5> <div class=\"item-content\"><\/div> <\/div> <div class=\"caption-head\"><\/div> <div class=\"caption-category\"><\/div> <\/div><\/div> <\/div><div class=\"gallery-item-wrap \"> <div class=\"grid-item\"><div class=\"thumbnail-wrap\"><img decoding=\"async\" src=\"https:\/\/diegodevallejo.com\/wp-content\/uploads\/2023\/05\/DISCOVERY-MAX-DMAX-POTY-AMBIENTURAS-DIEGODEVALLEJO-DIEGO-DE-VALLEJO-EDUCACION-AMBIENTAL-MITECO-OAPN-CURSO-YOUTUBER-YOUTUBE.jpg\" ><\/div><div class=\"caption-wrap style-overlay overlay-overlay\"> <div class=\"item-hover-bg\"><\/div> <div class=\"item-caption-over\"> <h5 class=\"item-title\"><\/h5> <div class=\"item-content\"><\/div> <\/div> <div class=\"caption-head\"><\/div> <div class=\"caption-category\"><\/div> <\/div><\/div> <\/div><div class=\"gallery-item-wrap \"> <div class=\"grid-item\"><div class=\"thumbnail-wrap\"><img decoding=\"async\" src=\"https:\/\/diegodevallejo.com\/wp-content\/uploads\/2023\/05\/ballenas-paseo-laredo-RdDgN2fKlgZ9tcWcKx5ZCRI-758x531@Diario-Montanes.jpeg\" ><\/div><div class=\"caption-wrap style-overlay overlay-overlay\"> <div class=\"item-hover-bg\"><\/div> <div class=\"item-caption-over\"> <h5 class=\"item-title\"><\/h5> <div class=\"item-content\"><\/div> <\/div> <div class=\"caption-head\"><\/div> <div class=\"caption-category\"><\/div> <\/div><\/div> <\/div><div class=\"gallery-item-wrap \"> <div class=\"grid-item\"><div class=\"thumbnail-wrap\"><img decoding=\"async\" src=\"https:\/\/diegodevallejo.com\/wp-content\/uploads\/2023\/05\/diego-de-vallejo-perez-diegodevallejo-poty-ambienturas-consejero-guillermo-blanco-marina-lombo-consejera-educacion-ambeintal-cantabria-paeas.jpg\" ><\/div><div class=\"caption-wrap style-overlay overlay-overlay\"> <div class=\"item-hover-bg\"><\/div> <div class=\"item-caption-over\"> <h5 class=\"item-title\"><\/h5> <div class=\"item-content\"><\/div> <\/div> <div class=\"caption-head\"><\/div> <div class=\"caption-category\"><\/div> <\/div><\/div> <\/div><\/div>\n            <div class=\"load-more-items\"><\/div><\/div>\t\t<\/div>\n\t\t\t\t<\/div>\n\t\t\t\t\t<\/div>\n\t\t<\/div>\n\t\t\t\t\t\t\t<\/div>\n\t\t<\/section>\n\t\t\t\t<section class=\"elementor-section elementor-top-section elementor-element elementor-element-16964014 elementor-section-boxed elementor-section-height-default elementor-section-height-default\" data-id=\"16964014\" data-element_type=\"section\" id=\"xs_team_11\">\n\t\t\t\t\t\t<div class=\"elementor-container elementor-column-gap-default\">\n\t\t\t\t\t<div class=\"elementor-column elementor-col-100 elementor-top-column elementor-element elementor-element-645c3f00\" data-id=\"645c3f00\" data-element_type=\"column\">\n\t\t\t<div class=\"elementor-widget-wrap elementor-element-populated\">\n\t\t\t\t\t\t\t\t<div class=\"elementor-element elementor-element-6be91674 elementor-invisible elementor-widget elementor-widget-elementskit-heading\" data-id=\"6be91674\" data-element_type=\"widget\" data-settings=\"{&quot;_animation&quot;:&quot;fadeInDown&quot;}\" data-widget_type=\"elementskit-heading.default\">\n\t\t\t\t<div class=\"elementor-widget-container\">\n\t\t\t<div class=\"ekit-wid-con\" ><div class=\"ekit-heading elementskit-section-title-wraper center   ekit_heading_tablet-   ekit_heading_mobile-\"><h2 class=\"ekit-heading--title elementskit-section-title \">Mis avales<\/h2><h3 class=\"ekit-heading--subtitle elementskit-section-subtitle  \">\n\t\t\t\t\t\tAquellas Entidades p\u00fablicas y privadas con las que trabajo habitualmente\n\t\t\t\t\t<\/h3><\/div><\/div>\t\t<\/div>\n\t\t\t\t<\/div>\n\t\t\t\t<section class=\"elementor-section elementor-inner-section elementor-element elementor-element-2e336c5e elementor-section-boxed elementor-section-height-default elementor-section-height-default\" data-id=\"2e336c5e\" data-element_type=\"section\">\n\t\t\t\t\t\t<div class=\"elementor-container elementor-column-gap-default\">\n\t\t\t\t\t<div class=\"elementor-column elementor-col-25 elementor-inner-column elementor-element elementor-element-1ea905a6\" data-id=\"1ea905a6\" data-element_type=\"column\">\n\t\t\t<div class=\"elementor-widget-wrap elementor-element-populated\">\n\t\t\t\t\t\t\t\t<div class=\"elementor-element elementor-element-4e93002d elementor-widget elementor-widget-elementskit-team\" data-id=\"4e93002d\" data-element_type=\"widget\" data-widget_type=\"elementskit-team.default\">\n\t\t\t\t<div class=\"elementor-widget-container\">\n\t\t\t<div class=\"ekit-wid-con\">\n\t\t\t\t\t\t\t\t\t\t\t\t\t\t\t <div class=\"style-circle ekit-team-img-fit\"> \t\t\t\t\t\t\t\t\t<div class=\"profile-image-card elementor-animation- ekit-team-img ekit-team-style-overlay_circle text-center\">\n\n\t\t\t\t\t\t\t\t\t\t\t\t\t<img decoding=\"async\" width=\"400\" height=\"400\" src=\"https:\/\/diegodevallejo.com\/wp-content\/uploads\/2023\/05\/cima-cantabria.jpg\" class=\"attachment-full size-full wp-image-1058\" alt=\"\" loading=\"lazy\" srcset=\"https:\/\/diegodevallejo.com\/wp-content\/uploads\/2023\/05\/cima-cantabria.jpg 400w, https:\/\/diegodevallejo.com\/wp-content\/uploads\/2023\/05\/cima-cantabria-300x300.jpg 300w, https:\/\/diegodevallejo.com\/wp-content\/uploads\/2023\/05\/cima-cantabria-150x150.jpg 150w\" sizes=\"(max-width: 400px) 100vw, 400px\" style=\"width:100%;height:100%;max-width:400px\" \/>\t\t\t\t\t\t\t\t\t\t\t\t<div class=\"hover-area\">\n\t\t\t\t\t\t\t<div class=\"profile-body\">\n\t\t\t\t\t\t\t\t<h2 class=\"profile-title\">\n\t\t\t\t\t\t\t\t\t\t\t\t\t\t\t\t\t<a aria-label=\"profile\" href=\"javascript:void(0)\" data-mfp-src=\"#ekit_team_modal_4e93002d\" class=\"ekit-team-popup\">\n\t\t\t\t\t\t\t\t\tCIMA\t\t\t\t\t\t\t\t\t<\/a>\n\t\t\t\t\t\t\t\t\t\t\t\t\t\t\t\t\t<\/h2>\n\t\t\t\t\t\t\t\t<p class=\"profile-designation\">Centro de Investigaci\u00f3n y Medio Ambiente del Medio Ambiente del Gobierno de Cantabria<\/p>\n\t\t\t\t\t\t\t\t\t\t\t\t\t\t\t<\/div>\n\t\t\t\t\t\t\t\t\t\t\t\t\t\t\t<div class=\"profile-footer\">\n\t\t\t\t\t\t\t\t\t<ul class=\"ekit-team-social-list\">\n\t\t\t<li class=\"elementor-repeater-item-b37fad5\">\n\t\t\t<a href=\"https:\/\/www.facebook.com\/cedreac.cantabria\" aria-label=\"Facebook\">\n\t\t\t\t<i aria-hidden=\"true\" class=\"fasicon icon-facebook\"><\/i>\t\t\t<\/a>\n\t\t<\/li>\n\t\t\t<li class=\"elementor-repeater-item-1a3ab10\">\n\t\t\t<a href=\"https:\/\/twitter.com\/CEDREAC\" aria-label=\"Twitter\">\n\t\t\t\t<i aria-hidden=\"true\" class=\"fasicon icon-twitter\"><\/i>\t\t\t<\/a>\n\t\t<\/li>\n\t\t\t<li class=\"elementor-repeater-item-7f57670\">\n\t\t\t<a href=\"https:\/\/cima.cantabria.es\/\" aria-label=\"Web\">\n\t\t\t\t<i aria-hidden=\"true\" class=\"far fa-building\"><\/i>\t\t\t<\/a>\n\t\t<\/li>\n\t\t\t<li class=\"elementor-repeater-item-5dcb084\">\n\t\t\t<a href=\"https:\/\/www.youtube.com\/@CEDREACEducacionAmbiental\" aria-label=\"Youtube\">\n\t\t\t\t<i aria-hidden=\"true\" class=\"fab fa-youtube\"><\/i>\t\t\t<\/a>\n\t\t<\/li>\n\t<\/ul>\n\t\t\t\t\t\t\t\t<\/div>\n\t\t\t\t\t\t\t\t\t\t\t\t\t<\/div>\n\t\t\t\t\t<\/div>\n\t\t\t\t\t <\/div> \n\t\t\t\t\n\t\t\t\t\t<div class=\"zoom-anim-dialog mfp-hide elementskit-team-popup\" id=\"ekit_team_modal_4e93002d\" tabindex=\"-1\" role=\"dialog\" aria-hidden=\"true\">\n\t\t\t\t<div class=\"modal-dialog modal-dialog-centered\" role=\"document\">\n\t\t\t\t\t<div class=\"modal-content\">\n\t\t\t\t\t\t<button type=\"button\" class=\"ekit-team-modal-close\">\n\t\t\t\t\t\t\t<i aria-hidden=\"true\" class=\"fas fa-times\"><\/i>\t\t\t\t\t\t<\/button>\n\n\t\t\t\t\t\t<div class=\"modal-body\">\n\t\t\t\t\t\t\t\t\t\t\t\t\t\t\t<div class=\"ekit-team-modal-img\">\n\t\t\t\t\t\t\t\t\t<img decoding=\"async\" width=\"400\" height=\"400\" src=\"https:\/\/diegodevallejo.com\/wp-content\/uploads\/2023\/05\/cima-cantabria.jpg\" class=\"attachment-full size-full wp-image-1058\" alt=\"\" loading=\"lazy\" srcset=\"https:\/\/diegodevallejo.com\/wp-content\/uploads\/2023\/05\/cima-cantabria.jpg 400w, https:\/\/diegodevallejo.com\/wp-content\/uploads\/2023\/05\/cima-cantabria-300x300.jpg 300w, https:\/\/diegodevallejo.com\/wp-content\/uploads\/2023\/05\/cima-cantabria-150x150.jpg 150w\" sizes=\"(max-width: 400px) 100vw, 400px\" style=\"width:100%;height:100%;max-width:400px\" \/>\t\t\t\t\t\t\t\t<\/div>\n\t\t\t\t\t\t\t\n\t\t\t\t\t\t\t<div class=\"ekit-team-modal-info has-img\">\n\t\t\t\t\t\t\t\t<h2 class=\"ekit-team-modal-title\">CIMA<\/h2>\n\t\t\t\t\t\t\t\t<p class=\"ekit-team-modal-position\">Centro de Investigaci\u00f3n y Medio Ambiente del Medio Ambiente del Gobierno de Cantabria<\/p>\n\t\t\t\t\t\t\t\t\n\t\t\t\t\t\t\t\t<div class=\"ekit-team-modal-content\">\n\t\t\t\t\t\t\t\t\tEl Centro de Investigaci\u00f3n del Medio Ambiente (CIMA) es un Organismo Aut\u00f3nomo del Gobierno de Cantabria adscrito a la Consejer\u00eda con competencias en Medio Ambiente. Aglutina las \u00e1reas de participaci\u00f3n p\u00fablica, educaci\u00f3n e informaci\u00f3n ambiental, calidad ambiental y responsabilidad ambiental de las empresas.\t\t\t\t\t\t\t\t<\/div>\n\n\t\t\t\t\t\t\t\t\t\t\t\t\t\t\t\t\t<ul class=\"ekit-team-modal-list\">\n\t\t\t\t\t\t\t\t\t\t\t\t\t\t\t\t\t\t\t\t\t<li><strong>Phone:<\/strong><a href=\"tel:942 83 53 70\">942 83 53 70<\/a><\/li>\n\t\t\t\t\t\t\t\t\t\t\n\t\t\t\t\t\t\t\t\t\t\t\t\t\t\t\t\t\t\t\t\t<li><strong>Email:<\/strong><a href=\"mailto:cima@cantabria.es\">cima@cantabria.es<\/a><\/li>\n\t\t\t\t\t\t\t\t\t\t\t\t\t\t\t\t\t\t\t<\/ul>\n\t\t\t\t\t\t\t\t\t\t\t\t\t\t\t\t\n\t\t\t\t\t\t\t\t<ul class=\"ekit-team-social-list\">\n\t\t\t<li class=\"elementor-repeater-item-b37fad5\">\n\t\t\t<a href=\"https:\/\/www.facebook.com\/cedreac.cantabria\" aria-label=\"Facebook\">\n\t\t\t\t<i aria-hidden=\"true\" class=\"fasicon icon-facebook\"><\/i>\t\t\t<\/a>\n\t\t<\/li>\n\t\t\t<li class=\"elementor-repeater-item-1a3ab10\">\n\t\t\t<a href=\"https:\/\/twitter.com\/CEDREAC\" aria-label=\"Twitter\">\n\t\t\t\t<i aria-hidden=\"true\" class=\"fasicon icon-twitter\"><\/i>\t\t\t<\/a>\n\t\t<\/li>\n\t\t\t<li class=\"elementor-repeater-item-7f57670\">\n\t\t\t<a href=\"https:\/\/cima.cantabria.es\/\" aria-label=\"Web\">\n\t\t\t\t<i aria-hidden=\"true\" class=\"far fa-building\"><\/i>\t\t\t<\/a>\n\t\t<\/li>\n\t\t\t<li class=\"elementor-repeater-item-5dcb084\">\n\t\t\t<a href=\"https:\/\/www.youtube.com\/@CEDREACEducacionAmbiental\" aria-label=\"Youtube\">\n\t\t\t\t<i aria-hidden=\"true\" class=\"fab fa-youtube\"><\/i>\t\t\t<\/a>\n\t\t<\/li>\n\t<\/ul>\n\t\t\t\t\t\t\t<\/div>\n\t\t\t\t\t\t<\/div>\n\t\t\t\t\t<\/div>\n\t\t\t\t<\/div>\n\t\t\t<\/div>\n\t\t\t\t<\/div>\t\t<\/div>\n\t\t\t\t<\/div>\n\t\t\t\t\t<\/div>\n\t\t<\/div>\n\t\t\t\t<div class=\"elementor-column elementor-col-25 elementor-inner-column elementor-element elementor-element-2adaac61\" data-id=\"2adaac61\" data-element_type=\"column\">\n\t\t\t<div class=\"elementor-widget-wrap elementor-element-populated\">\n\t\t\t\t\t\t\t\t<div class=\"elementor-element elementor-element-7e2c00bf elementor-widget elementor-widget-elementskit-team\" data-id=\"7e2c00bf\" data-element_type=\"widget\" data-widget_type=\"elementskit-team.default\">\n\t\t\t\t<div class=\"elementor-widget-container\">\n\t\t\t<div class=\"ekit-wid-con\">\n\t\t\t\t\t\t\t\t\t\t\t\t\t\t\t <div class=\"style-circle ekit-team-img-fit\"> \t\t\t\t\t\t\t\t\t<div class=\"profile-image-card elementor-animation- ekit-team-img ekit-team-style-overlay_circle text-center\">\n\n\t\t\t\t\t\t\t\t\t\t\t\t\t<img decoding=\"async\" width=\"400\" height=\"400\" src=\"https:\/\/diegodevallejo.com\/wp-content\/uploads\/2023\/05\/gac-cantabria-oriental.jpg\" class=\"attachment-large size-large wp-image-1057\" alt=\"\" loading=\"lazy\" srcset=\"https:\/\/diegodevallejo.com\/wp-content\/uploads\/2023\/05\/gac-cantabria-oriental.jpg 400w, https:\/\/diegodevallejo.com\/wp-content\/uploads\/2023\/05\/gac-cantabria-oriental-300x300.jpg 300w, https:\/\/diegodevallejo.com\/wp-content\/uploads\/2023\/05\/gac-cantabria-oriental-150x150.jpg 150w\" sizes=\"(max-width: 400px) 100vw, 400px\" style=\"width:100%;height:100%;max-width:400px\" \/>\t\t\t\t\t\t\t\t\t\t\t\t<div class=\"hover-area\">\n\t\t\t\t\t\t\t<div class=\"profile-body\">\n\t\t\t\t\t\t\t\t<h2 class=\"profile-title\">\n\t\t\t\t\t\t\t\t\t\t\t\t\t\t\t\t\t<a aria-label=\"profile\" href=\"javascript:void(0)\" data-mfp-src=\"#ekit_team_modal_7e2c00bf\" class=\"ekit-team-popup\">\n\t\t\t\t\t\t\t\t\tGAC Cantabria Oriental\t\t\t\t\t\t\t\t\t<\/a>\n\t\t\t\t\t\t\t\t\t\t\t\t\t\t\t\t\t<\/h2>\n\t\t\t\t\t\t\t\t<p class=\"profile-designation\">Grupo de Acci\u00f3n Costero de Cantabria Oriental<\/p>\n\t\t\t\t\t\t\t\t\t\t\t\t\t\t\t<\/div>\n\t\t\t\t\t\t\t\t\t\t\t\t\t\t\t<div class=\"profile-footer\">\n\t\t\t\t\t\t\t\t\t<ul class=\"ekit-team-social-list\">\n\t\t\t<li class=\"elementor-repeater-item-b37fad5\">\n\t\t\t<a href=\"https:\/\/facebook.com\" aria-label=\"Facebook\">\n\t\t\t\t<i aria-hidden=\"true\" class=\"fasicon icon-facebook\"><\/i>\t\t\t<\/a>\n\t\t<\/li>\n\t\t\t<li class=\"elementor-repeater-item-1a3ab10\">\n\t\t\t<a href=\"https:\/\/twitter.com\" aria-label=\"Twitter\">\n\t\t\t\t<i aria-hidden=\"true\" class=\"fasicon icon-twitter\"><\/i>\t\t\t<\/a>\n\t\t<\/li>\n\t\t\t<li class=\"elementor-repeater-item-7f57670\">\n\t\t\t<a href=\"https:\/\/linkedin.com\" aria-label=\"LinkedIn\">\n\t\t\t\t<i aria-hidden=\"true\" class=\"fasicon icon-linkedin\"><\/i>\t\t\t<\/a>\n\t\t<\/li>\n\t\t\t<li class=\"elementor-repeater-item-5dcb084\">\n\t\t\t<a href=\"https:\/\/youtube.com\" aria-label=\"Youtube\">\n\t\t\t\t<i aria-hidden=\"true\" class=\"fab fa-youtube\"><\/i>\t\t\t<\/a>\n\t\t<\/li>\n\t<\/ul>\n\t\t\t\t\t\t\t\t<\/div>\n\t\t\t\t\t\t\t\t\t\t\t\t\t<\/div>\n\t\t\t\t\t<\/div>\n\t\t\t\t\t <\/div> \n\t\t\t\t\n\t\t\t\t\t<div class=\"zoom-anim-dialog mfp-hide elementskit-team-popup\" id=\"ekit_team_modal_7e2c00bf\" tabindex=\"-1\" role=\"dialog\" aria-hidden=\"true\">\n\t\t\t\t<div class=\"modal-dialog modal-dialog-centered\" role=\"document\">\n\t\t\t\t\t<div class=\"modal-content\">\n\t\t\t\t\t\t<button type=\"button\" class=\"ekit-team-modal-close\">\n\t\t\t\t\t\t\t<i aria-hidden=\"true\" class=\"fas fa-times\"><\/i>\t\t\t\t\t\t<\/button>\n\n\t\t\t\t\t\t<div class=\"modal-body\">\n\t\t\t\t\t\t\t\t\t\t\t\t\t\t\t<div class=\"ekit-team-modal-img\">\n\t\t\t\t\t\t\t\t\t<img decoding=\"async\" width=\"400\" height=\"400\" src=\"https:\/\/diegodevallejo.com\/wp-content\/uploads\/2023\/05\/gac-cantabria-oriental.jpg\" class=\"attachment-large size-large wp-image-1057\" alt=\"\" loading=\"lazy\" srcset=\"https:\/\/diegodevallejo.com\/wp-content\/uploads\/2023\/05\/gac-cantabria-oriental.jpg 400w, https:\/\/diegodevallejo.com\/wp-content\/uploads\/2023\/05\/gac-cantabria-oriental-300x300.jpg 300w, https:\/\/diegodevallejo.com\/wp-content\/uploads\/2023\/05\/gac-cantabria-oriental-150x150.jpg 150w\" sizes=\"(max-width: 400px) 100vw, 400px\" style=\"width:100%;height:100%;max-width:400px\" \/>\t\t\t\t\t\t\t\t<\/div>\n\t\t\t\t\t\t\t\n\t\t\t\t\t\t\t<div class=\"ekit-team-modal-info has-img\">\n\t\t\t\t\t\t\t\t<h2 class=\"ekit-team-modal-title\">GAC Cantabria Oriental<\/h2>\n\t\t\t\t\t\t\t\t<p class=\"ekit-team-modal-position\">Grupo de Acci\u00f3n Costero de Cantabria Oriental<\/p>\n\t\t\t\t\t\t\t\t\n\t\t\t\t\t\t\t\t<div class=\"ekit-team-modal-content\">\n\t\t\t\t\t\t\t\t\tEntre sus funciones destaca la gesti\u00f3n de fondos econ\u00f3micos para promover la dinamizaci\u00f3n socioecon\u00f3mica de la comarca pesquera, seleccionando y cofinanciando proyectos que contribuyan al desarrollo econ\u00f3mico y social de Castro Urdiales, Colindres, Laredo y Santo\u00f1a, priorizando las actuaciones privadas o p\u00fablicas relacionadas con el \u00e1mbito de la mar y aquellas iniciativas que fomenten emprendimiento, empleo, diversificaci\u00f3n o innovaci\u00f3n.\t\t\t\t\t\t\t\t<\/div>\n\n\t\t\t\t\t\t\t\t\t\t\t\t\t\t\t\t\t<ul class=\"ekit-team-modal-list\">\n\t\t\t\t\t\t\t\t\t\t\t\t\t\t\t\t\t\t\t\t\t<li><strong>Phone:<\/strong><a href=\"tel:942.683.351 \/ 942.604.808\">942.683.351 \/ 942.604.808<\/a><\/li>\n\t\t\t\t\t\t\t\t\t\t\n\t\t\t\t\t\t\t\t\t\t\t\t\t\t\t\t\t\t\t\t\t<li><strong>Email:<\/strong><a href=\"mailto:gerencia@gaccantabriaoriental.es\">gerencia@gaccantabriaoriental.es<\/a><\/li>\n\t\t\t\t\t\t\t\t\t\t\t\t\t\t\t\t\t\t\t<\/ul>\n\t\t\t\t\t\t\t\t\t\t\t\t\t\t\t\t\n\t\t\t\t\t\t\t\t<ul class=\"ekit-team-social-list\">\n\t\t\t<li class=\"elementor-repeater-item-b37fad5\">\n\t\t\t<a href=\"https:\/\/facebook.com\" aria-label=\"Facebook\">\n\t\t\t\t<i aria-hidden=\"true\" class=\"fasicon icon-facebook\"><\/i>\t\t\t<\/a>\n\t\t<\/li>\n\t\t\t<li class=\"elementor-repeater-item-1a3ab10\">\n\t\t\t<a href=\"https:\/\/twitter.com\" aria-label=\"Twitter\">\n\t\t\t\t<i aria-hidden=\"true\" class=\"fasicon icon-twitter\"><\/i>\t\t\t<\/a>\n\t\t<\/li>\n\t\t\t<li class=\"elementor-repeater-item-7f57670\">\n\t\t\t<a href=\"https:\/\/linkedin.com\" aria-label=\"LinkedIn\">\n\t\t\t\t<i aria-hidden=\"true\" class=\"fasicon icon-linkedin\"><\/i>\t\t\t<\/a>\n\t\t<\/li>\n\t\t\t<li class=\"elementor-repeater-item-5dcb084\">\n\t\t\t<a href=\"https:\/\/youtube.com\" aria-label=\"Youtube\">\n\t\t\t\t<i aria-hidden=\"true\" class=\"fab fa-youtube\"><\/i>\t\t\t<\/a>\n\t\t<\/li>\n\t<\/ul>\n\t\t\t\t\t\t\t<\/div>\n\t\t\t\t\t\t<\/div>\n\t\t\t\t\t<\/div>\n\t\t\t\t<\/div>\n\t\t\t<\/div>\n\t\t\t\t<\/div>\t\t<\/div>\n\t\t\t\t<\/div>\n\t\t\t\t\t<\/div>\n\t\t<\/div>\n\t\t\t\t<div class=\"elementor-column elementor-col-25 elementor-inner-column elementor-element elementor-element-2b306126\" data-id=\"2b306126\" data-element_type=\"column\">\n\t\t\t<div class=\"elementor-widget-wrap elementor-element-populated\">\n\t\t\t\t\t\t\t\t<div class=\"elementor-element elementor-element-533c5ee1 elementor-widget elementor-widget-elementskit-team\" data-id=\"533c5ee1\" data-element_type=\"widget\" data-widget_type=\"elementskit-team.default\">\n\t\t\t\t<div class=\"elementor-widget-container\">\n\t\t\t<div class=\"ekit-wid-con\">\n\t\t\t\t\t\t\t\t\t\t\t\t\t\t\t <div class=\"style-circle ekit-team-img-fit\"> \t\t\t\t\t\t\t\t\t<div class=\"profile-image-card elementor-animation- ekit-team-img ekit-team-style-overlay_circle text-center\">\n\n\t\t\t\t\t\t\t\t\t\t\t\t\t<img decoding=\"async\" width=\"400\" height=\"400\" src=\"https:\/\/diegodevallejo.com\/wp-content\/uploads\/2023\/05\/cesine-universidad.jpg\" class=\"attachment-large size-large wp-image-1054\" alt=\"\" loading=\"lazy\" srcset=\"https:\/\/diegodevallejo.com\/wp-content\/uploads\/2023\/05\/cesine-universidad.jpg 400w, https:\/\/diegodevallejo.com\/wp-content\/uploads\/2023\/05\/cesine-universidad-300x300.jpg 300w, https:\/\/diegodevallejo.com\/wp-content\/uploads\/2023\/05\/cesine-universidad-150x150.jpg 150w\" sizes=\"(max-width: 400px) 100vw, 400px\" style=\"width:100%;height:100%;max-width:400px\" \/>\t\t\t\t\t\t\t\t\t\t\t\t<div class=\"hover-area\">\n\t\t\t\t\t\t\t<div class=\"profile-body\">\n\t\t\t\t\t\t\t\t<h2 class=\"profile-title\">\n\t\t\t\t\t\t\t\t\t\t\t\t\t\t\t\t\t<a aria-label=\"profile\" href=\"javascript:void(0)\" data-mfp-src=\"#ekit_team_modal_533c5ee1\" class=\"ekit-team-popup\">\n\t\t\t\t\t\t\t\t\tUniversidad Cesine\t\t\t\t\t\t\t\t\t<\/a>\n\t\t\t\t\t\t\t\t\t\t\t\t\t\t\t\t\t<\/h2>\n\t\t\t\t\t\t\t\t<p class=\"profile-designation\">Periodismo, Redes Sociales y Comunicaci\u00f3n<\/p>\n\t\t\t\t\t\t\t\t\t\t\t\t\t\t\t<\/div>\n\t\t\t\t\t\t\t\t\t\t\t\t\t\t\t<div class=\"profile-footer\">\n\t\t\t\t\t\t\t\t\t<ul class=\"ekit-team-social-list\">\n\t\t\t<li class=\"elementor-repeater-item-b37fad5\">\n\t\t\t<a href=\"https:\/\/www.facebook.com\/Cesine.Centro.Universitario\/?locale=es_ES\" aria-label=\"Facebook\">\n\t\t\t\t<i aria-hidden=\"true\" class=\"fasicon icon-facebook\"><\/i>\t\t\t<\/a>\n\t\t<\/li>\n\t\t\t<li class=\"elementor-repeater-item-1a3ab10\">\n\t\t\t<a href=\"https:\/\/twitter.com\/@Canal_CESINE\" aria-label=\"Twitter\">\n\t\t\t\t<i aria-hidden=\"true\" class=\"fasicon icon-twitter\"><\/i>\t\t\t<\/a>\n\t\t<\/li>\n\t\t\t<li class=\"elementor-repeater-item-7f57670\">\n\t\t\t<a href=\"https:\/\/www.linkedin.com\/school\/cesine-centro-universitario\/\" aria-label=\"LinkedIn\">\n\t\t\t\t<i aria-hidden=\"true\" class=\"fasicon icon-linkedin\"><\/i>\t\t\t<\/a>\n\t\t<\/li>\n\t\t\t<li class=\"elementor-repeater-item-5dcb084\">\n\t\t\t<a href=\"https:\/\/www.youtube.com\/@CesineCUniversitario\" aria-label=\"Youtube\">\n\t\t\t\t<i aria-hidden=\"true\" class=\"fab fa-youtube\"><\/i>\t\t\t<\/a>\n\t\t<\/li>\n\t<\/ul>\n\t\t\t\t\t\t\t\t<\/div>\n\t\t\t\t\t\t\t\t\t\t\t\t\t<\/div>\n\t\t\t\t\t<\/div>\n\t\t\t\t\t <\/div> \n\t\t\t\t\n\t\t\t\t\t<div class=\"zoom-anim-dialog mfp-hide elementskit-team-popup\" id=\"ekit_team_modal_533c5ee1\" tabindex=\"-1\" role=\"dialog\" aria-hidden=\"true\">\n\t\t\t\t<div class=\"modal-dialog modal-dialog-centered\" role=\"document\">\n\t\t\t\t\t<div class=\"modal-content\">\n\t\t\t\t\t\t<button type=\"button\" class=\"ekit-team-modal-close\">\n\t\t\t\t\t\t\t<i aria-hidden=\"true\" class=\"fas fa-times\"><\/i>\t\t\t\t\t\t<\/button>\n\n\t\t\t\t\t\t<div class=\"modal-body\">\n\t\t\t\t\t\t\t\t\t\t\t\t\t\t\t<div class=\"ekit-team-modal-img\">\n\t\t\t\t\t\t\t\t\t<img decoding=\"async\" width=\"400\" height=\"400\" src=\"https:\/\/diegodevallejo.com\/wp-content\/uploads\/2023\/05\/cesine-universidad.jpg\" class=\"attachment-large size-large wp-image-1054\" alt=\"\" loading=\"lazy\" srcset=\"https:\/\/diegodevallejo.com\/wp-content\/uploads\/2023\/05\/cesine-universidad.jpg 400w, https:\/\/diegodevallejo.com\/wp-content\/uploads\/2023\/05\/cesine-universidad-300x300.jpg 300w, https:\/\/diegodevallejo.com\/wp-content\/uploads\/2023\/05\/cesine-universidad-150x150.jpg 150w\" sizes=\"(max-width: 400px) 100vw, 400px\" style=\"width:100%;height:100%;max-width:400px\" \/>\t\t\t\t\t\t\t\t<\/div>\n\t\t\t\t\t\t\t\n\t\t\t\t\t\t\t<div class=\"ekit-team-modal-info has-img\">\n\t\t\t\t\t\t\t\t<h2 class=\"ekit-team-modal-title\">Universidad Cesine<\/h2>\n\t\t\t\t\t\t\t\t<p class=\"ekit-team-modal-position\">Periodismo, Redes Sociales y Comunicaci\u00f3n<\/p>\n\t\t\t\t\t\t\t\t\n\t\t\t\t\t\t\t\t<div class=\"ekit-team-modal-content\">\n\t\t\t\t\t\t\t\t\tEl Centro Universitario Cesine es una instituci\u00f3n acad\u00e9mica espa\u00f1ola de educaci\u00f3n superior ubicada en Santander, Cantabria. Pertenece al Grupo EDH.\u200bImparte de manera oficial grados y posgrados en dos escuelas: Escuela de Negocios y Comunicaci\u00f3n.\t\t\t\t\t\t\t\t<\/div>\n\n\t\t\t\t\t\t\t\t\t\t\t\t\t\t\t\t\t<ul class=\"ekit-team-modal-list\">\n\t\t\t\t\t\t\t\t\t\t\t\t\t\t\t\t\t\t\t\t\t<li><strong>Phone:<\/strong><a href=\"tel:+1 (859) 254-6589\">+1 (859) 254-6589<\/a><\/li>\n\t\t\t\t\t\t\t\t\t\t\n\t\t\t\t\t\t\t\t\t\t\t\t\t\t\t\t\t\t\t\t\t<li><strong>Email:<\/strong><a href=\"mailto:info@example.com\">info@example.com<\/a><\/li>\n\t\t\t\t\t\t\t\t\t\t\t\t\t\t\t\t\t\t\t<\/ul>\n\t\t\t\t\t\t\t\t\t\t\t\t\t\t\t\t\n\t\t\t\t\t\t\t\t<ul class=\"ekit-team-social-list\">\n\t\t\t<li class=\"elementor-repeater-item-b37fad5\">\n\t\t\t<a href=\"https:\/\/www.facebook.com\/Cesine.Centro.Universitario\/?locale=es_ES\" aria-label=\"Facebook\">\n\t\t\t\t<i aria-hidden=\"true\" class=\"fasicon icon-facebook\"><\/i>\t\t\t<\/a>\n\t\t<\/li>\n\t\t\t<li class=\"elementor-repeater-item-1a3ab10\">\n\t\t\t<a href=\"https:\/\/twitter.com\/@Canal_CESINE\" aria-label=\"Twitter\">\n\t\t\t\t<i aria-hidden=\"true\" class=\"fasicon icon-twitter\"><\/i>\t\t\t<\/a>\n\t\t<\/li>\n\t\t\t<li class=\"elementor-repeater-item-7f57670\">\n\t\t\t<a href=\"https:\/\/www.linkedin.com\/school\/cesine-centro-universitario\/\" aria-label=\"LinkedIn\">\n\t\t\t\t<i aria-hidden=\"true\" class=\"fasicon icon-linkedin\"><\/i>\t\t\t<\/a>\n\t\t<\/li>\n\t\t\t<li class=\"elementor-repeater-item-5dcb084\">\n\t\t\t<a href=\"https:\/\/www.youtube.com\/@CesineCUniversitario\" aria-label=\"Youtube\">\n\t\t\t\t<i aria-hidden=\"true\" class=\"fab fa-youtube\"><\/i>\t\t\t<\/a>\n\t\t<\/li>\n\t<\/ul>\n\t\t\t\t\t\t\t<\/div>\n\t\t\t\t\t\t<\/div>\n\t\t\t\t\t<\/div>\n\t\t\t\t<\/div>\n\t\t\t<\/div>\n\t\t\t\t<\/div>\t\t<\/div>\n\t\t\t\t<\/div>\n\t\t\t\t\t<\/div>\n\t\t<\/div>\n\t\t\t\t<div class=\"elementor-column elementor-col-25 elementor-inner-column elementor-element elementor-element-f74ed9d\" data-id=\"f74ed9d\" data-element_type=\"column\">\n\t\t\t<div class=\"elementor-widget-wrap elementor-element-populated\">\n\t\t\t\t\t\t\t\t<div class=\"elementor-element elementor-element-54ec9187 elementor-widget elementor-widget-elementskit-team\" data-id=\"54ec9187\" data-element_type=\"widget\" data-widget_type=\"elementskit-team.default\">\n\t\t\t\t<div class=\"elementor-widget-container\">\n\t\t\t<div class=\"ekit-wid-con\">\n\t\t\t\t\t\t\t\t\t\t\t\t\t\t\t <div class=\"style-circle ekit-team-img-fit\"> \t\t\t\t\t\t\t\t\t<div class=\"profile-image-card elementor-animation- ekit-team-img ekit-team-style-overlay_circle text-center\">\n\n\t\t\t\t\t\t\t\t\t\t\t\t\t<img decoding=\"async\" width=\"400\" height=\"400\" src=\"https:\/\/diegodevallejo.com\/wp-content\/uploads\/2023\/05\/paeas-diego-de-vallejo-perez-diegodevallejo-poty-ambienturas-educacion-ambiental-cantabria.jpg\" class=\"attachment-large size-large wp-image-1035\" alt=\"\" loading=\"lazy\" srcset=\"https:\/\/diegodevallejo.com\/wp-content\/uploads\/2023\/05\/paeas-diego-de-vallejo-perez-diegodevallejo-poty-ambienturas-educacion-ambiental-cantabria.jpg 400w, https:\/\/diegodevallejo.com\/wp-content\/uploads\/2023\/05\/paeas-diego-de-vallejo-perez-diegodevallejo-poty-ambienturas-educacion-ambiental-cantabria-300x300.jpg 300w, https:\/\/diegodevallejo.com\/wp-content\/uploads\/2023\/05\/paeas-diego-de-vallejo-perez-diegodevallejo-poty-ambienturas-educacion-ambiental-cantabria-150x150.jpg 150w\" sizes=\"(max-width: 400px) 100vw, 400px\" style=\"width:100%;height:100%;max-width:400px\" \/>\t\t\t\t\t\t\t\t\t\t\t\t<div class=\"hover-area\">\n\t\t\t\t\t\t\t<div class=\"profile-body\">\n\t\t\t\t\t\t\t\t<h2 class=\"profile-title\">\n\t\t\t\t\t\t\t\t\t\t\t\t\t\t\t\t\t<a aria-label=\"profile\" href=\"javascript:void(0)\" data-mfp-src=\"#ekit_team_modal_54ec9187\" class=\"ekit-team-popup\">\n\t\t\t\t\t\t\t\t\tPAEAS\t\t\t\t\t\t\t\t\t<\/a>\n\t\t\t\t\t\t\t\t\t\t\t\t\t\t\t\t\t<\/h2>\n\t\t\t\t\t\t\t\t<p class=\"profile-designation\">Plan de Acci\u00f3n de Educaci\u00f3n Ambiental para la Sostenibilidad<\/p>\n\t\t\t\t\t\t\t\t\t\t\t\t\t\t\t<\/div>\n\t\t\t\t\t\t\t\t\t\t\t\t\t\t\t<div class=\"profile-footer\">\n\t\t\t\t\t\t\t\t\t<ul class=\"ekit-team-social-list\">\n\t\t\t<li class=\"elementor-repeater-item-b37fad5\">\n\t\t\t<a href=\"https:\/\/www.miteco.gob.es\/es\/ceneam\/plan-accion-educacion-ambiental\/\" aria-label=\"Qu\u00e9 es\">\n\t\t\t\t<i aria-hidden=\"true\" class=\"far fa-building\"><\/i>\t\t\t<\/a>\n\t\t<\/li>\n\t\t\t<li class=\"elementor-repeater-item-1a3ab10\">\n\t\t\t<a href=\"https:\/\/twitter.com\/mitecogob\" aria-label=\"Twitter\">\n\t\t\t\t<i aria-hidden=\"true\" class=\"fasicon icon-twitter\"><\/i>\t\t\t<\/a>\n\t\t<\/li>\n\t\t\t<li class=\"elementor-repeater-item-7f57670\">\n\t\t\t<a href=\"https:\/\/www.miteco.gob.es\/es\/ceneam\/recursos\/quien-es-quien\/poty-ambienturas.aspx\" aria-label=\"Web\">\n\t\t\t\t<i aria-hidden=\"true\" class=\"far fa-gem\"><\/i>\t\t\t<\/a>\n\t\t<\/li>\n\t\t\t<li class=\"elementor-repeater-item-5dcb084\">\n\t\t\t<a href=\"https:\/\/www.youtube.com\/@mitecogob\" aria-label=\"Youtube\">\n\t\t\t\t<i aria-hidden=\"true\" class=\"fab fa-youtube\"><\/i>\t\t\t<\/a>\n\t\t<\/li>\n\t<\/ul>\n\t\t\t\t\t\t\t\t<\/div>\n\t\t\t\t\t\t\t\t\t\t\t\t\t<\/div>\n\t\t\t\t\t<\/div>\n\t\t\t\t\t <\/div> \n\t\t\t\t\n\t\t\t\t\t<div class=\"zoom-anim-dialog mfp-hide elementskit-team-popup\" id=\"ekit_team_modal_54ec9187\" tabindex=\"-1\" role=\"dialog\" aria-hidden=\"true\">\n\t\t\t\t<div class=\"modal-dialog modal-dialog-centered\" role=\"document\">\n\t\t\t\t\t<div class=\"modal-content\">\n\t\t\t\t\t\t<button type=\"button\" class=\"ekit-team-modal-close\">\n\t\t\t\t\t\t\t<i aria-hidden=\"true\" class=\"fas fa-times\"><\/i>\t\t\t\t\t\t<\/button>\n\n\t\t\t\t\t\t<div class=\"modal-body\">\n\t\t\t\t\t\t\t\t\t\t\t\t\t\t\t<div class=\"ekit-team-modal-img\">\n\t\t\t\t\t\t\t\t\t<img decoding=\"async\" width=\"400\" height=\"400\" src=\"https:\/\/diegodevallejo.com\/wp-content\/uploads\/2023\/05\/paeas-diego-de-vallejo-perez-diegodevallejo-poty-ambienturas-educacion-ambiental-cantabria.jpg\" class=\"attachment-large size-large wp-image-1035\" alt=\"\" loading=\"lazy\" srcset=\"https:\/\/diegodevallejo.com\/wp-content\/uploads\/2023\/05\/paeas-diego-de-vallejo-perez-diegodevallejo-poty-ambienturas-educacion-ambiental-cantabria.jpg 400w, https:\/\/diegodevallejo.com\/wp-content\/uploads\/2023\/05\/paeas-diego-de-vallejo-perez-diegodevallejo-poty-ambienturas-educacion-ambiental-cantabria-300x300.jpg 300w, https:\/\/diegodevallejo.com\/wp-content\/uploads\/2023\/05\/paeas-diego-de-vallejo-perez-diegodevallejo-poty-ambienturas-educacion-ambiental-cantabria-150x150.jpg 150w\" sizes=\"(max-width: 400px) 100vw, 400px\" style=\"width:100%;height:100%;max-width:400px\" \/>\t\t\t\t\t\t\t\t<\/div>\n\t\t\t\t\t\t\t\n\t\t\t\t\t\t\t<div class=\"ekit-team-modal-info has-img\">\n\t\t\t\t\t\t\t\t<h2 class=\"ekit-team-modal-title\">PAEAS<\/h2>\n\t\t\t\t\t\t\t\t<p class=\"ekit-team-modal-position\">Plan de Acci\u00f3n de Educaci\u00f3n Ambiental para la Sostenibilidad<\/p>\n\t\t\t\t\t\t\t\t\n\t\t\t\t\t\t\t\t<div class=\"ekit-team-modal-content\">\n\t\t\t\t\t\t\t\t\tEl Plan de Acci\u00f3n establece un marco de trabajo consensuado en el que se reflejan seis ejes operativos y 61 acciones clave a desarrollar por parte de la Administraci\u00f3n General del Estado en materia de EAS en un periodo de 5 a\u00f1os desde su aprobaci\u00f3n, as\u00ed como orientaciones de trabajo y propuestas de acci\u00f3n para otros sectores y agentes implicados.\t\t\t\t\t\t\t\t<\/div>\n\n\t\t\t\t\t\t\t\t\t\t\t\t\t\t\t\t\t<ul class=\"ekit-team-modal-list\">\n\t\t\t\t\t\t\t\t\t\t\t\t\t\t\t\t\t\t\t\t\t<li><strong>Phone:<\/strong><a href=\"tel:+1 (859) 254-6589\">+1 (859) 254-6589<\/a><\/li>\n\t\t\t\t\t\t\t\t\t\t\n\t\t\t\t\t\t\t\t\t\t\t\t\t\t\t\t\t\t\t\t\t<li><strong>Email:<\/strong><a href=\"mailto:info@example.com\">info@example.com<\/a><\/li>\n\t\t\t\t\t\t\t\t\t\t\t\t\t\t\t\t\t\t\t<\/ul>\n\t\t\t\t\t\t\t\t\t\t\t\t\t\t\t\t\n\t\t\t\t\t\t\t\t<ul class=\"ekit-team-social-list\">\n\t\t\t<li class=\"elementor-repeater-item-b37fad5\">\n\t\t\t<a href=\"https:\/\/www.miteco.gob.es\/es\/ceneam\/plan-accion-educacion-ambiental\/\" aria-label=\"Qu\u00e9 es\">\n\t\t\t\t<i aria-hidden=\"true\" class=\"far fa-building\"><\/i>\t\t\t<\/a>\n\t\t<\/li>\n\t\t\t<li class=\"elementor-repeater-item-1a3ab10\">\n\t\t\t<a href=\"https:\/\/twitter.com\/mitecogob\" aria-label=\"Twitter\">\n\t\t\t\t<i aria-hidden=\"true\" class=\"fasicon icon-twitter\"><\/i>\t\t\t<\/a>\n\t\t<\/li>\n\t\t\t<li class=\"elementor-repeater-item-7f57670\">\n\t\t\t<a href=\"https:\/\/www.miteco.gob.es\/es\/ceneam\/recursos\/quien-es-quien\/poty-ambienturas.aspx\" aria-label=\"Web\">\n\t\t\t\t<i aria-hidden=\"true\" class=\"far fa-gem\"><\/i>\t\t\t<\/a>\n\t\t<\/li>\n\t\t\t<li class=\"elementor-repeater-item-5dcb084\">\n\t\t\t<a href=\"https:\/\/www.youtube.com\/@mitecogob\" aria-label=\"Youtube\">\n\t\t\t\t<i aria-hidden=\"true\" class=\"fab fa-youtube\"><\/i>\t\t\t<\/a>\n\t\t<\/li>\n\t<\/ul>\n\t\t\t\t\t\t\t<\/div>\n\t\t\t\t\t\t<\/div>\n\t\t\t\t\t<\/div>\n\t\t\t\t<\/div>\n\t\t\t<\/div>\n\t\t\t\t<\/div>\t\t<\/div>\n\t\t\t\t<\/div>\n\t\t\t\t\t<\/div>\n\t\t<\/div>\n\t\t\t\t\t\t\t<\/div>\n\t\t<\/section>\n\t\t\t\t\t<\/div>\n\t\t<\/div>\n\t\t\t\t\t\t\t<\/div>\n\t\t<\/section>\n\t\t\t\t\t\t\t<\/div>\n\t\t","protected":false},"excerpt":{"rendered":"<p>Talleres para profesionales Cursos, conferencias y retos formativos para capacitar a nuestros activo m\u00e1s importante: Los docentes. La realizaci\u00f3n de reportajes audiovisuales educativos me ha expuesto a grandes retos, como crear asignaturas nuevas en la Universidad o programas formativos de videoblogging divulgativo. He creado varios cursos con el Centro de Investigaci\u00f3n del Medio Ambiente CIMA&hellip; <a class=\"more-link\" href=\"https:\/\/diegodevallejo.com\/index.php\/profesionales\/\">Continue reading <span class=\"screen-reader-text\">Profesionales<\/span><\/a><\/p>\n","protected":false},"author":1,"featured_media":765,"parent":0,"menu_order":0,"comment_status":"closed","ping_status":"closed","template":"elementor_header_footer","meta":[],"yoast_head":"<!-- This site is optimized with the Yoast SEO plugin v20.5 - https:\/\/yoast.com\/wordpress\/plugins\/seo\/ -->\n<title>Profesionales - diegodevallejo.com<\/title>\n<meta name=\"robots\" content=\"index, follow, max-snippet:-1, max-image-preview:large, max-video-preview:-1\" \/>\n<link rel=\"canonical\" href=\"https:\/\/diegodevallejo.com\/index.php\/profesionales\/\" \/>\n<meta property=\"og:locale\" content=\"en_US\" \/>\n<meta property=\"og:type\" content=\"article\" \/>\n<meta property=\"og:title\" content=\"Profesionales - diegodevallejo.com\" \/>\n<meta property=\"og:description\" content=\"Talleres para profesionales Cursos, conferencias y retos formativos para capacitar a nuestros activo m\u00e1s importante: Los docentes. La realizaci\u00f3n de reportajes audiovisuales educativos me ha expuesto a grandes retos, como crear asignaturas nuevas en la Universidad o programas formativos de videoblogging divulgativo. He creado varios cursos con el Centro de Investigaci\u00f3n del Medio Ambiente CIMA&hellip; Continue reading Profesionales\" \/>\n<meta property=\"og:url\" content=\"https:\/\/diegodevallejo.com\/index.php\/profesionales\/\" \/>\n<meta property=\"og:site_name\" content=\"diegodevallejo.com\" \/>\n<meta property=\"article:modified_time\" content=\"2023-10-27T08:22:53+00:00\" \/>\n<meta property=\"og:image\" content=\"http:\/\/diegodevallejo.com\/wp-content\/uploads\/2023\/05\/youtube-educativo-para-educadores-diego-de-vallejo-perez-miteco-cima-cedreac-divulgacion-ambiental-en-redes-sociales-edutuber-cultuber-naturaleza.jpg\" \/>\n\t<meta property=\"og:image:width\" content=\"590\" \/>\n\t<meta property=\"og:image:height\" content=\"591\" \/>\n\t<meta property=\"og:image:type\" content=\"image\/jpeg\" \/>\n<meta name=\"twitter:card\" content=\"summary_large_image\" \/>\n<meta name=\"twitter:label1\" content=\"Est. reading time\" \/>\n\t<meta name=\"twitter:data1\" content=\"10 minutes\" \/>\n<script type=\"application\/ld+json\" class=\"yoast-schema-graph\">{\"@context\":\"https:\/\/schema.org\",\"@graph\":[{\"@type\":\"WebPage\",\"@id\":\"https:\/\/diegodevallejo.com\/index.php\/profesionales\/\",\"url\":\"https:\/\/diegodevallejo.com\/index.php\/profesionales\/\",\"name\":\"Profesionales - diegodevallejo.com\",\"isPartOf\":{\"@id\":\"https:\/\/diegodevallejo.com\/#website\"},\"datePublished\":\"2023-04-18T15:47:15+00:00\",\"dateModified\":\"2023-10-27T08:22:53+00:00\",\"breadcrumb\":{\"@id\":\"https:\/\/diegodevallejo.com\/index.php\/profesionales\/#breadcrumb\"},\"inLanguage\":\"en-US\",\"potentialAction\":[{\"@type\":\"ReadAction\",\"target\":[\"https:\/\/diegodevallejo.com\/index.php\/profesionales\/\"]}]},{\"@type\":\"BreadcrumbList\",\"@id\":\"https:\/\/diegodevallejo.com\/index.php\/profesionales\/#breadcrumb\",\"itemListElement\":[{\"@type\":\"ListItem\",\"position\":1,\"name\":\"Portada\",\"item\":\"https:\/\/diegodevallejo.com\/\"},{\"@type\":\"ListItem\",\"position\":2,\"name\":\"Profesionales\"}]},{\"@type\":\"WebSite\",\"@id\":\"https:\/\/diegodevallejo.com\/#website\",\"url\":\"https:\/\/diegodevallejo.com\/\",\"name\":\"diegodevallejo.com\",\"description\":\"P\u00e1gina oficial de la empresa de formaci\u00f3n y divulgaci\u00f3n ambiental &quot;Poty Ambienturas&quot;\",\"publisher\":{\"@id\":\"https:\/\/diegodevallejo.com\/#organization\"},\"potentialAction\":[{\"@type\":\"SearchAction\",\"target\":{\"@type\":\"EntryPoint\",\"urlTemplate\":\"https:\/\/diegodevallejo.com\/?s={search_term_string}\"},\"query-input\":\"required name=search_term_string\"}],\"inLanguage\":\"en-US\"},{\"@type\":\"Organization\",\"@id\":\"https:\/\/diegodevallejo.com\/#organization\",\"name\":\"diegodevallejo.com\",\"url\":\"https:\/\/diegodevallejo.com\/\",\"logo\":{\"@type\":\"ImageObject\",\"inLanguage\":\"en-US\",\"@id\":\"https:\/\/diegodevallejo.com\/#\/schema\/logo\/image\/\",\"url\":\"https:\/\/diegodevallejo.com\/wp-content\/uploads\/2023\/04\/cropped-potyambienturas-removebg-preview.png\",\"contentUrl\":\"https:\/\/diegodevallejo.com\/wp-content\/uploads\/2023\/04\/cropped-potyambienturas-removebg-preview.png\",\"width\":176,\"height\":176,\"caption\":\"diegodevallejo.com\"},\"image\":{\"@id\":\"https:\/\/diegodevallejo.com\/#\/schema\/logo\/image\/\"}}]}<\/script>\n<!-- \/ Yoast SEO plugin. -->","yoast_head_json":{"title":"Profesionales - diegodevallejo.com","robots":{"index":"index","follow":"follow","max-snippet":"max-snippet:-1","max-image-preview":"max-image-preview:large","max-video-preview":"max-video-preview:-1"},"canonical":"https:\/\/diegodevallejo.com\/index.php\/profesionales\/","og_locale":"en_US","og_type":"article","og_title":"Profesionales - diegodevallejo.com","og_description":"Talleres para profesionales Cursos, conferencias y retos formativos para capacitar a nuestros activo m\u00e1s importante: Los docentes. La realizaci\u00f3n de reportajes audiovisuales educativos me ha expuesto a grandes retos, como crear asignaturas nuevas en la Universidad o programas formativos de videoblogging divulgativo. He creado varios cursos con el Centro de Investigaci\u00f3n del Medio Ambiente CIMA&hellip; Continue reading Profesionales","og_url":"https:\/\/diegodevallejo.com\/index.php\/profesionales\/","og_site_name":"diegodevallejo.com","article_modified_time":"2023-10-27T08:22:53+00:00","og_image":[{"width":590,"height":591,"url":"http:\/\/diegodevallejo.com\/wp-content\/uploads\/2023\/05\/youtube-educativo-para-educadores-diego-de-vallejo-perez-miteco-cima-cedreac-divulgacion-ambiental-en-redes-sociales-edutuber-cultuber-naturaleza.jpg","type":"image\/jpeg"}],"twitter_card":"summary_large_image","twitter_misc":{"Est. reading time":"10 minutes"},"schema":{"@context":"https:\/\/schema.org","@graph":[{"@type":"WebPage","@id":"https:\/\/diegodevallejo.com\/index.php\/profesionales\/","url":"https:\/\/diegodevallejo.com\/index.php\/profesionales\/","name":"Profesionales - diegodevallejo.com","isPartOf":{"@id":"https:\/\/diegodevallejo.com\/#website"},"datePublished":"2023-04-18T15:47:15+00:00","dateModified":"2023-10-27T08:22:53+00:00","breadcrumb":{"@id":"https:\/\/diegodevallejo.com\/index.php\/profesionales\/#breadcrumb"},"inLanguage":"en-US","potentialAction":[{"@type":"ReadAction","target":["https:\/\/diegodevallejo.com\/index.php\/profesionales\/"]}]},{"@type":"BreadcrumbList","@id":"https:\/\/diegodevallejo.com\/index.php\/profesionales\/#breadcrumb","itemListElement":[{"@type":"ListItem","position":1,"name":"Portada","item":"https:\/\/diegodevallejo.com\/"},{"@type":"ListItem","position":2,"name":"Profesionales"}]},{"@type":"WebSite","@id":"https:\/\/diegodevallejo.com\/#website","url":"https:\/\/diegodevallejo.com\/","name":"diegodevallejo.com","description":"P\u00e1gina oficial de la empresa de formaci\u00f3n y divulgaci\u00f3n ambiental &quot;Poty Ambienturas&quot;","publisher":{"@id":"https:\/\/diegodevallejo.com\/#organization"},"potentialAction":[{"@type":"SearchAction","target":{"@type":"EntryPoint","urlTemplate":"https:\/\/diegodevallejo.com\/?s={search_term_string}"},"query-input":"required name=search_term_string"}],"inLanguage":"en-US"},{"@type":"Organization","@id":"https:\/\/diegodevallejo.com\/#organization","name":"diegodevallejo.com","url":"https:\/\/diegodevallejo.com\/","logo":{"@type":"ImageObject","inLanguage":"en-US","@id":"https:\/\/diegodevallejo.com\/#\/schema\/logo\/image\/","url":"https:\/\/diegodevallejo.com\/wp-content\/uploads\/2023\/04\/cropped-potyambienturas-removebg-preview.png","contentUrl":"https:\/\/diegodevallejo.com\/wp-content\/uploads\/2023\/04\/cropped-potyambienturas-removebg-preview.png","width":176,"height":176,"caption":"diegodevallejo.com"},"image":{"@id":"https:\/\/diegodevallejo.com\/#\/schema\/logo\/image\/"}}]}},"_links":{"self":[{"href":"https:\/\/diegodevallejo.com\/index.php\/wp-json\/wp\/v2\/pages\/121"}],"collection":[{"href":"https:\/\/diegodevallejo.com\/index.php\/wp-json\/wp\/v2\/pages"}],"about":[{"href":"https:\/\/diegodevallejo.com\/index.php\/wp-json\/wp\/v2\/types\/page"}],"author":[{"embeddable":true,"href":"https:\/\/diegodevallejo.com\/index.php\/wp-json\/wp\/v2\/users\/1"}],"replies":[{"embeddable":true,"href":"https:\/\/diegodevallejo.com\/index.php\/wp-json\/wp\/v2\/comments?post=121"}],"version-history":[{"count":101,"href":"https:\/\/diegodevallejo.com\/index.php\/wp-json\/wp\/v2\/pages\/121\/revisions"}],"predecessor-version":[{"id":1579,"href":"https:\/\/diegodevallejo.com\/index.php\/wp-json\/wp\/v2\/pages\/121\/revisions\/1579"}],"wp:featuredmedia":[{"embeddable":true,"href":"https:\/\/diegodevallejo.com\/index.php\/wp-json\/wp\/v2\/media\/765"}],"wp:attachment":[{"href":"https:\/\/diegodevallejo.com\/index.php\/wp-json\/wp\/v2\/media?parent=121"}],"curies":[{"name":"wp","href":"https:\/\/api.w.org\/{rel}","templated":true}]}}