{"id":768,"date":"2023-05-17T12:12:11","date_gmt":"2023-05-17T12:12:11","guid":{"rendered":"https:\/\/diegodevallejo.com\/?page_id=768"},"modified":"2025-03-02T22:34:20","modified_gmt":"2025-03-02T22:34:20","slug":"sendero-fotografico-de-fauna","status":"publish","type":"page","link":"https:\/\/diegodevallejo.com\/index.php\/sendero-fotografico-de-fauna\/","title":{"rendered":"Taller el Sendero fotogr\u00e1fico de fauna"},"content":{"rendered":"\t\t<div data-elementor-type=\"wp-page\" data-elementor-id=\"768\" class=\"elementor elementor-768\">\n\t\t\t\t\t\t\t\t\t<section class=\"elementor-section elementor-top-section elementor-element elementor-element-63f7b27 elementor-section-boxed elementor-section-height-default elementor-section-height-default\" data-id=\"63f7b27\" data-element_type=\"section\">\n\t\t\t\t\t\t<div class=\"elementor-container elementor-column-gap-default\">\n\t\t\t\t\t<div class=\"elementor-column elementor-col-100 elementor-top-column elementor-element elementor-element-a628e9b\" data-id=\"a628e9b\" data-element_type=\"column\">\n\t\t\t<div class=\"elementor-widget-wrap\">\n\t\t\t\t\t\t\t\t\t<\/div>\n\t\t<\/div>\n\t\t\t\t\t\t\t<\/div>\n\t\t<\/section>\n\t\t\t\t<section class=\"elementor-section elementor-top-section elementor-element elementor-element-6689e8a0 elementor-section-full_width elementor-section-height-default elementor-section-height-default\" data-id=\"6689e8a0\" data-element_type=\"section\" data-settings=\"{&quot;background_background&quot;:&quot;classic&quot;}\">\n\t\t\t\t\t\t\t<div class=\"elementor-background-overlay\"><\/div>\n\t\t\t\t\t\t\t<div class=\"elementor-container elementor-column-gap-default\">\n\t\t\t\t\t<div class=\"elementor-column elementor-col-100 elementor-top-column elementor-element elementor-element-39717579\" data-id=\"39717579\" data-element_type=\"column\">\n\t\t\t<div class=\"elementor-widget-wrap elementor-element-populated\">\n\t\t\t\t\t\t\t\t<div class=\"elementor-element elementor-element-36ff4828 elementor-hidden-mobile elementor-widget elementor-widget-image\" data-id=\"36ff4828\" data-element_type=\"widget\" data-widget_type=\"image.default\">\n\t\t\t\t<div class=\"elementor-widget-container\">\n\t\t\t<style>\/*! elementor - v3.12.1 - 02-04-2023 *\/\n.elementor-widget-image{text-align:center}.elementor-widget-image a{display:inline-block}.elementor-widget-image a img[src$=\".svg\"]{width:48px}.elementor-widget-image img{vertical-align:middle;display:inline-block}<\/style>\t\t\t\t\t\t\t\t\t\t\t\t<img width=\"2500\" height=\"1393\" src=\"https:\/\/diegodevallejo.com\/wp-content\/uploads\/2023\/05\/sendero-fotografico-de-fauna-de-cantabria-educacion-ambiental-diego-de-vallejo-perez-divulgacion-medio-ambiente-cantabria-taller-educativo-naturaleza-biodiversidad-aula-primaria-secundaria-copia.jpg\" class=\"attachment-full size-full wp-image-801\" alt=\"\" decoding=\"async\" loading=\"lazy\" srcset=\"https:\/\/diegodevallejo.com\/wp-content\/uploads\/2023\/05\/sendero-fotografico-de-fauna-de-cantabria-educacion-ambiental-diego-de-vallejo-perez-divulgacion-medio-ambiente-cantabria-taller-educativo-naturaleza-biodiversidad-aula-primaria-secundaria-copia.jpg 2500w, https:\/\/diegodevallejo.com\/wp-content\/uploads\/2023\/05\/sendero-fotografico-de-fauna-de-cantabria-educacion-ambiental-diego-de-vallejo-perez-divulgacion-medio-ambiente-cantabria-taller-educativo-naturaleza-biodiversidad-aula-primaria-secundaria-copia-300x167.jpg 300w, https:\/\/diegodevallejo.com\/wp-content\/uploads\/2023\/05\/sendero-fotografico-de-fauna-de-cantabria-educacion-ambiental-diego-de-vallejo-perez-divulgacion-medio-ambiente-cantabria-taller-educativo-naturaleza-biodiversidad-aula-primaria-secundaria-copia-1024x571.jpg 1024w, https:\/\/diegodevallejo.com\/wp-content\/uploads\/2023\/05\/sendero-fotografico-de-fauna-de-cantabria-educacion-ambiental-diego-de-vallejo-perez-divulgacion-medio-ambiente-cantabria-taller-educativo-naturaleza-biodiversidad-aula-primaria-secundaria-copia-768x428.jpg 768w, https:\/\/diegodevallejo.com\/wp-content\/uploads\/2023\/05\/sendero-fotografico-de-fauna-de-cantabria-educacion-ambiental-diego-de-vallejo-perez-divulgacion-medio-ambiente-cantabria-taller-educativo-naturaleza-biodiversidad-aula-primaria-secundaria-copia-1536x856.jpg 1536w, https:\/\/diegodevallejo.com\/wp-content\/uploads\/2023\/05\/sendero-fotografico-de-fauna-de-cantabria-educacion-ambiental-diego-de-vallejo-perez-divulgacion-medio-ambiente-cantabria-taller-educativo-naturaleza-biodiversidad-aula-primaria-secundaria-copia-2048x1141.jpg 2048w, https:\/\/diegodevallejo.com\/wp-content\/uploads\/2023\/05\/sendero-fotografico-de-fauna-de-cantabria-educacion-ambiental-diego-de-vallejo-perez-divulgacion-medio-ambiente-cantabria-taller-educativo-naturaleza-biodiversidad-aula-primaria-secundaria-copia-1568x874.jpg 1568w\" sizes=\"(max-width: 2500px) 100vw, 2500px\" style=\"width:100%;height:55.72%;max-width:2500px\" \/>\t\t\t\t\t\t\t\t\t\t\t\t\t\t\t<\/div>\n\t\t\t\t<\/div>\n\t\t\t\t<div class=\"elementor-element elementor-element-5bdbb217 elementor-absolute elementor-invisible elementor-widget elementor-widget-heading\" data-id=\"5bdbb217\" data-element_type=\"widget\" data-settings=\"{&quot;_position&quot;:&quot;absolute&quot;,&quot;_animation&quot;:&quot;fadeInUp&quot;}\" data-widget_type=\"heading.default\">\n\t\t\t\t<div class=\"elementor-widget-container\">\n\t\t\t<style>\/*! elementor - v3.12.1 - 02-04-2023 *\/\n.elementor-heading-title{padding:0;margin:0;line-height:1}.elementor-widget-heading .elementor-heading-title[class*=elementor-size-]>a{color:inherit;font-size:inherit;line-height:inherit}.elementor-widget-heading .elementor-heading-title.elementor-size-small{font-size:15px}.elementor-widget-heading .elementor-heading-title.elementor-size-medium{font-size:19px}.elementor-widget-heading .elementor-heading-title.elementor-size-large{font-size:29px}.elementor-widget-heading .elementor-heading-title.elementor-size-xl{font-size:39px}.elementor-widget-heading .elementor-heading-title.elementor-size-xxl{font-size:59px}<\/style><h1 class=\"elementor-heading-title elementor-size-default\">de fauna<\/h1>\t\t<\/div>\n\t\t\t\t<\/div>\n\t\t\t\t\t<\/div>\n\t\t<\/div>\n\t\t\t\t\t\t\t<\/div>\n\t\t<\/section>\n\t\t\t\t<section class=\"elementor-section elementor-top-section elementor-element elementor-element-850ecbb elementor-section-boxed elementor-section-height-default elementor-section-height-default\" data-id=\"850ecbb\" data-element_type=\"section\">\n\t\t\t\t\t\t<div class=\"elementor-container elementor-column-gap-default\">\n\t\t\t\t\t<div class=\"elementor-column elementor-col-100 elementor-top-column elementor-element elementor-element-18227be\" data-id=\"18227be\" data-element_type=\"column\">\n\t\t\t<div class=\"elementor-widget-wrap elementor-element-populated\">\n\t\t\t\t\t\t\t\t<div class=\"elementor-element elementor-element-12588c9 elementor-invisible elementor-widget elementor-widget-heading\" data-id=\"12588c9\" data-element_type=\"widget\" data-settings=\"{&quot;_animation&quot;:&quot;fadeInDown&quot;}\" data-widget_type=\"heading.default\">\n\t\t\t\t<div class=\"elementor-widget-container\">\n\t\t\t<h2 class=\"elementor-heading-title elementor-size-default\">El Sendero fotogr\u00e1fico de fauna:\nUna actividad divulgativa para grupos grandes escalonados<\/h2>\t\t<\/div>\n\t\t\t\t<\/div>\n\t\t\t\t\t<\/div>\n\t\t<\/div>\n\t\t\t\t\t\t\t<\/div>\n\t\t<\/section>\n\t\t\t\t<section class=\"elementor-section elementor-top-section elementor-element elementor-element-c03ae0a elementor-reverse-mobile elementor-section-boxed elementor-section-height-default elementor-section-height-default\" data-id=\"c03ae0a\" data-element_type=\"section\">\n\t\t\t\t\t\t<div class=\"elementor-container elementor-column-gap-default\">\n\t\t\t\t\t<div class=\"elementor-column elementor-col-50 elementor-top-column elementor-element elementor-element-6eb8554c\" data-id=\"6eb8554c\" data-element_type=\"column\">\n\t\t\t<div class=\"elementor-widget-wrap elementor-element-populated\">\n\t\t\t\t\t\t\t\t<div class=\"elementor-element elementor-element-39bf5bd2 elementor-invisible elementor-widget elementor-widget-jkit_heading\" data-id=\"39bf5bd2\" data-element_type=\"widget\" data-settings=\"{&quot;_animation&quot;:&quot;fadeInUp&quot;}\" data-widget_type=\"jkit_heading.default\">\n\t\t\t\t<div class=\"elementor-widget-container\">\n\t\t\t<div  class=\"jeg-elementor-kit jkit-heading  align-left align-tablet- align-mobile-center jeg_module___69f4e6c121ea2\" ><div class=\"heading-section-title  display-inline-block\"><h2 class=\"heading-title\">Convi\u00e9rteles en <span class=\"style-color\"><span>reporteros<\/span><\/span>de la naturaleza<\/h2><\/div><\/div>\t\t<\/div>\n\t\t\t\t<\/div>\n\t\t\t\t<div class=\"elementor-element elementor-element-3a113e48 elementor-widget__width-inherit elementor-invisible elementor-widget elementor-widget-text-editor\" data-id=\"3a113e48\" data-element_type=\"widget\" data-settings=\"{&quot;_animation&quot;:&quot;fadeInUp&quot;}\" data-widget_type=\"text-editor.default\">\n\t\t\t\t<div class=\"elementor-widget-container\">\n\t\t\t<style>\/*! elementor - v3.12.1 - 02-04-2023 *\/\n.elementor-widget-text-editor.elementor-drop-cap-view-stacked .elementor-drop-cap{background-color:#69727d;color:#fff}.elementor-widget-text-editor.elementor-drop-cap-view-framed .elementor-drop-cap{color:#69727d;border:3px solid;background-color:transparent}.elementor-widget-text-editor:not(.elementor-drop-cap-view-default) .elementor-drop-cap{margin-top:8px}.elementor-widget-text-editor:not(.elementor-drop-cap-view-default) .elementor-drop-cap-letter{width:1em;height:1em}.elementor-widget-text-editor .elementor-drop-cap{float:left;text-align:center;line-height:1;font-size:50px}.elementor-widget-text-editor .elementor-drop-cap-letter{display:inline-block}<\/style>\t\t\t\t<p>Tras una breves indicaciones sobre composici\u00f3n art\u00edstica y materiales de camuflaje en el &#8220;campamento base&#8221;, los participantes deber\u00e1n recorrer un sendero en el que se encontrar\u00e1n representaciones de algunas especies animales caracter\u00edsticas de nuestra fauna forestal. Para concluir con \u00e9xito la actividad, deber\u00e1n volver al punto de inicio habiendo obtenido las fotos que resuman ciertos comportamientos. Ese es el verdadero reto de un Youtuber de educaci\u00f3n ambiental, no \u00fanicamente sacar fotos bonitas.&nbsp;&nbsp;<\/p>\n<p><br><\/p>\n<p>Se trata de una actividad que puede asumir a un elevado n\u00famero de visitantes en una jornada o ralentizarse, si se desea, para aumentar la carga educativa de cada una de las parada<span style=\"color: var( --e-global-color-text ); font-family: var( --e-global-typography-text-font-family ), Sans-serif; font-size: var( --e-global-typography-text-font-size ); font-weight: var( --e-global-typography-text-font-weight );\">. Muy eficaz para ferias y eventos con un volumen de p\u00fablico diferente en cada momento del d\u00eda o para ser instalada en un recorrido natural ya existente y delimitado en el que la aparici\u00f3n de las figuras ir\u00e1 sorprendiendo a los visitantes durante todo el camino.<\/span><\/p>\t\t\t\t\t\t<\/div>\n\t\t\t\t<\/div>\n\t\t\t\t\t<\/div>\n\t\t<\/div>\n\t\t\t\t<div class=\"elementor-column elementor-col-50 elementor-top-column elementor-element elementor-element-6b5249d1\" data-id=\"6b5249d1\" data-element_type=\"column\">\n\t\t\t<div class=\"elementor-widget-wrap elementor-element-populated\">\n\t\t\t\t\t\t\t\t<section class=\"elementor-section elementor-inner-section elementor-element elementor-element-75b96fef elementor-section-boxed elementor-section-height-default elementor-section-height-default\" data-id=\"75b96fef\" data-element_type=\"section\">\n\t\t\t\t\t\t<div class=\"elementor-container elementor-column-gap-default\">\n\t\t\t\t\t<div class=\"elementor-column elementor-col-100 elementor-inner-column elementor-element elementor-element-6b741b28\" data-id=\"6b741b28\" data-element_type=\"column\">\n\t\t\t<div class=\"elementor-widget-wrap elementor-element-populated\">\n\t\t\t\t\t\t\t\t<div class=\"elementor-element elementor-element-65356477 elementor-invisible elementor-widget elementor-widget-image\" data-id=\"65356477\" data-element_type=\"widget\" data-settings=\"{&quot;_animation&quot;:&quot;fadeInRight&quot;}\" data-widget_type=\"image.default\">\n\t\t\t\t<div class=\"elementor-widget-container\">\n\t\t\t\t\t\t\t\t\t\t\t\t\t\t\t<img width=\"750\" height=\"516\" src=\"https:\/\/diegodevallejo.com\/wp-content\/uploads\/2023\/05\/sendero-fotografico-de-fauna-diego-de-vallejo-perez-educacion-ambiental-taller-para-colegios-diegodevallejo-poty-ambienturas-primaria-secundaria-biodiversidad-corzo-4-1024x704.jpg\" class=\"attachment-large size-large wp-image-850\" alt=\"\" decoding=\"async\" loading=\"lazy\" srcset=\"https:\/\/diegodevallejo.com\/wp-content\/uploads\/2023\/05\/sendero-fotografico-de-fauna-diego-de-vallejo-perez-educacion-ambiental-taller-para-colegios-diegodevallejo-poty-ambienturas-primaria-secundaria-biodiversidad-corzo-4-1024x704.jpg 1024w, https:\/\/diegodevallejo.com\/wp-content\/uploads\/2023\/05\/sendero-fotografico-de-fauna-diego-de-vallejo-perez-educacion-ambiental-taller-para-colegios-diegodevallejo-poty-ambienturas-primaria-secundaria-biodiversidad-corzo-4-300x206.jpg 300w, https:\/\/diegodevallejo.com\/wp-content\/uploads\/2023\/05\/sendero-fotografico-de-fauna-diego-de-vallejo-perez-educacion-ambiental-taller-para-colegios-diegodevallejo-poty-ambienturas-primaria-secundaria-biodiversidad-corzo-4-768x528.jpg 768w, https:\/\/diegodevallejo.com\/wp-content\/uploads\/2023\/05\/sendero-fotografico-de-fauna-diego-de-vallejo-perez-educacion-ambiental-taller-para-colegios-diegodevallejo-poty-ambienturas-primaria-secundaria-biodiversidad-corzo-4.jpg 1200w\" sizes=\"(max-width: 750px) 100vw, 750px\" style=\"width:100%;height:68.75%;max-width:1200px\" \/>\t\t\t\t\t\t\t\t\t\t\t\t\t\t\t<\/div>\n\t\t\t\t<\/div>\n\t\t\t\t\t<\/div>\n\t\t<\/div>\n\t\t\t\t\t\t\t<\/div>\n\t\t<\/section>\n\t\t\t\t<section class=\"elementor-section elementor-inner-section elementor-element elementor-element-7eccb671 elementor-section-boxed elementor-section-height-default elementor-section-height-default\" data-id=\"7eccb671\" data-element_type=\"section\">\n\t\t\t\t\t\t<div class=\"elementor-container elementor-column-gap-default\">\n\t\t\t\t\t<div class=\"elementor-column elementor-col-50 elementor-inner-column elementor-element elementor-element-28a2cf02\" data-id=\"28a2cf02\" data-element_type=\"column\">\n\t\t\t<div class=\"elementor-widget-wrap elementor-element-populated\">\n\t\t\t\t\t\t\t\t<div class=\"elementor-element elementor-element-52e8437b elementor-invisible elementor-widget elementor-widget-image\" data-id=\"52e8437b\" data-element_type=\"widget\" data-settings=\"{&quot;_animation&quot;:&quot;fadeInLeft&quot;}\" data-widget_type=\"image.default\">\n\t\t\t\t<div class=\"elementor-widget-container\">\n\t\t\t\t\t\t\t\t\t\t\t\t\t\t\t<img width=\"590\" height=\"590\" src=\"https:\/\/diegodevallejo.com\/wp-content\/uploads\/2023\/05\/erizo-comun-educaicon-ambiental-diegodevallejo-diego-de-vallejo-poty-ambienturas-taller-educativo-actividad-con-grupos-en-la-naturaleza-biodiversidad-cantabria-fauna-de-cantabria.jpg\" class=\"attachment-large size-large wp-image-837\" alt=\"\" decoding=\"async\" loading=\"lazy\" srcset=\"https:\/\/diegodevallejo.com\/wp-content\/uploads\/2023\/05\/erizo-comun-educaicon-ambiental-diegodevallejo-diego-de-vallejo-poty-ambienturas-taller-educativo-actividad-con-grupos-en-la-naturaleza-biodiversidad-cantabria-fauna-de-cantabria.jpg 590w, https:\/\/diegodevallejo.com\/wp-content\/uploads\/2023\/05\/erizo-comun-educaicon-ambiental-diegodevallejo-diego-de-vallejo-poty-ambienturas-taller-educativo-actividad-con-grupos-en-la-naturaleza-biodiversidad-cantabria-fauna-de-cantabria-300x300.jpg 300w, https:\/\/diegodevallejo.com\/wp-content\/uploads\/2023\/05\/erizo-comun-educaicon-ambiental-diegodevallejo-diego-de-vallejo-poty-ambienturas-taller-educativo-actividad-con-grupos-en-la-naturaleza-biodiversidad-cantabria-fauna-de-cantabria-150x150.jpg 150w\" sizes=\"(max-width: 590px) 100vw, 590px\" style=\"width:100%;height:100%;max-width:590px\" \/>\t\t\t\t\t\t\t\t\t\t\t\t\t\t\t<\/div>\n\t\t\t\t<\/div>\n\t\t\t\t\t<\/div>\n\t\t<\/div>\n\t\t\t\t<div class=\"elementor-column elementor-col-50 elementor-inner-column elementor-element elementor-element-58fcdb14\" data-id=\"58fcdb14\" data-element_type=\"column\">\n\t\t\t<div class=\"elementor-widget-wrap elementor-element-populated\">\n\t\t\t\t\t\t\t\t<div class=\"elementor-element elementor-element-6b093991 elementor-invisible elementor-widget elementor-widget-image\" data-id=\"6b093991\" data-element_type=\"widget\" data-settings=\"{&quot;_animation&quot;:&quot;fadeInUp&quot;}\" data-widget_type=\"image.default\">\n\t\t\t\t<div class=\"elementor-widget-container\">\n\t\t\t\t\t\t\t\t\t\t\t\t\t\t\t<img width=\"750\" height=\"516\" src=\"https:\/\/diegodevallejo.com\/wp-content\/uploads\/2023\/05\/sendero-fotografico-de-fauna-diego-de-vallejo-perez-educacion-ambiental-taller-para-colegios-diegodevallejo-poty-ambienturas-primaria-secundaria-biodiversidad-armino-comadreja-liron-1024x704.jpg\" class=\"attachment-large size-large wp-image-869\" alt=\"\" decoding=\"async\" loading=\"lazy\" srcset=\"https:\/\/diegodevallejo.com\/wp-content\/uploads\/2023\/05\/sendero-fotografico-de-fauna-diego-de-vallejo-perez-educacion-ambiental-taller-para-colegios-diegodevallejo-poty-ambienturas-primaria-secundaria-biodiversidad-armino-comadreja-liron-1024x704.jpg 1024w, https:\/\/diegodevallejo.com\/wp-content\/uploads\/2023\/05\/sendero-fotografico-de-fauna-diego-de-vallejo-perez-educacion-ambiental-taller-para-colegios-diegodevallejo-poty-ambienturas-primaria-secundaria-biodiversidad-armino-comadreja-liron-300x206.jpg 300w, https:\/\/diegodevallejo.com\/wp-content\/uploads\/2023\/05\/sendero-fotografico-de-fauna-diego-de-vallejo-perez-educacion-ambiental-taller-para-colegios-diegodevallejo-poty-ambienturas-primaria-secundaria-biodiversidad-armino-comadreja-liron-768x528.jpg 768w, https:\/\/diegodevallejo.com\/wp-content\/uploads\/2023\/05\/sendero-fotografico-de-fauna-diego-de-vallejo-perez-educacion-ambiental-taller-para-colegios-diegodevallejo-poty-ambienturas-primaria-secundaria-biodiversidad-armino-comadreja-liron.jpg 1200w\" sizes=\"(max-width: 750px) 100vw, 750px\" style=\"width:100%;height:68.75%;max-width:1200px\" \/>\t\t\t\t\t\t\t\t\t\t\t\t\t\t\t<\/div>\n\t\t\t\t<\/div>\n\t\t\t\t\t<\/div>\n\t\t<\/div>\n\t\t\t\t\t\t\t<\/div>\n\t\t<\/section>\n\t\t\t\t\t<\/div>\n\t\t<\/div>\n\t\t\t\t\t\t\t<\/div>\n\t\t<\/section>\n\t\t\t\t<section class=\"elementor-section elementor-top-section elementor-element elementor-element-d05f06b elementor-section-boxed elementor-section-height-default elementor-section-height-default\" data-id=\"d05f06b\" data-element_type=\"section\">\n\t\t\t\t\t\t<div class=\"elementor-container elementor-column-gap-default\">\n\t\t\t\t\t<div class=\"elementor-column elementor-col-33 elementor-top-column elementor-element elementor-element-d4f5b04\" data-id=\"d4f5b04\" data-element_type=\"column\">\n\t\t\t<div class=\"elementor-widget-wrap elementor-element-populated\">\n\t\t\t\t\t\t\t\t<div class=\"elementor-element elementor-element-75e4fab elementor-widget elementor-widget-video\" data-id=\"75e4fab\" data-element_type=\"widget\" data-settings=\"{&quot;youtube_url&quot;:&quot;https:\\\/\\\/www.youtube.com\\\/watch?v=QbsEbsOuE1g&quot;,&quot;autoplay&quot;:&quot;yes&quot;,&quot;video_type&quot;:&quot;youtube&quot;,&quot;controls&quot;:&quot;yes&quot;}\" data-widget_type=\"video.default\">\n\t\t\t\t<div class=\"elementor-widget-container\">\n\t\t\t<style>\/*! elementor - v3.12.1 - 02-04-2023 *\/\n.elementor-widget-video .elementor-widget-container{overflow:hidden;transform:translateZ(0)}.elementor-widget-video .elementor-wrapper iframe,.elementor-widget-video .elementor-wrapper video{height:100%;width:100%;display:flex;border:none;background-color:#000}.elementor-widget-video .elementor-open-inline .elementor-custom-embed-image-overlay{position:absolute;top:0;left:0;width:100%;height:100%;background-size:cover;background-position:50%}.elementor-widget-video .elementor-custom-embed-image-overlay{cursor:pointer;text-align:center}.elementor-widget-video .elementor-custom-embed-image-overlay:hover .elementor-custom-embed-play i{opacity:1}.elementor-widget-video .elementor-custom-embed-image-overlay img{display:block;width:100%}.elementor-widget-video .e-hosted-video .elementor-video{-o-object-fit:cover;object-fit:cover}.e-con-inner>.elementor-widget-video,.e-con>.elementor-widget-video{width:var(--container-widget-width);--flex-grow:var(--container-widget-flex-grow)}<\/style>\t\t<div class=\"elementor-wrapper elementor-open-inline\">\n\t\t\t<div class=\"elementor-video\"><\/div>\t\t<\/div>\n\t\t\t\t<\/div>\n\t\t\t\t<\/div>\n\t\t\t\t\t<\/div>\n\t\t<\/div>\n\t\t\t\t<div class=\"elementor-column elementor-col-66 elementor-top-column elementor-element elementor-element-6722db5\" data-id=\"6722db5\" data-element_type=\"column\">\n\t\t\t<div class=\"elementor-widget-wrap elementor-element-populated\">\n\t\t\t\t\t\t\t\t<div class=\"elementor-element elementor-element-c338884 elementor-widget elementor-widget-text-editor\" data-id=\"c338884\" data-element_type=\"widget\" data-widget_type=\"text-editor.default\">\n\t\t\t\t<div class=\"elementor-widget-container\">\n\t\t\t\t\t\t\t<p><span style=\"text-align: justify;\">Aprender\u00e1n caracter\u00edsticas, comportamientos y curiosidades de algunas de nuestras especies m\u00e1s cercanas. \u00bfPor qu\u00e9 las comadrejas caminan por los muros? \u00bfPor qu\u00e9 los corzos dejan sola a su cr\u00eda? \u00bfPor qu\u00e9 grita un cuervo junto a la conejera? \u00bfD\u00f3nde surgi\u00f3 la expresi\u00f3n &#8220;tirar los tejos&#8221;? \u00bfPor qu\u00e9 el arrendajo es conocido como el p\u00e1jaro guardabosques?<\/span><\/p>\n<p><span style=\"text-align: justify;\"><br><\/span><span style=\"text-align: justify;\">Si se contrata con tiempo la actividad, se pueden incluir a petici\u00f3n del cliente, otras especies de fauna recreadas con hiper realismo. Se visitar\u00e1 la zona previamente para adecuar cada especie al espacio en el que conjunte mejor, teniendo en cuenta las caracter\u00edsticas de la zona, las limitaciones de los asistentes y los h\u00e1bitats presentes en el \u00e1rea.&nbsp;&nbsp;<\/span><span style=\"text-align: justify;\"><br><\/span><\/p>\t\t\t\t\t\t<\/div>\n\t\t\t\t<\/div>\n\t\t\t\t\t<\/div>\n\t\t<\/div>\n\t\t\t\t\t\t\t<\/div>\n\t\t<\/section>\n\t\t\t\t<section class=\"elementor-section elementor-top-section elementor-element elementor-element-3bdfccb5 elementor-section-boxed elementor-section-height-default elementor-section-height-default\" data-id=\"3bdfccb5\" data-element_type=\"section\">\n\t\t\t\t\t\t<div class=\"elementor-container elementor-column-gap-default\">\n\t\t\t\t\t<div class=\"elementor-column elementor-col-100 elementor-top-column elementor-element elementor-element-4c48c1b0\" data-id=\"4c48c1b0\" data-element_type=\"column\">\n\t\t\t<div class=\"elementor-widget-wrap elementor-element-populated\">\n\t\t\t\t\t\t\t\t<div class=\"elementor-element elementor-element-34978f18 elementor-invisible elementor-widget elementor-widget-jkit_heading\" data-id=\"34978f18\" data-element_type=\"widget\" data-settings=\"{&quot;_animation&quot;:&quot;fadeInUp&quot;}\" data-widget_type=\"jkit_heading.default\">\n\t\t\t\t<div class=\"elementor-widget-container\">\n\t\t\t<div  class=\"jeg-elementor-kit jkit-heading  align-center align-tablet- align-mobile- jeg_module__1_69f4e6c128b20\" ><div class=\"heading-section-title  display-inline-block\"><h2 class=\"heading-title\">S\u00e1cale el provecho al <span class=\"style-color\"><span>medio rural<\/span><\/span> que rodea tu centro<\/h2><\/div><\/div>\t\t<\/div>\n\t\t\t\t<\/div>\n\t\t\t\t<div class=\"elementor-element elementor-element-a87ad2b elementor-invisible elementor-widget elementor-widget-text-editor\" data-id=\"a87ad2b\" data-element_type=\"widget\" data-settings=\"{&quot;_animation&quot;:&quot;fadeInUp&quot;}\" data-widget_type=\"text-editor.default\">\n\t\t\t\t<div class=\"elementor-widget-container\">\n\t\t\t\t\t\t\t<p><span style=\"text-align: left; color: var( --e-global-color-text ); font-family: var( --e-global-typography-text-font-family ), Sans-serif; font-size: var( --e-global-typography-text-font-size ); font-weight: var( --e-global-typography-text-font-weight );\">Un parque semiurbano, un bardal, un &#8220;prao&#8221; junto a una zona forestal, un sendero, un \u00e1rea recreativa de un espacio natural&#8230; Cuanto menos urbano, \u00a1m\u00e1s brillar\u00e1 m\u00e1s! <br \/>T\u00fa dinos el espacio que tienes y nosotros nos encargaremos de todo.<\/span><\/p>\t\t\t\t\t\t<\/div>\n\t\t\t\t<\/div>\n\t\t\t\t\t<\/div>\n\t\t<\/div>\n\t\t\t\t\t\t\t<\/div>\n\t\t<\/section>\n\t\t\t\t<section class=\"elementor-section elementor-top-section elementor-element elementor-element-d17a2d5 elementor-section-content-space-between elementor-section-stretched elementor-section-boxed elementor-section-height-default elementor-section-height-default\" data-id=\"d17a2d5\" data-element_type=\"section\" data-settings=\"{&quot;stretch_section&quot;:&quot;section-stretched&quot;}\">\n\t\t\t\t\t\t<div class=\"elementor-container elementor-column-gap-extended\">\n\t\t\t\t\t<div class=\"elementor-column elementor-col-100 elementor-top-column elementor-element elementor-element-0d7de14\" data-id=\"0d7de14\" data-element_type=\"column\">\n\t\t\t<div class=\"elementor-widget-wrap elementor-element-populated\">\n\t\t\t\t\t\t\t\t<div class=\"elementor-element elementor-element-b086ae4 gallery-spacing-custom elementor-widget elementor-widget-image-gallery\" data-id=\"b086ae4\" data-element_type=\"widget\" data-widget_type=\"image-gallery.default\">\n\t\t\t\t<div class=\"elementor-widget-container\">\n\t\t\t<style>\/*! elementor - v3.12.1 - 02-04-2023 *\/\n.elementor-image-gallery .gallery-item{display:inline-block;text-align:center;vertical-align:top;width:100%;max-width:100%;margin:0 auto}.elementor-image-gallery .gallery-item img{margin:0 auto}.elementor-image-gallery .gallery-item .gallery-caption{margin:0}.elementor-image-gallery figure img{display:block}.elementor-image-gallery figure figcaption{width:100%}.gallery-spacing-custom .elementor-image-gallery .gallery-icon{padding:0}@media (min-width:768px){.elementor-image-gallery .gallery-columns-2 .gallery-item{max-width:50%}.elementor-image-gallery .gallery-columns-3 .gallery-item{max-width:33.33%}.elementor-image-gallery .gallery-columns-4 .gallery-item{max-width:25%}.elementor-image-gallery .gallery-columns-5 .gallery-item{max-width:20%}.elementor-image-gallery .gallery-columns-6 .gallery-item{max-width:16.666%}.elementor-image-gallery .gallery-columns-7 .gallery-item{max-width:14.28%}.elementor-image-gallery .gallery-columns-8 .gallery-item{max-width:12.5%}.elementor-image-gallery .gallery-columns-9 .gallery-item{max-width:11.11%}.elementor-image-gallery .gallery-columns-10 .gallery-item{max-width:10%}}@media (min-width:480px) and (max-width:767px){.elementor-image-gallery .gallery.gallery-columns-2 .gallery-item,.elementor-image-gallery .gallery.gallery-columns-3 .gallery-item,.elementor-image-gallery .gallery.gallery-columns-4 .gallery-item,.elementor-image-gallery .gallery.gallery-columns-5 .gallery-item,.elementor-image-gallery .gallery.gallery-columns-6 .gallery-item,.elementor-image-gallery .gallery.gallery-columns-7 .gallery-item,.elementor-image-gallery .gallery.gallery-columns-8 .gallery-item,.elementor-image-gallery .gallery.gallery-columns-9 .gallery-item,.elementor-image-gallery .gallery.gallery-columns-10 .gallery-item{max-width:50%}}@media (max-width:479px){.elementor-image-gallery .gallery.gallery-columns-2 .gallery-item,.elementor-image-gallery .gallery.gallery-columns-3 .gallery-item,.elementor-image-gallery .gallery.gallery-columns-4 .gallery-item,.elementor-image-gallery .gallery.gallery-columns-5 .gallery-item,.elementor-image-gallery .gallery.gallery-columns-6 .gallery-item,.elementor-image-gallery .gallery.gallery-columns-7 .gallery-item,.elementor-image-gallery .gallery.gallery-columns-8 .gallery-item,.elementor-image-gallery .gallery.gallery-columns-9 .gallery-item,.elementor-image-gallery .gallery.gallery-columns-10 .gallery-item{max-width:100%}}<\/style>\t\t<div class=\"elementor-image-gallery\">\n\t\t\t<div id='gallery-1' class='gallery galleryid-768 gallery-columns-4 gallery-size-medium'><figure class='gallery-item'>\n\t\t\t<div class='gallery-icon landscape'>\n\t\t\t\t<a data-elementor-open-lightbox=\"yes\" data-elementor-lightbox-slideshow=\"b086ae4\" data-elementor-lightbox-title=\"sendero fotografico de fauna diego de vallejo pe\u0301rez educacion ambiental taller para colegios diegodevallejo poty ambienturas primaria secundaria biodiversidad 2\" data-e-action-hash=\"#elementor-action%3Aaction%3Dlightbox%26settings%3DeyJpZCI6ODE4LCJ1cmwiOiJodHRwczpcL1wvZGllZ29kZXZhbGxlam8uY29tXC93cC1jb250ZW50XC91cGxvYWRzXC8yMDIzXC8wNVwvc2VuZGVyby1mb3RvZ3JhZmljby1kZS1mYXVuYS1kaWVnby1kZS12YWxsZWpvLXBlcmV6LWVkdWNhY2lvbi1hbWJpZW50YWwtdGFsbGVyLXBhcmEtY29sZWdpb3MtZGllZ29kZXZhbGxlam8tcG90eS1hbWJpZW50dXJhcy1wcmltYXJpYS1zZWN1bmRhcmlhLWJpb2RpdmVyc2lkYWQtMi1zY2FsZWQuanBlZyIsInNsaWRlc2hvdyI6ImIwODZhZTQifQ%3D%3D\" href='https:\/\/diegodevallejo.com\/wp-content\/uploads\/2023\/05\/sendero-fotografico-de-fauna-diego-de-vallejo-perez-educacion-ambiental-taller-para-colegios-diegodevallejo-poty-ambienturas-primaria-secundaria-biodiversidad-2-scaled.jpeg'><img width=\"300\" height=\"169\" src=\"https:\/\/diegodevallejo.com\/wp-content\/uploads\/2023\/05\/sendero-fotografico-de-fauna-diego-de-vallejo-perez-educacion-ambiental-taller-para-colegios-diegodevallejo-poty-ambienturas-primaria-secundaria-biodiversidad-2-300x169.jpeg\" class=\"attachment-medium size-medium\" alt=\"\" decoding=\"async\" loading=\"lazy\" srcset=\"https:\/\/diegodevallejo.com\/wp-content\/uploads\/2023\/05\/sendero-fotografico-de-fauna-diego-de-vallejo-perez-educacion-ambiental-taller-para-colegios-diegodevallejo-poty-ambienturas-primaria-secundaria-biodiversidad-2-300x169.jpeg 300w, https:\/\/diegodevallejo.com\/wp-content\/uploads\/2023\/05\/sendero-fotografico-de-fauna-diego-de-vallejo-perez-educacion-ambiental-taller-para-colegios-diegodevallejo-poty-ambienturas-primaria-secundaria-biodiversidad-2-1024x577.jpeg 1024w, https:\/\/diegodevallejo.com\/wp-content\/uploads\/2023\/05\/sendero-fotografico-de-fauna-diego-de-vallejo-perez-educacion-ambiental-taller-para-colegios-diegodevallejo-poty-ambienturas-primaria-secundaria-biodiversidad-2-768x432.jpeg 768w, https:\/\/diegodevallejo.com\/wp-content\/uploads\/2023\/05\/sendero-fotografico-de-fauna-diego-de-vallejo-perez-educacion-ambiental-taller-para-colegios-diegodevallejo-poty-ambienturas-primaria-secundaria-biodiversidad-2-1536x865.jpeg 1536w, https:\/\/diegodevallejo.com\/wp-content\/uploads\/2023\/05\/sendero-fotografico-de-fauna-diego-de-vallejo-perez-educacion-ambiental-taller-para-colegios-diegodevallejo-poty-ambienturas-primaria-secundaria-biodiversidad-2-2048x1153.jpeg 2048w, https:\/\/diegodevallejo.com\/wp-content\/uploads\/2023\/05\/sendero-fotografico-de-fauna-diego-de-vallejo-perez-educacion-ambiental-taller-para-colegios-diegodevallejo-poty-ambienturas-primaria-secundaria-biodiversidad-2-1568x883.jpeg 1568w\" sizes=\"(max-width: 300px) 100vw, 300px\" style=\"width:100%;height:56.33%;max-width:2560px;\" \/><\/a>\n\t\t\t<\/div><\/figure><figure class='gallery-item'>\n\t\t\t<div class='gallery-icon landscape'>\n\t\t\t\t<a data-elementor-open-lightbox=\"yes\" data-elementor-lightbox-slideshow=\"b086ae4\" data-elementor-lightbox-title=\"sendero fotografico de fauna diego de vallejo pe\u0301rez educacion ambiental taller para colegios diegodevallejo poty ambienturas primaria secundaria biodiversidad rana\" data-e-action-hash=\"#elementor-action%3Aaction%3Dlightbox%26settings%3DeyJpZCI6ODE5LCJ1cmwiOiJodHRwczpcL1wvZGllZ29kZXZhbGxlam8uY29tXC93cC1jb250ZW50XC91cGxvYWRzXC8yMDIzXC8wNVwvc2VuZGVyby1mb3RvZ3JhZmljby1kZS1mYXVuYS1kaWVnby1kZS12YWxsZWpvLXBlcmV6LWVkdWNhY2lvbi1hbWJpZW50YWwtdGFsbGVyLXBhcmEtY29sZWdpb3MtZGllZ29kZXZhbGxlam8tcG90eS1hbWJpZW50dXJhcy1wcmltYXJpYS1zZWN1bmRhcmlhLWJpb2RpdmVyc2lkYWQtcmFuYS5qcGVnIiwic2xpZGVzaG93IjoiYjA4NmFlNCJ9\" href='https:\/\/diegodevallejo.com\/wp-content\/uploads\/2023\/05\/sendero-fotografico-de-fauna-diego-de-vallejo-perez-educacion-ambiental-taller-para-colegios-diegodevallejo-poty-ambienturas-primaria-secundaria-biodiversidad-rana.jpeg'><img width=\"300\" height=\"169\" src=\"https:\/\/diegodevallejo.com\/wp-content\/uploads\/2023\/05\/sendero-fotografico-de-fauna-diego-de-vallejo-perez-educacion-ambiental-taller-para-colegios-diegodevallejo-poty-ambienturas-primaria-secundaria-biodiversidad-rana-300x169.jpeg\" class=\"attachment-medium size-medium\" alt=\"\" decoding=\"async\" loading=\"lazy\" srcset=\"https:\/\/diegodevallejo.com\/wp-content\/uploads\/2023\/05\/sendero-fotografico-de-fauna-diego-de-vallejo-perez-educacion-ambiental-taller-para-colegios-diegodevallejo-poty-ambienturas-primaria-secundaria-biodiversidad-rana-300x169.jpeg 300w, https:\/\/diegodevallejo.com\/wp-content\/uploads\/2023\/05\/sendero-fotografico-de-fauna-diego-de-vallejo-perez-educacion-ambiental-taller-para-colegios-diegodevallejo-poty-ambienturas-primaria-secundaria-biodiversidad-rana-1024x577.jpeg 1024w, https:\/\/diegodevallejo.com\/wp-content\/uploads\/2023\/05\/sendero-fotografico-de-fauna-diego-de-vallejo-perez-educacion-ambiental-taller-para-colegios-diegodevallejo-poty-ambienturas-primaria-secundaria-biodiversidad-rana-768x432.jpeg 768w, https:\/\/diegodevallejo.com\/wp-content\/uploads\/2023\/05\/sendero-fotografico-de-fauna-diego-de-vallejo-perez-educacion-ambiental-taller-para-colegios-diegodevallejo-poty-ambienturas-primaria-secundaria-biodiversidad-rana-1536x865.jpeg 1536w, https:\/\/diegodevallejo.com\/wp-content\/uploads\/2023\/05\/sendero-fotografico-de-fauna-diego-de-vallejo-perez-educacion-ambiental-taller-para-colegios-diegodevallejo-poty-ambienturas-primaria-secundaria-biodiversidad-rana-1568x883.jpeg 1568w, https:\/\/diegodevallejo.com\/wp-content\/uploads\/2023\/05\/sendero-fotografico-de-fauna-diego-de-vallejo-perez-educacion-ambiental-taller-para-colegios-diegodevallejo-poty-ambienturas-primaria-secundaria-biodiversidad-rana.jpeg 2048w\" sizes=\"(max-width: 300px) 100vw, 300px\" style=\"width:100%;height:56.3%;max-width:2048px;\" \/><\/a>\n\t\t\t<\/div><\/figure><figure class='gallery-item'>\n\t\t\t<div class='gallery-icon landscape'>\n\t\t\t\t<a data-elementor-open-lightbox=\"yes\" data-elementor-lightbox-slideshow=\"b086ae4\" data-elementor-lightbox-title=\"sendero fotografico de fauna diego de vallejo pe\u0301rez educacion ambiental taller para colegios diegodevallejo poty ambienturas primaria secundaria biodiversidad corzo\" data-e-action-hash=\"#elementor-action%3Aaction%3Dlightbox%26settings%3DeyJpZCI6ODIwLCJ1cmwiOiJodHRwczpcL1wvZGllZ29kZXZhbGxlam8uY29tXC93cC1jb250ZW50XC91cGxvYWRzXC8yMDIzXC8wNVwvc2VuZGVyby1mb3RvZ3JhZmljby1kZS1mYXVuYS1kaWVnby1kZS12YWxsZWpvLXBlcmV6LWVkdWNhY2lvbi1hbWJpZW50YWwtdGFsbGVyLXBhcmEtY29sZWdpb3MtZGllZ29kZXZhbGxlam8tcG90eS1hbWJpZW50dXJhcy1wcmltYXJpYS1zZWN1bmRhcmlhLWJpb2RpdmVyc2lkYWQtY29yem8tc2NhbGVkLmpwZWciLCJzbGlkZXNob3ciOiJiMDg2YWU0In0%3D\" href='https:\/\/diegodevallejo.com\/wp-content\/uploads\/2023\/05\/sendero-fotografico-de-fauna-diego-de-vallejo-perez-educacion-ambiental-taller-para-colegios-diegodevallejo-poty-ambienturas-primaria-secundaria-biodiversidad-corzo-scaled.jpeg'><img width=\"300\" height=\"169\" src=\"https:\/\/diegodevallejo.com\/wp-content\/uploads\/2023\/05\/sendero-fotografico-de-fauna-diego-de-vallejo-perez-educacion-ambiental-taller-para-colegios-diegodevallejo-poty-ambienturas-primaria-secundaria-biodiversidad-corzo-300x169.jpeg\" class=\"attachment-medium size-medium\" alt=\"\" decoding=\"async\" loading=\"lazy\" srcset=\"https:\/\/diegodevallejo.com\/wp-content\/uploads\/2023\/05\/sendero-fotografico-de-fauna-diego-de-vallejo-perez-educacion-ambiental-taller-para-colegios-diegodevallejo-poty-ambienturas-primaria-secundaria-biodiversidad-corzo-300x169.jpeg 300w, https:\/\/diegodevallejo.com\/wp-content\/uploads\/2023\/05\/sendero-fotografico-de-fauna-diego-de-vallejo-perez-educacion-ambiental-taller-para-colegios-diegodevallejo-poty-ambienturas-primaria-secundaria-biodiversidad-corzo-1024x576.jpeg 1024w, https:\/\/diegodevallejo.com\/wp-content\/uploads\/2023\/05\/sendero-fotografico-de-fauna-diego-de-vallejo-perez-educacion-ambiental-taller-para-colegios-diegodevallejo-poty-ambienturas-primaria-secundaria-biodiversidad-corzo-768x432.jpeg 768w, https:\/\/diegodevallejo.com\/wp-content\/uploads\/2023\/05\/sendero-fotografico-de-fauna-diego-de-vallejo-perez-educacion-ambiental-taller-para-colegios-diegodevallejo-poty-ambienturas-primaria-secundaria-biodiversidad-corzo-1536x864.jpeg 1536w, https:\/\/diegodevallejo.com\/wp-content\/uploads\/2023\/05\/sendero-fotografico-de-fauna-diego-de-vallejo-perez-educacion-ambiental-taller-para-colegios-diegodevallejo-poty-ambienturas-primaria-secundaria-biodiversidad-corzo-2048x1152.jpeg 2048w, https:\/\/diegodevallejo.com\/wp-content\/uploads\/2023\/05\/sendero-fotografico-de-fauna-diego-de-vallejo-perez-educacion-ambiental-taller-para-colegios-diegodevallejo-poty-ambienturas-primaria-secundaria-biodiversidad-corzo-1568x882.jpeg 1568w\" sizes=\"(max-width: 300px) 100vw, 300px\" style=\"width:100%;height:56.25%;max-width:2560px;\" \/><\/a>\n\t\t\t<\/div><\/figure><figure class='gallery-item'>\n\t\t\t<div class='gallery-icon landscape'>\n\t\t\t\t<a data-elementor-open-lightbox=\"yes\" data-elementor-lightbox-slideshow=\"b086ae4\" data-elementor-lightbox-title=\"sendero fotografico de fauna diego de vallejo pe\u0301rez educacion ambiental taller para colegios diegodevallejo poty ambienturas primaria secundaria biodiversidad tejon 2\" data-e-action-hash=\"#elementor-action%3Aaction%3Dlightbox%26settings%3DeyJpZCI6ODIyLCJ1cmwiOiJodHRwczpcL1wvZGllZ29kZXZhbGxlam8uY29tXC93cC1jb250ZW50XC91cGxvYWRzXC8yMDIzXC8wNVwvc2VuZGVyby1mb3RvZ3JhZmljby1kZS1mYXVuYS1kaWVnby1kZS12YWxsZWpvLXBlcmV6LWVkdWNhY2lvbi1hbWJpZW50YWwtdGFsbGVyLXBhcmEtY29sZWdpb3MtZGllZ29kZXZhbGxlam8tcG90eS1hbWJpZW50dXJhcy1wcmltYXJpYS1zZWN1bmRhcmlhLWJpb2RpdmVyc2lkYWQtdGVqb24tMi1zY2FsZWQuanBlZyIsInNsaWRlc2hvdyI6ImIwODZhZTQifQ%3D%3D\" href='https:\/\/diegodevallejo.com\/wp-content\/uploads\/2023\/05\/sendero-fotografico-de-fauna-diego-de-vallejo-perez-educacion-ambiental-taller-para-colegios-diegodevallejo-poty-ambienturas-primaria-secundaria-biodiversidad-tejon-2-scaled.jpeg'><img width=\"300\" height=\"169\" src=\"https:\/\/diegodevallejo.com\/wp-content\/uploads\/2023\/05\/sendero-fotografico-de-fauna-diego-de-vallejo-perez-educacion-ambiental-taller-para-colegios-diegodevallejo-poty-ambienturas-primaria-secundaria-biodiversidad-tejon-2-300x169.jpeg\" class=\"attachment-medium size-medium\" alt=\"\" decoding=\"async\" loading=\"lazy\" srcset=\"https:\/\/diegodevallejo.com\/wp-content\/uploads\/2023\/05\/sendero-fotografico-de-fauna-diego-de-vallejo-perez-educacion-ambiental-taller-para-colegios-diegodevallejo-poty-ambienturas-primaria-secundaria-biodiversidad-tejon-2-300x169.jpeg 300w, https:\/\/diegodevallejo.com\/wp-content\/uploads\/2023\/05\/sendero-fotografico-de-fauna-diego-de-vallejo-perez-educacion-ambiental-taller-para-colegios-diegodevallejo-poty-ambienturas-primaria-secundaria-biodiversidad-tejon-2-1024x576.jpeg 1024w, https:\/\/diegodevallejo.com\/wp-content\/uploads\/2023\/05\/sendero-fotografico-de-fauna-diego-de-vallejo-perez-educacion-ambiental-taller-para-colegios-diegodevallejo-poty-ambienturas-primaria-secundaria-biodiversidad-tejon-2-768x432.jpeg 768w, https:\/\/diegodevallejo.com\/wp-content\/uploads\/2023\/05\/sendero-fotografico-de-fauna-diego-de-vallejo-perez-educacion-ambiental-taller-para-colegios-diegodevallejo-poty-ambienturas-primaria-secundaria-biodiversidad-tejon-2-1536x864.jpeg 1536w, https:\/\/diegodevallejo.com\/wp-content\/uploads\/2023\/05\/sendero-fotografico-de-fauna-diego-de-vallejo-perez-educacion-ambiental-taller-para-colegios-diegodevallejo-poty-ambienturas-primaria-secundaria-biodiversidad-tejon-2-2048x1152.jpeg 2048w, https:\/\/diegodevallejo.com\/wp-content\/uploads\/2023\/05\/sendero-fotografico-de-fauna-diego-de-vallejo-perez-educacion-ambiental-taller-para-colegios-diegodevallejo-poty-ambienturas-primaria-secundaria-biodiversidad-tejon-2-1568x882.jpeg 1568w\" sizes=\"(max-width: 300px) 100vw, 300px\" style=\"width:100%;height:56.25%;max-width:2560px;\" \/><\/a>\n\t\t\t<\/div><\/figure><figure class='gallery-item'>\n\t\t\t<div class='gallery-icon landscape'>\n\t\t\t\t<a data-elementor-open-lightbox=\"yes\" data-elementor-lightbox-slideshow=\"b086ae4\" data-elementor-lightbox-title=\"sendero fotografico de fauna diego de vallejo pe\u0301rez educacion ambiental taller para colegios diegodevallejo poty ambienturas primaria secundaria biodiversidad zorro\" data-e-action-hash=\"#elementor-action%3Aaction%3Dlightbox%26settings%3DeyJpZCI6ODIzLCJ1cmwiOiJodHRwczpcL1wvZGllZ29kZXZhbGxlam8uY29tXC93cC1jb250ZW50XC91cGxvYWRzXC8yMDIzXC8wNVwvc2VuZGVyby1mb3RvZ3JhZmljby1kZS1mYXVuYS1kaWVnby1kZS12YWxsZWpvLXBlcmV6LWVkdWNhY2lvbi1hbWJpZW50YWwtdGFsbGVyLXBhcmEtY29sZWdpb3MtZGllZ29kZXZhbGxlam8tcG90eS1hbWJpZW50dXJhcy1wcmltYXJpYS1zZWN1bmRhcmlhLWJpb2RpdmVyc2lkYWQtem9ycm8uanBlZyIsInNsaWRlc2hvdyI6ImIwODZhZTQifQ%3D%3D\" href='https:\/\/diegodevallejo.com\/wp-content\/uploads\/2023\/05\/sendero-fotografico-de-fauna-diego-de-vallejo-perez-educacion-ambiental-taller-para-colegios-diegodevallejo-poty-ambienturas-primaria-secundaria-biodiversidad-zorro.jpeg'><img width=\"300\" height=\"169\" src=\"https:\/\/diegodevallejo.com\/wp-content\/uploads\/2023\/05\/sendero-fotografico-de-fauna-diego-de-vallejo-perez-educacion-ambiental-taller-para-colegios-diegodevallejo-poty-ambienturas-primaria-secundaria-biodiversidad-zorro-300x169.jpeg\" class=\"attachment-medium size-medium\" alt=\"\" decoding=\"async\" loading=\"lazy\" srcset=\"https:\/\/diegodevallejo.com\/wp-content\/uploads\/2023\/05\/sendero-fotografico-de-fauna-diego-de-vallejo-perez-educacion-ambiental-taller-para-colegios-diegodevallejo-poty-ambienturas-primaria-secundaria-biodiversidad-zorro-300x169.jpeg 300w, https:\/\/diegodevallejo.com\/wp-content\/uploads\/2023\/05\/sendero-fotografico-de-fauna-diego-de-vallejo-perez-educacion-ambiental-taller-para-colegios-diegodevallejo-poty-ambienturas-primaria-secundaria-biodiversidad-zorro-1024x577.jpeg 1024w, https:\/\/diegodevallejo.com\/wp-content\/uploads\/2023\/05\/sendero-fotografico-de-fauna-diego-de-vallejo-perez-educacion-ambiental-taller-para-colegios-diegodevallejo-poty-ambienturas-primaria-secundaria-biodiversidad-zorro-768x432.jpeg 768w, https:\/\/diegodevallejo.com\/wp-content\/uploads\/2023\/05\/sendero-fotografico-de-fauna-diego-de-vallejo-perez-educacion-ambiental-taller-para-colegios-diegodevallejo-poty-ambienturas-primaria-secundaria-biodiversidad-zorro-1536x865.jpeg 1536w, https:\/\/diegodevallejo.com\/wp-content\/uploads\/2023\/05\/sendero-fotografico-de-fauna-diego-de-vallejo-perez-educacion-ambiental-taller-para-colegios-diegodevallejo-poty-ambienturas-primaria-secundaria-biodiversidad-zorro-1568x883.jpeg 1568w, https:\/\/diegodevallejo.com\/wp-content\/uploads\/2023\/05\/sendero-fotografico-de-fauna-diego-de-vallejo-perez-educacion-ambiental-taller-para-colegios-diegodevallejo-poty-ambienturas-primaria-secundaria-biodiversidad-zorro.jpeg 2048w\" sizes=\"(max-width: 300px) 100vw, 300px\" style=\"width:100%;height:56.3%;max-width:2048px;\" \/><\/a>\n\t\t\t<\/div><\/figure><figure class='gallery-item'>\n\t\t\t<div class='gallery-icon landscape'>\n\t\t\t\t<a data-elementor-open-lightbox=\"yes\" data-elementor-lightbox-slideshow=\"b086ae4\" data-elementor-lightbox-title=\"sendero fotografico de fauna diego de vallejo pe\u0301rez educacion ambiental taller para colegios diegodevallejo poty ambienturas primaria secundaria biodiversidad\" data-e-action-hash=\"#elementor-action%3Aaction%3Dlightbox%26settings%3DeyJpZCI6ODI0LCJ1cmwiOiJodHRwczpcL1wvZGllZ29kZXZhbGxlam8uY29tXC93cC1jb250ZW50XC91cGxvYWRzXC8yMDIzXC8wNVwvc2VuZGVyby1mb3RvZ3JhZmljby1kZS1mYXVuYS1kaWVnby1kZS12YWxsZWpvLXBlcmV6LWVkdWNhY2lvbi1hbWJpZW50YWwtdGFsbGVyLXBhcmEtY29sZWdpb3MtZGllZ29kZXZhbGxlam8tcG90eS1hbWJpZW50dXJhcy1wcmltYXJpYS1zZWN1bmRhcmlhLWJpb2RpdmVyc2lkYWQtc2NhbGVkLmpwZWciLCJzbGlkZXNob3ciOiJiMDg2YWU0In0%3D\" href='https:\/\/diegodevallejo.com\/wp-content\/uploads\/2023\/05\/sendero-fotografico-de-fauna-diego-de-vallejo-perez-educacion-ambiental-taller-para-colegios-diegodevallejo-poty-ambienturas-primaria-secundaria-biodiversidad-scaled.jpeg'><img width=\"300\" height=\"169\" src=\"https:\/\/diegodevallejo.com\/wp-content\/uploads\/2023\/05\/sendero-fotografico-de-fauna-diego-de-vallejo-perez-educacion-ambiental-taller-para-colegios-diegodevallejo-poty-ambienturas-primaria-secundaria-biodiversidad-300x169.jpeg\" class=\"attachment-medium size-medium\" alt=\"\" decoding=\"async\" loading=\"lazy\" srcset=\"https:\/\/diegodevallejo.com\/wp-content\/uploads\/2023\/05\/sendero-fotografico-de-fauna-diego-de-vallejo-perez-educacion-ambiental-taller-para-colegios-diegodevallejo-poty-ambienturas-primaria-secundaria-biodiversidad-300x169.jpeg 300w, https:\/\/diegodevallejo.com\/wp-content\/uploads\/2023\/05\/sendero-fotografico-de-fauna-diego-de-vallejo-perez-educacion-ambiental-taller-para-colegios-diegodevallejo-poty-ambienturas-primaria-secundaria-biodiversidad-1024x576.jpeg 1024w, https:\/\/diegodevallejo.com\/wp-content\/uploads\/2023\/05\/sendero-fotografico-de-fauna-diego-de-vallejo-perez-educacion-ambiental-taller-para-colegios-diegodevallejo-poty-ambienturas-primaria-secundaria-biodiversidad-768x432.jpeg 768w, https:\/\/diegodevallejo.com\/wp-content\/uploads\/2023\/05\/sendero-fotografico-de-fauna-diego-de-vallejo-perez-educacion-ambiental-taller-para-colegios-diegodevallejo-poty-ambienturas-primaria-secundaria-biodiversidad-1536x864.jpeg 1536w, https:\/\/diegodevallejo.com\/wp-content\/uploads\/2023\/05\/sendero-fotografico-de-fauna-diego-de-vallejo-perez-educacion-ambiental-taller-para-colegios-diegodevallejo-poty-ambienturas-primaria-secundaria-biodiversidad-2048x1152.jpeg 2048w, https:\/\/diegodevallejo.com\/wp-content\/uploads\/2023\/05\/sendero-fotografico-de-fauna-diego-de-vallejo-perez-educacion-ambiental-taller-para-colegios-diegodevallejo-poty-ambienturas-primaria-secundaria-biodiversidad-1568x882.jpeg 1568w\" sizes=\"(max-width: 300px) 100vw, 300px\" style=\"width:100%;height:56.25%;max-width:2560px;\" \/><\/a>\n\t\t\t<\/div><\/figure><figure class='gallery-item'>\n\t\t\t<div class='gallery-icon landscape'>\n\t\t\t\t<a data-elementor-open-lightbox=\"yes\" data-elementor-lightbox-slideshow=\"b086ae4\" data-elementor-lightbox-title=\"sendero fotografico de fauna diego de vallejo pe\u0301rez educacion ambiental taller para colegios diegodevallejo poty ambienturas primaria secundaria biodiversidad conejos silvestres\" data-e-action-hash=\"#elementor-action%3Aaction%3Dlightbox%26settings%3DeyJpZCI6ODI1LCJ1cmwiOiJodHRwczpcL1wvZGllZ29kZXZhbGxlam8uY29tXC93cC1jb250ZW50XC91cGxvYWRzXC8yMDIzXC8wNVwvc2VuZGVyby1mb3RvZ3JhZmljby1kZS1mYXVuYS1kaWVnby1kZS12YWxsZWpvLXBlcmV6LWVkdWNhY2lvbi1hbWJpZW50YWwtdGFsbGVyLXBhcmEtY29sZWdpb3MtZGllZ29kZXZhbGxlam8tcG90eS1hbWJpZW50dXJhcy1wcmltYXJpYS1zZWN1bmRhcmlhLWJpb2RpdmVyc2lkYWQtY29uZWpvcy1zaWx2ZXN0cmVzLmpwZWciLCJzbGlkZXNob3ciOiJiMDg2YWU0In0%3D\" href='https:\/\/diegodevallejo.com\/wp-content\/uploads\/2023\/05\/sendero-fotografico-de-fauna-diego-de-vallejo-perez-educacion-ambiental-taller-para-colegios-diegodevallejo-poty-ambienturas-primaria-secundaria-biodiversidad-conejos-silvestres.jpeg'><img width=\"300\" height=\"169\" src=\"https:\/\/diegodevallejo.com\/wp-content\/uploads\/2023\/05\/sendero-fotografico-de-fauna-diego-de-vallejo-perez-educacion-ambiental-taller-para-colegios-diegodevallejo-poty-ambienturas-primaria-secundaria-biodiversidad-conejos-silvestres-300x169.jpeg\" class=\"attachment-medium size-medium\" alt=\"\" decoding=\"async\" loading=\"lazy\" srcset=\"https:\/\/diegodevallejo.com\/wp-content\/uploads\/2023\/05\/sendero-fotografico-de-fauna-diego-de-vallejo-perez-educacion-ambiental-taller-para-colegios-diegodevallejo-poty-ambienturas-primaria-secundaria-biodiversidad-conejos-silvestres-300x169.jpeg 300w, https:\/\/diegodevallejo.com\/wp-content\/uploads\/2023\/05\/sendero-fotografico-de-fauna-diego-de-vallejo-perez-educacion-ambiental-taller-para-colegios-diegodevallejo-poty-ambienturas-primaria-secundaria-biodiversidad-conejos-silvestres-1024x577.jpeg 1024w, https:\/\/diegodevallejo.com\/wp-content\/uploads\/2023\/05\/sendero-fotografico-de-fauna-diego-de-vallejo-perez-educacion-ambiental-taller-para-colegios-diegodevallejo-poty-ambienturas-primaria-secundaria-biodiversidad-conejos-silvestres-768x432.jpeg 768w, https:\/\/diegodevallejo.com\/wp-content\/uploads\/2023\/05\/sendero-fotografico-de-fauna-diego-de-vallejo-perez-educacion-ambiental-taller-para-colegios-diegodevallejo-poty-ambienturas-primaria-secundaria-biodiversidad-conejos-silvestres-1536x865.jpeg 1536w, https:\/\/diegodevallejo.com\/wp-content\/uploads\/2023\/05\/sendero-fotografico-de-fauna-diego-de-vallejo-perez-educacion-ambiental-taller-para-colegios-diegodevallejo-poty-ambienturas-primaria-secundaria-biodiversidad-conejos-silvestres-1568x883.jpeg 1568w, https:\/\/diegodevallejo.com\/wp-content\/uploads\/2023\/05\/sendero-fotografico-de-fauna-diego-de-vallejo-perez-educacion-ambiental-taller-para-colegios-diegodevallejo-poty-ambienturas-primaria-secundaria-biodiversidad-conejos-silvestres.jpeg 2048w\" sizes=\"(max-width: 300px) 100vw, 300px\" style=\"width:100%;height:56.3%;max-width:2048px;\" \/><\/a>\n\t\t\t<\/div><\/figure><figure class='gallery-item'>\n\t\t\t<div class='gallery-icon landscape'>\n\t\t\t\t<a data-elementor-open-lightbox=\"yes\" data-elementor-lightbox-slideshow=\"b086ae4\" data-elementor-lightbox-title=\"mochuelo comun sendero fotogra\u0301fico de fauna poty ambienturas diego de vallejo educacion ambiental divulgacio\u0301n ambiental naturaleza atus taller educacio\u0301n primaria secundaria la naturaleza en el aula\" data-e-action-hash=\"#elementor-action%3Aaction%3Dlightbox%26settings%3DeyJpZCI6ODMwLCJ1cmwiOiJodHRwczpcL1wvZGllZ29kZXZhbGxlam8uY29tXC93cC1jb250ZW50XC91cGxvYWRzXC8yMDIzXC8wNVwvbW9jaHVlbG8tY29tdW4tc2VuZGVyby1mb3RvZ3JhZmljby1kZS1mYXVuYS1wb3R5LWFtYmllbnR1cmFzLWRpZWdvLWRlLXZhbGxlam8tZWR1Y2FjaW9uLWFtYmllbnRhbC1kaXZ1bGdhY2lvbi1hbWJpZW50YWwtbmF0dXJhbGV6YS1hdHVzLXRhbGxlci1lZHVjYWNpb24tcHJpbWFyaWEtc2VjdW5kYXJpYS1sYS1uYXR1cmFsZXphLWVuLWVsLWF1bGEtc2NhbGVkLmpwZyIsInNsaWRlc2hvdyI6ImIwODZhZTQifQ%3D%3D\" href='https:\/\/diegodevallejo.com\/wp-content\/uploads\/2023\/05\/mochuelo-comun-sendero-fotografico-de-fauna-poty-ambienturas-diego-de-vallejo-educacion-ambiental-divulgacion-ambiental-naturaleza-atus-taller-educacion-primaria-secundaria-la-naturaleza-en-el-aula-scaled.jpg'><img width=\"300\" height=\"169\" src=\"https:\/\/diegodevallejo.com\/wp-content\/uploads\/2023\/05\/mochuelo-comun-sendero-fotografico-de-fauna-poty-ambienturas-diego-de-vallejo-educacion-ambiental-divulgacion-ambiental-naturaleza-atus-taller-educacion-primaria-secundaria-la-naturaleza-en-el-aula-300x169.jpg\" class=\"attachment-medium size-medium\" alt=\"\" decoding=\"async\" loading=\"lazy\" srcset=\"https:\/\/diegodevallejo.com\/wp-content\/uploads\/2023\/05\/mochuelo-comun-sendero-fotografico-de-fauna-poty-ambienturas-diego-de-vallejo-educacion-ambiental-divulgacion-ambiental-naturaleza-atus-taller-educacion-primaria-secundaria-la-naturaleza-en-el-aula-300x169.jpg 300w, https:\/\/diegodevallejo.com\/wp-content\/uploads\/2023\/05\/mochuelo-comun-sendero-fotografico-de-fauna-poty-ambienturas-diego-de-vallejo-educacion-ambiental-divulgacion-ambiental-naturaleza-atus-taller-educacion-primaria-secundaria-la-naturaleza-en-el-aula-1024x577.jpg 1024w, https:\/\/diegodevallejo.com\/wp-content\/uploads\/2023\/05\/mochuelo-comun-sendero-fotografico-de-fauna-poty-ambienturas-diego-de-vallejo-educacion-ambiental-divulgacion-ambiental-naturaleza-atus-taller-educacion-primaria-secundaria-la-naturaleza-en-el-aula-768x432.jpg 768w, https:\/\/diegodevallejo.com\/wp-content\/uploads\/2023\/05\/mochuelo-comun-sendero-fotografico-de-fauna-poty-ambienturas-diego-de-vallejo-educacion-ambiental-divulgacion-ambiental-naturaleza-atus-taller-educacion-primaria-secundaria-la-naturaleza-en-el-aula-1536x865.jpg 1536w, https:\/\/diegodevallejo.com\/wp-content\/uploads\/2023\/05\/mochuelo-comun-sendero-fotografico-de-fauna-poty-ambienturas-diego-de-vallejo-educacion-ambiental-divulgacion-ambiental-naturaleza-atus-taller-educacion-primaria-secundaria-la-naturaleza-en-el-aula-2048x1153.jpg 2048w, https:\/\/diegodevallejo.com\/wp-content\/uploads\/2023\/05\/mochuelo-comun-sendero-fotografico-de-fauna-poty-ambienturas-diego-de-vallejo-educacion-ambiental-divulgacion-ambiental-naturaleza-atus-taller-educacion-primaria-secundaria-la-naturaleza-en-el-aula-1568x883.jpg 1568w\" sizes=\"(max-width: 300px) 100vw, 300px\" style=\"width:100%;height:56.33%;max-width:2560px;\" \/><\/a>\n\t\t\t<\/div><\/figure>\n\t\t<\/div>\n\t\t<\/div>\n\t\t\t\t<\/div>\n\t\t\t\t<\/div>\n\t\t\t\t\t<\/div>\n\t\t<\/div>\n\t\t\t\t\t\t\t<\/div>\n\t\t<\/section>\n\t\t\t\t<section class=\"elementor-section elementor-top-section elementor-element elementor-element-9693de8 elementor-section-boxed elementor-section-height-default elementor-section-height-default\" data-id=\"9693de8\" data-element_type=\"section\">\n\t\t\t\t\t\t<div class=\"elementor-container elementor-column-gap-default\">\n\t\t\t\t\t<div class=\"elementor-column elementor-col-100 elementor-top-column elementor-element elementor-element-c708be6\" data-id=\"c708be6\" data-element_type=\"column\">\n\t\t\t<div class=\"elementor-widget-wrap elementor-element-populated\">\n\t\t\t\t\t\t\t\t<div class=\"elementor-element elementor-element-1e5d15a elementor-widget elementor-widget-text-editor\" data-id=\"1e5d15a\" data-element_type=\"widget\" data-widget_type=\"text-editor.default\">\n\t\t\t\t<div class=\"elementor-widget-container\">\n\t\t\t\t\t\t\t<p>Si alguna vez te ha llamado la atenci\u00f3n el paisaje y el medio natural tan rico que rodea tu centro educativo, prep\u00e1rate porque con esta actividad vas a sacarle todo el rendimiento posible, generando una actividad que no podr\u00eda llevarse a cabo en ninguno de los centros educativos de una gran ciudad. Esto es debido a que, los lugares donde los monitores instalar\u00e1n las recreaciones de fauna y las entradas de sus madrigueras, deber\u00e1n estar cerca del centro educativo pero en un espacio no urbano y con la hierba sin segar. .<\/p>\t\t\t\t\t\t<\/div>\n\t\t\t\t<\/div>\n\t\t\t\t\t<\/div>\n\t\t<\/div>\n\t\t\t\t\t\t\t<\/div>\n\t\t<\/section>\n\t\t\t\t<section class=\"elementor-section elementor-top-section elementor-element elementor-element-55e2d19b elementor-section-boxed elementor-section-height-default elementor-section-height-default\" data-id=\"55e2d19b\" data-element_type=\"section\">\n\t\t\t\t\t\t<div class=\"elementor-container elementor-column-gap-default\">\n\t\t\t\t\t<div class=\"elementor-column elementor-col-100 elementor-top-column elementor-element elementor-element-133fb564\" data-id=\"133fb564\" data-element_type=\"column\">\n\t\t\t<div class=\"elementor-widget-wrap\">\n\t\t\t\t\t\t\t\t\t<\/div>\n\t\t<\/div>\n\t\t\t\t\t\t\t<\/div>\n\t\t<\/section>\n\t\t\t\t<section class=\"elementor-section elementor-top-section elementor-element elementor-element-6437fa22 elementor-section-boxed elementor-section-height-default elementor-section-height-default\" data-id=\"6437fa22\" data-element_type=\"section\" data-settings=\"{&quot;background_background&quot;:&quot;classic&quot;}\">\n\t\t\t\t\t\t\t<div class=\"elementor-background-overlay\"><\/div>\n\t\t\t\t\t\t\t<div class=\"elementor-container elementor-column-gap-default\">\n\t\t\t\t\t<div class=\"elementor-column elementor-col-50 elementor-top-column elementor-element elementor-element-60f7b75e\" data-id=\"60f7b75e\" data-element_type=\"column\">\n\t\t\t<div class=\"elementor-widget-wrap elementor-element-populated\">\n\t\t\t\t\t\t\t\t<div class=\"elementor-element elementor-element-39a75450 elementor-invisible elementor-widget elementor-widget-heading\" data-id=\"39a75450\" data-element_type=\"widget\" data-settings=\"{&quot;_animation&quot;:&quot;fadeInUp&quot;}\" data-widget_type=\"heading.default\">\n\t\t\t\t<div class=\"elementor-widget-container\">\n\t\t\t<h2 class=\"elementor-heading-title elementor-size-default\">Una nueva experiencia que ha sorprendido a peque\u00f1os y grandes<\/h2>\t\t<\/div>\n\t\t\t\t<\/div>\n\t\t\t\t<div class=\"elementor-element elementor-element-4f18e0e8 elementor-invisible elementor-widget elementor-widget-text-editor\" data-id=\"4f18e0e8\" data-element_type=\"widget\" data-settings=\"{&quot;_animation&quot;:&quot;fadeInUp&quot;}\" data-widget_type=\"text-editor.default\">\n\t\t\t\t<div class=\"elementor-widget-container\">\n\t\t\t\t\t\t\t<p>Durante el transcurso de esta actividad, los alumnos utilizan una c\u00e1mara de fotos o sus propios tel\u00e9fonos m\u00f3viles. Para ello, recibir\u00e1n una formaci\u00f3n resumida antes de comenzar sobre composici\u00f3n fotogr\u00e1fica en la naturaleza. Incluso en esta formaci\u00f3n inicial, la diversi\u00f3n ya est\u00e1 garantizada.\u00a0<\/p>\t\t\t\t\t\t<\/div>\n\t\t\t\t<\/div>\n\t\t\t\t<div class=\"elementor-element elementor-element-57f1458f elementor-mobile-align-center elementor-invisible elementor-widget elementor-widget-button\" data-id=\"57f1458f\" data-element_type=\"widget\" data-settings=\"{&quot;_animation&quot;:&quot;fadeInUp&quot;}\" data-widget_type=\"button.default\">\n\t\t\t\t<div class=\"elementor-widget-container\">\n\t\t\t\t\t<div class=\"elementor-button-wrapper\">\n\t\t\t<a href=\"#\" class=\"elementor-button-link elementor-button elementor-size-sm\" role=\"button\">\n\t\t\t\t\t\t<span class=\"elementor-button-content-wrapper\">\n\t\t\t\t\t\t<span class=\"elementor-button-text\">Lo quiero para mi centro<\/span>\n\t\t<\/span>\n\t\t\t\t\t<\/a>\n\t\t<\/div>\n\t\t\t\t<\/div>\n\t\t\t\t<\/div>\n\t\t\t\t\t<\/div>\n\t\t<\/div>\n\t\t\t\t<div class=\"elementor-column elementor-col-50 elementor-top-column elementor-element elementor-element-50ec5e52\" data-id=\"50ec5e52\" data-element_type=\"column\">\n\t\t\t<div class=\"elementor-widget-wrap elementor-element-populated\">\n\t\t\t\t\t\t\t\t<section class=\"elementor-section elementor-inner-section elementor-element elementor-element-22c629e4 elementor-section-boxed elementor-section-height-default elementor-section-height-default\" data-id=\"22c629e4\" data-element_type=\"section\">\n\t\t\t\t\t\t<div class=\"elementor-container elementor-column-gap-default\">\n\t\t\t\t\t<div class=\"elementor-column elementor-col-33 elementor-inner-column elementor-element elementor-element-5a5370eb\" data-id=\"5a5370eb\" data-element_type=\"column\">\n\t\t\t<div class=\"elementor-widget-wrap elementor-element-populated\">\n\t\t\t\t\t\t\t\t<div class=\"elementor-element elementor-element-19ee0414 elementor-invisible elementor-widget elementor-widget-counter\" data-id=\"19ee0414\" data-element_type=\"widget\" data-settings=\"{&quot;_animation&quot;:&quot;fadeInUp&quot;,&quot;_animation_delay&quot;:300}\" data-widget_type=\"counter.default\">\n\t\t\t\t<div class=\"elementor-widget-container\">\n\t\t\t<style>\/*! elementor - v3.12.1 - 02-04-2023 *\/\n.elementor-counter .elementor-counter-number-wrapper{display:flex;font-size:69px;font-weight:600;line-height:1}.elementor-counter .elementor-counter-number-prefix,.elementor-counter .elementor-counter-number-suffix{flex-grow:1;white-space:pre-wrap}.elementor-counter .elementor-counter-number-prefix{text-align:right}.elementor-counter .elementor-counter-number-suffix{text-align:left}.elementor-counter .elementor-counter-title{text-align:center;font-size:19px;font-weight:400;line-height:2.5}<\/style>\t\t<div class=\"elementor-counter\">\n\t\t\t<div class=\"elementor-counter-number-wrapper\">\n\t\t\t\t<span class=\"elementor-counter-number-prefix\"><\/span>\n\t\t\t\t<span class=\"elementor-counter-number\" data-duration=\"300\" data-to-value=\"20\" data-from-value=\"0\">0<\/span>\n\t\t\t\t<span class=\"elementor-counter-number-suffix\">+<\/span>\n\t\t\t<\/div>\n\t\t\t\t\t\t\t<div class=\"elementor-counter-title\">Recreaciones de fauna<\/div>\n\t\t\t\t\t<\/div>\n\t\t\t\t<\/div>\n\t\t\t\t<\/div>\n\t\t\t\t\t<\/div>\n\t\t<\/div>\n\t\t\t\t<div class=\"elementor-column elementor-col-33 elementor-inner-column elementor-element elementor-element-61b22c24\" data-id=\"61b22c24\" data-element_type=\"column\">\n\t\t\t<div class=\"elementor-widget-wrap elementor-element-populated\">\n\t\t\t\t\t\t\t\t<div class=\"elementor-element elementor-element-4e909e7 elementor-invisible elementor-widget elementor-widget-counter\" data-id=\"4e909e7\" data-element_type=\"widget\" data-settings=\"{&quot;_animation&quot;:&quot;fadeInUp&quot;,&quot;_animation_delay&quot;:600}\" data-widget_type=\"counter.default\">\n\t\t\t\t<div class=\"elementor-widget-container\">\n\t\t\t\t\t<div class=\"elementor-counter\">\n\t\t\t<div class=\"elementor-counter-number-wrapper\">\n\t\t\t\t<span class=\"elementor-counter-number-prefix\"><\/span>\n\t\t\t\t<span class=\"elementor-counter-number\" data-duration=\"2000\" data-to-value=\"900\" data-from-value=\"0\" data-delimiter=\",\">0<\/span>\n\t\t\t\t<span class=\"elementor-counter-number-suffix\"><\/span>\n\t\t\t<\/div>\n\t\t\t\t\t\t\t<div class=\"elementor-counter-title\">Alumnos en una ma\u00f1ana<\/div>\n\t\t\t\t\t<\/div>\n\t\t\t\t<\/div>\n\t\t\t\t<\/div>\n\t\t\t\t\t<\/div>\n\t\t<\/div>\n\t\t\t\t<div class=\"elementor-column elementor-col-33 elementor-inner-column elementor-element elementor-element-58d6fcee\" data-id=\"58d6fcee\" data-element_type=\"column\">\n\t\t\t<div class=\"elementor-widget-wrap elementor-element-populated\">\n\t\t\t\t\t\t\t\t<div class=\"elementor-element elementor-element-b063947 elementor-invisible elementor-widget elementor-widget-counter\" data-id=\"b063947\" data-element_type=\"widget\" data-settings=\"{&quot;_animation&quot;:&quot;fadeInUp&quot;,&quot;_animation_delay&quot;:900}\" data-widget_type=\"counter.default\">\n\t\t\t\t<div class=\"elementor-widget-container\">\n\t\t\t\t\t<div class=\"elementor-counter\">\n\t\t\t<div class=\"elementor-counter-number-wrapper\">\n\t\t\t\t<span class=\"elementor-counter-number-prefix\"><\/span>\n\t\t\t\t<span class=\"elementor-counter-number\" data-duration=\"2000\" data-to-value=\"3\" data-from-value=\"0\" data-delimiter=\",\">0<\/span>\n\t\t\t\t<span class=\"elementor-counter-number-suffix\"><\/span>\n\t\t\t<\/div>\n\t\t\t\t\t\t\t<div class=\"elementor-counter-title\">Ampliaciones adicionales<\/div>\n\t\t\t\t\t<\/div>\n\t\t\t\t<\/div>\n\t\t\t\t<\/div>\n\t\t\t\t\t<\/div>\n\t\t<\/div>\n\t\t\t\t\t\t\t<\/div>\n\t\t<\/section>\n\t\t\t\t\t<\/div>\n\t\t<\/div>\n\t\t\t\t\t\t\t<\/div>\n\t\t<\/section>\n\t\t\t\t<section class=\"elementor-section elementor-top-section elementor-element elementor-element-87f562f elementor-section-boxed elementor-section-height-default elementor-section-height-default\" data-id=\"87f562f\" data-element_type=\"section\" data-settings=\"{&quot;background_background&quot;:&quot;classic&quot;}\">\n\t\t\t\t\t\t\t<div class=\"elementor-background-overlay\"><\/div>\n\t\t\t\t\t\t\t<div class=\"elementor-container elementor-column-gap-default\">\n\t\t\t\t\t<div class=\"elementor-column elementor-col-100 elementor-top-column elementor-element elementor-element-35d25f54\" data-id=\"35d25f54\" data-element_type=\"column\">\n\t\t\t<div class=\"elementor-widget-wrap\">\n\t\t\t\t\t\t\t\t\t<\/div>\n\t\t<\/div>\n\t\t\t\t\t\t\t<\/div>\n\t\t<\/section>\n\t\t\t\t\t\t\t<\/div>\n\t\t","protected":false},"excerpt":{"rendered":"<p>de fauna El Sendero fotogr\u00e1fico de fauna: Una actividad divulgativa para grupos grandes escalonados Convi\u00e9rteles en reporterosde la naturaleza Tras una breves indicaciones sobre composici\u00f3n art\u00edstica y materiales de camuflaje en el &#8220;campamento base&#8221;, los participantes deber\u00e1n recorrer un sendero en el que se encontrar\u00e1n representaciones de algunas especies animales caracter\u00edsticas de nuestra fauna forestal.&hellip; <a class=\"more-link\" href=\"https:\/\/diegodevallejo.com\/index.php\/sendero-fotografico-de-fauna\/\">Continue reading <span class=\"screen-reader-text\">Taller el Sendero fotogr\u00e1fico de fauna<\/span><\/a><\/p>\n","protected":false},"author":1,"featured_media":0,"parent":0,"menu_order":0,"comment_status":"closed","ping_status":"closed","template":"elementor_header_footer","meta":[],"yoast_head":"<!-- This site is optimized with the Yoast SEO plugin v20.5 - https:\/\/yoast.com\/wordpress\/plugins\/seo\/ -->\n<title>Taller el Sendero fotogr\u00e1fico de fauna - diegodevallejo.com<\/title>\n<meta name=\"description\" content=\"el sendero fotogr\u00e1fico de fauna permite observar y capturar a los visitantes, diferentes comportamientos de la fauna del bosque mixto caducifolio\" \/>\n<meta name=\"robots\" content=\"index, follow, max-snippet:-1, max-image-preview:large, max-video-preview:-1\" \/>\n<link rel=\"canonical\" href=\"https:\/\/diegodevallejo.com\/index.php\/sendero-fotografico-de-fauna\/\" \/>\n<meta property=\"og:locale\" content=\"en_US\" \/>\n<meta property=\"og:type\" content=\"article\" \/>\n<meta property=\"og:title\" content=\"Taller el Sendero fotogr\u00e1fico de fauna - diegodevallejo.com\" \/>\n<meta property=\"og:description\" content=\"el sendero fotogr\u00e1fico de fauna permite observar y capturar a los visitantes, diferentes comportamientos de la fauna del bosque mixto caducifolio\" \/>\n<meta property=\"og:url\" content=\"https:\/\/diegodevallejo.com\/index.php\/sendero-fotografico-de-fauna\/\" \/>\n<meta property=\"og:site_name\" content=\"diegodevallejo.com\" \/>\n<meta property=\"article:modified_time\" content=\"2025-03-02T22:34:20+00:00\" \/>\n<meta property=\"og:image\" content=\"http:\/\/diegodevallejo.com\/wp-content\/uploads\/2023\/05\/sendero-fotografico-de-fauna-de-cantabria-educacion-ambiental-diego-de-vallejo-perez-divulgacion-medio-ambiente-cantabria-taller-educativo-naturaleza-biodiversidad-aula-primaria-secundaria-copia.jpg\" \/>\n<meta name=\"twitter:card\" content=\"summary_large_image\" \/>\n<meta name=\"twitter:label1\" content=\"Est. reading time\" \/>\n\t<meta name=\"twitter:data1\" content=\"5 minutes\" \/>\n<script type=\"application\/ld+json\" class=\"yoast-schema-graph\">{\"@context\":\"https:\/\/schema.org\",\"@graph\":[{\"@type\":\"WebPage\",\"@id\":\"https:\/\/diegodevallejo.com\/index.php\/sendero-fotografico-de-fauna\/\",\"url\":\"https:\/\/diegodevallejo.com\/index.php\/sendero-fotografico-de-fauna\/\",\"name\":\"Taller el Sendero fotogr\u00e1fico de fauna - diegodevallejo.com\",\"isPartOf\":{\"@id\":\"https:\/\/diegodevallejo.com\/#website\"},\"datePublished\":\"2023-05-17T12:12:11+00:00\",\"dateModified\":\"2025-03-02T22:34:20+00:00\",\"description\":\"el sendero fotogr\u00e1fico de fauna permite observar y capturar a los visitantes, diferentes comportamientos de la fauna del bosque mixto caducifolio\",\"breadcrumb\":{\"@id\":\"https:\/\/diegodevallejo.com\/index.php\/sendero-fotografico-de-fauna\/#breadcrumb\"},\"inLanguage\":\"en-US\",\"potentialAction\":[{\"@type\":\"ReadAction\",\"target\":[\"https:\/\/diegodevallejo.com\/index.php\/sendero-fotografico-de-fauna\/\"]}]},{\"@type\":\"BreadcrumbList\",\"@id\":\"https:\/\/diegodevallejo.com\/index.php\/sendero-fotografico-de-fauna\/#breadcrumb\",\"itemListElement\":[{\"@type\":\"ListItem\",\"position\":1,\"name\":\"Portada\",\"item\":\"https:\/\/diegodevallejo.com\/\"},{\"@type\":\"ListItem\",\"position\":2,\"name\":\"Taller el Sendero fotogr\u00e1fico de fauna\"}]},{\"@type\":\"WebSite\",\"@id\":\"https:\/\/diegodevallejo.com\/#website\",\"url\":\"https:\/\/diegodevallejo.com\/\",\"name\":\"diegodevallejo.com\",\"description\":\"P\u00e1gina oficial de la empresa de formaci\u00f3n y divulgaci\u00f3n ambiental &quot;Poty Ambienturas&quot;\",\"publisher\":{\"@id\":\"https:\/\/diegodevallejo.com\/#organization\"},\"potentialAction\":[{\"@type\":\"SearchAction\",\"target\":{\"@type\":\"EntryPoint\",\"urlTemplate\":\"https:\/\/diegodevallejo.com\/?s={search_term_string}\"},\"query-input\":\"required name=search_term_string\"}],\"inLanguage\":\"en-US\"},{\"@type\":\"Organization\",\"@id\":\"https:\/\/diegodevallejo.com\/#organization\",\"name\":\"diegodevallejo.com\",\"url\":\"https:\/\/diegodevallejo.com\/\",\"logo\":{\"@type\":\"ImageObject\",\"inLanguage\":\"en-US\",\"@id\":\"https:\/\/diegodevallejo.com\/#\/schema\/logo\/image\/\",\"url\":\"https:\/\/diegodevallejo.com\/wp-content\/uploads\/2023\/04\/cropped-potyambienturas-removebg-preview.png\",\"contentUrl\":\"https:\/\/diegodevallejo.com\/wp-content\/uploads\/2023\/04\/cropped-potyambienturas-removebg-preview.png\",\"width\":176,\"height\":176,\"caption\":\"diegodevallejo.com\"},\"image\":{\"@id\":\"https:\/\/diegodevallejo.com\/#\/schema\/logo\/image\/\"}}]}<\/script>\n<!-- \/ Yoast SEO plugin. -->","yoast_head_json":{"title":"Taller el Sendero fotogr\u00e1fico de fauna - diegodevallejo.com","description":"el sendero fotogr\u00e1fico de fauna permite observar y capturar a los visitantes, diferentes comportamientos de la fauna del bosque mixto caducifolio","robots":{"index":"index","follow":"follow","max-snippet":"max-snippet:-1","max-image-preview":"max-image-preview:large","max-video-preview":"max-video-preview:-1"},"canonical":"https:\/\/diegodevallejo.com\/index.php\/sendero-fotografico-de-fauna\/","og_locale":"en_US","og_type":"article","og_title":"Taller el Sendero fotogr\u00e1fico de fauna - diegodevallejo.com","og_description":"el sendero fotogr\u00e1fico de fauna permite observar y capturar a los visitantes, diferentes comportamientos de la fauna del bosque mixto caducifolio","og_url":"https:\/\/diegodevallejo.com\/index.php\/sendero-fotografico-de-fauna\/","og_site_name":"diegodevallejo.com","article_modified_time":"2025-03-02T22:34:20+00:00","og_image":[{"url":"http:\/\/diegodevallejo.com\/wp-content\/uploads\/2023\/05\/sendero-fotografico-de-fauna-de-cantabria-educacion-ambiental-diego-de-vallejo-perez-divulgacion-medio-ambiente-cantabria-taller-educativo-naturaleza-biodiversidad-aula-primaria-secundaria-copia.jpg"}],"twitter_card":"summary_large_image","twitter_misc":{"Est. reading time":"5 minutes"},"schema":{"@context":"https:\/\/schema.org","@graph":[{"@type":"WebPage","@id":"https:\/\/diegodevallejo.com\/index.php\/sendero-fotografico-de-fauna\/","url":"https:\/\/diegodevallejo.com\/index.php\/sendero-fotografico-de-fauna\/","name":"Taller el Sendero fotogr\u00e1fico de fauna - diegodevallejo.com","isPartOf":{"@id":"https:\/\/diegodevallejo.com\/#website"},"datePublished":"2023-05-17T12:12:11+00:00","dateModified":"2025-03-02T22:34:20+00:00","description":"el sendero fotogr\u00e1fico de fauna permite observar y capturar a los visitantes, diferentes comportamientos de la fauna del bosque mixto caducifolio","breadcrumb":{"@id":"https:\/\/diegodevallejo.com\/index.php\/sendero-fotografico-de-fauna\/#breadcrumb"},"inLanguage":"en-US","potentialAction":[{"@type":"ReadAction","target":["https:\/\/diegodevallejo.com\/index.php\/sendero-fotografico-de-fauna\/"]}]},{"@type":"BreadcrumbList","@id":"https:\/\/diegodevallejo.com\/index.php\/sendero-fotografico-de-fauna\/#breadcrumb","itemListElement":[{"@type":"ListItem","position":1,"name":"Portada","item":"https:\/\/diegodevallejo.com\/"},{"@type":"ListItem","position":2,"name":"Taller el Sendero fotogr\u00e1fico de fauna"}]},{"@type":"WebSite","@id":"https:\/\/diegodevallejo.com\/#website","url":"https:\/\/diegodevallejo.com\/","name":"diegodevallejo.com","description":"P\u00e1gina oficial de la empresa de formaci\u00f3n y divulgaci\u00f3n ambiental &quot;Poty Ambienturas&quot;","publisher":{"@id":"https:\/\/diegodevallejo.com\/#organization"},"potentialAction":[{"@type":"SearchAction","target":{"@type":"EntryPoint","urlTemplate":"https:\/\/diegodevallejo.com\/?s={search_term_string}"},"query-input":"required name=search_term_string"}],"inLanguage":"en-US"},{"@type":"Organization","@id":"https:\/\/diegodevallejo.com\/#organization","name":"diegodevallejo.com","url":"https:\/\/diegodevallejo.com\/","logo":{"@type":"ImageObject","inLanguage":"en-US","@id":"https:\/\/diegodevallejo.com\/#\/schema\/logo\/image\/","url":"https:\/\/diegodevallejo.com\/wp-content\/uploads\/2023\/04\/cropped-potyambienturas-removebg-preview.png","contentUrl":"https:\/\/diegodevallejo.com\/wp-content\/uploads\/2023\/04\/cropped-potyambienturas-removebg-preview.png","width":176,"height":176,"caption":"diegodevallejo.com"},"image":{"@id":"https:\/\/diegodevallejo.com\/#\/schema\/logo\/image\/"}}]}},"_links":{"self":[{"href":"https:\/\/diegodevallejo.com\/index.php\/wp-json\/wp\/v2\/pages\/768"}],"collection":[{"href":"https:\/\/diegodevallejo.com\/index.php\/wp-json\/wp\/v2\/pages"}],"about":[{"href":"https:\/\/diegodevallejo.com\/index.php\/wp-json\/wp\/v2\/types\/page"}],"author":[{"embeddable":true,"href":"https:\/\/diegodevallejo.com\/index.php\/wp-json\/wp\/v2\/users\/1"}],"replies":[{"embeddable":true,"href":"https:\/\/diegodevallejo.com\/index.php\/wp-json\/wp\/v2\/comments?post=768"}],"version-history":[{"count":89,"href":"https:\/\/diegodevallejo.com\/index.php\/wp-json\/wp\/v2\/pages\/768\/revisions"}],"predecessor-version":[{"id":2570,"href":"https:\/\/diegodevallejo.com\/index.php\/wp-json\/wp\/v2\/pages\/768\/revisions\/2570"}],"wp:attachment":[{"href":"https:\/\/diegodevallejo.com\/index.php\/wp-json\/wp\/v2\/media?parent=768"}],"curies":[{"name":"wp","href":"https:\/\/api.w.org\/{rel}","templated":true}]}}